{"id":4143,"date":"2023-02-06T08:49:04","date_gmt":"2023-02-06T07:49:04","guid":{"rendered":"https:\/\/ilcorpoelospirito.archetipoagency.it\/?post_type=product&#038;p=4143"},"modified":"2026-04-29T16:50:09","modified_gmt":"2026-04-29T14:50:09","slug":"cipolle-rosse-essiccate-al-mosto-cotto-duva","status":"publish","type":"product","link":"https:\/\/ilcorpoelospirito.archetipoagency.it\/en\/product\/cipolle-rosse-essiccate-al-mosto-cotto-duva\/","title":{"rendered":"Cipolle Rosse Essiccate al Mosto Cotto d\u2019Uva"},"content":{"rendered":"<div class=\"page\" title=\"Page 12\">\n<div class=\"section\">\n<div class=\"layoutArea\">\n<div class=\"column\">\n<div class=\"prodottoPage_descrizone\">\n<p>Le nostre cipolle sono coltivate in campo aperto da febbraio e vengono raccolte a mano a giugno, quando sono completamente mature. Sono di una variet\u00e0 molto dolce e dal gusto inconfondibile. Ogni cipolla viene lavata, mondata, affettata ed essiccata in modo completamente naturale.<\/p>\n<p>Proprio questo tipo di lavorazione ne preserva tutta la croccantezza e ogni propriet\u00e0 organolettica. Successivamente viene macerata nel cotto di uva secondo un\u2019antica ricetta del nostro territorio. \u00c8 un prodotto davvero particolare: chi se ne innamora non pu\u00f2 pi\u00f9 farne a meno!<\/p>\n<\/div>\n<div class=\"prodottoPage_ingredienti\">\n<h4>Ingredients:<\/h4>\n<ul>\n<li>cipolle rosse essiccate (60%),<\/li>\n<li>olio extra vergine di oliva (30%),<\/li>\n<li>aceto di mele,<\/li>\n<li>mosto d\u2019uva cotto (3%),<\/li>\n<li>zucchero,<\/li>\n<li>sale integrale,<\/li>\n<li>succo di limone.<\/li>\n<\/ul>\n<h4>Product:<\/h4>\n<p>Trentin Societ\u00e0 Agricola srl\u00a0 S.P. 250 Felline \u2013 Torre S. Giovanni km.1+000 \u2013 Ugento (LE) \u2013 Italia<\/p>\n<\/div>\n<\/div>\n<\/div>\n<\/div>\n<\/div>","protected":false},"excerpt":{"rendered":"<h4 class=\"h1 namne_details\">Cipolle Rosse Essiccate Al Mosto Cotto D\u2019Uva<\/h4>\n<p class=\"h1 namne_details\">Lavorata con cura e macerata nel cotto di uva per preservarne la croccantezza e ogni propriet\u00e0 organolettica. \u00c8 un prodotto davvero particolare: chi se ne innamora non pu\u00f2 pi\u00f9 farne a meno!<\/p>\n<p>Da gustare assieme ad un\u2019insalata di patate.<\/p>","protected":false},"featured_media":5139,"comment_status":"open","ping_status":"closed","template":"","meta":[],"product_brand":[],"product_cat":[105],"product_tag":[],"class_list":["post-4143","product","type-product","status-publish","has-post-thumbnail","product_cat-sottoli","pa_produttore-i-contadini","first","instock","shipping-taxable","purchasable","product-type-simple"],"yoast_head":"<!-- This site is optimized with the Yoast SEO plugin v27.6 - https:\/\/yoast.com\/product\/yoast-seo-wordpress\/ -->\n<title>Cipolle Rosse Essiccate al Mosto Cotto d&#039;Uva | Il corpo e lo spirito<\/title>\n<meta name=\"robots\" content=\"index, follow, max-snippet:-1, max-image-preview:large, max-video-preview:-1\" \/>\n<link rel=\"canonical\" href=\"https:\/\/ilcorpoelospirito.archetipoagency.it\/en\/prodotto\/cipolle-rosse-essiccate-al-mosto-cotto-duva\/\" \/>\n<meta property=\"og:locale\" content=\"en_US\" \/>\n<meta property=\"og:type\" content=\"article\" \/>\n<meta property=\"og:title\" content=\"Cipolle Rosse Essiccate al Mosto Cotto d&#039;Uva | Il corpo e lo spirito\" \/>\n<meta property=\"og:description\" content=\"Cipolle Rosse Essiccate Al Mosto Cotto D&#039;Uva Lavorata con cura e macerata nel cotto di uva per preservarne la croccantezza e ogni propriet\u00e0 organolettica. \u00c8 un prodotto davvero particolare: chi se ne innamora non pu\u00f2 pi\u00f9 farne a meno! Da gustare assieme ad un&#039;insalata di patate.\" \/>\n<meta property=\"og:url\" content=\"https:\/\/ilcorpoelospirito.archetipoagency.it\/en\/prodotto\/cipolle-rosse-essiccate-al-mosto-cotto-duva\/\" \/>\n<meta property=\"og:site_name\" content=\"Il corpo e lo spirito\" \/>\n<meta property=\"article:modified_time\" content=\"2026-04-29T14:50:09+00:00\" \/>\n<meta property=\"og:image\" content=\"https:\/\/ilcorpoelospirito.archetipoagency.it\/wp-content\/uploads\/2023\/02\/20230509_132433.jpg\" \/>\n\t<meta property=\"og:image:width\" content=\"868\" \/>\n\t<meta property=\"og:image:height\" content=\"882\" \/>\n\t<meta property=\"og:image:type\" content=\"image\/jpeg\" \/>\n<meta name=\"twitter:card\" content=\"summary_large_image\" \/>\n<meta name=\"twitter:label1\" content=\"Est. reading time\" \/>\n\t<meta name=\"twitter:data1\" content=\"1 minute\" \/>\n<script type=\"application\/ld+json\" class=\"yoast-schema-graph\">{\"@context\":\"https:\\\/\\\/schema.org\",\"@graph\":[{\"@type\":\"WebPage\",\"@id\":\"https:\\\/\\\/ilcorpoelospirito.archetipoagency.it\\\/en\\\/prodotto\\\/cipolle-rosse-essiccate-al-mosto-cotto-duva\\\/\",\"url\":\"https:\\\/\\\/ilcorpoelospirito.archetipoagency.it\\\/en\\\/prodotto\\\/cipolle-rosse-essiccate-al-mosto-cotto-duva\\\/\",\"name\":\"Cipolle Rosse Essiccate al Mosto Cotto d'Uva | Il corpo e lo spirito\",\"isPartOf\":{\"@id\":\"https:\\\/\\\/ilcorpoelospirito.archetipoagency.it\\\/#website\"},\"primaryImageOfPage\":{\"@id\":\"https:\\\/\\\/ilcorpoelospirito.archetipoagency.it\\\/en\\\/prodotto\\\/cipolle-rosse-essiccate-al-mosto-cotto-duva\\\/#primaryimage\"},\"image\":{\"@id\":\"https:\\\/\\\/ilcorpoelospirito.archetipoagency.it\\\/en\\\/prodotto\\\/cipolle-rosse-essiccate-al-mosto-cotto-duva\\\/#primaryimage\"},\"thumbnailUrl\":\"https:\\\/\\\/ilcorpoelospirito.archetipoagency.it\\\/wp-content\\\/uploads\\\/2023\\\/02\\\/20230509_132433.jpg\",\"datePublished\":\"2023-02-06T07:49:04+00:00\",\"dateModified\":\"2026-04-29T14:50:09+00:00\",\"breadcrumb\":{\"@id\":\"https:\\\/\\\/ilcorpoelospirito.archetipoagency.it\\\/en\\\/prodotto\\\/cipolle-rosse-essiccate-al-mosto-cotto-duva\\\/#breadcrumb\"},\"inLanguage\":\"en-US\",\"potentialAction\":[{\"@type\":\"ReadAction\",\"target\":[\"https:\\\/\\\/ilcorpoelospirito.archetipoagency.it\\\/en\\\/prodotto\\\/cipolle-rosse-essiccate-al-mosto-cotto-duva\\\/\"]}]},{\"@type\":\"ImageObject\",\"inLanguage\":\"en-US\",\"@id\":\"https:\\\/\\\/ilcorpoelospirito.archetipoagency.it\\\/en\\\/prodotto\\\/cipolle-rosse-essiccate-al-mosto-cotto-duva\\\/#primaryimage\",\"url\":\"https:\\\/\\\/ilcorpoelospirito.archetipoagency.it\\\/wp-content\\\/uploads\\\/2023\\\/02\\\/20230509_132433.jpg\",\"contentUrl\":\"https:\\\/\\\/ilcorpoelospirito.archetipoagency.it\\\/wp-content\\\/uploads\\\/2023\\\/02\\\/20230509_132433.jpg\",\"width\":868,\"height\":882},{\"@type\":\"BreadcrumbList\",\"@id\":\"https:\\\/\\\/ilcorpoelospirito.archetipoagency.it\\\/en\\\/prodotto\\\/cipolle-rosse-essiccate-al-mosto-cotto-duva\\\/#breadcrumb\",\"itemListElement\":[{\"@type\":\"ListItem\",\"position\":1,\"name\":\"Home\",\"item\":\"https:\\\/\\\/ilcorpoelospirito.archetipoagency.it\\\/\"},{\"@type\":\"ListItem\",\"position\":2,\"name\":\"Shop\",\"item\":\"https:\\\/\\\/ilcorpoelospirito.archetipoagency.it\\\/shop\\\/\"},{\"@type\":\"ListItem\",\"position\":3,\"name\":\"Cipolle Rosse Essiccate al Mosto Cotto d’Uva\"}]},{\"@type\":\"WebSite\",\"@id\":\"https:\\\/\\\/ilcorpoelospirito.archetipoagency.it\\\/#website\",\"url\":\"https:\\\/\\\/ilcorpoelospirito.archetipoagency.it\\\/\",\"name\":\"Il Corpo e lo Spirito\",\"description\":\"\",\"publisher\":{\"@id\":\"https:\\\/\\\/ilcorpoelospirito.archetipoagency.it\\\/#organization\"},\"alternateName\":\"Prelibatezze Monastiche e regionali\",\"potentialAction\":[{\"@type\":\"SearchAction\",\"target\":{\"@type\":\"EntryPoint\",\"urlTemplate\":\"https:\\\/\\\/ilcorpoelospirito.archetipoagency.it\\\/?s={search_term_string}\"},\"query-input\":{\"@type\":\"PropertyValueSpecification\",\"valueRequired\":true,\"valueName\":\"search_term_string\"}}],\"inLanguage\":\"en-US\"},{\"@type\":\"Organization\",\"@id\":\"https:\\\/\\\/ilcorpoelospirito.archetipoagency.it\\\/#organization\",\"name\":\"Il Corpo e lo Spirito\",\"alternateName\":\"Prelibatezze Monastiche e regionali\",\"url\":\"https:\\\/\\\/ilcorpoelospirito.archetipoagency.it\\\/\",\"logo\":{\"@type\":\"ImageObject\",\"inLanguage\":\"en-US\",\"@id\":\"https:\\\/\\\/ilcorpoelospirito.archetipoagency.it\\\/#\\\/schema\\\/logo\\\/image\\\/\",\"url\":\"https:\\\/\\\/ilcorpoelospirito.archetipoagency.it\\\/wp-content\\\/uploads\\\/2022\\\/10\\\/logo-marrone.png\",\"contentUrl\":\"https:\\\/\\\/ilcorpoelospirito.archetipoagency.it\\\/wp-content\\\/uploads\\\/2022\\\/10\\\/logo-marrone.png\",\"width\":2192,\"height\":568,\"caption\":\"Il Corpo e lo Spirito\"},\"image\":{\"@id\":\"https:\\\/\\\/ilcorpoelospirito.archetipoagency.it\\\/#\\\/schema\\\/logo\\\/image\\\/\"}}]}<\/script>\n<!-- \/ Yoast SEO plugin. -->","yoast_head_json":{"title":"Cipolle Rosse Essiccate al Mosto Cotto d'Uva | Il corpo e lo spirito","robots":{"index":"index","follow":"follow","max-snippet":"max-snippet:-1","max-image-preview":"max-image-preview:large","max-video-preview":"max-video-preview:-1"},"canonical":"https:\/\/ilcorpoelospirito.archetipoagency.it\/en\/prodotto\/cipolle-rosse-essiccate-al-mosto-cotto-duva\/","og_locale":"en_US","og_type":"article","og_title":"Cipolle Rosse Essiccate al Mosto Cotto d'Uva | Il corpo e lo spirito","og_description":"Cipolle Rosse Essiccate Al Mosto Cotto D'Uva Lavorata con cura e macerata nel cotto di uva per preservarne la croccantezza e ogni propriet\u00e0 organolettica. \u00c8 un prodotto davvero particolare: chi se ne innamora non pu\u00f2 pi\u00f9 farne a meno! Da gustare assieme ad un'insalata di patate.","og_url":"https:\/\/ilcorpoelospirito.archetipoagency.it\/en\/prodotto\/cipolle-rosse-essiccate-al-mosto-cotto-duva\/","og_site_name":"Il corpo e lo spirito","article_modified_time":"2026-04-29T14:50:09+00:00","og_image":[{"width":868,"height":882,"url":"https:\/\/ilcorpoelospirito.archetipoagency.it\/wp-content\/uploads\/2023\/02\/20230509_132433.jpg","type":"image\/jpeg"}],"twitter_card":"summary_large_image","twitter_misc":{"Est. reading time":"1 minute"},"schema":{"@context":"https:\/\/schema.org","@graph":[{"@type":"WebPage","@id":"https:\/\/ilcorpoelospirito.archetipoagency.it\/en\/prodotto\/cipolle-rosse-essiccate-al-mosto-cotto-duva\/","url":"https:\/\/ilcorpoelospirito.archetipoagency.it\/en\/prodotto\/cipolle-rosse-essiccate-al-mosto-cotto-duva\/","name":"Cipolle Rosse Essiccate al Mosto Cotto d'Uva | Il corpo e lo spirito","isPartOf":{"@id":"https:\/\/ilcorpoelospirito.archetipoagency.it\/#website"},"primaryImageOfPage":{"@id":"https:\/\/ilcorpoelospirito.archetipoagency.it\/en\/prodotto\/cipolle-rosse-essiccate-al-mosto-cotto-duva\/#primaryimage"},"image":{"@id":"https:\/\/ilcorpoelospirito.archetipoagency.it\/en\/prodotto\/cipolle-rosse-essiccate-al-mosto-cotto-duva\/#primaryimage"},"thumbnailUrl":"https:\/\/ilcorpoelospirito.archetipoagency.it\/wp-content\/uploads\/2023\/02\/20230509_132433.jpg","datePublished":"2023-02-06T07:49:04+00:00","dateModified":"2026-04-29T14:50:09+00:00","breadcrumb":{"@id":"https:\/\/ilcorpoelospirito.archetipoagency.it\/en\/prodotto\/cipolle-rosse-essiccate-al-mosto-cotto-duva\/#breadcrumb"},"inLanguage":"en-US","potentialAction":[{"@type":"ReadAction","target":["https:\/\/ilcorpoelospirito.archetipoagency.it\/en\/prodotto\/cipolle-rosse-essiccate-al-mosto-cotto-duva\/"]}]},{"@type":"ImageObject","inLanguage":"en-US","@id":"https:\/\/ilcorpoelospirito.archetipoagency.it\/en\/prodotto\/cipolle-rosse-essiccate-al-mosto-cotto-duva\/#primaryimage","url":"https:\/\/ilcorpoelospirito.archetipoagency.it\/wp-content\/uploads\/2023\/02\/20230509_132433.jpg","contentUrl":"https:\/\/ilcorpoelospirito.archetipoagency.it\/wp-content\/uploads\/2023\/02\/20230509_132433.jpg","width":868,"height":882},{"@type":"BreadcrumbList","@id":"https:\/\/ilcorpoelospirito.archetipoagency.it\/en\/prodotto\/cipolle-rosse-essiccate-al-mosto-cotto-duva\/#breadcrumb","itemListElement":[{"@type":"ListItem","position":1,"name":"Home","item":"https:\/\/ilcorpoelospirito.archetipoagency.it\/"},{"@type":"ListItem","position":2,"name":"Shop","item":"https:\/\/ilcorpoelospirito.archetipoagency.it\/shop\/"},{"@type":"ListItem","position":3,"name":"Cipolle Rosse Essiccate al Mosto Cotto d’Uva"}]},{"@type":"WebSite","@id":"https:\/\/ilcorpoelospirito.archetipoagency.it\/#website","url":"https:\/\/ilcorpoelospirito.archetipoagency.it\/","name":"Il corpo e lo spirito","description":"","publisher":{"@id":"https:\/\/ilcorpoelospirito.archetipoagency.it\/#organization"},"alternateName":"Prelibatezze Monastiche e regionali","potentialAction":[{"@type":"SearchAction","target":{"@type":"EntryPoint","urlTemplate":"https:\/\/ilcorpoelospirito.archetipoagency.it\/?s={search_term_string}"},"query-input":{"@type":"PropertyValueSpecification","valueRequired":true,"valueName":"search_term_string"}}],"inLanguage":"en-US"},{"@type":"Organization","@id":"https:\/\/ilcorpoelospirito.archetipoagency.it\/#organization","name":"Il corpo e lo spirito","alternateName":"Prelibatezze Monastiche e regionali","url":"https:\/\/ilcorpoelospirito.archetipoagency.it\/","logo":{"@type":"ImageObject","inLanguage":"en-US","@id":"https:\/\/ilcorpoelospirito.archetipoagency.it\/#\/schema\/logo\/image\/","url":"https:\/\/ilcorpoelospirito.archetipoagency.it\/wp-content\/uploads\/2022\/10\/logo-marrone.png","contentUrl":"https:\/\/ilcorpoelospirito.archetipoagency.it\/wp-content\/uploads\/2022\/10\/logo-marrone.png","width":2192,"height":568,"caption":"Il Corpo e lo Spirito"},"image":{"@id":"https:\/\/ilcorpoelospirito.archetipoagency.it\/#\/schema\/logo\/image\/"}}]}},"_links":{"self":[{"href":"https:\/\/ilcorpoelospirito.archetipoagency.it\/en\/wp-json\/wp\/v2\/product\/4143","targetHints":{"allow":["GET"]}}],"collection":[{"href":"https:\/\/ilcorpoelospirito.archetipoagency.it\/en\/wp-json\/wp\/v2\/product"}],"about":[{"href":"https:\/\/ilcorpoelospirito.archetipoagency.it\/en\/wp-json\/wp\/v2\/types\/product"}],"replies":[{"embeddable":true,"href":"https:\/\/ilcorpoelospirito.archetipoagency.it\/en\/wp-json\/wp\/v2\/comments?post=4143"}],"wp:featuredmedia":[{"embeddable":true,"href":"https:\/\/ilcorpoelospirito.archetipoagency.it\/en\/wp-json\/wp\/v2\/media\/5139"}],"wp:attachment":[{"href":"https:\/\/ilcorpoelospirito.archetipoagency.it\/en\/wp-json\/wp\/v2\/media?parent=4143"}],"wp:term":[{"taxonomy":"product_brand","embeddable":true,"href":"https:\/\/ilcorpoelospirito.archetipoagency.it\/en\/wp-json\/wp\/v2\/product_brand?post=4143"},{"taxonomy":"product_cat","embeddable":true,"href":"https:\/\/ilcorpoelospirito.archetipoagency.it\/en\/wp-json\/wp\/v2\/product_cat?post=4143"},{"taxonomy":"product_tag","embeddable":true,"href":"https:\/\/ilcorpoelospirito.archetipoagency.it\/en\/wp-json\/wp\/v2\/product_tag?post=4143"}],"curies":[{"name":"wp","href":"https:\/\/api.w.org\/{rel}","templated":true}]}}