{"id":4160,"date":"2023-02-06T09:27:20","date_gmt":"2023-02-06T08:27:20","guid":{"rendered":"https:\/\/ilcorpoelospirito.archetipoagency.it\/?post_type=product&#038;p=4160"},"modified":"2026-04-29T16:49:31","modified_gmt":"2026-04-29T14:49:31","slug":"pate-di-pomodori-secchi-2","status":"publish","type":"product","link":"https:\/\/ilcorpoelospirito.archetipoagency.it\/en\/product\/pate-di-pomodori-secchi-2\/","title":{"rendered":"Pat\u00e8 di Pomodori Secchi 270g."},"content":{"rendered":"<div class=\"page\" title=\"Page 12\">\n<div class=\"section\">\n<div class=\"layoutArea\">\n<div class=\"column\">\n<div class=\"prodottoPage_descrizone\">\n<div class=\"prodottoPage_descrizone\">\n<p>I pomodori lunghi sono coltivati a campo aperto nell\u2019azienda nel mese di aprile e maggio, e raccolti manualmente a luglio e agosto. Vengono poi lavati, selezionati, tagliati manualmente, salati e lasciati riposare sui telai di essiccazione per 4-5 giorni. Questa \u00e8 una tecnica naturale e legata alla tradizione che ci ha tramandato nostro nonno. Subito dopo i pomodori vengono lavati in acqua e aceto e macinati insieme a capperi di Racale e spezie mediterranee. Il pat\u00e9 cos\u00ec ottenuto viene poi invasato con olio extravergine di oliva. Per ottenere 1 kg di pomodori secchi per il pat\u00e9, servono circa 10 kg di pomodori freschi.<\/p>\n<\/div>\n<div class=\"prodottoPage_ingredienti\">\n<h2><span style=\"font-size: 25px;letter-spacing: 0em\">Ingredients:<\/span><\/h2>\n<\/div>\n<\/div>\n<div class=\"prodottoPage_ingredienti\">\n<ul>\n<li>pomodori secchi (57%),<\/li>\n<li>olio di oliva,<\/li>\n<li>capperi,<\/li>\n<li>cipolla,<\/li>\n<li>olio extra vergine di oliva,<\/li>\n<li>aceto di mele,<\/li>\n<li>sale integrale,<\/li>\n<li>succo di limone.<\/li>\n<\/ul>\n<h4>Product:<\/h4>\n<p>Trentin Societ\u00e0 Agricola srl\u00a0 S.P. 250 Felline \u2013 Torre S. Giovanni km.1+000 \u2013 Ugento (LE) \u2013 Italia<\/p>\n<\/div>\n<\/div>\n<\/div>\n<\/div>\n<\/div>","protected":false},"excerpt":{"rendered":"<p><strong>Pat\u00e8 Di Pomodori Secchi<\/strong><\/p>\n<div class=\"product-prices\">\n<div class=\"product-price h5\"><\/div>\n<div class=\"tax-shipping-delivery-label\">I pomodori selezionati vengono lavati in acqua e aceto e macinati insieme a capperi di Racale e spezie mediterranee. Il pat\u00e9 cos\u00ec ottenuto viene poi invasato con olio extravergine di oliva.<\/div>\n<\/div>\n<h4 class=\"h1 namne_details\">Squisita sulle tartine con uova sode o formaggio oppure per un condimento fantasioso della pasta che preferite, ad esempio con pinoli tostati e menta fresca<\/h4>","protected":false},"featured_media":6163,"comment_status":"open","ping_status":"closed","template":"","meta":[],"product_brand":[],"product_cat":[108],"product_tag":[],"class_list":["post-4160","product","type-product","status-publish","has-post-thumbnail","product_cat-pate","pa_produttore-i-contadini","first","instock","shipping-taxable","purchasable","product-type-simple"],"yoast_head":"<!-- This site is optimized with the Yoast SEO plugin v27.6 - https:\/\/yoast.com\/product\/yoast-seo-wordpress\/ -->\n<title>Pat\u00e8 di Pomodori Secchi 270g. | Il corpo e lo spirito<\/title>\n<meta name=\"robots\" content=\"index, follow, max-snippet:-1, max-image-preview:large, max-video-preview:-1\" \/>\n<link rel=\"canonical\" href=\"https:\/\/ilcorpoelospirito.archetipoagency.it\/en\/prodotto\/pate-di-pomodori-secchi-2\/\" \/>\n<meta property=\"og:locale\" content=\"en_US\" \/>\n<meta property=\"og:type\" content=\"article\" \/>\n<meta property=\"og:title\" content=\"Pat\u00e8 di Pomodori Secchi 270g. | Il corpo e lo spirito\" \/>\n<meta property=\"og:description\" content=\"Pat\u00e8 Di Pomodori Secchi   I pomodori selezionati vengono lavati in acqua e aceto e macinati insieme a capperi di Racale e spezie mediterranee. Il pat\u00e9 cos\u00ec ottenuto viene poi invasato con olio extravergine di oliva.  Squisita sulle tartine con uova sode o formaggio oppure per un condimento fantasioso della pasta che preferite, ad esempio con pinoli tostati e menta fresca\" \/>\n<meta property=\"og:url\" content=\"https:\/\/ilcorpoelospirito.archetipoagency.it\/en\/prodotto\/pate-di-pomodori-secchi-2\/\" \/>\n<meta property=\"og:site_name\" content=\"Il corpo e lo spirito\" \/>\n<meta property=\"article:modified_time\" content=\"2026-04-29T14:49:31+00:00\" \/>\n<meta property=\"og:image\" content=\"https:\/\/ilcorpoelospirito.archetipoagency.it\/wp-content\/uploads\/2023\/02\/20240127_150702.jpg\" \/>\n\t<meta property=\"og:image:width\" content=\"1249\" \/>\n\t<meta property=\"og:image:height\" content=\"1268\" \/>\n\t<meta property=\"og:image:type\" content=\"image\/jpeg\" \/>\n<meta name=\"twitter:card\" content=\"summary_large_image\" \/>\n<meta name=\"twitter:label1\" content=\"Est. reading time\" \/>\n\t<meta name=\"twitter:data1\" content=\"1 minute\" \/>\n<script type=\"application\/ld+json\" class=\"yoast-schema-graph\">{\"@context\":\"https:\\\/\\\/schema.org\",\"@graph\":[{\"@type\":\"WebPage\",\"@id\":\"https:\\\/\\\/ilcorpoelospirito.archetipoagency.it\\\/en\\\/prodotto\\\/pate-di-pomodori-secchi-2\\\/\",\"url\":\"https:\\\/\\\/ilcorpoelospirito.archetipoagency.it\\\/en\\\/prodotto\\\/pate-di-pomodori-secchi-2\\\/\",\"name\":\"Pat\u00e8 di Pomodori Secchi 270g. | Il corpo e lo spirito\",\"isPartOf\":{\"@id\":\"https:\\\/\\\/ilcorpoelospirito.archetipoagency.it\\\/#website\"},\"primaryImageOfPage\":{\"@id\":\"https:\\\/\\\/ilcorpoelospirito.archetipoagency.it\\\/en\\\/prodotto\\\/pate-di-pomodori-secchi-2\\\/#primaryimage\"},\"image\":{\"@id\":\"https:\\\/\\\/ilcorpoelospirito.archetipoagency.it\\\/en\\\/prodotto\\\/pate-di-pomodori-secchi-2\\\/#primaryimage\"},\"thumbnailUrl\":\"https:\\\/\\\/ilcorpoelospirito.archetipoagency.it\\\/wp-content\\\/uploads\\\/2023\\\/02\\\/20240127_150702.jpg\",\"datePublished\":\"2023-02-06T08:27:20+00:00\",\"dateModified\":\"2026-04-29T14:49:31+00:00\",\"breadcrumb\":{\"@id\":\"https:\\\/\\\/ilcorpoelospirito.archetipoagency.it\\\/en\\\/prodotto\\\/pate-di-pomodori-secchi-2\\\/#breadcrumb\"},\"inLanguage\":\"en-US\",\"potentialAction\":[{\"@type\":\"ReadAction\",\"target\":[\"https:\\\/\\\/ilcorpoelospirito.archetipoagency.it\\\/en\\\/prodotto\\\/pate-di-pomodori-secchi-2\\\/\"]}]},{\"@type\":\"ImageObject\",\"inLanguage\":\"en-US\",\"@id\":\"https:\\\/\\\/ilcorpoelospirito.archetipoagency.it\\\/en\\\/prodotto\\\/pate-di-pomodori-secchi-2\\\/#primaryimage\",\"url\":\"https:\\\/\\\/ilcorpoelospirito.archetipoagency.it\\\/wp-content\\\/uploads\\\/2023\\\/02\\\/20240127_150702.jpg\",\"contentUrl\":\"https:\\\/\\\/ilcorpoelospirito.archetipoagency.it\\\/wp-content\\\/uploads\\\/2023\\\/02\\\/20240127_150702.jpg\",\"width\":1249,\"height\":1268},{\"@type\":\"BreadcrumbList\",\"@id\":\"https:\\\/\\\/ilcorpoelospirito.archetipoagency.it\\\/en\\\/prodotto\\\/pate-di-pomodori-secchi-2\\\/#breadcrumb\",\"itemListElement\":[{\"@type\":\"ListItem\",\"position\":1,\"name\":\"Home\",\"item\":\"https:\\\/\\\/ilcorpoelospirito.archetipoagency.it\\\/\"},{\"@type\":\"ListItem\",\"position\":2,\"name\":\"Shop\",\"item\":\"https:\\\/\\\/ilcorpoelospirito.archetipoagency.it\\\/shop\\\/\"},{\"@type\":\"ListItem\",\"position\":3,\"name\":\"Pat\u00e8 di Pomodori Secchi 270g.\"}]},{\"@type\":\"WebSite\",\"@id\":\"https:\\\/\\\/ilcorpoelospirito.archetipoagency.it\\\/#website\",\"url\":\"https:\\\/\\\/ilcorpoelospirito.archetipoagency.it\\\/\",\"name\":\"Il Corpo e lo Spirito\",\"description\":\"\",\"publisher\":{\"@id\":\"https:\\\/\\\/ilcorpoelospirito.archetipoagency.it\\\/#organization\"},\"alternateName\":\"Prelibatezze Monastiche e regionali\",\"potentialAction\":[{\"@type\":\"SearchAction\",\"target\":{\"@type\":\"EntryPoint\",\"urlTemplate\":\"https:\\\/\\\/ilcorpoelospirito.archetipoagency.it\\\/?s={search_term_string}\"},\"query-input\":{\"@type\":\"PropertyValueSpecification\",\"valueRequired\":true,\"valueName\":\"search_term_string\"}}],\"inLanguage\":\"en-US\"},{\"@type\":\"Organization\",\"@id\":\"https:\\\/\\\/ilcorpoelospirito.archetipoagency.it\\\/#organization\",\"name\":\"Il Corpo e lo Spirito\",\"alternateName\":\"Prelibatezze Monastiche e regionali\",\"url\":\"https:\\\/\\\/ilcorpoelospirito.archetipoagency.it\\\/\",\"logo\":{\"@type\":\"ImageObject\",\"inLanguage\":\"en-US\",\"@id\":\"https:\\\/\\\/ilcorpoelospirito.archetipoagency.it\\\/#\\\/schema\\\/logo\\\/image\\\/\",\"url\":\"https:\\\/\\\/ilcorpoelospirito.archetipoagency.it\\\/wp-content\\\/uploads\\\/2022\\\/10\\\/logo-marrone.png\",\"contentUrl\":\"https:\\\/\\\/ilcorpoelospirito.archetipoagency.it\\\/wp-content\\\/uploads\\\/2022\\\/10\\\/logo-marrone.png\",\"width\":2192,\"height\":568,\"caption\":\"Il Corpo e lo Spirito\"},\"image\":{\"@id\":\"https:\\\/\\\/ilcorpoelospirito.archetipoagency.it\\\/#\\\/schema\\\/logo\\\/image\\\/\"}}]}<\/script>\n<!-- \/ Yoast SEO plugin. -->","yoast_head_json":{"title":"Pat\u00e8 di Pomodori Secchi 270g. | Il corpo e lo spirito","robots":{"index":"index","follow":"follow","max-snippet":"max-snippet:-1","max-image-preview":"max-image-preview:large","max-video-preview":"max-video-preview:-1"},"canonical":"https:\/\/ilcorpoelospirito.archetipoagency.it\/en\/prodotto\/pate-di-pomodori-secchi-2\/","og_locale":"en_US","og_type":"article","og_title":"Pat\u00e8 di Pomodori Secchi 270g. | Il corpo e lo spirito","og_description":"Pat\u00e8 Di Pomodori Secchi   I pomodori selezionati vengono lavati in acqua e aceto e macinati insieme a capperi di Racale e spezie mediterranee. Il pat\u00e9 cos\u00ec ottenuto viene poi invasato con olio extravergine di oliva.  Squisita sulle tartine con uova sode o formaggio oppure per un condimento fantasioso della pasta che preferite, ad esempio con pinoli tostati e menta fresca","og_url":"https:\/\/ilcorpoelospirito.archetipoagency.it\/en\/prodotto\/pate-di-pomodori-secchi-2\/","og_site_name":"Il corpo e lo spirito","article_modified_time":"2026-04-29T14:49:31+00:00","og_image":[{"width":1249,"height":1268,"url":"https:\/\/ilcorpoelospirito.archetipoagency.it\/wp-content\/uploads\/2023\/02\/20240127_150702.jpg","type":"image\/jpeg"}],"twitter_card":"summary_large_image","twitter_misc":{"Est. reading time":"1 minute"},"schema":{"@context":"https:\/\/schema.org","@graph":[{"@type":"WebPage","@id":"https:\/\/ilcorpoelospirito.archetipoagency.it\/en\/prodotto\/pate-di-pomodori-secchi-2\/","url":"https:\/\/ilcorpoelospirito.archetipoagency.it\/en\/prodotto\/pate-di-pomodori-secchi-2\/","name":"Pat\u00e8 di Pomodori Secchi 270g. | Il corpo e lo spirito","isPartOf":{"@id":"https:\/\/ilcorpoelospirito.archetipoagency.it\/#website"},"primaryImageOfPage":{"@id":"https:\/\/ilcorpoelospirito.archetipoagency.it\/en\/prodotto\/pate-di-pomodori-secchi-2\/#primaryimage"},"image":{"@id":"https:\/\/ilcorpoelospirito.archetipoagency.it\/en\/prodotto\/pate-di-pomodori-secchi-2\/#primaryimage"},"thumbnailUrl":"https:\/\/ilcorpoelospirito.archetipoagency.it\/wp-content\/uploads\/2023\/02\/20240127_150702.jpg","datePublished":"2023-02-06T08:27:20+00:00","dateModified":"2026-04-29T14:49:31+00:00","breadcrumb":{"@id":"https:\/\/ilcorpoelospirito.archetipoagency.it\/en\/prodotto\/pate-di-pomodori-secchi-2\/#breadcrumb"},"inLanguage":"en-US","potentialAction":[{"@type":"ReadAction","target":["https:\/\/ilcorpoelospirito.archetipoagency.it\/en\/prodotto\/pate-di-pomodori-secchi-2\/"]}]},{"@type":"ImageObject","inLanguage":"en-US","@id":"https:\/\/ilcorpoelospirito.archetipoagency.it\/en\/prodotto\/pate-di-pomodori-secchi-2\/#primaryimage","url":"https:\/\/ilcorpoelospirito.archetipoagency.it\/wp-content\/uploads\/2023\/02\/20240127_150702.jpg","contentUrl":"https:\/\/ilcorpoelospirito.archetipoagency.it\/wp-content\/uploads\/2023\/02\/20240127_150702.jpg","width":1249,"height":1268},{"@type":"BreadcrumbList","@id":"https:\/\/ilcorpoelospirito.archetipoagency.it\/en\/prodotto\/pate-di-pomodori-secchi-2\/#breadcrumb","itemListElement":[{"@type":"ListItem","position":1,"name":"Home","item":"https:\/\/ilcorpoelospirito.archetipoagency.it\/"},{"@type":"ListItem","position":2,"name":"Shop","item":"https:\/\/ilcorpoelospirito.archetipoagency.it\/shop\/"},{"@type":"ListItem","position":3,"name":"Pat\u00e8 di Pomodori Secchi 270g."}]},{"@type":"WebSite","@id":"https:\/\/ilcorpoelospirito.archetipoagency.it\/#website","url":"https:\/\/ilcorpoelospirito.archetipoagency.it\/","name":"Il corpo e lo spirito","description":"","publisher":{"@id":"https:\/\/ilcorpoelospirito.archetipoagency.it\/#organization"},"alternateName":"Prelibatezze Monastiche e regionali","potentialAction":[{"@type":"SearchAction","target":{"@type":"EntryPoint","urlTemplate":"https:\/\/ilcorpoelospirito.archetipoagency.it\/?s={search_term_string}"},"query-input":{"@type":"PropertyValueSpecification","valueRequired":true,"valueName":"search_term_string"}}],"inLanguage":"en-US"},{"@type":"Organization","@id":"https:\/\/ilcorpoelospirito.archetipoagency.it\/#organization","name":"Il corpo e lo spirito","alternateName":"Prelibatezze Monastiche e regionali","url":"https:\/\/ilcorpoelospirito.archetipoagency.it\/","logo":{"@type":"ImageObject","inLanguage":"en-US","@id":"https:\/\/ilcorpoelospirito.archetipoagency.it\/#\/schema\/logo\/image\/","url":"https:\/\/ilcorpoelospirito.archetipoagency.it\/wp-content\/uploads\/2022\/10\/logo-marrone.png","contentUrl":"https:\/\/ilcorpoelospirito.archetipoagency.it\/wp-content\/uploads\/2022\/10\/logo-marrone.png","width":2192,"height":568,"caption":"Il Corpo e lo Spirito"},"image":{"@id":"https:\/\/ilcorpoelospirito.archetipoagency.it\/#\/schema\/logo\/image\/"}}]}},"_links":{"self":[{"href":"https:\/\/ilcorpoelospirito.archetipoagency.it\/en\/wp-json\/wp\/v2\/product\/4160","targetHints":{"allow":["GET"]}}],"collection":[{"href":"https:\/\/ilcorpoelospirito.archetipoagency.it\/en\/wp-json\/wp\/v2\/product"}],"about":[{"href":"https:\/\/ilcorpoelospirito.archetipoagency.it\/en\/wp-json\/wp\/v2\/types\/product"}],"replies":[{"embeddable":true,"href":"https:\/\/ilcorpoelospirito.archetipoagency.it\/en\/wp-json\/wp\/v2\/comments?post=4160"}],"wp:featuredmedia":[{"embeddable":true,"href":"https:\/\/ilcorpoelospirito.archetipoagency.it\/en\/wp-json\/wp\/v2\/media\/6163"}],"wp:attachment":[{"href":"https:\/\/ilcorpoelospirito.archetipoagency.it\/en\/wp-json\/wp\/v2\/media?parent=4160"}],"wp:term":[{"taxonomy":"product_brand","embeddable":true,"href":"https:\/\/ilcorpoelospirito.archetipoagency.it\/en\/wp-json\/wp\/v2\/product_brand?post=4160"},{"taxonomy":"product_cat","embeddable":true,"href":"https:\/\/ilcorpoelospirito.archetipoagency.it\/en\/wp-json\/wp\/v2\/product_cat?post=4160"},{"taxonomy":"product_tag","embeddable":true,"href":"https:\/\/ilcorpoelospirito.archetipoagency.it\/en\/wp-json\/wp\/v2\/product_tag?post=4160"}],"curies":[{"name":"wp","href":"https:\/\/api.w.org\/{rel}","templated":true}]}}