{"id":4345,"date":"2023-02-08T10:44:22","date_gmt":"2023-02-08T09:44:22","guid":{"rendered":"https:\/\/ilcorpoelospirito.archetipoagency.it\/?post_type=product&#038;p=4345"},"modified":"2026-01-04T18:36:43","modified_gmt":"2026-01-04T17:36:43","slug":"infuso-di-erba-dei-cantanti-erisimo","status":"publish","type":"product","link":"https:\/\/ilcorpoelospirito.archetipoagency.it\/en\/product\/infuso-di-erba-dei-cantanti-erisimo\/","title":{"rendered":"Infuso di Erba dei Cantanti (Erisimo)"},"content":{"rendered":"<p>La Comunit\u00e0 benedettina di Praglia conta complessivamente 44 membri dei quali 42 professi solenni e 2 professi temporanei.<\/p>\n<div class=\"innerShortcode\">\n<div class=\"innerContent\">\n<div>\n<p>La maggior parte dei monaci vive stabilmente a Praglia mentre 7 di essi vivono nelle tre case dipendenti (San Giorgio Maggiore di Venezia, Monte della Madonna di Teolo, Sadhu Benedict Math in Bangladesh), uno \u00e8 trasferito temporaneamente in un altro monastero ed uno \u00e8 professore di teologia presso l\u2019Ateneo di Sant\u2019Anselmo a Roma.<\/p>\n<p>Attualmente l\u2019Abate \u00e8 Padre S.Visintin.<\/p>\n<\/div>\n<\/div>\n<\/div>\n<p>Questa pianta, come dice il nome, \u00e8 particolarmente indicata per coloro che utilizzano molto le corde vocali: grazie alle sue propriet\u00e0 emollienti e sfiammanti pu\u00f2 essere utilizzata come valido aiuto nelle raucedini, afonie e laringiti.<\/p>\n<p>Modo d\u2019uso: versare 1\/2 cucchiaini da th\u00e8 in una tazza d\u2019acqua bollente. Lasciare in infusione per una ventina di minuti e dolcificare a piacere con<b> Miele. <\/b>Si consiglia l\u2019utilizzo<b> 1-2 volte al giorno<\/b><\/p>\n<h4>Ingredients:<\/h4>\n<p>Erisimo<\/p>\n<h4>Product:<\/h4>\n<p>Erboristeria dell\u2019Abbazia di Praglia via abbazia di Praglia, 16 \u2013 Teolo (PD) \u2013 Italia<\/p>","protected":false},"excerpt":{"rendered":"<p>Questa pianta, come dice il nome, \u00e8 particolarmente indicata per coloro che utilizzano molto le corde vocali: grazie alle sue propriet\u00e0 emollienti e sfiammanti pu\u00f2 essere utilizzata come valido aiuto nelle raucedini, afonie e laringiti.<\/p>\n<p>Modo d\u2019uso: versare 1\/2 cucchiaini da th\u00e8 in una tazza d\u2019acqua bollente. Lasciare in infusione per una ventina di minuti e dolcificare a piacere con<b> Miele. <\/b>Si consiglia l\u2019utilizzo<b> 1-2 volte al giorno<\/b><\/p>","protected":false},"featured_media":5021,"comment_status":"open","ping_status":"closed","template":"","meta":[],"product_brand":[],"product_cat":[224],"product_tag":[],"class_list":["post-4345","product","type-product","status-publish","has-post-thumbnail","product_cat-infusi","pa_produttore-abbazia-di-praglia","first","instock","shipping-taxable","purchasable","product-type-simple"],"yoast_head":"<!-- This site is optimized with the Yoast SEO plugin v27.6 - https:\/\/yoast.com\/product\/yoast-seo-wordpress\/ -->\n<title>Infuso di Erba dei Cantanti (Erisimo) | Il corpo e lo spirito<\/title>\n<meta name=\"robots\" content=\"index, follow, max-snippet:-1, max-image-preview:large, max-video-preview:-1\" \/>\n<link rel=\"canonical\" href=\"https:\/\/ilcorpoelospirito.archetipoagency.it\/en\/prodotto\/infuso-di-erba-dei-cantanti-erisimo\/\" \/>\n<meta property=\"og:locale\" content=\"en_US\" \/>\n<meta property=\"og:type\" content=\"article\" \/>\n<meta property=\"og:title\" content=\"Infuso di Erba dei Cantanti (Erisimo) | Il corpo e lo spirito\" \/>\n<meta property=\"og:description\" content=\"Questa pianta, come dice il nome, \u00e8 particolarmente indicata per coloro che utilizzano molto le corde vocali: grazie alle sue propriet\u00e0 emollienti e sfiammanti pu\u00f2 essere utilizzata come valido aiuto nelle raucedini, afonie e laringiti.  Modo d&#039;uso: versare 1\/2 cucchiaini da th\u00e8 in una tazza d&#039;acqua bollente. Lasciare in infusione per una ventina di minuti e dolcificare a piacere con Miele. Si consiglia l&#039;utilizzo 1-2 volte al giorno\" \/>\n<meta property=\"og:url\" content=\"https:\/\/ilcorpoelospirito.archetipoagency.it\/en\/prodotto\/infuso-di-erba-dei-cantanti-erisimo\/\" \/>\n<meta property=\"og:site_name\" content=\"Il corpo e lo spirito\" \/>\n<meta property=\"article:modified_time\" content=\"2026-01-04T17:36:43+00:00\" \/>\n<meta property=\"og:image\" content=\"https:\/\/ilcorpoelospirito.archetipoagency.it\/wp-content\/uploads\/2023\/02\/20230509_154309.jpg\" \/>\n\t<meta property=\"og:image:width\" content=\"1811\" \/>\n\t<meta property=\"og:image:height\" content=\"1771\" \/>\n\t<meta property=\"og:image:type\" content=\"image\/jpeg\" \/>\n<meta name=\"twitter:card\" content=\"summary_large_image\" \/>\n<meta name=\"twitter:label1\" content=\"Est. reading time\" \/>\n\t<meta name=\"twitter:data1\" content=\"1 minute\" \/>\n<script type=\"application\/ld+json\" class=\"yoast-schema-graph\">{\"@context\":\"https:\\\/\\\/schema.org\",\"@graph\":[{\"@type\":\"WebPage\",\"@id\":\"https:\\\/\\\/ilcorpoelospirito.archetipoagency.it\\\/en\\\/prodotto\\\/infuso-di-erba-dei-cantanti-erisimo\\\/\",\"url\":\"https:\\\/\\\/ilcorpoelospirito.archetipoagency.it\\\/en\\\/prodotto\\\/infuso-di-erba-dei-cantanti-erisimo\\\/\",\"name\":\"Infuso di Erba dei Cantanti (Erisimo) | Il corpo e lo spirito\",\"isPartOf\":{\"@id\":\"https:\\\/\\\/ilcorpoelospirito.archetipoagency.it\\\/#website\"},\"primaryImageOfPage\":{\"@id\":\"https:\\\/\\\/ilcorpoelospirito.archetipoagency.it\\\/en\\\/prodotto\\\/infuso-di-erba-dei-cantanti-erisimo\\\/#primaryimage\"},\"image\":{\"@id\":\"https:\\\/\\\/ilcorpoelospirito.archetipoagency.it\\\/en\\\/prodotto\\\/infuso-di-erba-dei-cantanti-erisimo\\\/#primaryimage\"},\"thumbnailUrl\":\"https:\\\/\\\/ilcorpoelospirito.archetipoagency.it\\\/wp-content\\\/uploads\\\/2023\\\/02\\\/20230509_154309.jpg\",\"datePublished\":\"2023-02-08T09:44:22+00:00\",\"dateModified\":\"2026-01-04T17:36:43+00:00\",\"breadcrumb\":{\"@id\":\"https:\\\/\\\/ilcorpoelospirito.archetipoagency.it\\\/en\\\/prodotto\\\/infuso-di-erba-dei-cantanti-erisimo\\\/#breadcrumb\"},\"inLanguage\":\"en-US\",\"potentialAction\":[{\"@type\":\"ReadAction\",\"target\":[\"https:\\\/\\\/ilcorpoelospirito.archetipoagency.it\\\/en\\\/prodotto\\\/infuso-di-erba-dei-cantanti-erisimo\\\/\"]}]},{\"@type\":\"ImageObject\",\"inLanguage\":\"en-US\",\"@id\":\"https:\\\/\\\/ilcorpoelospirito.archetipoagency.it\\\/en\\\/prodotto\\\/infuso-di-erba-dei-cantanti-erisimo\\\/#primaryimage\",\"url\":\"https:\\\/\\\/ilcorpoelospirito.archetipoagency.it\\\/wp-content\\\/uploads\\\/2023\\\/02\\\/20230509_154309.jpg\",\"contentUrl\":\"https:\\\/\\\/ilcorpoelospirito.archetipoagency.it\\\/wp-content\\\/uploads\\\/2023\\\/02\\\/20230509_154309.jpg\",\"width\":1811,\"height\":1771},{\"@type\":\"BreadcrumbList\",\"@id\":\"https:\\\/\\\/ilcorpoelospirito.archetipoagency.it\\\/en\\\/prodotto\\\/infuso-di-erba-dei-cantanti-erisimo\\\/#breadcrumb\",\"itemListElement\":[{\"@type\":\"ListItem\",\"position\":1,\"name\":\"Home\",\"item\":\"https:\\\/\\\/ilcorpoelospirito.archetipoagency.it\\\/\"},{\"@type\":\"ListItem\",\"position\":2,\"name\":\"Shop\",\"item\":\"https:\\\/\\\/ilcorpoelospirito.archetipoagency.it\\\/shop\\\/\"},{\"@type\":\"ListItem\",\"position\":3,\"name\":\"Infuso di Erba dei Cantanti (Erisimo)\"}]},{\"@type\":\"WebSite\",\"@id\":\"https:\\\/\\\/ilcorpoelospirito.archetipoagency.it\\\/#website\",\"url\":\"https:\\\/\\\/ilcorpoelospirito.archetipoagency.it\\\/\",\"name\":\"Il Corpo e lo Spirito\",\"description\":\"\",\"publisher\":{\"@id\":\"https:\\\/\\\/ilcorpoelospirito.archetipoagency.it\\\/#organization\"},\"alternateName\":\"Prelibatezze Monastiche e regionali\",\"potentialAction\":[{\"@type\":\"SearchAction\",\"target\":{\"@type\":\"EntryPoint\",\"urlTemplate\":\"https:\\\/\\\/ilcorpoelospirito.archetipoagency.it\\\/?s={search_term_string}\"},\"query-input\":{\"@type\":\"PropertyValueSpecification\",\"valueRequired\":true,\"valueName\":\"search_term_string\"}}],\"inLanguage\":\"en-US\"},{\"@type\":\"Organization\",\"@id\":\"https:\\\/\\\/ilcorpoelospirito.archetipoagency.it\\\/#organization\",\"name\":\"Il Corpo e lo Spirito\",\"alternateName\":\"Prelibatezze Monastiche e regionali\",\"url\":\"https:\\\/\\\/ilcorpoelospirito.archetipoagency.it\\\/\",\"logo\":{\"@type\":\"ImageObject\",\"inLanguage\":\"en-US\",\"@id\":\"https:\\\/\\\/ilcorpoelospirito.archetipoagency.it\\\/#\\\/schema\\\/logo\\\/image\\\/\",\"url\":\"https:\\\/\\\/ilcorpoelospirito.archetipoagency.it\\\/wp-content\\\/uploads\\\/2022\\\/10\\\/logo-marrone.png\",\"contentUrl\":\"https:\\\/\\\/ilcorpoelospirito.archetipoagency.it\\\/wp-content\\\/uploads\\\/2022\\\/10\\\/logo-marrone.png\",\"width\":2192,\"height\":568,\"caption\":\"Il Corpo e lo Spirito\"},\"image\":{\"@id\":\"https:\\\/\\\/ilcorpoelospirito.archetipoagency.it\\\/#\\\/schema\\\/logo\\\/image\\\/\"}}]}<\/script>\n<!-- \/ Yoast SEO plugin. -->","yoast_head_json":{"title":"Infuso di Erba dei Cantanti (Erisimo) | Il corpo e lo spirito","robots":{"index":"index","follow":"follow","max-snippet":"max-snippet:-1","max-image-preview":"max-image-preview:large","max-video-preview":"max-video-preview:-1"},"canonical":"https:\/\/ilcorpoelospirito.archetipoagency.it\/en\/prodotto\/infuso-di-erba-dei-cantanti-erisimo\/","og_locale":"en_US","og_type":"article","og_title":"Infuso di Erba dei Cantanti (Erisimo) | Il corpo e lo spirito","og_description":"Questa pianta, come dice il nome, \u00e8 particolarmente indicata per coloro che utilizzano molto le corde vocali: grazie alle sue propriet\u00e0 emollienti e sfiammanti pu\u00f2 essere utilizzata come valido aiuto nelle raucedini, afonie e laringiti.  Modo d'uso: versare 1\/2 cucchiaini da th\u00e8 in una tazza d'acqua bollente. Lasciare in infusione per una ventina di minuti e dolcificare a piacere con Miele. Si consiglia l'utilizzo 1-2 volte al giorno","og_url":"https:\/\/ilcorpoelospirito.archetipoagency.it\/en\/prodotto\/infuso-di-erba-dei-cantanti-erisimo\/","og_site_name":"Il corpo e lo spirito","article_modified_time":"2026-01-04T17:36:43+00:00","og_image":[{"width":1811,"height":1771,"url":"https:\/\/ilcorpoelospirito.archetipoagency.it\/wp-content\/uploads\/2023\/02\/20230509_154309.jpg","type":"image\/jpeg"}],"twitter_card":"summary_large_image","twitter_misc":{"Est. reading time":"1 minute"},"schema":{"@context":"https:\/\/schema.org","@graph":[{"@type":"WebPage","@id":"https:\/\/ilcorpoelospirito.archetipoagency.it\/en\/prodotto\/infuso-di-erba-dei-cantanti-erisimo\/","url":"https:\/\/ilcorpoelospirito.archetipoagency.it\/en\/prodotto\/infuso-di-erba-dei-cantanti-erisimo\/","name":"Infuso di Erba dei Cantanti (Erisimo) | Il corpo e lo spirito","isPartOf":{"@id":"https:\/\/ilcorpoelospirito.archetipoagency.it\/#website"},"primaryImageOfPage":{"@id":"https:\/\/ilcorpoelospirito.archetipoagency.it\/en\/prodotto\/infuso-di-erba-dei-cantanti-erisimo\/#primaryimage"},"image":{"@id":"https:\/\/ilcorpoelospirito.archetipoagency.it\/en\/prodotto\/infuso-di-erba-dei-cantanti-erisimo\/#primaryimage"},"thumbnailUrl":"https:\/\/ilcorpoelospirito.archetipoagency.it\/wp-content\/uploads\/2023\/02\/20230509_154309.jpg","datePublished":"2023-02-08T09:44:22+00:00","dateModified":"2026-01-04T17:36:43+00:00","breadcrumb":{"@id":"https:\/\/ilcorpoelospirito.archetipoagency.it\/en\/prodotto\/infuso-di-erba-dei-cantanti-erisimo\/#breadcrumb"},"inLanguage":"en-US","potentialAction":[{"@type":"ReadAction","target":["https:\/\/ilcorpoelospirito.archetipoagency.it\/en\/prodotto\/infuso-di-erba-dei-cantanti-erisimo\/"]}]},{"@type":"ImageObject","inLanguage":"en-US","@id":"https:\/\/ilcorpoelospirito.archetipoagency.it\/en\/prodotto\/infuso-di-erba-dei-cantanti-erisimo\/#primaryimage","url":"https:\/\/ilcorpoelospirito.archetipoagency.it\/wp-content\/uploads\/2023\/02\/20230509_154309.jpg","contentUrl":"https:\/\/ilcorpoelospirito.archetipoagency.it\/wp-content\/uploads\/2023\/02\/20230509_154309.jpg","width":1811,"height":1771},{"@type":"BreadcrumbList","@id":"https:\/\/ilcorpoelospirito.archetipoagency.it\/en\/prodotto\/infuso-di-erba-dei-cantanti-erisimo\/#breadcrumb","itemListElement":[{"@type":"ListItem","position":1,"name":"Home","item":"https:\/\/ilcorpoelospirito.archetipoagency.it\/"},{"@type":"ListItem","position":2,"name":"Shop","item":"https:\/\/ilcorpoelospirito.archetipoagency.it\/shop\/"},{"@type":"ListItem","position":3,"name":"Infuso di Erba dei Cantanti (Erisimo)"}]},{"@type":"WebSite","@id":"https:\/\/ilcorpoelospirito.archetipoagency.it\/#website","url":"https:\/\/ilcorpoelospirito.archetipoagency.it\/","name":"Il corpo e lo spirito","description":"","publisher":{"@id":"https:\/\/ilcorpoelospirito.archetipoagency.it\/#organization"},"alternateName":"Prelibatezze Monastiche e regionali","potentialAction":[{"@type":"SearchAction","target":{"@type":"EntryPoint","urlTemplate":"https:\/\/ilcorpoelospirito.archetipoagency.it\/?s={search_term_string}"},"query-input":{"@type":"PropertyValueSpecification","valueRequired":true,"valueName":"search_term_string"}}],"inLanguage":"en-US"},{"@type":"Organization","@id":"https:\/\/ilcorpoelospirito.archetipoagency.it\/#organization","name":"Il corpo e lo spirito","alternateName":"Prelibatezze Monastiche e regionali","url":"https:\/\/ilcorpoelospirito.archetipoagency.it\/","logo":{"@type":"ImageObject","inLanguage":"en-US","@id":"https:\/\/ilcorpoelospirito.archetipoagency.it\/#\/schema\/logo\/image\/","url":"https:\/\/ilcorpoelospirito.archetipoagency.it\/wp-content\/uploads\/2022\/10\/logo-marrone.png","contentUrl":"https:\/\/ilcorpoelospirito.archetipoagency.it\/wp-content\/uploads\/2022\/10\/logo-marrone.png","width":2192,"height":568,"caption":"Il Corpo e lo Spirito"},"image":{"@id":"https:\/\/ilcorpoelospirito.archetipoagency.it\/#\/schema\/logo\/image\/"}}]}},"_links":{"self":[{"href":"https:\/\/ilcorpoelospirito.archetipoagency.it\/en\/wp-json\/wp\/v2\/product\/4345","targetHints":{"allow":["GET"]}}],"collection":[{"href":"https:\/\/ilcorpoelospirito.archetipoagency.it\/en\/wp-json\/wp\/v2\/product"}],"about":[{"href":"https:\/\/ilcorpoelospirito.archetipoagency.it\/en\/wp-json\/wp\/v2\/types\/product"}],"replies":[{"embeddable":true,"href":"https:\/\/ilcorpoelospirito.archetipoagency.it\/en\/wp-json\/wp\/v2\/comments?post=4345"}],"wp:featuredmedia":[{"embeddable":true,"href":"https:\/\/ilcorpoelospirito.archetipoagency.it\/en\/wp-json\/wp\/v2\/media\/5021"}],"wp:attachment":[{"href":"https:\/\/ilcorpoelospirito.archetipoagency.it\/en\/wp-json\/wp\/v2\/media?parent=4345"}],"wp:term":[{"taxonomy":"product_brand","embeddable":true,"href":"https:\/\/ilcorpoelospirito.archetipoagency.it\/en\/wp-json\/wp\/v2\/product_brand?post=4345"},{"taxonomy":"product_cat","embeddable":true,"href":"https:\/\/ilcorpoelospirito.archetipoagency.it\/en\/wp-json\/wp\/v2\/product_cat?post=4345"},{"taxonomy":"product_tag","embeddable":true,"href":"https:\/\/ilcorpoelospirito.archetipoagency.it\/en\/wp-json\/wp\/v2\/product_tag?post=4345"}],"curies":[{"name":"wp","href":"https:\/\/api.w.org\/{rel}","templated":true}]}}