{"id":4492,"date":"2023-02-09T12:43:38","date_gmt":"2023-02-09T11:43:38","guid":{"rendered":"https:\/\/ilcorpoelospirito.archetipoagency.it\/?post_type=product&#038;p=4492"},"modified":"2026-01-04T13:23:19","modified_gmt":"2026-01-04T12:23:19","slug":"poiano-igt-curto","status":"publish","type":"product","link":"https:\/\/ilcorpoelospirito.archetipoagency.it\/en\/product\/poiano-igt-curto\/","title":{"rendered":"Poiano IGT \u2013 Curto"},"content":{"rendered":"<div class=\"short-description\">\n<div>\n<div class=\"toggle-block\">\n<div class=\"tjustify bottommargin-sm\">\n<p>La famiglia Curto vanta un\u2019antichissima origine franca. L\u2019antenato Pietro, nell\u2019anno 1030, venne insignito della Contea di Omazzo, Casorate e Rosate dall\u2019imperatore Corrado il Salico. Guglielmo Curti, esponente del ramo francese della famiglia, ricevette la porpora cardinalizia da Benedetto XII (1334-1342), ricoprendo la carica di Cardinale Camerlengo per 24 anni. Si dedicarono fin dal 1670 alla coltivazione della vite .<\/p>\n<p>Alla fine degli anni 90 l\u2019azienda ha concentrato la propria attenzione, soprattutto, nel settore vitivinicolo, cercando di valorizzare al meglio l\u2019eccezionale qualit\u00e0 del vitigno Nero d\u2019Avola \u2013 I suoi vigneti sono allevati in parte ad alberello, di oltre 50 anni di et\u00e0 (produzione 35-50 quintali per ettaro), ed in parte a spalliera di 15\/20 anni di et\u00e0, con una produzione di 70 quintali per ettaro. L\u2019Azienda Curto \u00e8 ubicata per la maggior parte nel territorio di Ispica (sud-est Sicilia) in una zona tra le due province di Ragusa e Siracusa. L\u2019area, caratterizzata da temperature medio alte e bassa piovosit\u00e0 (concentrata nel periodo autunno-inverno), dominata dal complesso dei Monti Iblei, \u00e8 costituita da altipiani a cui seguono una serie di piattaforme via via pi\u00f9 basse degradanti verso il mare. Il suolo \u00e8 di natura prevalentemente calcarea (calcare di Val di Noto e tufo calcareo), ricca di marne ed argille. Le uve cos\u00ec ottenute, di eccelsa qualit\u00e0, danno vini di alta classe ed eleganza.<\/p>\n<\/div>\n<p class=\"toggle-title\" data-toggle-name=\"product-details_perche_ci_piace\"><strong>POIANO IGT \u2013 Curto<\/strong><\/p>\n<p class=\"toggle-content\" data-toggle-content=\"product-details_perche_ci_piace\">Vino dal colore giallognolo con sfumature verdastre. Profumo intenso ed ampio, con forte nota agrumata. Al palato \u00e8 fresco con finale lievemente affumicato.<\/p>\n<p class=\"toggle-content\" data-toggle-content=\"product-details_perche_ci_piace\"><strong>Temperatura di servizio :<\/strong> 10\u00b0 \u2013 12\u00b0 C<\/p>\n<p data-toggle-content=\"product-details_note_di_degustazione\"><strong>Abbinamenti:<\/strong> antipasti, aperitivi, pesce, risotti<\/p>\n<\/div>\n<div class=\"toggle-block\">\n<p class=\"toggle-content\" data-toggle-content=\"product-details_abbinamenti\"><strong>VITIGNI:<\/strong> 100% Inzolia<\/p>\n<p><strong>GRADAZIONE ALCOLICA: <\/strong>12,5% Vol.<\/p>\n<p><strong>CONTIENE SOLFITI<\/strong><\/p>\n<p><span style=\"color: #dd9e1d;font-family: 'PT Sans';font-size: 25px;letter-spacing: 0em\">Product:<\/span><\/p>\n<\/div>\n<\/div>\n<div>Imbottigliato da Az. Vinicola Curto Via Galileo Galilei, 41\u00a0 \u2013 Ispica,\u00a0 Ragusa \u2013 Italia<\/div>\n<\/div>\n<p>&nbsp;<\/p>","protected":false},"excerpt":{"rendered":"<div class=\"toggle-block\">\n<div class=\"toggle-block\">\n<div class=\"toggle-block\">\n<div class=\"toggle-block\">\n<div class=\"toggle-block\">\n<div class=\"toggle-block\">\n<p class=\"toggle-title\" data-toggle-name=\"product-details_perche_ci_piace\"><strong>POIANO IGT \u2013 Curto<\/strong><\/p>\n<p class=\"toggle-content\" data-toggle-content=\"product-details_perche_ci_piace\">Vino dal colore giallognolo con sfumature verdastre. Profumo intenso ed ampio, con forte nota agrumata. Al palato \u00e8 fresco con finale lievemente affumicato.<\/p>\n<p class=\"toggle-content\" data-toggle-content=\"product-details_perche_ci_piace\"><strong>Temperatura di servizio :<\/strong> 10\u00b0 \u2013 12\u00b0 C<\/p>\n<p data-toggle-content=\"product-details_note_di_degustazione\"><strong>Abbinamenti:<\/strong> antipasti, aperitivi, pesce, risotti<\/p>\n<\/div>\n<div class=\"toggle-block\">\n<p class=\"toggle-content\" data-toggle-content=\"product-details_abbinamenti\"><strong>VITIGNI:<\/strong> 100% Inzolia<\/p>\n<p><strong>GRADAZIONE ALCOLICA: <\/strong>12,5% Vol.<\/p>\n<p><strong>CONTIENE SOLFITI<\/strong><\/p>\n<\/div>\n<\/div>\n<\/div>\n<\/div>\n<\/div>\n<\/div>","protected":false},"featured_media":7461,"comment_status":"open","ping_status":"closed","template":"","meta":[],"product_brand":[],"product_cat":[117],"product_tag":[],"class_list":["post-4492","product","type-product","status-publish","has-post-thumbnail","product_cat-bianco","pa_produttore-az-vinicola-curto","first","instock","shipping-taxable","purchasable","product-type-simple"],"yoast_head":"<!-- This site is optimized with the Yoast SEO plugin v27.6 - https:\/\/yoast.com\/product\/yoast-seo-wordpress\/ -->\n<title>Poiano IGT - Curto | Il corpo e lo spirito<\/title>\n<meta name=\"robots\" content=\"index, follow, max-snippet:-1, max-image-preview:large, max-video-preview:-1\" \/>\n<link rel=\"canonical\" href=\"https:\/\/ilcorpoelospirito.archetipoagency.it\/en\/prodotto\/poiano-igt-curto\/\" \/>\n<meta property=\"og:locale\" content=\"en_US\" \/>\n<meta property=\"og:type\" content=\"article\" \/>\n<meta property=\"og:title\" content=\"Poiano IGT - Curto | Il corpo e lo spirito\" \/>\n<meta property=\"og:description\" content=\"POIANO IGT - Curto Vino dal colore giallognolo con sfumature verdastre. Profumo intenso ed ampio, con forte nota agrumata. Al palato \u00e8 fresco con finale lievemente affumicato. Temperatura di servizio : 10\u00b0 - 12\u00b0 C Abbinamenti: antipasti, aperitivi, pesce, risotti    VITIGNI: 100% Inzolia GRADAZIONE ALCOLICA: 12,5% Vol.  CONTIENE SOLFITI\" \/>\n<meta property=\"og:url\" content=\"https:\/\/ilcorpoelospirito.archetipoagency.it\/en\/prodotto\/poiano-igt-curto\/\" \/>\n<meta property=\"og:site_name\" content=\"Il corpo e lo spirito\" \/>\n<meta property=\"article:modified_time\" content=\"2026-01-04T12:23:19+00:00\" \/>\n<meta property=\"og:image\" content=\"https:\/\/ilcorpoelospirito.archetipoagency.it\/wp-content\/uploads\/2025\/09\/20250925_183304.jpg\" \/>\n\t<meta property=\"og:image:width\" content=\"1166\" \/>\n\t<meta property=\"og:image:height\" content=\"1166\" \/>\n\t<meta property=\"og:image:type\" content=\"image\/jpeg\" \/>\n<meta name=\"twitter:card\" content=\"summary_large_image\" \/>\n<meta name=\"twitter:label1\" content=\"Est. reading time\" \/>\n\t<meta name=\"twitter:data1\" content=\"2 minutes\" \/>\n<script type=\"application\/ld+json\" class=\"yoast-schema-graph\">{\"@context\":\"https:\\\/\\\/schema.org\",\"@graph\":[{\"@type\":\"WebPage\",\"@id\":\"https:\\\/\\\/ilcorpoelospirito.archetipoagency.it\\\/en\\\/prodotto\\\/poiano-igt-curto\\\/\",\"url\":\"https:\\\/\\\/ilcorpoelospirito.archetipoagency.it\\\/en\\\/prodotto\\\/poiano-igt-curto\\\/\",\"name\":\"Poiano IGT - Curto | Il corpo e lo spirito\",\"isPartOf\":{\"@id\":\"https:\\\/\\\/ilcorpoelospirito.archetipoagency.it\\\/#website\"},\"primaryImageOfPage\":{\"@id\":\"https:\\\/\\\/ilcorpoelospirito.archetipoagency.it\\\/en\\\/prodotto\\\/poiano-igt-curto\\\/#primaryimage\"},\"image\":{\"@id\":\"https:\\\/\\\/ilcorpoelospirito.archetipoagency.it\\\/en\\\/prodotto\\\/poiano-igt-curto\\\/#primaryimage\"},\"thumbnailUrl\":\"https:\\\/\\\/ilcorpoelospirito.archetipoagency.it\\\/wp-content\\\/uploads\\\/2025\\\/09\\\/20250925_183304.jpg\",\"datePublished\":\"2023-02-09T11:43:38+00:00\",\"dateModified\":\"2026-01-04T12:23:19+00:00\",\"breadcrumb\":{\"@id\":\"https:\\\/\\\/ilcorpoelospirito.archetipoagency.it\\\/en\\\/prodotto\\\/poiano-igt-curto\\\/#breadcrumb\"},\"inLanguage\":\"en-US\",\"potentialAction\":[{\"@type\":\"ReadAction\",\"target\":[\"https:\\\/\\\/ilcorpoelospirito.archetipoagency.it\\\/en\\\/prodotto\\\/poiano-igt-curto\\\/\"]}]},{\"@type\":\"ImageObject\",\"inLanguage\":\"en-US\",\"@id\":\"https:\\\/\\\/ilcorpoelospirito.archetipoagency.it\\\/en\\\/prodotto\\\/poiano-igt-curto\\\/#primaryimage\",\"url\":\"https:\\\/\\\/ilcorpoelospirito.archetipoagency.it\\\/wp-content\\\/uploads\\\/2025\\\/09\\\/20250925_183304.jpg\",\"contentUrl\":\"https:\\\/\\\/ilcorpoelospirito.archetipoagency.it\\\/wp-content\\\/uploads\\\/2025\\\/09\\\/20250925_183304.jpg\",\"width\":1166,\"height\":1166},{\"@type\":\"BreadcrumbList\",\"@id\":\"https:\\\/\\\/ilcorpoelospirito.archetipoagency.it\\\/en\\\/prodotto\\\/poiano-igt-curto\\\/#breadcrumb\",\"itemListElement\":[{\"@type\":\"ListItem\",\"position\":1,\"name\":\"Home\",\"item\":\"https:\\\/\\\/ilcorpoelospirito.archetipoagency.it\\\/\"},{\"@type\":\"ListItem\",\"position\":2,\"name\":\"Shop\",\"item\":\"https:\\\/\\\/ilcorpoelospirito.archetipoagency.it\\\/shop\\\/\"},{\"@type\":\"ListItem\",\"position\":3,\"name\":\"Poiano IGT – Curto\"}]},{\"@type\":\"WebSite\",\"@id\":\"https:\\\/\\\/ilcorpoelospirito.archetipoagency.it\\\/#website\",\"url\":\"https:\\\/\\\/ilcorpoelospirito.archetipoagency.it\\\/\",\"name\":\"Il Corpo e lo Spirito\",\"description\":\"\",\"publisher\":{\"@id\":\"https:\\\/\\\/ilcorpoelospirito.archetipoagency.it\\\/#organization\"},\"alternateName\":\"Prelibatezze Monastiche e regionali\",\"potentialAction\":[{\"@type\":\"SearchAction\",\"target\":{\"@type\":\"EntryPoint\",\"urlTemplate\":\"https:\\\/\\\/ilcorpoelospirito.archetipoagency.it\\\/?s={search_term_string}\"},\"query-input\":{\"@type\":\"PropertyValueSpecification\",\"valueRequired\":true,\"valueName\":\"search_term_string\"}}],\"inLanguage\":\"en-US\"},{\"@type\":\"Organization\",\"@id\":\"https:\\\/\\\/ilcorpoelospirito.archetipoagency.it\\\/#organization\",\"name\":\"Il Corpo e lo Spirito\",\"alternateName\":\"Prelibatezze Monastiche e regionali\",\"url\":\"https:\\\/\\\/ilcorpoelospirito.archetipoagency.it\\\/\",\"logo\":{\"@type\":\"ImageObject\",\"inLanguage\":\"en-US\",\"@id\":\"https:\\\/\\\/ilcorpoelospirito.archetipoagency.it\\\/#\\\/schema\\\/logo\\\/image\\\/\",\"url\":\"https:\\\/\\\/ilcorpoelospirito.archetipoagency.it\\\/wp-content\\\/uploads\\\/2022\\\/10\\\/logo-marrone.png\",\"contentUrl\":\"https:\\\/\\\/ilcorpoelospirito.archetipoagency.it\\\/wp-content\\\/uploads\\\/2022\\\/10\\\/logo-marrone.png\",\"width\":2192,\"height\":568,\"caption\":\"Il Corpo e lo Spirito\"},\"image\":{\"@id\":\"https:\\\/\\\/ilcorpoelospirito.archetipoagency.it\\\/#\\\/schema\\\/logo\\\/image\\\/\"}}]}<\/script>\n<!-- \/ Yoast SEO plugin. -->","yoast_head_json":{"title":"Poiano IGT - Curto | Il corpo e lo spirito","robots":{"index":"index","follow":"follow","max-snippet":"max-snippet:-1","max-image-preview":"max-image-preview:large","max-video-preview":"max-video-preview:-1"},"canonical":"https:\/\/ilcorpoelospirito.archetipoagency.it\/en\/prodotto\/poiano-igt-curto\/","og_locale":"en_US","og_type":"article","og_title":"Poiano IGT - Curto | Il corpo e lo spirito","og_description":"POIANO IGT - Curto Vino dal colore giallognolo con sfumature verdastre. Profumo intenso ed ampio, con forte nota agrumata. Al palato \u00e8 fresco con finale lievemente affumicato. Temperatura di servizio : 10\u00b0 - 12\u00b0 C Abbinamenti: antipasti, aperitivi, pesce, risotti    VITIGNI: 100% Inzolia GRADAZIONE ALCOLICA: 12,5% Vol.  CONTIENE SOLFITI","og_url":"https:\/\/ilcorpoelospirito.archetipoagency.it\/en\/prodotto\/poiano-igt-curto\/","og_site_name":"Il corpo e lo spirito","article_modified_time":"2026-01-04T12:23:19+00:00","og_image":[{"width":1166,"height":1166,"url":"https:\/\/ilcorpoelospirito.archetipoagency.it\/wp-content\/uploads\/2025\/09\/20250925_183304.jpg","type":"image\/jpeg"}],"twitter_card":"summary_large_image","twitter_misc":{"Est. reading time":"2 minutes"},"schema":{"@context":"https:\/\/schema.org","@graph":[{"@type":"WebPage","@id":"https:\/\/ilcorpoelospirito.archetipoagency.it\/en\/prodotto\/poiano-igt-curto\/","url":"https:\/\/ilcorpoelospirito.archetipoagency.it\/en\/prodotto\/poiano-igt-curto\/","name":"Poiano IGT - Curto | Il corpo e lo spirito","isPartOf":{"@id":"https:\/\/ilcorpoelospirito.archetipoagency.it\/#website"},"primaryImageOfPage":{"@id":"https:\/\/ilcorpoelospirito.archetipoagency.it\/en\/prodotto\/poiano-igt-curto\/#primaryimage"},"image":{"@id":"https:\/\/ilcorpoelospirito.archetipoagency.it\/en\/prodotto\/poiano-igt-curto\/#primaryimage"},"thumbnailUrl":"https:\/\/ilcorpoelospirito.archetipoagency.it\/wp-content\/uploads\/2025\/09\/20250925_183304.jpg","datePublished":"2023-02-09T11:43:38+00:00","dateModified":"2026-01-04T12:23:19+00:00","breadcrumb":{"@id":"https:\/\/ilcorpoelospirito.archetipoagency.it\/en\/prodotto\/poiano-igt-curto\/#breadcrumb"},"inLanguage":"en-US","potentialAction":[{"@type":"ReadAction","target":["https:\/\/ilcorpoelospirito.archetipoagency.it\/en\/prodotto\/poiano-igt-curto\/"]}]},{"@type":"ImageObject","inLanguage":"en-US","@id":"https:\/\/ilcorpoelospirito.archetipoagency.it\/en\/prodotto\/poiano-igt-curto\/#primaryimage","url":"https:\/\/ilcorpoelospirito.archetipoagency.it\/wp-content\/uploads\/2025\/09\/20250925_183304.jpg","contentUrl":"https:\/\/ilcorpoelospirito.archetipoagency.it\/wp-content\/uploads\/2025\/09\/20250925_183304.jpg","width":1166,"height":1166},{"@type":"BreadcrumbList","@id":"https:\/\/ilcorpoelospirito.archetipoagency.it\/en\/prodotto\/poiano-igt-curto\/#breadcrumb","itemListElement":[{"@type":"ListItem","position":1,"name":"Home","item":"https:\/\/ilcorpoelospirito.archetipoagency.it\/"},{"@type":"ListItem","position":2,"name":"Shop","item":"https:\/\/ilcorpoelospirito.archetipoagency.it\/shop\/"},{"@type":"ListItem","position":3,"name":"Poiano IGT – Curto"}]},{"@type":"WebSite","@id":"https:\/\/ilcorpoelospirito.archetipoagency.it\/#website","url":"https:\/\/ilcorpoelospirito.archetipoagency.it\/","name":"Il corpo e lo spirito","description":"","publisher":{"@id":"https:\/\/ilcorpoelospirito.archetipoagency.it\/#organization"},"alternateName":"Prelibatezze Monastiche e regionali","potentialAction":[{"@type":"SearchAction","target":{"@type":"EntryPoint","urlTemplate":"https:\/\/ilcorpoelospirito.archetipoagency.it\/?s={search_term_string}"},"query-input":{"@type":"PropertyValueSpecification","valueRequired":true,"valueName":"search_term_string"}}],"inLanguage":"en-US"},{"@type":"Organization","@id":"https:\/\/ilcorpoelospirito.archetipoagency.it\/#organization","name":"Il corpo e lo spirito","alternateName":"Prelibatezze Monastiche e regionali","url":"https:\/\/ilcorpoelospirito.archetipoagency.it\/","logo":{"@type":"ImageObject","inLanguage":"en-US","@id":"https:\/\/ilcorpoelospirito.archetipoagency.it\/#\/schema\/logo\/image\/","url":"https:\/\/ilcorpoelospirito.archetipoagency.it\/wp-content\/uploads\/2022\/10\/logo-marrone.png","contentUrl":"https:\/\/ilcorpoelospirito.archetipoagency.it\/wp-content\/uploads\/2022\/10\/logo-marrone.png","width":2192,"height":568,"caption":"Il Corpo e lo Spirito"},"image":{"@id":"https:\/\/ilcorpoelospirito.archetipoagency.it\/#\/schema\/logo\/image\/"}}]}},"_links":{"self":[{"href":"https:\/\/ilcorpoelospirito.archetipoagency.it\/en\/wp-json\/wp\/v2\/product\/4492","targetHints":{"allow":["GET"]}}],"collection":[{"href":"https:\/\/ilcorpoelospirito.archetipoagency.it\/en\/wp-json\/wp\/v2\/product"}],"about":[{"href":"https:\/\/ilcorpoelospirito.archetipoagency.it\/en\/wp-json\/wp\/v2\/types\/product"}],"replies":[{"embeddable":true,"href":"https:\/\/ilcorpoelospirito.archetipoagency.it\/en\/wp-json\/wp\/v2\/comments?post=4492"}],"wp:featuredmedia":[{"embeddable":true,"href":"https:\/\/ilcorpoelospirito.archetipoagency.it\/en\/wp-json\/wp\/v2\/media\/7461"}],"wp:attachment":[{"href":"https:\/\/ilcorpoelospirito.archetipoagency.it\/en\/wp-json\/wp\/v2\/media?parent=4492"}],"wp:term":[{"taxonomy":"product_brand","embeddable":true,"href":"https:\/\/ilcorpoelospirito.archetipoagency.it\/en\/wp-json\/wp\/v2\/product_brand?post=4492"},{"taxonomy":"product_cat","embeddable":true,"href":"https:\/\/ilcorpoelospirito.archetipoagency.it\/en\/wp-json\/wp\/v2\/product_cat?post=4492"},{"taxonomy":"product_tag","embeddable":true,"href":"https:\/\/ilcorpoelospirito.archetipoagency.it\/en\/wp-json\/wp\/v2\/product_tag?post=4492"}],"curies":[{"name":"wp","href":"https:\/\/api.w.org\/{rel}","templated":true}]}}