{"id":5332,"date":"2023-05-12T12:14:29","date_gmt":"2023-05-12T10:14:29","guid":{"rendered":"https:\/\/ilcorpoelospirito.archetipoagency.it\/?post_type=product&#038;p=5332"},"modified":"2026-04-29T17:26:24","modified_gmt":"2026-04-29T15:26:24","slug":"confettura-extra-di-uva-fragola-nera","status":"publish","type":"product","link":"https:\/\/ilcorpoelospirito.archetipoagency.it\/en\/product\/confettura-extra-di-uva-fragola-nera\/","title":{"rendered":"Confettura extra di Uva Fragola Nera"},"content":{"rendered":"<div class=\"single_additional_description\">\n<h3 class=\"add_info\">Informazioni aggiuntive<\/h3>\n<div class=\"single_additional_description\">\n<p>Elenco ingredienti: uva fragola nera, zucchero.<br \/>\nFrutta utilizzata: 169 g per 100 g di prodotto.<br \/>\nZuccheri totali: 48%<br \/>\n(Possono esserci leggere differenze tra un lotto e l\u2019altro)<br \/>\nPeso netto: 330 g circa<\/p>\n<p>Note: Il vasetto chiuso pu\u00f2 esse conservato al fresco e lontano da sorgenti di calore per pi\u00f9 di un anno. Una volta aperto va riposto in frigorifero a + 4\u00b0C e consumato nell\u2019arco di qualche settimana.<\/p>\n<h4>Product:<\/h4>\n<p>Prodotto e confezionato nel Monastero dei SS. Paolo e Pietro di Germagno sas \u2013 Loc. Giardino della Resurrezione\u00a0 snc \u2013 Germagno (VB) \u2013 Italia<\/p>\n<\/div>\n<\/div>","protected":false},"excerpt":{"rendered":"<p>Classica <strong>specialit\u00e0 <\/strong>dei<strong> Monaci Benedettini della Congregazione Sublacense-Cassinese<\/strong><\/p>\n<p>Confettura dal gusto particolarmente gradevole, grazie alla nota caratteristica di questa qualit\u00e0 di uva, che ricorda le fragole. Dolce di natura, \u00e8 tra le confettura che richiede la minor quantit\u00e0 di zucchero aggiunto, sfruttando al massimo quello naturalmente presente nel frutto. Ideale per farcire crostate e torte, come guarnizione della cheesecake, sullo yogurt bianco o sul gelato al fiordilatte o alla crema, per accompagnare dessert e dolci al cucchiaio.<\/p>","protected":false},"featured_media":5321,"comment_status":"open","ping_status":"closed","template":"","meta":[],"product_brand":[],"product_cat":[43],"product_tag":[],"class_list":["post-5332","product","type-product","status-publish","has-post-thumbnail","product_cat-marmellate","pa_produttore-s-pietro-e-paolo-di-germagno","first","instock","shipping-taxable","purchasable","product-type-simple"],"yoast_head":"<!-- This site is optimized with the Yoast SEO plugin v27.6 - https:\/\/yoast.com\/product\/yoast-seo-wordpress\/ -->\n<title>Confettura extra di Uva Fragola Nera | Il corpo e lo spirito<\/title>\n<meta name=\"robots\" content=\"index, follow, max-snippet:-1, max-image-preview:large, max-video-preview:-1\" \/>\n<link rel=\"canonical\" href=\"https:\/\/ilcorpoelospirito.archetipoagency.it\/en\/prodotto\/confettura-extra-di-uva-fragola-nera\/\" \/>\n<meta property=\"og:locale\" content=\"en_US\" \/>\n<meta property=\"og:type\" content=\"article\" \/>\n<meta property=\"og:title\" content=\"Confettura extra di Uva Fragola Nera | Il corpo e lo spirito\" \/>\n<meta property=\"og:description\" content=\"Classica specialit\u00e0 dei Monaci Benedettini della Congregazione Sublacense-Cassinese  Confettura dal gusto particolarmente gradevole, grazie alla nota caratteristica di questa qualit\u00e0 di uva, che ricorda le fragole. Dolce di natura, \u00e8 tra le confettura che richiede la minor quantit\u00e0 di zucchero aggiunto, sfruttando al massimo quello naturalmente presente nel frutto. Ideale per farcire crostate e torte, come guarnizione della cheesecake, sullo yogurt bianco o sul gelato al fiordilatte o alla crema, per accompagnare dessert e dolci al cucchiaio.\" \/>\n<meta property=\"og:url\" content=\"https:\/\/ilcorpoelospirito.archetipoagency.it\/en\/prodotto\/confettura-extra-di-uva-fragola-nera\/\" \/>\n<meta property=\"og:site_name\" content=\"Il corpo e lo spirito\" \/>\n<meta property=\"article:modified_time\" content=\"2026-04-29T15:26:24+00:00\" \/>\n<meta property=\"og:image\" content=\"https:\/\/ilcorpoelospirito.archetipoagency.it\/wp-content\/uploads\/2023\/05\/20230509_121512.jpg\" \/>\n\t<meta property=\"og:image:width\" content=\"1572\" \/>\n\t<meta property=\"og:image:height\" content=\"1572\" \/>\n\t<meta property=\"og:image:type\" content=\"image\/jpeg\" \/>\n<meta name=\"twitter:card\" content=\"summary_large_image\" \/>\n<meta name=\"twitter:label1\" content=\"Est. reading time\" \/>\n\t<meta name=\"twitter:data1\" content=\"1 minute\" \/>\n<script type=\"application\/ld+json\" class=\"yoast-schema-graph\">{\"@context\":\"https:\\\/\\\/schema.org\",\"@graph\":[{\"@type\":\"WebPage\",\"@id\":\"https:\\\/\\\/ilcorpoelospirito.archetipoagency.it\\\/en\\\/prodotto\\\/confettura-extra-di-uva-fragola-nera\\\/\",\"url\":\"https:\\\/\\\/ilcorpoelospirito.archetipoagency.it\\\/en\\\/prodotto\\\/confettura-extra-di-uva-fragola-nera\\\/\",\"name\":\"Confettura extra di Uva Fragola Nera | Il corpo e lo spirito\",\"isPartOf\":{\"@id\":\"https:\\\/\\\/ilcorpoelospirito.archetipoagency.it\\\/#website\"},\"primaryImageOfPage\":{\"@id\":\"https:\\\/\\\/ilcorpoelospirito.archetipoagency.it\\\/en\\\/prodotto\\\/confettura-extra-di-uva-fragola-nera\\\/#primaryimage\"},\"image\":{\"@id\":\"https:\\\/\\\/ilcorpoelospirito.archetipoagency.it\\\/en\\\/prodotto\\\/confettura-extra-di-uva-fragola-nera\\\/#primaryimage\"},\"thumbnailUrl\":\"https:\\\/\\\/ilcorpoelospirito.archetipoagency.it\\\/wp-content\\\/uploads\\\/2023\\\/05\\\/20230509_121512.jpg\",\"datePublished\":\"2023-05-12T10:14:29+00:00\",\"dateModified\":\"2026-04-29T15:26:24+00:00\",\"breadcrumb\":{\"@id\":\"https:\\\/\\\/ilcorpoelospirito.archetipoagency.it\\\/en\\\/prodotto\\\/confettura-extra-di-uva-fragola-nera\\\/#breadcrumb\"},\"inLanguage\":\"en-US\",\"potentialAction\":[{\"@type\":\"ReadAction\",\"target\":[\"https:\\\/\\\/ilcorpoelospirito.archetipoagency.it\\\/en\\\/prodotto\\\/confettura-extra-di-uva-fragola-nera\\\/\"]}]},{\"@type\":\"ImageObject\",\"inLanguage\":\"en-US\",\"@id\":\"https:\\\/\\\/ilcorpoelospirito.archetipoagency.it\\\/en\\\/prodotto\\\/confettura-extra-di-uva-fragola-nera\\\/#primaryimage\",\"url\":\"https:\\\/\\\/ilcorpoelospirito.archetipoagency.it\\\/wp-content\\\/uploads\\\/2023\\\/05\\\/20230509_121512.jpg\",\"contentUrl\":\"https:\\\/\\\/ilcorpoelospirito.archetipoagency.it\\\/wp-content\\\/uploads\\\/2023\\\/05\\\/20230509_121512.jpg\",\"width\":1572,\"height\":1572},{\"@type\":\"BreadcrumbList\",\"@id\":\"https:\\\/\\\/ilcorpoelospirito.archetipoagency.it\\\/en\\\/prodotto\\\/confettura-extra-di-uva-fragola-nera\\\/#breadcrumb\",\"itemListElement\":[{\"@type\":\"ListItem\",\"position\":1,\"name\":\"Home\",\"item\":\"https:\\\/\\\/ilcorpoelospirito.archetipoagency.it\\\/\"},{\"@type\":\"ListItem\",\"position\":2,\"name\":\"Shop\",\"item\":\"https:\\\/\\\/ilcorpoelospirito.archetipoagency.it\\\/shop\\\/\"},{\"@type\":\"ListItem\",\"position\":3,\"name\":\"Confettura extra di Uva Fragola Nera\"}]},{\"@type\":\"WebSite\",\"@id\":\"https:\\\/\\\/ilcorpoelospirito.archetipoagency.it\\\/#website\",\"url\":\"https:\\\/\\\/ilcorpoelospirito.archetipoagency.it\\\/\",\"name\":\"Il Corpo e lo Spirito\",\"description\":\"\",\"publisher\":{\"@id\":\"https:\\\/\\\/ilcorpoelospirito.archetipoagency.it\\\/#organization\"},\"alternateName\":\"Prelibatezze Monastiche e regionali\",\"potentialAction\":[{\"@type\":\"SearchAction\",\"target\":{\"@type\":\"EntryPoint\",\"urlTemplate\":\"https:\\\/\\\/ilcorpoelospirito.archetipoagency.it\\\/?s={search_term_string}\"},\"query-input\":{\"@type\":\"PropertyValueSpecification\",\"valueRequired\":true,\"valueName\":\"search_term_string\"}}],\"inLanguage\":\"en-US\"},{\"@type\":\"Organization\",\"@id\":\"https:\\\/\\\/ilcorpoelospirito.archetipoagency.it\\\/#organization\",\"name\":\"Il Corpo e lo Spirito\",\"alternateName\":\"Prelibatezze Monastiche e regionali\",\"url\":\"https:\\\/\\\/ilcorpoelospirito.archetipoagency.it\\\/\",\"logo\":{\"@type\":\"ImageObject\",\"inLanguage\":\"en-US\",\"@id\":\"https:\\\/\\\/ilcorpoelospirito.archetipoagency.it\\\/#\\\/schema\\\/logo\\\/image\\\/\",\"url\":\"https:\\\/\\\/ilcorpoelospirito.archetipoagency.it\\\/wp-content\\\/uploads\\\/2022\\\/10\\\/logo-marrone.png\",\"contentUrl\":\"https:\\\/\\\/ilcorpoelospirito.archetipoagency.it\\\/wp-content\\\/uploads\\\/2022\\\/10\\\/logo-marrone.png\",\"width\":2192,\"height\":568,\"caption\":\"Il Corpo e lo Spirito\"},\"image\":{\"@id\":\"https:\\\/\\\/ilcorpoelospirito.archetipoagency.it\\\/#\\\/schema\\\/logo\\\/image\\\/\"}}]}<\/script>\n<!-- \/ Yoast SEO plugin. -->","yoast_head_json":{"title":"Confettura extra di Uva Fragola Nera | Il corpo e lo spirito","robots":{"index":"index","follow":"follow","max-snippet":"max-snippet:-1","max-image-preview":"max-image-preview:large","max-video-preview":"max-video-preview:-1"},"canonical":"https:\/\/ilcorpoelospirito.archetipoagency.it\/en\/prodotto\/confettura-extra-di-uva-fragola-nera\/","og_locale":"en_US","og_type":"article","og_title":"Confettura extra di Uva Fragola Nera | Il corpo e lo spirito","og_description":"Classica specialit\u00e0 dei Monaci Benedettini della Congregazione Sublacense-Cassinese  Confettura dal gusto particolarmente gradevole, grazie alla nota caratteristica di questa qualit\u00e0 di uva, che ricorda le fragole. Dolce di natura, \u00e8 tra le confettura che richiede la minor quantit\u00e0 di zucchero aggiunto, sfruttando al massimo quello naturalmente presente nel frutto. Ideale per farcire crostate e torte, come guarnizione della cheesecake, sullo yogurt bianco o sul gelato al fiordilatte o alla crema, per accompagnare dessert e dolci al cucchiaio.","og_url":"https:\/\/ilcorpoelospirito.archetipoagency.it\/en\/prodotto\/confettura-extra-di-uva-fragola-nera\/","og_site_name":"Il corpo e lo spirito","article_modified_time":"2026-04-29T15:26:24+00:00","og_image":[{"width":1572,"height":1572,"url":"https:\/\/ilcorpoelospirito.archetipoagency.it\/wp-content\/uploads\/2023\/05\/20230509_121512.jpg","type":"image\/jpeg"}],"twitter_card":"summary_large_image","twitter_misc":{"Est. reading time":"1 minute"},"schema":{"@context":"https:\/\/schema.org","@graph":[{"@type":"WebPage","@id":"https:\/\/ilcorpoelospirito.archetipoagency.it\/en\/prodotto\/confettura-extra-di-uva-fragola-nera\/","url":"https:\/\/ilcorpoelospirito.archetipoagency.it\/en\/prodotto\/confettura-extra-di-uva-fragola-nera\/","name":"Confettura extra di Uva Fragola Nera | Il corpo e lo spirito","isPartOf":{"@id":"https:\/\/ilcorpoelospirito.archetipoagency.it\/#website"},"primaryImageOfPage":{"@id":"https:\/\/ilcorpoelospirito.archetipoagency.it\/en\/prodotto\/confettura-extra-di-uva-fragola-nera\/#primaryimage"},"image":{"@id":"https:\/\/ilcorpoelospirito.archetipoagency.it\/en\/prodotto\/confettura-extra-di-uva-fragola-nera\/#primaryimage"},"thumbnailUrl":"https:\/\/ilcorpoelospirito.archetipoagency.it\/wp-content\/uploads\/2023\/05\/20230509_121512.jpg","datePublished":"2023-05-12T10:14:29+00:00","dateModified":"2026-04-29T15:26:24+00:00","breadcrumb":{"@id":"https:\/\/ilcorpoelospirito.archetipoagency.it\/en\/prodotto\/confettura-extra-di-uva-fragola-nera\/#breadcrumb"},"inLanguage":"en-US","potentialAction":[{"@type":"ReadAction","target":["https:\/\/ilcorpoelospirito.archetipoagency.it\/en\/prodotto\/confettura-extra-di-uva-fragola-nera\/"]}]},{"@type":"ImageObject","inLanguage":"en-US","@id":"https:\/\/ilcorpoelospirito.archetipoagency.it\/en\/prodotto\/confettura-extra-di-uva-fragola-nera\/#primaryimage","url":"https:\/\/ilcorpoelospirito.archetipoagency.it\/wp-content\/uploads\/2023\/05\/20230509_121512.jpg","contentUrl":"https:\/\/ilcorpoelospirito.archetipoagency.it\/wp-content\/uploads\/2023\/05\/20230509_121512.jpg","width":1572,"height":1572},{"@type":"BreadcrumbList","@id":"https:\/\/ilcorpoelospirito.archetipoagency.it\/en\/prodotto\/confettura-extra-di-uva-fragola-nera\/#breadcrumb","itemListElement":[{"@type":"ListItem","position":1,"name":"Home","item":"https:\/\/ilcorpoelospirito.archetipoagency.it\/"},{"@type":"ListItem","position":2,"name":"Shop","item":"https:\/\/ilcorpoelospirito.archetipoagency.it\/shop\/"},{"@type":"ListItem","position":3,"name":"Confettura extra di Uva Fragola Nera"}]},{"@type":"WebSite","@id":"https:\/\/ilcorpoelospirito.archetipoagency.it\/#website","url":"https:\/\/ilcorpoelospirito.archetipoagency.it\/","name":"Il corpo e lo spirito","description":"","publisher":{"@id":"https:\/\/ilcorpoelospirito.archetipoagency.it\/#organization"},"alternateName":"Prelibatezze Monastiche e regionali","potentialAction":[{"@type":"SearchAction","target":{"@type":"EntryPoint","urlTemplate":"https:\/\/ilcorpoelospirito.archetipoagency.it\/?s={search_term_string}"},"query-input":{"@type":"PropertyValueSpecification","valueRequired":true,"valueName":"search_term_string"}}],"inLanguage":"en-US"},{"@type":"Organization","@id":"https:\/\/ilcorpoelospirito.archetipoagency.it\/#organization","name":"Il corpo e lo spirito","alternateName":"Prelibatezze Monastiche e regionali","url":"https:\/\/ilcorpoelospirito.archetipoagency.it\/","logo":{"@type":"ImageObject","inLanguage":"en-US","@id":"https:\/\/ilcorpoelospirito.archetipoagency.it\/#\/schema\/logo\/image\/","url":"https:\/\/ilcorpoelospirito.archetipoagency.it\/wp-content\/uploads\/2022\/10\/logo-marrone.png","contentUrl":"https:\/\/ilcorpoelospirito.archetipoagency.it\/wp-content\/uploads\/2022\/10\/logo-marrone.png","width":2192,"height":568,"caption":"Il Corpo e lo Spirito"},"image":{"@id":"https:\/\/ilcorpoelospirito.archetipoagency.it\/#\/schema\/logo\/image\/"}}]}},"_links":{"self":[{"href":"https:\/\/ilcorpoelospirito.archetipoagency.it\/en\/wp-json\/wp\/v2\/product\/5332","targetHints":{"allow":["GET"]}}],"collection":[{"href":"https:\/\/ilcorpoelospirito.archetipoagency.it\/en\/wp-json\/wp\/v2\/product"}],"about":[{"href":"https:\/\/ilcorpoelospirito.archetipoagency.it\/en\/wp-json\/wp\/v2\/types\/product"}],"replies":[{"embeddable":true,"href":"https:\/\/ilcorpoelospirito.archetipoagency.it\/en\/wp-json\/wp\/v2\/comments?post=5332"}],"wp:featuredmedia":[{"embeddable":true,"href":"https:\/\/ilcorpoelospirito.archetipoagency.it\/en\/wp-json\/wp\/v2\/media\/5321"}],"wp:attachment":[{"href":"https:\/\/ilcorpoelospirito.archetipoagency.it\/en\/wp-json\/wp\/v2\/media?parent=5332"}],"wp:term":[{"taxonomy":"product_brand","embeddable":true,"href":"https:\/\/ilcorpoelospirito.archetipoagency.it\/en\/wp-json\/wp\/v2\/product_brand?post=5332"},{"taxonomy":"product_cat","embeddable":true,"href":"https:\/\/ilcorpoelospirito.archetipoagency.it\/en\/wp-json\/wp\/v2\/product_cat?post=5332"},{"taxonomy":"product_tag","embeddable":true,"href":"https:\/\/ilcorpoelospirito.archetipoagency.it\/en\/wp-json\/wp\/v2\/product_tag?post=5332"}],"curies":[{"name":"wp","href":"https:\/\/api.w.org\/{rel}","templated":true}]}}