{"id":5909,"date":"2023-06-14T15:25:20","date_gmt":"2023-06-14T13:25:20","guid":{"rendered":"https:\/\/ilcorpoelospirito.archetipoagency.it\/?post_type=product&#038;p=5909"},"modified":"2026-04-29T16:28:00","modified_gmt":"2026-04-29T14:28:00","slug":"colatura-di-alici-di-cetara-riserva-2018","status":"publish","type":"product","link":"https:\/\/ilcorpoelospirito.archetipoagency.it\/en\/product\/colatura-di-alici-di-cetara-riserva-2018\/","title":{"rendered":"Colatura di Alici di Cetara \u2013 Riserva 2018"},"content":{"rendered":"<div class=\"page\" title=\"Page 12\">\n<div class=\"section\">\n<div class=\"layoutArea\">\n<div class=\"column\">\n<div class=\"prodottoPage_descrizone\">\n<div class=\"product-prices\">\n<div class=\"tax-shipping-delivery-label\">\n<h3 class=\"internal-layout__title internal-layout__title--black\">UNA STORIA DI MARE<\/h3>\n<p class=\"internal-layout__text\">Nati nel cuore della Costiera Amalfitana, nell\u2019antica conca di Cetara, l\u2019acqua \u00e8 la casa di Armatore. Ed \u00e8 nel rispetto dell\u2019ecosistema marino che ci vengono assegnate dall\u2019Ue, ogni anno, delle quote pesca di tonno rosso per ciascuna barca.<br \/>\nLa sostenibilit\u00e0 \u00e8 un ideale comune della flotta di Armatore, siamo fieri di praticare una delle tecniche di pesca pi\u00f9 controllata al mondo.<\/p>\n<p class=\"internal-layout__text\">Crediamo fermamente anche nella tracciabilit\u00e0 del nostro pescato. A testimoniarlo \u00e8 la filiera corta delle nostre Alici, lavorate entro poche ore dalla battuta di pesca, che riduce le distanze che il cibo percorre. Tutti i prodotti sono frutto della devozione per il Mare e la loro storia \u00e8\u00a0una storia di famiglia e di tradizione, che parte dalla prima barca, Astore, per diventare la flotta tonniera pi\u00f9 grande del Mediterraneo.<\/p>\n<h4 class=\"product-single__title\">Colatura di Alici di Cetara \u2013 Riserva 2018<\/h4>\n<p>IL SEGRETO DELL\u2019 \u201dORO DI CETERA\u201d \u00c8 RACCHIUSO NELLE SAPIENTI MANI DEGLI ARTIGIANI LOCALI, NATI TRA LE ONDE DEL BORGO COSTIERO. LE ALICI VENGONO PESCATE IN COSTIERA AMALFITANA RIGOROSAMENTE NEI MESI PRIMAVERILI, EVISCERATE, DISPOSTE IN BOTTI DI CASTAGNO ALTERNATE A STRATI DI SALE MARINO E LASCIATE MATURARE LENTAMENTE PER 24\/30 MESI. COS\u00cc NASCE LA NOSTRA RISERVA.<\/p>\n<\/div>\n<\/div>\n<\/div>\n<div class=\"prodottoPage_ingredienti\">\n<h4>Ingredients:<\/h4>\n<ul>\n<li>Alici<\/li>\n<li>sale marino<\/li>\n<\/ul>\n<h4>Product:<\/h4>\n<p>Prodotto e confezionato da Armatore s.r.l. Via Campinola 1 Cetara SA<\/p>\n<\/div>\n<\/div>\n<\/div>\n<\/div>\n<\/div>","protected":false},"excerpt":{"rendered":"<div class=\"tax-shipping-delivery-label\">\n<h4 class=\"product-single__title\">Colatura di Alici di Cetara \u2013 Riserva 2018<\/h4>\n<p>IL SEGRETO DELL\u2019 \u201dORO DI CETERA\u201d \u00c8 RACCHIUSO NELLE SAPIENTI MANI DEGLI ARTIGIANI LOCALI, NATI TRA LE ONDE DEL BORGO COSTIERO. LE ALICI VENGONO PESCATE IN COSTIERA AMALFITANA RIGOROSAMENTE NEI MESI PRIMAVERILI, EVISCERATE, DISPOSTE IN BOTTI DI CASTAGNO ALTERNATE A STRATI DI SALE MARINO E LASCIATE MATURARE LENTAMENTE PER 24\/30 MESI. COS\u00cc NASCE LA NOSTRA RISERVA.<\/p>\n<\/div>","protected":false},"featured_media":5910,"comment_status":"open","ping_status":"closed","template":"","meta":[],"product_brand":[],"product_cat":[274,105],"product_tag":[],"class_list":["post-5909","product","type-product","status-publish","has-post-thumbnail","product_cat-prodotti-deccellenza","product_cat-sottoli","pa_produttore-armatore-s-r-l","first","instock","shipping-taxable","purchasable","product-type-simple"],"yoast_head":"<!-- This site is optimized with the Yoast SEO plugin v27.6 - https:\/\/yoast.com\/product\/yoast-seo-wordpress\/ -->\n<title>Colatura di Alici di Cetara - Riserva 2018 | Il corpo e lo spirito<\/title>\n<meta name=\"robots\" content=\"index, follow, max-snippet:-1, max-image-preview:large, max-video-preview:-1\" \/>\n<link rel=\"canonical\" href=\"https:\/\/ilcorpoelospirito.archetipoagency.it\/en\/prodotto\/colatura-di-alici-di-cetara-riserva-2018\/\" \/>\n<meta property=\"og:locale\" content=\"en_US\" \/>\n<meta property=\"og:type\" content=\"article\" \/>\n<meta property=\"og:title\" content=\"Colatura di Alici di Cetara - Riserva 2018 | Il corpo e lo spirito\" \/>\n<meta property=\"og:description\" content=\"Colatura di Alici di Cetara - Riserva 2018 IL SEGRETO DELL\u2019 \u201dORO DI CETERA\u201d \u00c8 RACCHIUSO NELLE SAPIENTI MANI DEGLI ARTIGIANI LOCALI, NATI TRA LE ONDE DEL BORGO COSTIERO. LE ALICI VENGONO PESCATE IN COSTIERA AMALFITANA RIGOROSAMENTE NEI MESI PRIMAVERILI, EVISCERATE, DISPOSTE IN BOTTI DI CASTAGNO ALTERNATE A STRATI DI SALE MARINO E LASCIATE MATURARE LENTAMENTE PER 24\/30 MESI. COS\u00cc NASCE LA NOSTRA RISERVA.\" \/>\n<meta property=\"og:url\" content=\"https:\/\/ilcorpoelospirito.archetipoagency.it\/en\/prodotto\/colatura-di-alici-di-cetara-riserva-2018\/\" \/>\n<meta property=\"og:site_name\" content=\"Il corpo e lo spirito\" \/>\n<meta property=\"article:modified_time\" content=\"2026-04-29T14:28:00+00:00\" \/>\n<meta property=\"og:image\" content=\"https:\/\/ilcorpoelospirito.archetipoagency.it\/wp-content\/uploads\/2023\/06\/20230509_133420.jpg\" \/>\n\t<meta property=\"og:image:width\" content=\"965\" \/>\n\t<meta property=\"og:image:height\" content=\"965\" \/>\n\t<meta property=\"og:image:type\" content=\"image\/jpeg\" \/>\n<meta name=\"twitter:card\" content=\"summary_large_image\" \/>\n<meta name=\"twitter:label1\" content=\"Est. reading time\" \/>\n\t<meta name=\"twitter:data1\" content=\"2 minutes\" \/>\n<script type=\"application\/ld+json\" class=\"yoast-schema-graph\">{\"@context\":\"https:\\\/\\\/schema.org\",\"@graph\":[{\"@type\":\"WebPage\",\"@id\":\"https:\\\/\\\/ilcorpoelospirito.archetipoagency.it\\\/en\\\/prodotto\\\/colatura-di-alici-di-cetara-riserva-2018\\\/\",\"url\":\"https:\\\/\\\/ilcorpoelospirito.archetipoagency.it\\\/en\\\/prodotto\\\/colatura-di-alici-di-cetara-riserva-2018\\\/\",\"name\":\"Colatura di Alici di Cetara - Riserva 2018 | Il corpo e lo spirito\",\"isPartOf\":{\"@id\":\"https:\\\/\\\/ilcorpoelospirito.archetipoagency.it\\\/#website\"},\"primaryImageOfPage\":{\"@id\":\"https:\\\/\\\/ilcorpoelospirito.archetipoagency.it\\\/en\\\/prodotto\\\/colatura-di-alici-di-cetara-riserva-2018\\\/#primaryimage\"},\"image\":{\"@id\":\"https:\\\/\\\/ilcorpoelospirito.archetipoagency.it\\\/en\\\/prodotto\\\/colatura-di-alici-di-cetara-riserva-2018\\\/#primaryimage\"},\"thumbnailUrl\":\"https:\\\/\\\/ilcorpoelospirito.archetipoagency.it\\\/wp-content\\\/uploads\\\/2023\\\/06\\\/20230509_133420.jpg\",\"datePublished\":\"2023-06-14T13:25:20+00:00\",\"dateModified\":\"2026-04-29T14:28:00+00:00\",\"breadcrumb\":{\"@id\":\"https:\\\/\\\/ilcorpoelospirito.archetipoagency.it\\\/en\\\/prodotto\\\/colatura-di-alici-di-cetara-riserva-2018\\\/#breadcrumb\"},\"inLanguage\":\"en-US\",\"potentialAction\":[{\"@type\":\"ReadAction\",\"target\":[\"https:\\\/\\\/ilcorpoelospirito.archetipoagency.it\\\/en\\\/prodotto\\\/colatura-di-alici-di-cetara-riserva-2018\\\/\"]}]},{\"@type\":\"ImageObject\",\"inLanguage\":\"en-US\",\"@id\":\"https:\\\/\\\/ilcorpoelospirito.archetipoagency.it\\\/en\\\/prodotto\\\/colatura-di-alici-di-cetara-riserva-2018\\\/#primaryimage\",\"url\":\"https:\\\/\\\/ilcorpoelospirito.archetipoagency.it\\\/wp-content\\\/uploads\\\/2023\\\/06\\\/20230509_133420.jpg\",\"contentUrl\":\"https:\\\/\\\/ilcorpoelospirito.archetipoagency.it\\\/wp-content\\\/uploads\\\/2023\\\/06\\\/20230509_133420.jpg\",\"width\":965,\"height\":965},{\"@type\":\"BreadcrumbList\",\"@id\":\"https:\\\/\\\/ilcorpoelospirito.archetipoagency.it\\\/en\\\/prodotto\\\/colatura-di-alici-di-cetara-riserva-2018\\\/#breadcrumb\",\"itemListElement\":[{\"@type\":\"ListItem\",\"position\":1,\"name\":\"Home\",\"item\":\"https:\\\/\\\/ilcorpoelospirito.archetipoagency.it\\\/\"},{\"@type\":\"ListItem\",\"position\":2,\"name\":\"Shop\",\"item\":\"https:\\\/\\\/ilcorpoelospirito.archetipoagency.it\\\/shop\\\/\"},{\"@type\":\"ListItem\",\"position\":3,\"name\":\"Colatura di Alici di Cetara – Riserva 2018\"}]},{\"@type\":\"WebSite\",\"@id\":\"https:\\\/\\\/ilcorpoelospirito.archetipoagency.it\\\/#website\",\"url\":\"https:\\\/\\\/ilcorpoelospirito.archetipoagency.it\\\/\",\"name\":\"Il Corpo e lo Spirito\",\"description\":\"\",\"publisher\":{\"@id\":\"https:\\\/\\\/ilcorpoelospirito.archetipoagency.it\\\/#organization\"},\"alternateName\":\"Prelibatezze Monastiche e regionali\",\"potentialAction\":[{\"@type\":\"SearchAction\",\"target\":{\"@type\":\"EntryPoint\",\"urlTemplate\":\"https:\\\/\\\/ilcorpoelospirito.archetipoagency.it\\\/?s={search_term_string}\"},\"query-input\":{\"@type\":\"PropertyValueSpecification\",\"valueRequired\":true,\"valueName\":\"search_term_string\"}}],\"inLanguage\":\"en-US\"},{\"@type\":\"Organization\",\"@id\":\"https:\\\/\\\/ilcorpoelospirito.archetipoagency.it\\\/#organization\",\"name\":\"Il Corpo e lo Spirito\",\"alternateName\":\"Prelibatezze Monastiche e regionali\",\"url\":\"https:\\\/\\\/ilcorpoelospirito.archetipoagency.it\\\/\",\"logo\":{\"@type\":\"ImageObject\",\"inLanguage\":\"en-US\",\"@id\":\"https:\\\/\\\/ilcorpoelospirito.archetipoagency.it\\\/#\\\/schema\\\/logo\\\/image\\\/\",\"url\":\"https:\\\/\\\/ilcorpoelospirito.archetipoagency.it\\\/wp-content\\\/uploads\\\/2022\\\/10\\\/logo-marrone.png\",\"contentUrl\":\"https:\\\/\\\/ilcorpoelospirito.archetipoagency.it\\\/wp-content\\\/uploads\\\/2022\\\/10\\\/logo-marrone.png\",\"width\":2192,\"height\":568,\"caption\":\"Il Corpo e lo Spirito\"},\"image\":{\"@id\":\"https:\\\/\\\/ilcorpoelospirito.archetipoagency.it\\\/#\\\/schema\\\/logo\\\/image\\\/\"}}]}<\/script>\n<!-- \/ Yoast SEO plugin. -->","yoast_head_json":{"title":"Colatura di Alici di Cetara - Riserva 2018 | Il corpo e lo spirito","robots":{"index":"index","follow":"follow","max-snippet":"max-snippet:-1","max-image-preview":"max-image-preview:large","max-video-preview":"max-video-preview:-1"},"canonical":"https:\/\/ilcorpoelospirito.archetipoagency.it\/en\/prodotto\/colatura-di-alici-di-cetara-riserva-2018\/","og_locale":"en_US","og_type":"article","og_title":"Colatura di Alici di Cetara - Riserva 2018 | Il corpo e lo spirito","og_description":"Colatura di Alici di Cetara - Riserva 2018 IL SEGRETO DELL\u2019 \u201dORO DI CETERA\u201d \u00c8 RACCHIUSO NELLE SAPIENTI MANI DEGLI ARTIGIANI LOCALI, NATI TRA LE ONDE DEL BORGO COSTIERO. LE ALICI VENGONO PESCATE IN COSTIERA AMALFITANA RIGOROSAMENTE NEI MESI PRIMAVERILI, EVISCERATE, DISPOSTE IN BOTTI DI CASTAGNO ALTERNATE A STRATI DI SALE MARINO E LASCIATE MATURARE LENTAMENTE PER 24\/30 MESI. COS\u00cc NASCE LA NOSTRA RISERVA.","og_url":"https:\/\/ilcorpoelospirito.archetipoagency.it\/en\/prodotto\/colatura-di-alici-di-cetara-riserva-2018\/","og_site_name":"Il corpo e lo spirito","article_modified_time":"2026-04-29T14:28:00+00:00","og_image":[{"width":965,"height":965,"url":"https:\/\/ilcorpoelospirito.archetipoagency.it\/wp-content\/uploads\/2023\/06\/20230509_133420.jpg","type":"image\/jpeg"}],"twitter_card":"summary_large_image","twitter_misc":{"Est. reading time":"2 minutes"},"schema":{"@context":"https:\/\/schema.org","@graph":[{"@type":"WebPage","@id":"https:\/\/ilcorpoelospirito.archetipoagency.it\/en\/prodotto\/colatura-di-alici-di-cetara-riserva-2018\/","url":"https:\/\/ilcorpoelospirito.archetipoagency.it\/en\/prodotto\/colatura-di-alici-di-cetara-riserva-2018\/","name":"Colatura di Alici di Cetara - Riserva 2018 | Il corpo e lo spirito","isPartOf":{"@id":"https:\/\/ilcorpoelospirito.archetipoagency.it\/#website"},"primaryImageOfPage":{"@id":"https:\/\/ilcorpoelospirito.archetipoagency.it\/en\/prodotto\/colatura-di-alici-di-cetara-riserva-2018\/#primaryimage"},"image":{"@id":"https:\/\/ilcorpoelospirito.archetipoagency.it\/en\/prodotto\/colatura-di-alici-di-cetara-riserva-2018\/#primaryimage"},"thumbnailUrl":"https:\/\/ilcorpoelospirito.archetipoagency.it\/wp-content\/uploads\/2023\/06\/20230509_133420.jpg","datePublished":"2023-06-14T13:25:20+00:00","dateModified":"2026-04-29T14:28:00+00:00","breadcrumb":{"@id":"https:\/\/ilcorpoelospirito.archetipoagency.it\/en\/prodotto\/colatura-di-alici-di-cetara-riserva-2018\/#breadcrumb"},"inLanguage":"en-US","potentialAction":[{"@type":"ReadAction","target":["https:\/\/ilcorpoelospirito.archetipoagency.it\/en\/prodotto\/colatura-di-alici-di-cetara-riserva-2018\/"]}]},{"@type":"ImageObject","inLanguage":"en-US","@id":"https:\/\/ilcorpoelospirito.archetipoagency.it\/en\/prodotto\/colatura-di-alici-di-cetara-riserva-2018\/#primaryimage","url":"https:\/\/ilcorpoelospirito.archetipoagency.it\/wp-content\/uploads\/2023\/06\/20230509_133420.jpg","contentUrl":"https:\/\/ilcorpoelospirito.archetipoagency.it\/wp-content\/uploads\/2023\/06\/20230509_133420.jpg","width":965,"height":965},{"@type":"BreadcrumbList","@id":"https:\/\/ilcorpoelospirito.archetipoagency.it\/en\/prodotto\/colatura-di-alici-di-cetara-riserva-2018\/#breadcrumb","itemListElement":[{"@type":"ListItem","position":1,"name":"Home","item":"https:\/\/ilcorpoelospirito.archetipoagency.it\/"},{"@type":"ListItem","position":2,"name":"Shop","item":"https:\/\/ilcorpoelospirito.archetipoagency.it\/shop\/"},{"@type":"ListItem","position":3,"name":"Colatura di Alici di Cetara – Riserva 2018"}]},{"@type":"WebSite","@id":"https:\/\/ilcorpoelospirito.archetipoagency.it\/#website","url":"https:\/\/ilcorpoelospirito.archetipoagency.it\/","name":"Il corpo e lo spirito","description":"","publisher":{"@id":"https:\/\/ilcorpoelospirito.archetipoagency.it\/#organization"},"alternateName":"Prelibatezze Monastiche e regionali","potentialAction":[{"@type":"SearchAction","target":{"@type":"EntryPoint","urlTemplate":"https:\/\/ilcorpoelospirito.archetipoagency.it\/?s={search_term_string}"},"query-input":{"@type":"PropertyValueSpecification","valueRequired":true,"valueName":"search_term_string"}}],"inLanguage":"en-US"},{"@type":"Organization","@id":"https:\/\/ilcorpoelospirito.archetipoagency.it\/#organization","name":"Il corpo e lo spirito","alternateName":"Prelibatezze Monastiche e regionali","url":"https:\/\/ilcorpoelospirito.archetipoagency.it\/","logo":{"@type":"ImageObject","inLanguage":"en-US","@id":"https:\/\/ilcorpoelospirito.archetipoagency.it\/#\/schema\/logo\/image\/","url":"https:\/\/ilcorpoelospirito.archetipoagency.it\/wp-content\/uploads\/2022\/10\/logo-marrone.png","contentUrl":"https:\/\/ilcorpoelospirito.archetipoagency.it\/wp-content\/uploads\/2022\/10\/logo-marrone.png","width":2192,"height":568,"caption":"Il Corpo e lo Spirito"},"image":{"@id":"https:\/\/ilcorpoelospirito.archetipoagency.it\/#\/schema\/logo\/image\/"}}]}},"_links":{"self":[{"href":"https:\/\/ilcorpoelospirito.archetipoagency.it\/en\/wp-json\/wp\/v2\/product\/5909","targetHints":{"allow":["GET"]}}],"collection":[{"href":"https:\/\/ilcorpoelospirito.archetipoagency.it\/en\/wp-json\/wp\/v2\/product"}],"about":[{"href":"https:\/\/ilcorpoelospirito.archetipoagency.it\/en\/wp-json\/wp\/v2\/types\/product"}],"replies":[{"embeddable":true,"href":"https:\/\/ilcorpoelospirito.archetipoagency.it\/en\/wp-json\/wp\/v2\/comments?post=5909"}],"wp:featuredmedia":[{"embeddable":true,"href":"https:\/\/ilcorpoelospirito.archetipoagency.it\/en\/wp-json\/wp\/v2\/media\/5910"}],"wp:attachment":[{"href":"https:\/\/ilcorpoelospirito.archetipoagency.it\/en\/wp-json\/wp\/v2\/media?parent=5909"}],"wp:term":[{"taxonomy":"product_brand","embeddable":true,"href":"https:\/\/ilcorpoelospirito.archetipoagency.it\/en\/wp-json\/wp\/v2\/product_brand?post=5909"},{"taxonomy":"product_cat","embeddable":true,"href":"https:\/\/ilcorpoelospirito.archetipoagency.it\/en\/wp-json\/wp\/v2\/product_cat?post=5909"},{"taxonomy":"product_tag","embeddable":true,"href":"https:\/\/ilcorpoelospirito.archetipoagency.it\/en\/wp-json\/wp\/v2\/product_tag?post=5909"}],"curies":[{"name":"wp","href":"https:\/\/api.w.org\/{rel}","templated":true}]}}