{"id":5968,"date":"2023-06-24T16:13:00","date_gmt":"2023-06-24T14:13:00","guid":{"rendered":"https:\/\/ilcorpoelospirito.archetipoagency.it\/?post_type=product&#038;p=5968"},"modified":"2024-05-15T16:44:46","modified_gmt":"2024-05-15T14:44:46","slug":"verdicchio-di-matelica-2022-selezione-gagliardi","status":"publish","type":"product","link":"https:\/\/ilcorpoelospirito.archetipoagency.it\/en\/product\/verdicchio-di-matelica-2022-selezione-gagliardi\/","title":{"rendered":"Verdicchio di Matelica 2022 \u2013 \u201cSelezione Gagliardi\u201d"},"content":{"rendered":"<div class=\"short-description\">\n<div>\n<div class=\"toggle-block\">\n<p>L\u2019Azienda Gagliardi, fondata nei primi anni \u201950, sorge sulle colline di Matelica, in provincia di Macerata. Vanta inoltre il titolo di prima azienda imbottigliatrice nella provincia per il Verdicchio di Matelica ed oggi Umberto Gagliardi \u00e8 Presidente del Comitato Verdicchio di Matelica.<br \/>\nGode di un particolare microclima per l\u2019elevata posizione dei vitigni, in alta collina tra i 400 ed i 450 metri s.l.m.,<br \/>\nQuesti splendidi vini sono caratterizzati da una struttura sapida e fresca assieme, grazie al mare e ai terreni ricchi di mineralit\u00e0, lavorati rispettando la tradizione ed i cicli della natura.<br \/>\nDi colore giallo paglierino scarico, con riflessi verdognoli alla vista, al naso rivela intriganti sentori di frutta fresca, tra cui spiccano mela e agrumi, seguiti dalle caratteristiche peculiarit\u00e0 minerali. Al palato \u00e8 fresco e ricco di sapore, con un\u2019alcolicit\u00e0 e morbidezza perfette, che compensa la memorabile freschezza e la tradizionale spina sapida.<\/p>\n<p><strong>Imperdibile per i veri amanti del Verdicchio e per delle serate estive tra amici in giardino, con un buon bicchiere di vino.<\/strong><\/p>\n<div class=\"toggle-block\">\n<div class=\"toggle-block\">\n<div class=\"toggle-block\">\n<p class=\"toggle-content\" data-toggle-content=\"product-details_abbinamenti\"><strong>Temperatura di servizio : <\/strong>8\/10 \u00b0C<\/p>\n<\/div>\n<\/div>\n<\/div>\n<div class=\"grid__item width-8-12 tab-12-12 desk-8-12\">\n<p class=\"prodotto__bicchiere__item__text\"><b>ABBINAMENTI: <\/b>antipasti di terra, secondi di pesce<\/p>\n<\/div>\n<\/div>\n<div class=\"toggle-block\">\n<p class=\"toggle-content\" data-toggle-content=\"product-details_abbinamenti\"><strong>VITIGNI:<\/strong> 100% Verdicchio DOC<\/p>\n<p><strong>GRADAZIONE ALCOLICA: <\/strong>13,0% Vol.<\/p>\n<p><strong>CONTIENE SOLFITI\u00a0<\/strong><\/p>\n<p><span style=\"color: #dd9e1d;font-family: 'PT Sans';font-size: 25px;letter-spacing: 0em\">Product:<\/span><\/p>\n<\/div>\n<\/div>\n<div>Imbottigliato all\u2019origine da Az. Agricola Gagliardi \u2013 Matelica (MC) \u2013 Italia<\/div>\n<\/div>\n<p>&nbsp;<\/p>","protected":false},"excerpt":{"rendered":"<div class=\"toggle-block\">\n<div class=\"toggle-block\">\n<div class=\"toggle-block\">\n<div class=\"toggle-block\">\n<div class=\"toggle-block\">\n<div class=\"toggle-block\">\n<div class=\"toggle-block\">\n<div class=\"toggle-block\">\n<div class=\"toggle-block\">\n<div class=\"toggle-block\">\n<div class=\"toggle-block\">\n<div class=\"toggle-block\">\n<div class=\"toggle-block\">\n<div class=\"toggle-block\">\n<div class=\"toggle-block\">\n<div class=\"toggle-block\">\n<div class=\"toggle-block\">\n<div class=\"toggle-block\">\n<div class=\"toggle-block\">\n<div class=\"toggle-block\">\n<div class=\"toggle-block\">\n<div class=\"toggle-block\">\n<div class=\"toggle-block\">\n<div class=\"toggle-block\">\n<div class=\"toggle-block\">\n<div class=\"toggle-block\">\n<div class=\"toggle-block\">\n<div class=\"toggle-block\">\n<div class=\"toggle-block\">\n<p><strong>Verdicchio di Matelica 2022 \u2013 \u201cSelezione Gagliardi\u201d<\/strong><\/p>\n<\/div>\n<p>Di colore giallo paglierino scarico, con riflessi verdognoli alla vista, al naso rivela intriganti sentori di frutta fresca, tra cui spiccano mela e agrumi, seguiti dalle caratteristiche peculiarit\u00e0 minerali. Al palato \u00e8 fresco e ricco di sapore, con un\u2019alcolicit\u00e0 e morbidezza perfette, che compensa la memorabile freschezza e la tradizionale spina sapida.<\/p>\n<p><strong>Imperdibile per i veri amanti del Verdicchio e per delle serate estive tra amici in giardino, con un buon bicchiere di vino.<\/strong><\/p>\n<div class=\"toggle-block\">\n<div class=\"toggle-block\">\n<div class=\"toggle-block\">\n<div class=\"toggle-block\">\n<p class=\"toggle-content\" data-toggle-content=\"product-details_abbinamenti\"><strong>Temperatura di servizio : <\/strong>8\/10 \u00b0C<\/p>\n<\/div>\n<\/div>\n<\/div>\n<div class=\"grid__item width-8-12 tab-12-12 desk-8-12\">\n<p class=\"prodotto__bicchiere__item__text\"><b>ABBINAMENTI: <\/b>antipasti di terra, secondi di pesce<\/p>\n<\/div>\n<\/div>\n<div class=\"toggle-block\">\n<p class=\"toggle-content\" data-toggle-content=\"product-details_abbinamenti\"><strong>VITIGNI:<\/strong> 100% Verdicchio DOC<\/p>\n<p><strong>GRADAZIONE ALCOLICA: <\/strong>13,0% Vol.<\/p>\n<p><strong>CONTIENE SOLFITI\u00a0<\/strong><\/p>\n<\/div>\n<\/div>\n<\/div>\n<\/div>\n<\/div>\n<\/div>\n<\/div>\n<\/div>\n<\/div>\n<\/div>\n<\/div>\n<\/div>\n<\/div>\n<\/div>\n<\/div>\n<\/div>\n<\/div>\n<\/div>\n<\/div>\n<\/div>\n<\/div>\n<\/div>\n<\/div>\n<\/div>\n<\/div>\n<\/div>\n<\/div>\n<\/div>\n<\/div>","protected":false},"featured_media":5955,"comment_status":"open","ping_status":"closed","template":"","meta":[],"product_brand":[],"product_cat":[117],"product_tag":[],"class_list":["post-5968","product","type-product","status-publish","has-post-thumbnail","product_cat-bianco","pa_produttore-az-agricola-la-staffa-di-baldi-riccardo-e-c","first","outofstock","shipping-taxable","purchasable","product-type-simple"],"yoast_head":"<!-- This site is optimized with the Yoast SEO plugin v27.6 - https:\/\/yoast.com\/product\/yoast-seo-wordpress\/ -->\n<title>Verdicchio di Matelica 2022 - &quot;Selezione Gagliardi&quot; | Il corpo e lo spirito<\/title>\n<meta name=\"robots\" content=\"index, follow, max-snippet:-1, max-image-preview:large, max-video-preview:-1\" \/>\n<link rel=\"canonical\" href=\"https:\/\/ilcorpoelospirito.archetipoagency.it\/en\/prodotto\/verdicchio-di-matelica-2022-selezione-gagliardi\/\" \/>\n<meta property=\"og:locale\" content=\"en_US\" \/>\n<meta property=\"og:type\" content=\"article\" \/>\n<meta property=\"og:title\" content=\"Verdicchio di Matelica 2022 - &quot;Selezione Gagliardi&quot; | Il corpo e lo spirito\" \/>\n<meta property=\"og:description\" content=\"Verdicchio di Matelica 2022 - &quot;Selezione Gagliardi&quot;   Di colore giallo paglierino scarico, con riflessi verdognoli alla vista, al naso rivela intriganti sentori di frutta fresca, tra cui spiccano mela e agrumi, seguiti dalle caratteristiche peculiarit\u00e0 minerali. Al palato \u00e8 fresco e ricco di sapore, con un&#039;alcolicit\u00e0 e morbidezza perfette, che compensa la memorabile freschezza e la tradizionale spina sapida.  Imperdibile per i veri amanti del Verdicchio e per delle serate estive tra amici in giardino, con un buon bicchiere di vino.     Temperatura di servizio : 8\/10 \u00b0C      ABBINAMENTI: antipasti di terra, secondi di pesce     VITIGNI: 100% Verdicchio DOC GRADAZIONE ALCOLICA: 13,0% Vol.  CONTIENE SOLFITI\u00a0\" \/>\n<meta property=\"og:url\" content=\"https:\/\/ilcorpoelospirito.archetipoagency.it\/en\/prodotto\/verdicchio-di-matelica-2022-selezione-gagliardi\/\" \/>\n<meta property=\"og:site_name\" content=\"Il corpo e lo spirito\" \/>\n<meta property=\"article:modified_time\" content=\"2024-05-15T14:44:46+00:00\" \/>\n<meta property=\"og:image\" content=\"https:\/\/ilcorpoelospirito.archetipoagency.it\/wp-content\/uploads\/2023\/02\/20230624_150157.jpg\" \/>\n\t<meta property=\"og:image:width\" content=\"1323\" \/>\n\t<meta property=\"og:image:height\" content=\"1377\" \/>\n\t<meta property=\"og:image:type\" content=\"image\/jpeg\" \/>\n<meta name=\"twitter:card\" content=\"summary_large_image\" \/>\n<meta name=\"twitter:label1\" content=\"Est. reading time\" \/>\n\t<meta name=\"twitter:data1\" content=\"2 minutes\" \/>\n<script type=\"application\/ld+json\" class=\"yoast-schema-graph\">{\"@context\":\"https:\\\/\\\/schema.org\",\"@graph\":[{\"@type\":\"WebPage\",\"@id\":\"https:\\\/\\\/ilcorpoelospirito.archetipoagency.it\\\/en\\\/prodotto\\\/verdicchio-di-matelica-2022-selezione-gagliardi\\\/\",\"url\":\"https:\\\/\\\/ilcorpoelospirito.archetipoagency.it\\\/en\\\/prodotto\\\/verdicchio-di-matelica-2022-selezione-gagliardi\\\/\",\"name\":\"Verdicchio di Matelica 2022 - \\\"Selezione Gagliardi\\\" | Il corpo e lo spirito\",\"isPartOf\":{\"@id\":\"https:\\\/\\\/ilcorpoelospirito.archetipoagency.it\\\/#website\"},\"primaryImageOfPage\":{\"@id\":\"https:\\\/\\\/ilcorpoelospirito.archetipoagency.it\\\/en\\\/prodotto\\\/verdicchio-di-matelica-2022-selezione-gagliardi\\\/#primaryimage\"},\"image\":{\"@id\":\"https:\\\/\\\/ilcorpoelospirito.archetipoagency.it\\\/en\\\/prodotto\\\/verdicchio-di-matelica-2022-selezione-gagliardi\\\/#primaryimage\"},\"thumbnailUrl\":\"https:\\\/\\\/ilcorpoelospirito.archetipoagency.it\\\/wp-content\\\/uploads\\\/2023\\\/02\\\/20230624_150157.jpg\",\"datePublished\":\"2023-06-24T14:13:00+00:00\",\"dateModified\":\"2024-05-15T14:44:46+00:00\",\"breadcrumb\":{\"@id\":\"https:\\\/\\\/ilcorpoelospirito.archetipoagency.it\\\/en\\\/prodotto\\\/verdicchio-di-matelica-2022-selezione-gagliardi\\\/#breadcrumb\"},\"inLanguage\":\"en-US\",\"potentialAction\":[{\"@type\":\"ReadAction\",\"target\":[\"https:\\\/\\\/ilcorpoelospirito.archetipoagency.it\\\/en\\\/prodotto\\\/verdicchio-di-matelica-2022-selezione-gagliardi\\\/\"]}]},{\"@type\":\"ImageObject\",\"inLanguage\":\"en-US\",\"@id\":\"https:\\\/\\\/ilcorpoelospirito.archetipoagency.it\\\/en\\\/prodotto\\\/verdicchio-di-matelica-2022-selezione-gagliardi\\\/#primaryimage\",\"url\":\"https:\\\/\\\/ilcorpoelospirito.archetipoagency.it\\\/wp-content\\\/uploads\\\/2023\\\/02\\\/20230624_150157.jpg\",\"contentUrl\":\"https:\\\/\\\/ilcorpoelospirito.archetipoagency.it\\\/wp-content\\\/uploads\\\/2023\\\/02\\\/20230624_150157.jpg\",\"width\":1323,\"height\":1377},{\"@type\":\"BreadcrumbList\",\"@id\":\"https:\\\/\\\/ilcorpoelospirito.archetipoagency.it\\\/en\\\/prodotto\\\/verdicchio-di-matelica-2022-selezione-gagliardi\\\/#breadcrumb\",\"itemListElement\":[{\"@type\":\"ListItem\",\"position\":1,\"name\":\"Home\",\"item\":\"https:\\\/\\\/ilcorpoelospirito.archetipoagency.it\\\/\"},{\"@type\":\"ListItem\",\"position\":2,\"name\":\"Shop\",\"item\":\"https:\\\/\\\/ilcorpoelospirito.archetipoagency.it\\\/shop\\\/\"},{\"@type\":\"ListItem\",\"position\":3,\"name\":\"Verdicchio di Matelica 2022 – “Selezione Gagliardi”\"}]},{\"@type\":\"WebSite\",\"@id\":\"https:\\\/\\\/ilcorpoelospirito.archetipoagency.it\\\/#website\",\"url\":\"https:\\\/\\\/ilcorpoelospirito.archetipoagency.it\\\/\",\"name\":\"Il Corpo e lo Spirito\",\"description\":\"\",\"publisher\":{\"@id\":\"https:\\\/\\\/ilcorpoelospirito.archetipoagency.it\\\/#organization\"},\"alternateName\":\"Prelibatezze Monastiche e regionali\",\"potentialAction\":[{\"@type\":\"SearchAction\",\"target\":{\"@type\":\"EntryPoint\",\"urlTemplate\":\"https:\\\/\\\/ilcorpoelospirito.archetipoagency.it\\\/?s={search_term_string}\"},\"query-input\":{\"@type\":\"PropertyValueSpecification\",\"valueRequired\":true,\"valueName\":\"search_term_string\"}}],\"inLanguage\":\"en-US\"},{\"@type\":\"Organization\",\"@id\":\"https:\\\/\\\/ilcorpoelospirito.archetipoagency.it\\\/#organization\",\"name\":\"Il Corpo e lo Spirito\",\"alternateName\":\"Prelibatezze Monastiche e regionali\",\"url\":\"https:\\\/\\\/ilcorpoelospirito.archetipoagency.it\\\/\",\"logo\":{\"@type\":\"ImageObject\",\"inLanguage\":\"en-US\",\"@id\":\"https:\\\/\\\/ilcorpoelospirito.archetipoagency.it\\\/#\\\/schema\\\/logo\\\/image\\\/\",\"url\":\"https:\\\/\\\/ilcorpoelospirito.archetipoagency.it\\\/wp-content\\\/uploads\\\/2022\\\/10\\\/logo-marrone.png\",\"contentUrl\":\"https:\\\/\\\/ilcorpoelospirito.archetipoagency.it\\\/wp-content\\\/uploads\\\/2022\\\/10\\\/logo-marrone.png\",\"width\":2192,\"height\":568,\"caption\":\"Il Corpo e lo Spirito\"},\"image\":{\"@id\":\"https:\\\/\\\/ilcorpoelospirito.archetipoagency.it\\\/#\\\/schema\\\/logo\\\/image\\\/\"}}]}<\/script>\n<!-- \/ Yoast SEO plugin. -->","yoast_head_json":{"title":"Verdicchio di Matelica 2022 - \"Selezione Gagliardi\" | Il corpo e lo spirito","robots":{"index":"index","follow":"follow","max-snippet":"max-snippet:-1","max-image-preview":"max-image-preview:large","max-video-preview":"max-video-preview:-1"},"canonical":"https:\/\/ilcorpoelospirito.archetipoagency.it\/en\/prodotto\/verdicchio-di-matelica-2022-selezione-gagliardi\/","og_locale":"en_US","og_type":"article","og_title":"Verdicchio di Matelica 2022 - \"Selezione Gagliardi\" | Il corpo e lo spirito","og_description":"Verdicchio di Matelica 2022 - \"Selezione Gagliardi\"   Di colore giallo paglierino scarico, con riflessi verdognoli alla vista, al naso rivela intriganti sentori di frutta fresca, tra cui spiccano mela e agrumi, seguiti dalle caratteristiche peculiarit\u00e0 minerali. Al palato \u00e8 fresco e ricco di sapore, con un'alcolicit\u00e0 e morbidezza perfette, che compensa la memorabile freschezza e la tradizionale spina sapida.  Imperdibile per i veri amanti del Verdicchio e per delle serate estive tra amici in giardino, con un buon bicchiere di vino.     Temperatura di servizio : 8\/10 \u00b0C      ABBINAMENTI: antipasti di terra, secondi di pesce     VITIGNI: 100% Verdicchio DOC GRADAZIONE ALCOLICA: 13,0% Vol.  CONTIENE SOLFITI\u00a0","og_url":"https:\/\/ilcorpoelospirito.archetipoagency.it\/en\/prodotto\/verdicchio-di-matelica-2022-selezione-gagliardi\/","og_site_name":"Il corpo e lo spirito","article_modified_time":"2024-05-15T14:44:46+00:00","og_image":[{"width":1323,"height":1377,"url":"https:\/\/ilcorpoelospirito.archetipoagency.it\/wp-content\/uploads\/2023\/02\/20230624_150157.jpg","type":"image\/jpeg"}],"twitter_card":"summary_large_image","twitter_misc":{"Est. reading time":"2 minutes"},"schema":{"@context":"https:\/\/schema.org","@graph":[{"@type":"WebPage","@id":"https:\/\/ilcorpoelospirito.archetipoagency.it\/en\/prodotto\/verdicchio-di-matelica-2022-selezione-gagliardi\/","url":"https:\/\/ilcorpoelospirito.archetipoagency.it\/en\/prodotto\/verdicchio-di-matelica-2022-selezione-gagliardi\/","name":"Verdicchio di Matelica 2022 - \"Selezione Gagliardi\" | Il corpo e lo spirito","isPartOf":{"@id":"https:\/\/ilcorpoelospirito.archetipoagency.it\/#website"},"primaryImageOfPage":{"@id":"https:\/\/ilcorpoelospirito.archetipoagency.it\/en\/prodotto\/verdicchio-di-matelica-2022-selezione-gagliardi\/#primaryimage"},"image":{"@id":"https:\/\/ilcorpoelospirito.archetipoagency.it\/en\/prodotto\/verdicchio-di-matelica-2022-selezione-gagliardi\/#primaryimage"},"thumbnailUrl":"https:\/\/ilcorpoelospirito.archetipoagency.it\/wp-content\/uploads\/2023\/02\/20230624_150157.jpg","datePublished":"2023-06-24T14:13:00+00:00","dateModified":"2024-05-15T14:44:46+00:00","breadcrumb":{"@id":"https:\/\/ilcorpoelospirito.archetipoagency.it\/en\/prodotto\/verdicchio-di-matelica-2022-selezione-gagliardi\/#breadcrumb"},"inLanguage":"en-US","potentialAction":[{"@type":"ReadAction","target":["https:\/\/ilcorpoelospirito.archetipoagency.it\/en\/prodotto\/verdicchio-di-matelica-2022-selezione-gagliardi\/"]}]},{"@type":"ImageObject","inLanguage":"en-US","@id":"https:\/\/ilcorpoelospirito.archetipoagency.it\/en\/prodotto\/verdicchio-di-matelica-2022-selezione-gagliardi\/#primaryimage","url":"https:\/\/ilcorpoelospirito.archetipoagency.it\/wp-content\/uploads\/2023\/02\/20230624_150157.jpg","contentUrl":"https:\/\/ilcorpoelospirito.archetipoagency.it\/wp-content\/uploads\/2023\/02\/20230624_150157.jpg","width":1323,"height":1377},{"@type":"BreadcrumbList","@id":"https:\/\/ilcorpoelospirito.archetipoagency.it\/en\/prodotto\/verdicchio-di-matelica-2022-selezione-gagliardi\/#breadcrumb","itemListElement":[{"@type":"ListItem","position":1,"name":"Home","item":"https:\/\/ilcorpoelospirito.archetipoagency.it\/"},{"@type":"ListItem","position":2,"name":"Shop","item":"https:\/\/ilcorpoelospirito.archetipoagency.it\/shop\/"},{"@type":"ListItem","position":3,"name":"Verdicchio di Matelica 2022 – “Selezione Gagliardi”"}]},{"@type":"WebSite","@id":"https:\/\/ilcorpoelospirito.archetipoagency.it\/#website","url":"https:\/\/ilcorpoelospirito.archetipoagency.it\/","name":"Il corpo e lo spirito","description":"","publisher":{"@id":"https:\/\/ilcorpoelospirito.archetipoagency.it\/#organization"},"alternateName":"Prelibatezze Monastiche e regionali","potentialAction":[{"@type":"SearchAction","target":{"@type":"EntryPoint","urlTemplate":"https:\/\/ilcorpoelospirito.archetipoagency.it\/?s={search_term_string}"},"query-input":{"@type":"PropertyValueSpecification","valueRequired":true,"valueName":"search_term_string"}}],"inLanguage":"en-US"},{"@type":"Organization","@id":"https:\/\/ilcorpoelospirito.archetipoagency.it\/#organization","name":"Il corpo e lo spirito","alternateName":"Prelibatezze Monastiche e regionali","url":"https:\/\/ilcorpoelospirito.archetipoagency.it\/","logo":{"@type":"ImageObject","inLanguage":"en-US","@id":"https:\/\/ilcorpoelospirito.archetipoagency.it\/#\/schema\/logo\/image\/","url":"https:\/\/ilcorpoelospirito.archetipoagency.it\/wp-content\/uploads\/2022\/10\/logo-marrone.png","contentUrl":"https:\/\/ilcorpoelospirito.archetipoagency.it\/wp-content\/uploads\/2022\/10\/logo-marrone.png","width":2192,"height":568,"caption":"Il Corpo e lo Spirito"},"image":{"@id":"https:\/\/ilcorpoelospirito.archetipoagency.it\/#\/schema\/logo\/image\/"}}]}},"_links":{"self":[{"href":"https:\/\/ilcorpoelospirito.archetipoagency.it\/en\/wp-json\/wp\/v2\/product\/5968","targetHints":{"allow":["GET"]}}],"collection":[{"href":"https:\/\/ilcorpoelospirito.archetipoagency.it\/en\/wp-json\/wp\/v2\/product"}],"about":[{"href":"https:\/\/ilcorpoelospirito.archetipoagency.it\/en\/wp-json\/wp\/v2\/types\/product"}],"replies":[{"embeddable":true,"href":"https:\/\/ilcorpoelospirito.archetipoagency.it\/en\/wp-json\/wp\/v2\/comments?post=5968"}],"wp:featuredmedia":[{"embeddable":true,"href":"https:\/\/ilcorpoelospirito.archetipoagency.it\/en\/wp-json\/wp\/v2\/media\/5955"}],"wp:attachment":[{"href":"https:\/\/ilcorpoelospirito.archetipoagency.it\/en\/wp-json\/wp\/v2\/media?parent=5968"}],"wp:term":[{"taxonomy":"product_brand","embeddable":true,"href":"https:\/\/ilcorpoelospirito.archetipoagency.it\/en\/wp-json\/wp\/v2\/product_brand?post=5968"},{"taxonomy":"product_cat","embeddable":true,"href":"https:\/\/ilcorpoelospirito.archetipoagency.it\/en\/wp-json\/wp\/v2\/product_cat?post=5968"},{"taxonomy":"product_tag","embeddable":true,"href":"https:\/\/ilcorpoelospirito.archetipoagency.it\/en\/wp-json\/wp\/v2\/product_tag?post=5968"}],"curies":[{"name":"wp","href":"https:\/\/api.w.org\/{rel}","templated":true}]}}