{"id":6428,"date":"2024-02-03T17:16:10","date_gmt":"2024-02-03T16:16:10","guid":{"rendered":"https:\/\/ilcorpoelospirito.archetipoagency.it\/?post_type=product&#038;p=6428"},"modified":"2025-01-29T09:53:50","modified_gmt":"2025-01-29T08:53:50","slug":"velvet-di-conti-ducco-saten-franciacorta-saten","status":"publish","type":"product","link":"https:\/\/ilcorpoelospirito.archetipoagency.it\/en\/product\/velvet-di-conti-ducco-saten-franciacorta-saten\/","title":{"rendered":"Velvet di Conti Ducco Saten FRANCIACORTA SAT\u00c8N"},"content":{"rendered":"<div class=\"short-description\">\n<div>\n<h4 class=\"toggle-block\">Velvet di Conti Ducco Saten FRANCIACORTA SAT\u00c8N<\/h4>\n<p>Il prodotto portabandiera della Franciacorta, che tutto il mondo ci invidia, si tinge di una nuova complessit\u00e0: la sua spuma morbida e setosa\u2026semplicemente irresistibile.<\/p>\n<h2>Specifiche<\/h2>\n<ul>\n<li><b>Tipologia <\/b>Franciacorta Docg Sat\u00e9n Brut<\/li>\n<li><b>Vitigni <\/b>100% Chardonnay<\/li>\n<li><b>Resa per ettaro media <\/b>70 q.li<\/li>\n<li><b>Sistema di allevamento <\/b>Cordone speronato e guyot<\/li>\n<li><b>Vinificazione <\/b>Pressatura soffice, fermentazione in acciaio inox con lieviti selezionati, rifermentazione in bottiglia.<\/li>\n<li><b>Affinamento medio <\/b>30 Mesi in bottiglia.<\/li>\n<li><b>Colore <\/b>Giallo con riflessi verdolini.<\/li>\n<li><b>Perlage <\/b>Fine, delicato, persistente<\/li>\n<li><b>Profumo <\/b>frutta a polpa bianca e note floreali.<\/li>\n<li><b>Sapore <\/b>Intenso, con buona struttura acida e persistente.<\/li>\n<li><b>Abbinamenti <\/b>Antipasti, crudit\u00e9.<\/li>\n<li><b>Temperatura di Servizio <\/b>6\/8 \u00b0C<\/li>\n<\/ul>\n<div class=\"toggle-block\">\n<p><strong>CONTIENE SOLFITI\u00a0<\/strong><\/p>\n<p><span style=\"color: #dd9e1d;font-family: 'PT Sans';font-size: 25px;letter-spacing: 0em\">Product:<\/span><\/p>\n<\/div>\n<\/div>\n<div>Prodotto e imbottigliato all\u2019origine da Az. Agr. Conti Ducco \u2013 Passirano \u2013 Italia<\/div>\n<\/div>\n<p>&nbsp;<\/p>","protected":false},"excerpt":{"rendered":"<div class=\"toggle-block\">\n<div class=\"toggle-block\">\n<div class=\"toggle-block\">\n<div class=\"toggle-block\">\n<div class=\"toggle-block\">\n<div class=\"toggle-block\">\n<div class=\"toggle-block\">\n<div class=\"toggle-block\">\n<div class=\"toggle-block\">\n<div class=\"toggle-block\">\n<div class=\"toggle-block\">\n<div class=\"toggle-block\">\n<div class=\"toggle-block\">\n<div class=\"toggle-block\">\n<div class=\"toggle-block\">\n<div class=\"toggle-block\">\n<div class=\"toggle-block\">\n<div class=\"toggle-block\">\n<div class=\"toggle-block\">\n<div class=\"toggle-block\">\n<div class=\"toggle-block\">\n<div class=\"toggle-block\">\n<div class=\"toggle-block\">\n<div class=\"toggle-block\">\n<div class=\"toggle-block\">\n<div class=\"toggle-block\">\n<div class=\"toggle-block\">\n<div class=\"toggle-block\">\n<div class=\"toggle-block\">\n<h4 class=\"toggle-block\">Velvet di Conti Ducco Saten FRANCIACORTA SAT\u00c8N<\/h4>\n<\/div>\n<div class=\"toggle-block\">\n<p class=\"elementor-heading-title elementor-size-medium\">Il prodotto portabandiera della Franciacorta, che tutto il mondo ci invidia, si tinge di una nuova complessit\u00e0: la sua spuma morbida e setosa\u2026semplicemente irresistibile.<\/p>\n<\/div>\n<div class=\"toggle-block\">\n<p><strong>CONTIENE SOLFITI\u00a0<\/strong><\/p>\n<\/div>\n<\/div>\n<\/div>\n<\/div>\n<\/div>\n<\/div>\n<\/div>\n<\/div>\n<\/div>\n<\/div>\n<\/div>\n<\/div>\n<\/div>\n<\/div>\n<\/div>\n<\/div>\n<\/div>\n<\/div>\n<\/div>\n<\/div>\n<\/div>\n<\/div>\n<\/div>\n<\/div>\n<\/div>\n<\/div>\n<\/div>\n<\/div>\n<\/div>","protected":false},"featured_media":6304,"comment_status":"open","ping_status":"closed","template":"","meta":[],"product_brand":[],"product_cat":[121],"product_tag":[],"class_list":["post-6428","product","type-product","status-publish","has-post-thumbnail","product_cat-bollicine","pa_produttore-az-agr-conti-ducco-passirano-italia","first","outofstock","shipping-taxable","purchasable","product-type-simple"],"yoast_head":"<!-- This site is optimized with the Yoast SEO plugin v27.6 - https:\/\/yoast.com\/product\/yoast-seo-wordpress\/ -->\n<title>Velvet di Conti Ducco Saten FRANCIACORTA SAT\u00c8N | Il corpo e lo spirito<\/title>\n<meta name=\"robots\" content=\"index, follow, max-snippet:-1, max-image-preview:large, max-video-preview:-1\" \/>\n<link rel=\"canonical\" href=\"https:\/\/ilcorpoelospirito.archetipoagency.it\/en\/prodotto\/velvet-di-conti-ducco-saten-franciacorta-saten\/\" \/>\n<meta property=\"og:locale\" content=\"en_US\" \/>\n<meta property=\"og:type\" content=\"article\" \/>\n<meta property=\"og:title\" content=\"Velvet di Conti Ducco Saten FRANCIACORTA SAT\u00c8N | Il corpo e lo spirito\" \/>\n<meta property=\"og:description\" content=\"Velvet di Conti Ducco Saten FRANCIACORTA SAT\u00c8N   Il prodotto portabandiera della Franciacorta, che tutto il mondo ci invidia, si tinge di una nuova complessit\u00e0: la sua spuma morbida e setosa\u2026semplicemente irresistibile.     CONTIENE SOLFITI\u00a0\" \/>\n<meta property=\"og:url\" content=\"https:\/\/ilcorpoelospirito.archetipoagency.it\/en\/prodotto\/velvet-di-conti-ducco-saten-franciacorta-saten\/\" \/>\n<meta property=\"og:site_name\" content=\"Il corpo e lo spirito\" \/>\n<meta property=\"article:modified_time\" content=\"2025-01-29T08:53:50+00:00\" \/>\n<meta property=\"og:image\" content=\"https:\/\/ilcorpoelospirito.archetipoagency.it\/wp-content\/uploads\/2024\/02\/20240126_185209.jpg\" \/>\n\t<meta property=\"og:image:width\" content=\"1243\" \/>\n\t<meta property=\"og:image:height\" content=\"1343\" \/>\n\t<meta property=\"og:image:type\" content=\"image\/jpeg\" \/>\n<meta name=\"twitter:card\" content=\"summary_large_image\" \/>\n<meta name=\"twitter:label1\" content=\"Est. reading time\" \/>\n\t<meta name=\"twitter:data1\" content=\"1 minute\" \/>\n<script type=\"application\/ld+json\" class=\"yoast-schema-graph\">{\"@context\":\"https:\\\/\\\/schema.org\",\"@graph\":[{\"@type\":\"WebPage\",\"@id\":\"https:\\\/\\\/ilcorpoelospirito.archetipoagency.it\\\/en\\\/prodotto\\\/velvet-di-conti-ducco-saten-franciacorta-saten\\\/\",\"url\":\"https:\\\/\\\/ilcorpoelospirito.archetipoagency.it\\\/en\\\/prodotto\\\/velvet-di-conti-ducco-saten-franciacorta-saten\\\/\",\"name\":\"Velvet di Conti Ducco Saten FRANCIACORTA SAT\u00c8N | Il corpo e lo spirito\",\"isPartOf\":{\"@id\":\"https:\\\/\\\/ilcorpoelospirito.archetipoagency.it\\\/#website\"},\"primaryImageOfPage\":{\"@id\":\"https:\\\/\\\/ilcorpoelospirito.archetipoagency.it\\\/en\\\/prodotto\\\/velvet-di-conti-ducco-saten-franciacorta-saten\\\/#primaryimage\"},\"image\":{\"@id\":\"https:\\\/\\\/ilcorpoelospirito.archetipoagency.it\\\/en\\\/prodotto\\\/velvet-di-conti-ducco-saten-franciacorta-saten\\\/#primaryimage\"},\"thumbnailUrl\":\"https:\\\/\\\/ilcorpoelospirito.archetipoagency.it\\\/wp-content\\\/uploads\\\/2024\\\/02\\\/20240126_185209.jpg\",\"datePublished\":\"2024-02-03T16:16:10+00:00\",\"dateModified\":\"2025-01-29T08:53:50+00:00\",\"breadcrumb\":{\"@id\":\"https:\\\/\\\/ilcorpoelospirito.archetipoagency.it\\\/en\\\/prodotto\\\/velvet-di-conti-ducco-saten-franciacorta-saten\\\/#breadcrumb\"},\"inLanguage\":\"en-US\",\"potentialAction\":[{\"@type\":\"ReadAction\",\"target\":[\"https:\\\/\\\/ilcorpoelospirito.archetipoagency.it\\\/en\\\/prodotto\\\/velvet-di-conti-ducco-saten-franciacorta-saten\\\/\"]}]},{\"@type\":\"ImageObject\",\"inLanguage\":\"en-US\",\"@id\":\"https:\\\/\\\/ilcorpoelospirito.archetipoagency.it\\\/en\\\/prodotto\\\/velvet-di-conti-ducco-saten-franciacorta-saten\\\/#primaryimage\",\"url\":\"https:\\\/\\\/ilcorpoelospirito.archetipoagency.it\\\/wp-content\\\/uploads\\\/2024\\\/02\\\/20240126_185209.jpg\",\"contentUrl\":\"https:\\\/\\\/ilcorpoelospirito.archetipoagency.it\\\/wp-content\\\/uploads\\\/2024\\\/02\\\/20240126_185209.jpg\",\"width\":1243,\"height\":1343},{\"@type\":\"BreadcrumbList\",\"@id\":\"https:\\\/\\\/ilcorpoelospirito.archetipoagency.it\\\/en\\\/prodotto\\\/velvet-di-conti-ducco-saten-franciacorta-saten\\\/#breadcrumb\",\"itemListElement\":[{\"@type\":\"ListItem\",\"position\":1,\"name\":\"Home\",\"item\":\"https:\\\/\\\/ilcorpoelospirito.archetipoagency.it\\\/\"},{\"@type\":\"ListItem\",\"position\":2,\"name\":\"Shop\",\"item\":\"https:\\\/\\\/ilcorpoelospirito.archetipoagency.it\\\/shop\\\/\"},{\"@type\":\"ListItem\",\"position\":3,\"name\":\"Velvet di Conti Ducco Saten FRANCIACORTA SAT\u00c8N\"}]},{\"@type\":\"WebSite\",\"@id\":\"https:\\\/\\\/ilcorpoelospirito.archetipoagency.it\\\/#website\",\"url\":\"https:\\\/\\\/ilcorpoelospirito.archetipoagency.it\\\/\",\"name\":\"Il Corpo e lo Spirito\",\"description\":\"\",\"publisher\":{\"@id\":\"https:\\\/\\\/ilcorpoelospirito.archetipoagency.it\\\/#organization\"},\"alternateName\":\"Prelibatezze Monastiche e regionali\",\"potentialAction\":[{\"@type\":\"SearchAction\",\"target\":{\"@type\":\"EntryPoint\",\"urlTemplate\":\"https:\\\/\\\/ilcorpoelospirito.archetipoagency.it\\\/?s={search_term_string}\"},\"query-input\":{\"@type\":\"PropertyValueSpecification\",\"valueRequired\":true,\"valueName\":\"search_term_string\"}}],\"inLanguage\":\"en-US\"},{\"@type\":\"Organization\",\"@id\":\"https:\\\/\\\/ilcorpoelospirito.archetipoagency.it\\\/#organization\",\"name\":\"Il Corpo e lo Spirito\",\"alternateName\":\"Prelibatezze Monastiche e regionali\",\"url\":\"https:\\\/\\\/ilcorpoelospirito.archetipoagency.it\\\/\",\"logo\":{\"@type\":\"ImageObject\",\"inLanguage\":\"en-US\",\"@id\":\"https:\\\/\\\/ilcorpoelospirito.archetipoagency.it\\\/#\\\/schema\\\/logo\\\/image\\\/\",\"url\":\"https:\\\/\\\/ilcorpoelospirito.archetipoagency.it\\\/wp-content\\\/uploads\\\/2022\\\/10\\\/logo-marrone.png\",\"contentUrl\":\"https:\\\/\\\/ilcorpoelospirito.archetipoagency.it\\\/wp-content\\\/uploads\\\/2022\\\/10\\\/logo-marrone.png\",\"width\":2192,\"height\":568,\"caption\":\"Il Corpo e lo Spirito\"},\"image\":{\"@id\":\"https:\\\/\\\/ilcorpoelospirito.archetipoagency.it\\\/#\\\/schema\\\/logo\\\/image\\\/\"}}]}<\/script>\n<!-- \/ Yoast SEO plugin. -->","yoast_head_json":{"title":"Velvet di Conti Ducco Saten FRANCIACORTA SAT\u00c8N | Il corpo e lo spirito","robots":{"index":"index","follow":"follow","max-snippet":"max-snippet:-1","max-image-preview":"max-image-preview:large","max-video-preview":"max-video-preview:-1"},"canonical":"https:\/\/ilcorpoelospirito.archetipoagency.it\/en\/prodotto\/velvet-di-conti-ducco-saten-franciacorta-saten\/","og_locale":"en_US","og_type":"article","og_title":"Velvet di Conti Ducco Saten FRANCIACORTA SAT\u00c8N | Il corpo e lo spirito","og_description":"Velvet di Conti Ducco Saten FRANCIACORTA SAT\u00c8N   Il prodotto portabandiera della Franciacorta, che tutto il mondo ci invidia, si tinge di una nuova complessit\u00e0: la sua spuma morbida e setosa\u2026semplicemente irresistibile.     CONTIENE SOLFITI\u00a0","og_url":"https:\/\/ilcorpoelospirito.archetipoagency.it\/en\/prodotto\/velvet-di-conti-ducco-saten-franciacorta-saten\/","og_site_name":"Il corpo e lo spirito","article_modified_time":"2025-01-29T08:53:50+00:00","og_image":[{"width":1243,"height":1343,"url":"https:\/\/ilcorpoelospirito.archetipoagency.it\/wp-content\/uploads\/2024\/02\/20240126_185209.jpg","type":"image\/jpeg"}],"twitter_card":"summary_large_image","twitter_misc":{"Est. reading time":"1 minute"},"schema":{"@context":"https:\/\/schema.org","@graph":[{"@type":"WebPage","@id":"https:\/\/ilcorpoelospirito.archetipoagency.it\/en\/prodotto\/velvet-di-conti-ducco-saten-franciacorta-saten\/","url":"https:\/\/ilcorpoelospirito.archetipoagency.it\/en\/prodotto\/velvet-di-conti-ducco-saten-franciacorta-saten\/","name":"Velvet di Conti Ducco Saten FRANCIACORTA SAT\u00c8N | Il corpo e lo spirito","isPartOf":{"@id":"https:\/\/ilcorpoelospirito.archetipoagency.it\/#website"},"primaryImageOfPage":{"@id":"https:\/\/ilcorpoelospirito.archetipoagency.it\/en\/prodotto\/velvet-di-conti-ducco-saten-franciacorta-saten\/#primaryimage"},"image":{"@id":"https:\/\/ilcorpoelospirito.archetipoagency.it\/en\/prodotto\/velvet-di-conti-ducco-saten-franciacorta-saten\/#primaryimage"},"thumbnailUrl":"https:\/\/ilcorpoelospirito.archetipoagency.it\/wp-content\/uploads\/2024\/02\/20240126_185209.jpg","datePublished":"2024-02-03T16:16:10+00:00","dateModified":"2025-01-29T08:53:50+00:00","breadcrumb":{"@id":"https:\/\/ilcorpoelospirito.archetipoagency.it\/en\/prodotto\/velvet-di-conti-ducco-saten-franciacorta-saten\/#breadcrumb"},"inLanguage":"en-US","potentialAction":[{"@type":"ReadAction","target":["https:\/\/ilcorpoelospirito.archetipoagency.it\/en\/prodotto\/velvet-di-conti-ducco-saten-franciacorta-saten\/"]}]},{"@type":"ImageObject","inLanguage":"en-US","@id":"https:\/\/ilcorpoelospirito.archetipoagency.it\/en\/prodotto\/velvet-di-conti-ducco-saten-franciacorta-saten\/#primaryimage","url":"https:\/\/ilcorpoelospirito.archetipoagency.it\/wp-content\/uploads\/2024\/02\/20240126_185209.jpg","contentUrl":"https:\/\/ilcorpoelospirito.archetipoagency.it\/wp-content\/uploads\/2024\/02\/20240126_185209.jpg","width":1243,"height":1343},{"@type":"BreadcrumbList","@id":"https:\/\/ilcorpoelospirito.archetipoagency.it\/en\/prodotto\/velvet-di-conti-ducco-saten-franciacorta-saten\/#breadcrumb","itemListElement":[{"@type":"ListItem","position":1,"name":"Home","item":"https:\/\/ilcorpoelospirito.archetipoagency.it\/"},{"@type":"ListItem","position":2,"name":"Shop","item":"https:\/\/ilcorpoelospirito.archetipoagency.it\/shop\/"},{"@type":"ListItem","position":3,"name":"Velvet di Conti Ducco Saten FRANCIACORTA SAT\u00c8N"}]},{"@type":"WebSite","@id":"https:\/\/ilcorpoelospirito.archetipoagency.it\/#website","url":"https:\/\/ilcorpoelospirito.archetipoagency.it\/","name":"Il corpo e lo spirito","description":"","publisher":{"@id":"https:\/\/ilcorpoelospirito.archetipoagency.it\/#organization"},"alternateName":"Prelibatezze Monastiche e regionali","potentialAction":[{"@type":"SearchAction","target":{"@type":"EntryPoint","urlTemplate":"https:\/\/ilcorpoelospirito.archetipoagency.it\/?s={search_term_string}"},"query-input":{"@type":"PropertyValueSpecification","valueRequired":true,"valueName":"search_term_string"}}],"inLanguage":"en-US"},{"@type":"Organization","@id":"https:\/\/ilcorpoelospirito.archetipoagency.it\/#organization","name":"Il corpo e lo spirito","alternateName":"Prelibatezze Monastiche e regionali","url":"https:\/\/ilcorpoelospirito.archetipoagency.it\/","logo":{"@type":"ImageObject","inLanguage":"en-US","@id":"https:\/\/ilcorpoelospirito.archetipoagency.it\/#\/schema\/logo\/image\/","url":"https:\/\/ilcorpoelospirito.archetipoagency.it\/wp-content\/uploads\/2022\/10\/logo-marrone.png","contentUrl":"https:\/\/ilcorpoelospirito.archetipoagency.it\/wp-content\/uploads\/2022\/10\/logo-marrone.png","width":2192,"height":568,"caption":"Il Corpo e lo Spirito"},"image":{"@id":"https:\/\/ilcorpoelospirito.archetipoagency.it\/#\/schema\/logo\/image\/"}}]}},"_links":{"self":[{"href":"https:\/\/ilcorpoelospirito.archetipoagency.it\/en\/wp-json\/wp\/v2\/product\/6428","targetHints":{"allow":["GET"]}}],"collection":[{"href":"https:\/\/ilcorpoelospirito.archetipoagency.it\/en\/wp-json\/wp\/v2\/product"}],"about":[{"href":"https:\/\/ilcorpoelospirito.archetipoagency.it\/en\/wp-json\/wp\/v2\/types\/product"}],"replies":[{"embeddable":true,"href":"https:\/\/ilcorpoelospirito.archetipoagency.it\/en\/wp-json\/wp\/v2\/comments?post=6428"}],"wp:featuredmedia":[{"embeddable":true,"href":"https:\/\/ilcorpoelospirito.archetipoagency.it\/en\/wp-json\/wp\/v2\/media\/6304"}],"wp:attachment":[{"href":"https:\/\/ilcorpoelospirito.archetipoagency.it\/en\/wp-json\/wp\/v2\/media?parent=6428"}],"wp:term":[{"taxonomy":"product_brand","embeddable":true,"href":"https:\/\/ilcorpoelospirito.archetipoagency.it\/en\/wp-json\/wp\/v2\/product_brand?post=6428"},{"taxonomy":"product_cat","embeddable":true,"href":"https:\/\/ilcorpoelospirito.archetipoagency.it\/en\/wp-json\/wp\/v2\/product_cat?post=6428"},{"taxonomy":"product_tag","embeddable":true,"href":"https:\/\/ilcorpoelospirito.archetipoagency.it\/en\/wp-json\/wp\/v2\/product_tag?post=6428"}],"curies":[{"name":"wp","href":"https:\/\/api.w.org\/{rel}","templated":true}]}}