{"id":6430,"date":"2024-02-03T17:29:01","date_gmt":"2024-02-03T16:29:01","guid":{"rendered":"https:\/\/ilcorpoelospirito.archetipoagency.it\/?post_type=product&#038;p=6430"},"modified":"2025-08-08T12:30:59","modified_gmt":"2025-08-08T10:30:59","slug":"conti-ducco-franciacorta-vintage-rose-2016","status":"publish","type":"product","link":"https:\/\/ilcorpoelospirito.archetipoagency.it\/en\/product\/conti-ducco-franciacorta-vintage-rose-2016\/","title":{"rendered":"Conti Ducco FRANCIACORTA VINTAGE ROS\u00c8 2016"},"content":{"rendered":"<div class=\"short-description\">\n<div>\n<h3 class=\"o-heading o-heading--large\">Conti Ducco FRANCIACORTA VINTAGE ROS\u00c8 2016<\/h3>\n<p>\u00c8 la perfetta fusione tra femminilit\u00e0 e struttura, delicatezza e complessit\u00e0, eleganza e persistenza ad esprimere al meglio tutta la poesia del Pinot Nero, ora Millesimato.<\/p>\n<h2>Specifiche<\/h2>\n<ul>\n<li><strong>Tipologia <\/strong>Franciacorta Docg Brut Ros\u00e9<\/li>\n<li><strong>Vitigni <\/strong>100% Pinot Nero<\/li>\n<li><strong>Resa per ettaro media <\/strong>70 q.li<\/li>\n<li><strong>Et\u00e0 media vigneti <\/strong>15 anni.<\/li>\n<li><strong>Sistema di allevamento <\/strong>Guyot e cordone speronato.<\/li>\n<li><strong>Vinificazione<\/strong>\u00a0Breve macerazione pellicolare,\u00a0pressatura soffice, fermentazione in acciaio inox con lieviti\u00a0selezionati, rifermentazione in bottiglia.<\/li>\n<li><strong>Affinamento medio <\/strong>54 mesi in bottiglia.<\/li>\n<li><strong>Numero bottiglie prodotte\/anno <\/strong>22.000 numerate.<\/li>\n<li><strong>Colore <\/strong>Rosa quarzo antico.<\/li>\n<li><strong>Perlage <\/strong>Fine, abbondante, persistente.<\/li>\n<li><strong>Profumo <\/strong>Complesso, molto intenso, fruttato.<\/li>\n<li><strong>Sapore <\/strong>Fine, elegante, persistente.<\/li>\n<li><strong>Abbinamenti <\/strong>Antipasti di salumi, ideale su seconde portate di carni rosse, intrigante abbinamento cromatico con grigliate di pesce e tartare di tonno rosso.<\/li>\n<li><b>Temperatura di servizio <\/b>6\/8\u00b0C<\/li>\n<\/ul>\n<div class=\"toggle-block\">\n<p><strong>CONTIENE SOLFITI\u00a0<\/strong><\/p>\n<p><span style=\"color: #dd9e1d;font-family: 'PT Sans';font-size: 25px;letter-spacing: 0em\">Product:<\/span><\/p>\n<\/div>\n<\/div>\n<div>Prodotto e imbottigliato all\u2019origine da Az. Agr. Conti Ducco \u2013 Passirano \u2013 Italia<\/div>\n<\/div>\n<p>&nbsp;<\/p>","protected":false},"excerpt":{"rendered":"<div class=\"toggle-block\">\n<div class=\"toggle-block\">\n<div class=\"toggle-block\">\n<div class=\"toggle-block\">\n<div class=\"toggle-block\">\n<div class=\"toggle-block\">\n<div class=\"toggle-block\">\n<div class=\"toggle-block\">\n<div class=\"toggle-block\">\n<div class=\"toggle-block\">\n<div class=\"toggle-block\">\n<div class=\"toggle-block\">\n<div class=\"toggle-block\">\n<div class=\"toggle-block\">\n<div class=\"toggle-block\">\n<div class=\"toggle-block\">\n<div class=\"toggle-block\">\n<div class=\"toggle-block\">\n<div class=\"toggle-block\">\n<div class=\"toggle-block\">\n<div class=\"toggle-block\">\n<div class=\"toggle-block\">\n<div class=\"toggle-block\">\n<div class=\"toggle-block\">\n<div class=\"toggle-block\">\n<div class=\"toggle-block\">\n<div class=\"toggle-block\">\n<div class=\"toggle-block\">\n<div class=\"toggle-block\">\n<h3 class=\"o-heading o-heading--large\">Conti Ducco FRANCIACORTA VINTAGE ROS\u00c8 2016<\/h3>\n<\/div>\n<div class=\"toggle-block\">\n<p class=\"elementor-heading-title elementor-size-medium\">\u00c8 la perfetta fusione tra femminilit\u00e0 e struttura, delicatezza e complessit\u00e0, eleganza e persistenza ad esprimere al meglio tutta la poesia del Pinot Nero, ora Millesimato.<\/p>\n<\/div>\n<div class=\"toggle-block\">\n<p><strong>CONTIENE SOLFITI\u00a0<\/strong><\/p>\n<\/div>\n<\/div>\n<\/div>\n<\/div>\n<\/div>\n<\/div>\n<\/div>\n<\/div>\n<\/div>\n<\/div>\n<\/div>\n<\/div>\n<\/div>\n<\/div>\n<\/div>\n<\/div>\n<\/div>\n<\/div>\n<\/div>\n<\/div>\n<\/div>\n<\/div>\n<\/div>\n<\/div>\n<\/div>\n<\/div>\n<\/div>\n<\/div>\n<\/div>","protected":false},"featured_media":6302,"comment_status":"open","ping_status":"closed","template":"","meta":[],"product_brand":[],"product_cat":[121],"product_tag":[],"class_list":["post-6430","product","type-product","status-publish","has-post-thumbnail","product_cat-bollicine","pa_produttore-az-agr-conti-ducco-passirano-italia","first","outofstock","shipping-taxable","purchasable","product-type-simple"],"yoast_head":"<!-- This site is optimized with the Yoast SEO plugin v27.6 - https:\/\/yoast.com\/product\/yoast-seo-wordpress\/ -->\n<title>Conti Ducco FRANCIACORTA VINTAGE ROS\u00c8 2016 | Il corpo e lo spirito<\/title>\n<meta name=\"robots\" content=\"index, follow, max-snippet:-1, max-image-preview:large, max-video-preview:-1\" \/>\n<link rel=\"canonical\" href=\"https:\/\/ilcorpoelospirito.archetipoagency.it\/en\/prodotto\/conti-ducco-franciacorta-vintage-rose-2016\/\" \/>\n<meta property=\"og:locale\" content=\"en_US\" \/>\n<meta property=\"og:type\" content=\"article\" \/>\n<meta property=\"og:title\" content=\"Conti Ducco FRANCIACORTA VINTAGE ROS\u00c8 2016 | Il corpo e lo spirito\" \/>\n<meta property=\"og:description\" content=\"Conti Ducco FRANCIACORTA VINTAGE ROS\u00c8 2016   \u00c8 la perfetta fusione tra femminilit\u00e0 e struttura, delicatezza e complessit\u00e0, eleganza e persistenza ad esprimere al meglio tutta la poesia del Pinot Nero, ora Millesimato.     CONTIENE SOLFITI\u00a0\" \/>\n<meta property=\"og:url\" content=\"https:\/\/ilcorpoelospirito.archetipoagency.it\/en\/prodotto\/conti-ducco-franciacorta-vintage-rose-2016\/\" \/>\n<meta property=\"og:site_name\" content=\"Il corpo e lo spirito\" \/>\n<meta property=\"article:modified_time\" content=\"2025-08-08T10:30:59+00:00\" \/>\n<meta property=\"og:image\" content=\"https:\/\/ilcorpoelospirito.archetipoagency.it\/wp-content\/uploads\/2024\/02\/20240126_184744.jpg\" \/>\n\t<meta property=\"og:image:width\" content=\"1270\" \/>\n\t<meta property=\"og:image:height\" content=\"1270\" \/>\n\t<meta property=\"og:image:type\" content=\"image\/jpeg\" \/>\n<meta name=\"twitter:card\" content=\"summary_large_image\" \/>\n<meta name=\"twitter:label1\" content=\"Est. reading time\" \/>\n\t<meta name=\"twitter:data1\" content=\"1 minute\" \/>\n<script type=\"application\/ld+json\" class=\"yoast-schema-graph\">{\"@context\":\"https:\\\/\\\/schema.org\",\"@graph\":[{\"@type\":\"WebPage\",\"@id\":\"https:\\\/\\\/ilcorpoelospirito.archetipoagency.it\\\/en\\\/prodotto\\\/conti-ducco-franciacorta-vintage-rose-2016\\\/\",\"url\":\"https:\\\/\\\/ilcorpoelospirito.archetipoagency.it\\\/en\\\/prodotto\\\/conti-ducco-franciacorta-vintage-rose-2016\\\/\",\"name\":\"Conti Ducco FRANCIACORTA VINTAGE ROS\u00c8 2016 | Il corpo e lo spirito\",\"isPartOf\":{\"@id\":\"https:\\\/\\\/ilcorpoelospirito.archetipoagency.it\\\/#website\"},\"primaryImageOfPage\":{\"@id\":\"https:\\\/\\\/ilcorpoelospirito.archetipoagency.it\\\/en\\\/prodotto\\\/conti-ducco-franciacorta-vintage-rose-2016\\\/#primaryimage\"},\"image\":{\"@id\":\"https:\\\/\\\/ilcorpoelospirito.archetipoagency.it\\\/en\\\/prodotto\\\/conti-ducco-franciacorta-vintage-rose-2016\\\/#primaryimage\"},\"thumbnailUrl\":\"https:\\\/\\\/ilcorpoelospirito.archetipoagency.it\\\/wp-content\\\/uploads\\\/2024\\\/02\\\/20240126_184744.jpg\",\"datePublished\":\"2024-02-03T16:29:01+00:00\",\"dateModified\":\"2025-08-08T10:30:59+00:00\",\"breadcrumb\":{\"@id\":\"https:\\\/\\\/ilcorpoelospirito.archetipoagency.it\\\/en\\\/prodotto\\\/conti-ducco-franciacorta-vintage-rose-2016\\\/#breadcrumb\"},\"inLanguage\":\"en-US\",\"potentialAction\":[{\"@type\":\"ReadAction\",\"target\":[\"https:\\\/\\\/ilcorpoelospirito.archetipoagency.it\\\/en\\\/prodotto\\\/conti-ducco-franciacorta-vintage-rose-2016\\\/\"]}]},{\"@type\":\"ImageObject\",\"inLanguage\":\"en-US\",\"@id\":\"https:\\\/\\\/ilcorpoelospirito.archetipoagency.it\\\/en\\\/prodotto\\\/conti-ducco-franciacorta-vintage-rose-2016\\\/#primaryimage\",\"url\":\"https:\\\/\\\/ilcorpoelospirito.archetipoagency.it\\\/wp-content\\\/uploads\\\/2024\\\/02\\\/20240126_184744.jpg\",\"contentUrl\":\"https:\\\/\\\/ilcorpoelospirito.archetipoagency.it\\\/wp-content\\\/uploads\\\/2024\\\/02\\\/20240126_184744.jpg\",\"width\":1270,\"height\":1270},{\"@type\":\"BreadcrumbList\",\"@id\":\"https:\\\/\\\/ilcorpoelospirito.archetipoagency.it\\\/en\\\/prodotto\\\/conti-ducco-franciacorta-vintage-rose-2016\\\/#breadcrumb\",\"itemListElement\":[{\"@type\":\"ListItem\",\"position\":1,\"name\":\"Home\",\"item\":\"https:\\\/\\\/ilcorpoelospirito.archetipoagency.it\\\/\"},{\"@type\":\"ListItem\",\"position\":2,\"name\":\"Shop\",\"item\":\"https:\\\/\\\/ilcorpoelospirito.archetipoagency.it\\\/shop\\\/\"},{\"@type\":\"ListItem\",\"position\":3,\"name\":\"Conti Ducco FRANCIACORTA VINTAGE ROS\u00c8 2016\"}]},{\"@type\":\"WebSite\",\"@id\":\"https:\\\/\\\/ilcorpoelospirito.archetipoagency.it\\\/#website\",\"url\":\"https:\\\/\\\/ilcorpoelospirito.archetipoagency.it\\\/\",\"name\":\"Il Corpo e lo Spirito\",\"description\":\"\",\"publisher\":{\"@id\":\"https:\\\/\\\/ilcorpoelospirito.archetipoagency.it\\\/#organization\"},\"alternateName\":\"Prelibatezze Monastiche e regionali\",\"potentialAction\":[{\"@type\":\"SearchAction\",\"target\":{\"@type\":\"EntryPoint\",\"urlTemplate\":\"https:\\\/\\\/ilcorpoelospirito.archetipoagency.it\\\/?s={search_term_string}\"},\"query-input\":{\"@type\":\"PropertyValueSpecification\",\"valueRequired\":true,\"valueName\":\"search_term_string\"}}],\"inLanguage\":\"en-US\"},{\"@type\":\"Organization\",\"@id\":\"https:\\\/\\\/ilcorpoelospirito.archetipoagency.it\\\/#organization\",\"name\":\"Il Corpo e lo Spirito\",\"alternateName\":\"Prelibatezze Monastiche e regionali\",\"url\":\"https:\\\/\\\/ilcorpoelospirito.archetipoagency.it\\\/\",\"logo\":{\"@type\":\"ImageObject\",\"inLanguage\":\"en-US\",\"@id\":\"https:\\\/\\\/ilcorpoelospirito.archetipoagency.it\\\/#\\\/schema\\\/logo\\\/image\\\/\",\"url\":\"https:\\\/\\\/ilcorpoelospirito.archetipoagency.it\\\/wp-content\\\/uploads\\\/2022\\\/10\\\/logo-marrone.png\",\"contentUrl\":\"https:\\\/\\\/ilcorpoelospirito.archetipoagency.it\\\/wp-content\\\/uploads\\\/2022\\\/10\\\/logo-marrone.png\",\"width\":2192,\"height\":568,\"caption\":\"Il Corpo e lo Spirito\"},\"image\":{\"@id\":\"https:\\\/\\\/ilcorpoelospirito.archetipoagency.it\\\/#\\\/schema\\\/logo\\\/image\\\/\"}}]}<\/script>\n<!-- \/ Yoast SEO plugin. -->","yoast_head_json":{"title":"Conti Ducco FRANCIACORTA VINTAGE ROS\u00c8 2016 | Il corpo e lo spirito","robots":{"index":"index","follow":"follow","max-snippet":"max-snippet:-1","max-image-preview":"max-image-preview:large","max-video-preview":"max-video-preview:-1"},"canonical":"https:\/\/ilcorpoelospirito.archetipoagency.it\/en\/prodotto\/conti-ducco-franciacorta-vintage-rose-2016\/","og_locale":"en_US","og_type":"article","og_title":"Conti Ducco FRANCIACORTA VINTAGE ROS\u00c8 2016 | Il corpo e lo spirito","og_description":"Conti Ducco FRANCIACORTA VINTAGE ROS\u00c8 2016   \u00c8 la perfetta fusione tra femminilit\u00e0 e struttura, delicatezza e complessit\u00e0, eleganza e persistenza ad esprimere al meglio tutta la poesia del Pinot Nero, ora Millesimato.     CONTIENE SOLFITI\u00a0","og_url":"https:\/\/ilcorpoelospirito.archetipoagency.it\/en\/prodotto\/conti-ducco-franciacorta-vintage-rose-2016\/","og_site_name":"Il corpo e lo spirito","article_modified_time":"2025-08-08T10:30:59+00:00","og_image":[{"width":1270,"height":1270,"url":"https:\/\/ilcorpoelospirito.archetipoagency.it\/wp-content\/uploads\/2024\/02\/20240126_184744.jpg","type":"image\/jpeg"}],"twitter_card":"summary_large_image","twitter_misc":{"Est. reading time":"1 minute"},"schema":{"@context":"https:\/\/schema.org","@graph":[{"@type":"WebPage","@id":"https:\/\/ilcorpoelospirito.archetipoagency.it\/en\/prodotto\/conti-ducco-franciacorta-vintage-rose-2016\/","url":"https:\/\/ilcorpoelospirito.archetipoagency.it\/en\/prodotto\/conti-ducco-franciacorta-vintage-rose-2016\/","name":"Conti Ducco FRANCIACORTA VINTAGE ROS\u00c8 2016 | Il corpo e lo spirito","isPartOf":{"@id":"https:\/\/ilcorpoelospirito.archetipoagency.it\/#website"},"primaryImageOfPage":{"@id":"https:\/\/ilcorpoelospirito.archetipoagency.it\/en\/prodotto\/conti-ducco-franciacorta-vintage-rose-2016\/#primaryimage"},"image":{"@id":"https:\/\/ilcorpoelospirito.archetipoagency.it\/en\/prodotto\/conti-ducco-franciacorta-vintage-rose-2016\/#primaryimage"},"thumbnailUrl":"https:\/\/ilcorpoelospirito.archetipoagency.it\/wp-content\/uploads\/2024\/02\/20240126_184744.jpg","datePublished":"2024-02-03T16:29:01+00:00","dateModified":"2025-08-08T10:30:59+00:00","breadcrumb":{"@id":"https:\/\/ilcorpoelospirito.archetipoagency.it\/en\/prodotto\/conti-ducco-franciacorta-vintage-rose-2016\/#breadcrumb"},"inLanguage":"en-US","potentialAction":[{"@type":"ReadAction","target":["https:\/\/ilcorpoelospirito.archetipoagency.it\/en\/prodotto\/conti-ducco-franciacorta-vintage-rose-2016\/"]}]},{"@type":"ImageObject","inLanguage":"en-US","@id":"https:\/\/ilcorpoelospirito.archetipoagency.it\/en\/prodotto\/conti-ducco-franciacorta-vintage-rose-2016\/#primaryimage","url":"https:\/\/ilcorpoelospirito.archetipoagency.it\/wp-content\/uploads\/2024\/02\/20240126_184744.jpg","contentUrl":"https:\/\/ilcorpoelospirito.archetipoagency.it\/wp-content\/uploads\/2024\/02\/20240126_184744.jpg","width":1270,"height":1270},{"@type":"BreadcrumbList","@id":"https:\/\/ilcorpoelospirito.archetipoagency.it\/en\/prodotto\/conti-ducco-franciacorta-vintage-rose-2016\/#breadcrumb","itemListElement":[{"@type":"ListItem","position":1,"name":"Home","item":"https:\/\/ilcorpoelospirito.archetipoagency.it\/"},{"@type":"ListItem","position":2,"name":"Shop","item":"https:\/\/ilcorpoelospirito.archetipoagency.it\/shop\/"},{"@type":"ListItem","position":3,"name":"Conti Ducco FRANCIACORTA VINTAGE ROS\u00c8 2016"}]},{"@type":"WebSite","@id":"https:\/\/ilcorpoelospirito.archetipoagency.it\/#website","url":"https:\/\/ilcorpoelospirito.archetipoagency.it\/","name":"Il corpo e lo spirito","description":"","publisher":{"@id":"https:\/\/ilcorpoelospirito.archetipoagency.it\/#organization"},"alternateName":"Prelibatezze Monastiche e regionali","potentialAction":[{"@type":"SearchAction","target":{"@type":"EntryPoint","urlTemplate":"https:\/\/ilcorpoelospirito.archetipoagency.it\/?s={search_term_string}"},"query-input":{"@type":"PropertyValueSpecification","valueRequired":true,"valueName":"search_term_string"}}],"inLanguage":"en-US"},{"@type":"Organization","@id":"https:\/\/ilcorpoelospirito.archetipoagency.it\/#organization","name":"Il corpo e lo spirito","alternateName":"Prelibatezze Monastiche e regionali","url":"https:\/\/ilcorpoelospirito.archetipoagency.it\/","logo":{"@type":"ImageObject","inLanguage":"en-US","@id":"https:\/\/ilcorpoelospirito.archetipoagency.it\/#\/schema\/logo\/image\/","url":"https:\/\/ilcorpoelospirito.archetipoagency.it\/wp-content\/uploads\/2022\/10\/logo-marrone.png","contentUrl":"https:\/\/ilcorpoelospirito.archetipoagency.it\/wp-content\/uploads\/2022\/10\/logo-marrone.png","width":2192,"height":568,"caption":"Il Corpo e lo Spirito"},"image":{"@id":"https:\/\/ilcorpoelospirito.archetipoagency.it\/#\/schema\/logo\/image\/"}}]}},"_links":{"self":[{"href":"https:\/\/ilcorpoelospirito.archetipoagency.it\/en\/wp-json\/wp\/v2\/product\/6430","targetHints":{"allow":["GET"]}}],"collection":[{"href":"https:\/\/ilcorpoelospirito.archetipoagency.it\/en\/wp-json\/wp\/v2\/product"}],"about":[{"href":"https:\/\/ilcorpoelospirito.archetipoagency.it\/en\/wp-json\/wp\/v2\/types\/product"}],"replies":[{"embeddable":true,"href":"https:\/\/ilcorpoelospirito.archetipoagency.it\/en\/wp-json\/wp\/v2\/comments?post=6430"}],"wp:featuredmedia":[{"embeddable":true,"href":"https:\/\/ilcorpoelospirito.archetipoagency.it\/en\/wp-json\/wp\/v2\/media\/6302"}],"wp:attachment":[{"href":"https:\/\/ilcorpoelospirito.archetipoagency.it\/en\/wp-json\/wp\/v2\/media?parent=6430"}],"wp:term":[{"taxonomy":"product_brand","embeddable":true,"href":"https:\/\/ilcorpoelospirito.archetipoagency.it\/en\/wp-json\/wp\/v2\/product_brand?post=6430"},{"taxonomy":"product_cat","embeddable":true,"href":"https:\/\/ilcorpoelospirito.archetipoagency.it\/en\/wp-json\/wp\/v2\/product_cat?post=6430"},{"taxonomy":"product_tag","embeddable":true,"href":"https:\/\/ilcorpoelospirito.archetipoagency.it\/en\/wp-json\/wp\/v2\/product_tag?post=6430"}],"curies":[{"name":"wp","href":"https:\/\/api.w.org\/{rel}","templated":true}]}}