{"id":6441,"date":"2024-02-03T19:00:46","date_gmt":"2024-02-03T18:00:46","guid":{"rendered":"https:\/\/ilcorpoelospirito.archetipoagency.it\/?post_type=product&#038;p=6441"},"modified":"2024-11-25T14:18:45","modified_gmt":"2024-11-25T13:18:45","slug":"romigberg-schiava-2021-il-capolavoro-di-alois-lageder","status":"publish","type":"product","link":"https:\/\/ilcorpoelospirito.archetipoagency.it\/en\/product\/romigberg-schiava-2021-il-capolavoro-di-alois-lageder\/","title":{"rendered":"R\u00d6MIGBERG SCHIAVA 2021- Il Capolavoro di Alois Lageder"},"content":{"rendered":"<div class=\"short-description\">\n<div>\n<div class=\"toggle-block\">\n<h4>R\u00d6MIGBERG SCHIAVA 2021- Il Capolavoro di Alois Lageder<\/h4>\n<p>Questi vini di altissimo pregio provengono prevalentemente dai migliori masi di propriet\u00e0 della famiglia Lageder, tutti coltivati con metodo biologico-dinamico. Il nostro intento \u00e8 di accentuare le peculiarit\u00e0 di ciascun maso, con la consapevolezza che il vignaiolo svolge un ruolo essenziale di mediatore fra le forze e i cicli della natura, e senza dimenticare il ruolo degli animali, importanti per tutelare la biodiversit\u00e0.<\/p>\n<p>Sulle rive nord-occidentali del Lago di Caldaro si ergono dei pendii spettacolari, ed \u00e8 l\u00ec che si estendono i vigneti pi\u00f9 pregiati di questa zona. Una combinazione pi\u00f9 unica che rara di terreni e caratteristiche microclimatiche diverse, fa s\u00ec che sugli otto ettari di quest\u2019apprezzamento, di nostra esclusiva propriet\u00e0, si creino delle condizioni pressoch\u00e9 ideali per dar vita a un vero e proprio \u201corganismo completo\u201d, dove si realizza in pieno il principio antroposofico della convivenza fra l\u2019uomo, gli animali e le piante. Qui, infatti, varie mucche, asini e pecore brucano l\u2019erba che cresce sotto le viti, gli ulivi e i nespoli. Ma anche api, galline, oche e pavoni sono parte integrante di questo habitat particolare.<\/p>\n<p>Vitigno: Cabernet Sauvignon, Petit Verdot<br \/>\nMetodo di coltivazione: <strong>agricoltura biologico-dinamica controllata, certificata Demeter<\/strong><br \/>\nDescrizione: rosso ciliegia con riflessi rosso rubino aromi concentrati e fruttati (ciliegia, ribes nero), note speziate e floreali, corpo vigoroso, elegante, ricco di tannini, speziato, fresco<br \/>\nInvecchiamento ottimale: 5 \u2013 20 anni<br \/>\nAbbinamento:<br \/>\ncon carne di manzo, arrosto o alla griglia, agnello, selvaggina, formaggi<br \/>\nProvenienza:<br \/>\nil Maso R\u00f6migberg si estende a nord ovest del lago di Caldaro, i vigneti si trovano<br \/>\nsulle pendici ripide esposte a sud \u2013 sud-est, altitudine: 250-330 metri s.l.m.<\/p>\n<p>Et\u00e0 delle viti: <strong>25 \u2013 32 anni<\/strong><br \/>\nVinificazione:<br \/>\nFermentazione spontanea del pigiato, con diverse percentuali di grappolo intero in acciaio e legno. Maturazione in botti piccole e grandi di legno per alcuni mesi. Segue l\u2019affinamento in bottiglia per circa un anno<br \/>\nAlcool: 12,5 % vol.<br \/>\nAcidit\u00e0: 5,3 g\/litro<\/p>\n<\/div>\n<div class=\"toggle-block\">\n<p><strong>CONTIENE SOLFITI\u00a0<\/strong><\/p>\n<p><span style=\"color: #dd9e1d;font-family: 'PT Sans';font-size: 25px;letter-spacing: 0em\">Product:<\/span><\/p>\n<\/div>\n<\/div>\n<div>Prodotto e imbottigliato da Alois Lageder s.p.a. \u2013 Magr\u00e8 \u2013 Italia<\/div>\n<\/div>\n<p>&nbsp;<\/p>","protected":false},"excerpt":{"rendered":"<div class=\"toggle-block\">\n<div class=\"toggle-block\">\n<div class=\"toggle-block\">\n<div class=\"toggle-block\">\n<div class=\"toggle-block\">\n<div class=\"toggle-block\">\n<div class=\"toggle-block\">\n<div class=\"toggle-block\">\n<div class=\"toggle-block\">\n<div class=\"toggle-block\">\n<div class=\"toggle-block\">\n<div class=\"toggle-block\">\n<div class=\"toggle-block\">\n<div class=\"toggle-block\">\n<div class=\"toggle-block\">\n<div class=\"toggle-block\">\n<div class=\"toggle-block\">\n<div class=\"toggle-block\">\n<div class=\"toggle-block\">\n<div class=\"toggle-block\">\n<div class=\"toggle-block\">\n<div class=\"toggle-block\">\n<div class=\"toggle-block\">\n<div class=\"toggle-block\">\n<div class=\"toggle-block\">\n<div class=\"toggle-block\">\n<div class=\"toggle-block\">\n<div class=\"toggle-block\">\n<div class=\"toggle-block\">\n<div class=\"toggle-block\">\n<div class=\"toggle-block\">\n<div class=\"toggle-block\">\n<div class=\"toggle-block\">\n<div class=\"toggle-block\">\n<div class=\"toggle-block\">\n<h4>R\u00d6MIGBERG SCHIAVA 2021- Il Capolavoro di Alois Lageder<\/h4>\n<p>Metodo di coltivazione: <strong>agricoltura biologico-dinamica controllata, certificata Demeter<\/strong><br \/>\nDescrizione: rosso ciliegia con riflessi rosso rubino aromi concentrati e fruttati (ciliegia, ribes nero), note speziate e floreali, corpo vigoroso, elegante, ricco di tannini, speziato, fresco<br \/>\nInvecchiamento ottimale: 5 \u2013 20 anni<br \/>\nAbbinamento:<br \/>\ncon carne di manzo, arrosto o alla griglia, agnello, selvaggina, formaggi<\/p>\n<\/div>\n<div class=\"toggle-block\">\n<p><strong>CONTIENE SOLFITI\u00a0<\/strong><\/p>\n<\/div>\n<\/div>\n<\/div>\n<\/div>\n<\/div>\n<\/div>\n<\/div>\n<\/div>\n<\/div>\n<\/div>\n<\/div>\n<\/div>\n<\/div>\n<\/div>\n<\/div>\n<\/div>\n<\/div>\n<\/div>\n<\/div>\n<\/div>\n<\/div>\n<\/div>\n<\/div>\n<\/div>\n<\/div>\n<\/div>\n<\/div>\n<\/div>\n<\/div>\n<\/div>\n<\/div>\n<\/div>\n<\/div>\n<\/div>\n<\/div>","protected":false},"featured_media":6486,"comment_status":"open","ping_status":"closed","template":"","meta":[],"product_brand":[],"product_cat":[119],"product_tag":[],"class_list":["post-6441","product","type-product","status-publish","has-post-thumbnail","product_cat-rosso","pa_produttore-alois-lageder-s-p-a-magre-italia","first","outofstock","shipping-taxable","purchasable","product-type-simple"],"yoast_head":"<!-- This site is optimized with the Yoast SEO plugin v27.6 - https:\/\/yoast.com\/product\/yoast-seo-wordpress\/ -->\n<title>R\u00d6MIGBERG SCHIAVA 2021- Il Capolavoro di Alois Lageder | Il corpo e lo spirito<\/title>\n<meta name=\"robots\" content=\"index, follow, max-snippet:-1, max-image-preview:large, max-video-preview:-1\" \/>\n<link rel=\"canonical\" href=\"https:\/\/ilcorpoelospirito.archetipoagency.it\/en\/prodotto\/romigberg-schiava-2021-il-capolavoro-di-alois-lageder\/\" \/>\n<meta property=\"og:locale\" content=\"en_US\" \/>\n<meta property=\"og:type\" content=\"article\" \/>\n<meta property=\"og:title\" content=\"R\u00d6MIGBERG SCHIAVA 2021- Il Capolavoro di Alois Lageder | Il corpo e lo spirito\" \/>\n<meta property=\"og:description\" content=\"R\u00d6MIGBERG SCHIAVA 2021- Il Capolavoro di Alois Lageder Metodo di coltivazione: agricoltura biologico-dinamica controllata, certificata Demeter Descrizione: rosso ciliegia con riflessi rosso rubino aromi concentrati e fruttati (ciliegia, ribes nero), note speziate e floreali, corpo vigoroso, elegante, ricco di tannini, speziato, fresco Invecchiamento ottimale: 5 - 20 anni Abbinamento: con carne di manzo, arrosto o alla griglia, agnello, selvaggina, formaggi     CONTIENE SOLFITI\u00a0\" \/>\n<meta property=\"og:url\" content=\"https:\/\/ilcorpoelospirito.archetipoagency.it\/en\/prodotto\/romigberg-schiava-2021-il-capolavoro-di-alois-lageder\/\" \/>\n<meta property=\"og:site_name\" content=\"Il corpo e lo spirito\" \/>\n<meta property=\"article:modified_time\" content=\"2024-11-25T13:18:45+00:00\" \/>\n<meta property=\"og:image\" content=\"https:\/\/ilcorpoelospirito.archetipoagency.it\/wp-content\/uploads\/2024\/02\/20240209_175607.jpg\" \/>\n\t<meta property=\"og:image:width\" content=\"1333\" \/>\n\t<meta property=\"og:image:height\" content=\"1333\" \/>\n\t<meta property=\"og:image:type\" content=\"image\/jpeg\" \/>\n<meta name=\"twitter:card\" content=\"summary_large_image\" \/>\n<meta name=\"twitter:label1\" content=\"Est. reading time\" \/>\n\t<meta name=\"twitter:data1\" content=\"2 minutes\" \/>\n<script type=\"application\/ld+json\" class=\"yoast-schema-graph\">{\"@context\":\"https:\\\/\\\/schema.org\",\"@graph\":[{\"@type\":\"WebPage\",\"@id\":\"https:\\\/\\\/ilcorpoelospirito.archetipoagency.it\\\/en\\\/prodotto\\\/romigberg-schiava-2021-il-capolavoro-di-alois-lageder\\\/\",\"url\":\"https:\\\/\\\/ilcorpoelospirito.archetipoagency.it\\\/en\\\/prodotto\\\/romigberg-schiava-2021-il-capolavoro-di-alois-lageder\\\/\",\"name\":\"R\u00d6MIGBERG SCHIAVA 2021- Il Capolavoro di Alois Lageder | Il corpo e lo spirito\",\"isPartOf\":{\"@id\":\"https:\\\/\\\/ilcorpoelospirito.archetipoagency.it\\\/#website\"},\"primaryImageOfPage\":{\"@id\":\"https:\\\/\\\/ilcorpoelospirito.archetipoagency.it\\\/en\\\/prodotto\\\/romigberg-schiava-2021-il-capolavoro-di-alois-lageder\\\/#primaryimage\"},\"image\":{\"@id\":\"https:\\\/\\\/ilcorpoelospirito.archetipoagency.it\\\/en\\\/prodotto\\\/romigberg-schiava-2021-il-capolavoro-di-alois-lageder\\\/#primaryimage\"},\"thumbnailUrl\":\"https:\\\/\\\/ilcorpoelospirito.archetipoagency.it\\\/wp-content\\\/uploads\\\/2024\\\/02\\\/20240209_175607.jpg\",\"datePublished\":\"2024-02-03T18:00:46+00:00\",\"dateModified\":\"2024-11-25T13:18:45+00:00\",\"breadcrumb\":{\"@id\":\"https:\\\/\\\/ilcorpoelospirito.archetipoagency.it\\\/en\\\/prodotto\\\/romigberg-schiava-2021-il-capolavoro-di-alois-lageder\\\/#breadcrumb\"},\"inLanguage\":\"en-US\",\"potentialAction\":[{\"@type\":\"ReadAction\",\"target\":[\"https:\\\/\\\/ilcorpoelospirito.archetipoagency.it\\\/en\\\/prodotto\\\/romigberg-schiava-2021-il-capolavoro-di-alois-lageder\\\/\"]}]},{\"@type\":\"ImageObject\",\"inLanguage\":\"en-US\",\"@id\":\"https:\\\/\\\/ilcorpoelospirito.archetipoagency.it\\\/en\\\/prodotto\\\/romigberg-schiava-2021-il-capolavoro-di-alois-lageder\\\/#primaryimage\",\"url\":\"https:\\\/\\\/ilcorpoelospirito.archetipoagency.it\\\/wp-content\\\/uploads\\\/2024\\\/02\\\/20240209_175607.jpg\",\"contentUrl\":\"https:\\\/\\\/ilcorpoelospirito.archetipoagency.it\\\/wp-content\\\/uploads\\\/2024\\\/02\\\/20240209_175607.jpg\",\"width\":1333,\"height\":1333},{\"@type\":\"BreadcrumbList\",\"@id\":\"https:\\\/\\\/ilcorpoelospirito.archetipoagency.it\\\/en\\\/prodotto\\\/romigberg-schiava-2021-il-capolavoro-di-alois-lageder\\\/#breadcrumb\",\"itemListElement\":[{\"@type\":\"ListItem\",\"position\":1,\"name\":\"Home\",\"item\":\"https:\\\/\\\/ilcorpoelospirito.archetipoagency.it\\\/\"},{\"@type\":\"ListItem\",\"position\":2,\"name\":\"Shop\",\"item\":\"https:\\\/\\\/ilcorpoelospirito.archetipoagency.it\\\/shop\\\/\"},{\"@type\":\"ListItem\",\"position\":3,\"name\":\"R\u00d6MIGBERG SCHIAVA 2021- Il Capolavoro di Alois Lageder\"}]},{\"@type\":\"WebSite\",\"@id\":\"https:\\\/\\\/ilcorpoelospirito.archetipoagency.it\\\/#website\",\"url\":\"https:\\\/\\\/ilcorpoelospirito.archetipoagency.it\\\/\",\"name\":\"Il Corpo e lo Spirito\",\"description\":\"\",\"publisher\":{\"@id\":\"https:\\\/\\\/ilcorpoelospirito.archetipoagency.it\\\/#organization\"},\"alternateName\":\"Prelibatezze Monastiche e regionali\",\"potentialAction\":[{\"@type\":\"SearchAction\",\"target\":{\"@type\":\"EntryPoint\",\"urlTemplate\":\"https:\\\/\\\/ilcorpoelospirito.archetipoagency.it\\\/?s={search_term_string}\"},\"query-input\":{\"@type\":\"PropertyValueSpecification\",\"valueRequired\":true,\"valueName\":\"search_term_string\"}}],\"inLanguage\":\"en-US\"},{\"@type\":\"Organization\",\"@id\":\"https:\\\/\\\/ilcorpoelospirito.archetipoagency.it\\\/#organization\",\"name\":\"Il Corpo e lo Spirito\",\"alternateName\":\"Prelibatezze Monastiche e regionali\",\"url\":\"https:\\\/\\\/ilcorpoelospirito.archetipoagency.it\\\/\",\"logo\":{\"@type\":\"ImageObject\",\"inLanguage\":\"en-US\",\"@id\":\"https:\\\/\\\/ilcorpoelospirito.archetipoagency.it\\\/#\\\/schema\\\/logo\\\/image\\\/\",\"url\":\"https:\\\/\\\/ilcorpoelospirito.archetipoagency.it\\\/wp-content\\\/uploads\\\/2022\\\/10\\\/logo-marrone.png\",\"contentUrl\":\"https:\\\/\\\/ilcorpoelospirito.archetipoagency.it\\\/wp-content\\\/uploads\\\/2022\\\/10\\\/logo-marrone.png\",\"width\":2192,\"height\":568,\"caption\":\"Il Corpo e lo Spirito\"},\"image\":{\"@id\":\"https:\\\/\\\/ilcorpoelospirito.archetipoagency.it\\\/#\\\/schema\\\/logo\\\/image\\\/\"}}]}<\/script>\n<!-- \/ Yoast SEO plugin. -->","yoast_head_json":{"title":"R\u00d6MIGBERG SCHIAVA 2021- Il Capolavoro di Alois Lageder | Il corpo e lo spirito","robots":{"index":"index","follow":"follow","max-snippet":"max-snippet:-1","max-image-preview":"max-image-preview:large","max-video-preview":"max-video-preview:-1"},"canonical":"https:\/\/ilcorpoelospirito.archetipoagency.it\/en\/prodotto\/romigberg-schiava-2021-il-capolavoro-di-alois-lageder\/","og_locale":"en_US","og_type":"article","og_title":"R\u00d6MIGBERG SCHIAVA 2021- Il Capolavoro di Alois Lageder | Il corpo e lo spirito","og_description":"R\u00d6MIGBERG SCHIAVA 2021- Il Capolavoro di Alois Lageder Metodo di coltivazione: agricoltura biologico-dinamica controllata, certificata Demeter Descrizione: rosso ciliegia con riflessi rosso rubino aromi concentrati e fruttati (ciliegia, ribes nero), note speziate e floreali, corpo vigoroso, elegante, ricco di tannini, speziato, fresco Invecchiamento ottimale: 5 - 20 anni Abbinamento: con carne di manzo, arrosto o alla griglia, agnello, selvaggina, formaggi     CONTIENE SOLFITI\u00a0","og_url":"https:\/\/ilcorpoelospirito.archetipoagency.it\/en\/prodotto\/romigberg-schiava-2021-il-capolavoro-di-alois-lageder\/","og_site_name":"Il corpo e lo spirito","article_modified_time":"2024-11-25T13:18:45+00:00","og_image":[{"width":1333,"height":1333,"url":"https:\/\/ilcorpoelospirito.archetipoagency.it\/wp-content\/uploads\/2024\/02\/20240209_175607.jpg","type":"image\/jpeg"}],"twitter_card":"summary_large_image","twitter_misc":{"Est. reading time":"2 minutes"},"schema":{"@context":"https:\/\/schema.org","@graph":[{"@type":"WebPage","@id":"https:\/\/ilcorpoelospirito.archetipoagency.it\/en\/prodotto\/romigberg-schiava-2021-il-capolavoro-di-alois-lageder\/","url":"https:\/\/ilcorpoelospirito.archetipoagency.it\/en\/prodotto\/romigberg-schiava-2021-il-capolavoro-di-alois-lageder\/","name":"R\u00d6MIGBERG SCHIAVA 2021- Il Capolavoro di Alois Lageder | Il corpo e lo spirito","isPartOf":{"@id":"https:\/\/ilcorpoelospirito.archetipoagency.it\/#website"},"primaryImageOfPage":{"@id":"https:\/\/ilcorpoelospirito.archetipoagency.it\/en\/prodotto\/romigberg-schiava-2021-il-capolavoro-di-alois-lageder\/#primaryimage"},"image":{"@id":"https:\/\/ilcorpoelospirito.archetipoagency.it\/en\/prodotto\/romigberg-schiava-2021-il-capolavoro-di-alois-lageder\/#primaryimage"},"thumbnailUrl":"https:\/\/ilcorpoelospirito.archetipoagency.it\/wp-content\/uploads\/2024\/02\/20240209_175607.jpg","datePublished":"2024-02-03T18:00:46+00:00","dateModified":"2024-11-25T13:18:45+00:00","breadcrumb":{"@id":"https:\/\/ilcorpoelospirito.archetipoagency.it\/en\/prodotto\/romigberg-schiava-2021-il-capolavoro-di-alois-lageder\/#breadcrumb"},"inLanguage":"en-US","potentialAction":[{"@type":"ReadAction","target":["https:\/\/ilcorpoelospirito.archetipoagency.it\/en\/prodotto\/romigberg-schiava-2021-il-capolavoro-di-alois-lageder\/"]}]},{"@type":"ImageObject","inLanguage":"en-US","@id":"https:\/\/ilcorpoelospirito.archetipoagency.it\/en\/prodotto\/romigberg-schiava-2021-il-capolavoro-di-alois-lageder\/#primaryimage","url":"https:\/\/ilcorpoelospirito.archetipoagency.it\/wp-content\/uploads\/2024\/02\/20240209_175607.jpg","contentUrl":"https:\/\/ilcorpoelospirito.archetipoagency.it\/wp-content\/uploads\/2024\/02\/20240209_175607.jpg","width":1333,"height":1333},{"@type":"BreadcrumbList","@id":"https:\/\/ilcorpoelospirito.archetipoagency.it\/en\/prodotto\/romigberg-schiava-2021-il-capolavoro-di-alois-lageder\/#breadcrumb","itemListElement":[{"@type":"ListItem","position":1,"name":"Home","item":"https:\/\/ilcorpoelospirito.archetipoagency.it\/"},{"@type":"ListItem","position":2,"name":"Shop","item":"https:\/\/ilcorpoelospirito.archetipoagency.it\/shop\/"},{"@type":"ListItem","position":3,"name":"R\u00d6MIGBERG SCHIAVA 2021- Il Capolavoro di Alois Lageder"}]},{"@type":"WebSite","@id":"https:\/\/ilcorpoelospirito.archetipoagency.it\/#website","url":"https:\/\/ilcorpoelospirito.archetipoagency.it\/","name":"Il corpo e lo spirito","description":"","publisher":{"@id":"https:\/\/ilcorpoelospirito.archetipoagency.it\/#organization"},"alternateName":"Prelibatezze Monastiche e regionali","potentialAction":[{"@type":"SearchAction","target":{"@type":"EntryPoint","urlTemplate":"https:\/\/ilcorpoelospirito.archetipoagency.it\/?s={search_term_string}"},"query-input":{"@type":"PropertyValueSpecification","valueRequired":true,"valueName":"search_term_string"}}],"inLanguage":"en-US"},{"@type":"Organization","@id":"https:\/\/ilcorpoelospirito.archetipoagency.it\/#organization","name":"Il corpo e lo spirito","alternateName":"Prelibatezze Monastiche e regionali","url":"https:\/\/ilcorpoelospirito.archetipoagency.it\/","logo":{"@type":"ImageObject","inLanguage":"en-US","@id":"https:\/\/ilcorpoelospirito.archetipoagency.it\/#\/schema\/logo\/image\/","url":"https:\/\/ilcorpoelospirito.archetipoagency.it\/wp-content\/uploads\/2022\/10\/logo-marrone.png","contentUrl":"https:\/\/ilcorpoelospirito.archetipoagency.it\/wp-content\/uploads\/2022\/10\/logo-marrone.png","width":2192,"height":568,"caption":"Il Corpo e lo Spirito"},"image":{"@id":"https:\/\/ilcorpoelospirito.archetipoagency.it\/#\/schema\/logo\/image\/"}}]}},"_links":{"self":[{"href":"https:\/\/ilcorpoelospirito.archetipoagency.it\/en\/wp-json\/wp\/v2\/product\/6441","targetHints":{"allow":["GET"]}}],"collection":[{"href":"https:\/\/ilcorpoelospirito.archetipoagency.it\/en\/wp-json\/wp\/v2\/product"}],"about":[{"href":"https:\/\/ilcorpoelospirito.archetipoagency.it\/en\/wp-json\/wp\/v2\/types\/product"}],"replies":[{"embeddable":true,"href":"https:\/\/ilcorpoelospirito.archetipoagency.it\/en\/wp-json\/wp\/v2\/comments?post=6441"}],"wp:featuredmedia":[{"embeddable":true,"href":"https:\/\/ilcorpoelospirito.archetipoagency.it\/en\/wp-json\/wp\/v2\/media\/6486"}],"wp:attachment":[{"href":"https:\/\/ilcorpoelospirito.archetipoagency.it\/en\/wp-json\/wp\/v2\/media?parent=6441"}],"wp:term":[{"taxonomy":"product_brand","embeddable":true,"href":"https:\/\/ilcorpoelospirito.archetipoagency.it\/en\/wp-json\/wp\/v2\/product_brand?post=6441"},{"taxonomy":"product_cat","embeddable":true,"href":"https:\/\/ilcorpoelospirito.archetipoagency.it\/en\/wp-json\/wp\/v2\/product_cat?post=6441"},{"taxonomy":"product_tag","embeddable":true,"href":"https:\/\/ilcorpoelospirito.archetipoagency.it\/en\/wp-json\/wp\/v2\/product_tag?post=6441"}],"curies":[{"name":"wp","href":"https:\/\/api.w.org\/{rel}","templated":true}]}}