{"id":6473,"date":"2024-02-08T16:42:26","date_gmt":"2024-02-08T15:42:26","guid":{"rendered":"https:\/\/ilcorpoelospirito.archetipoagency.it\/?post_type=product&#038;p=6473"},"modified":"2024-02-08T16:54:42","modified_gmt":"2024-02-08T15:54:42","slug":"amarone-della-valpolicella-docg-2020-fulminato-astucciato","status":"publish","type":"product","link":"https:\/\/ilcorpoelospirito.archetipoagency.it\/en\/product\/amarone-della-valpolicella-docg-2020-fulminato-astucciato\/","title":{"rendered":"Amarone Della Valpolicella DOCG 2020 Fulminato (Astucciato)"},"content":{"rendered":"<div class=\"short-description\">\n<div class=\"toggle-block\">\n<h4>Amarone Della Valpolicella DOCG 2020 Fulminato (Astucciato)<\/h4>\n<h2>\u00c8 LUI!<\/h2>\n<p>Coordinare i filari di viti che sovrastano le colline intorno alla meravigliosa citt\u00e0 di Verona non \u00e8 semplice: la produzione annua \u00e8 elevatissima e coniugare numeri importanti con la qualit\u00e0 \u00e8 un lavoro da professionisti.\u00a0<strong>Fulminato<\/strong>\u00a0nasce per una clientela a tutto tondo e, per questo, cura sia la qualit\u00e0 che l\u2019immagine, privilegiando un\u2019etichetta di alto impatto visivo, una di quelle che quando la guardi pensi \u2018eccolo, \u00e8 lui!\u2019. Quando si stappa, si coglie l\u2019essenza di cosa muova i fili di questa realt\u00e0: la continua ricerca di un vino che rispetti e onori la tradizione veronese, elogiando quello che \u00e8 uno dei vini pi\u00f9 apprezzati e bramati al mondo, da oltre 20 anni, l\u2019<strong>Amarone<\/strong>!<\/p>\n<p>Colore rosso rubino impenetrabile e compatto, al naso si presenta con un impatto fruttato inconfondibile di confettura di amarene e ribes, poi anice, liquirizia e fiori secchi, cioccolatino al liquore e sbuffi balsamici mentolati. Ingresso gustativo generoso ed elegante, caldo e strutturato, impreziosito da una fitta ed armoniosa trama tannica, presenta un lungo finale giocato sulle tostature.<\/p>\n<p><span style=\"color: #dd9e1d;font-family: 'PT Sans';font-size: 25px;letter-spacing: 0em\">Abbinamenti<\/span><\/p>\n<div class=\"span10 tab-mobile-container\">\n<div class=\"std\">\n<p>Con un arrosto o uno stracotto di manzo ma anche con polenta e spuntature.<\/p>\n<h4>SCHEDA TECNICA<\/h4>\n<div class=\"spec_produttore\">\n<div class=\"span6\">\n<div class=\"spec_astuccio\"><strong>ASTUCCIO: <\/strong>Con Astuccio<br \/>\n<strong>PRODUTTORE: <\/strong>Cantina Negrar<br \/>\n<strong>NAZIONE: <\/strong>Italy<br \/>\n<strong>CATEGORIA: <\/strong>Vino Rosso<br \/>\n<strong>VITIGNO: <\/strong>Corvina, Corvinone, Rondinella<br \/>\n<strong>DENOMINAZIONE: <\/strong>Amarone Della Valpolicella DOCG<br \/>\n<strong>REGIONE: <\/strong>Veneto<br \/>\n<strong>ZONA DI PRODUZIONE: <\/strong>Negrar (VR)<br \/>\n<strong>ANNATA: <\/strong>2020<br \/>\n<strong>FORMATO: <\/strong>0.75L<\/div>\n<\/div>\n<div class=\"span6\">\n<div class=\"spec_gradazione\"><strong>GRADAZIONE: <\/strong>15,5%<br \/>\n<strong>TEMP. DI SERVIZIO: <\/strong>18\/20\u00b0 \u00b0C<br \/>\n<strong>ABBINAMENTO: <\/strong>Carne, Formaggi, Primi<br \/>\n<strong>ALLERGENI: <\/strong>Solfiti<\/div>\n<\/div>\n<\/div>\n<\/div>\n<\/div>\n<\/div>\n<\/div>","protected":false},"excerpt":{"rendered":"<div class=\"toggle-block\">\n<div class=\"toggle-block\">\n<div class=\"toggle-block\">\n<div class=\"toggle-block\">\n<div class=\"toggle-block\">\n<div class=\"toggle-block\">\n<div class=\"toggle-block\">\n<div class=\"toggle-block\">\n<div class=\"toggle-block\">\n<div class=\"toggle-block\">\n<div class=\"toggle-block\">\n<div class=\"toggle-block\">\n<div class=\"toggle-block\">\n<div class=\"toggle-block\">\n<div class=\"toggle-block\">\n<div class=\"toggle-block\">\n<div class=\"toggle-block\">\n<div class=\"toggle-block\">\n<div class=\"toggle-block\">\n<div class=\"toggle-block\">\n<div class=\"toggle-block\">\n<div class=\"toggle-block\">\n<div class=\"toggle-block\">\n<div class=\"toggle-block\">\n<div class=\"toggle-block\">\n<div class=\"toggle-block\">\n<div class=\"toggle-block\">\n<div class=\"toggle-block\">\n<div class=\"toggle-block\">\n<div class=\"toggle-block\">\n<div class=\"toggle-block\">\n<div class=\"toggle-block\">\n<div class=\"toggle-block\">\n<div class=\"toggle-block\">\n<div class=\"toggle-block\">\n<div class=\"toggle-block\">\n<div class=\"toggle-block\">\n<div class=\"toggle-block\">\n<h4>Amarone Della Valpolicella DOCG 2020 Fulminato (Astucciato)<\/h4>\n<p>Colore rosso rubino impenetrabile e compatto, al naso si presenta con un impatto fruttato inconfondibile di confettura di amarene e ribes, poi anice, liquirizia e fiori secchi, cioccolatino al liquore e sbuffi balsamici mentolati. Ingresso gustativo generoso ed elegante, caldo e strutturato, impreziosito da una fitta ed armoniosa trama tannica, presenta un lungo finale giocato sulle tostature.<\/p>\n<p><span style=\"color: #dd9e1d;font-family: 'PT Sans';font-size: 25px;letter-spacing: 0em\">Abbinamenti<\/span><\/p>\n<div class=\"span10 tab-mobile-container\">\n<div class=\"std\">\n<p>Con un arrosto o uno stracotto di manzo ma anche con polenta e spuntature.<\/p>\n<\/div>\n<\/div>\n<\/div>\n<div class=\"toggle-block\">\n<p><strong>CONTIENE SOLFITI\u00a0<\/strong><\/p>\n<\/div>\n<\/div>\n<\/div>\n<\/div>\n<\/div>\n<\/div>\n<\/div>\n<\/div>\n<\/div>\n<\/div>\n<\/div>\n<\/div>\n<\/div>\n<\/div>\n<\/div>\n<\/div>\n<\/div>\n<\/div>\n<\/div>\n<\/div>\n<\/div>\n<\/div>\n<\/div>\n<\/div>\n<\/div>\n<\/div>\n<\/div>\n<\/div>\n<\/div>\n<\/div>\n<\/div>\n<\/div>\n<\/div>\n<\/div>\n<\/div>\n<\/div>\n<\/div>\n<\/div>","protected":false},"featured_media":6470,"comment_status":"open","ping_status":"closed","template":"","meta":[],"product_brand":[],"product_cat":[119],"product_tag":[],"class_list":["post-6473","product","type-product","status-publish","has-post-thumbnail","product_cat-rosso","pa_produttore-cantina-negrar","first","outofstock","shipping-taxable","purchasable","product-type-simple"],"yoast_head":"<!-- This site is optimized with the Yoast SEO plugin v27.6 - https:\/\/yoast.com\/product\/yoast-seo-wordpress\/ -->\n<title>Amarone Della Valpolicella DOCG 2020 Fulminato (Astucciato) | Il corpo e lo spirito<\/title>\n<meta name=\"robots\" content=\"index, follow, max-snippet:-1, max-image-preview:large, max-video-preview:-1\" \/>\n<link rel=\"canonical\" href=\"https:\/\/ilcorpoelospirito.archetipoagency.it\/en\/prodotto\/amarone-della-valpolicella-docg-2020-fulminato-astucciato\/\" \/>\n<meta property=\"og:locale\" content=\"en_US\" \/>\n<meta property=\"og:type\" content=\"article\" \/>\n<meta property=\"og:title\" content=\"Amarone Della Valpolicella DOCG 2020 Fulminato (Astucciato) | Il corpo e lo spirito\" \/>\n<meta property=\"og:description\" content=\"Amarone Della Valpolicella DOCG 2020 Fulminato (Astucciato) Colore rosso rubino impenetrabile e compatto, al naso si presenta con un impatto fruttato inconfondibile di confettura di amarene e ribes, poi anice, liquirizia e fiori secchi, cioccolatino al liquore e sbuffi balsamici mentolati. Ingresso gustativo generoso ed elegante, caldo e strutturato, impreziosito da una fitta ed armoniosa trama tannica, presenta un lungo finale giocato sulle tostature.  Abbinamenti    Con un arrosto o uno stracotto di manzo ma anche con polenta e spuntature.       CONTIENE SOLFITI\u00a0\" \/>\n<meta property=\"og:url\" content=\"https:\/\/ilcorpoelospirito.archetipoagency.it\/en\/prodotto\/amarone-della-valpolicella-docg-2020-fulminato-astucciato\/\" \/>\n<meta property=\"og:site_name\" content=\"Il corpo e lo spirito\" \/>\n<meta property=\"article:modified_time\" content=\"2024-02-08T15:54:42+00:00\" \/>\n<meta property=\"og:image\" content=\"https:\/\/ilcorpoelospirito.archetipoagency.it\/wp-content\/uploads\/2024\/02\/20240127_093841-1.jpg\" \/>\n\t<meta property=\"og:image:width\" content=\"1320\" \/>\n\t<meta property=\"og:image:height\" content=\"1320\" \/>\n\t<meta property=\"og:image:type\" content=\"image\/jpeg\" \/>\n<meta name=\"twitter:card\" content=\"summary_large_image\" \/>\n<meta name=\"twitter:label1\" content=\"Est. reading time\" \/>\n\t<meta name=\"twitter:data1\" content=\"2 minutes\" \/>\n<script type=\"application\/ld+json\" class=\"yoast-schema-graph\">{\"@context\":\"https:\\\/\\\/schema.org\",\"@graph\":[{\"@type\":\"WebPage\",\"@id\":\"https:\\\/\\\/ilcorpoelospirito.archetipoagency.it\\\/en\\\/prodotto\\\/amarone-della-valpolicella-docg-2020-fulminato-astucciato\\\/\",\"url\":\"https:\\\/\\\/ilcorpoelospirito.archetipoagency.it\\\/en\\\/prodotto\\\/amarone-della-valpolicella-docg-2020-fulminato-astucciato\\\/\",\"name\":\"Amarone Della Valpolicella DOCG 2020 Fulminato (Astucciato) | Il corpo e lo spirito\",\"isPartOf\":{\"@id\":\"https:\\\/\\\/ilcorpoelospirito.archetipoagency.it\\\/#website\"},\"primaryImageOfPage\":{\"@id\":\"https:\\\/\\\/ilcorpoelospirito.archetipoagency.it\\\/en\\\/prodotto\\\/amarone-della-valpolicella-docg-2020-fulminato-astucciato\\\/#primaryimage\"},\"image\":{\"@id\":\"https:\\\/\\\/ilcorpoelospirito.archetipoagency.it\\\/en\\\/prodotto\\\/amarone-della-valpolicella-docg-2020-fulminato-astucciato\\\/#primaryimage\"},\"thumbnailUrl\":\"https:\\\/\\\/ilcorpoelospirito.archetipoagency.it\\\/wp-content\\\/uploads\\\/2024\\\/02\\\/20240127_093841-1.jpg\",\"datePublished\":\"2024-02-08T15:42:26+00:00\",\"dateModified\":\"2024-02-08T15:54:42+00:00\",\"breadcrumb\":{\"@id\":\"https:\\\/\\\/ilcorpoelospirito.archetipoagency.it\\\/en\\\/prodotto\\\/amarone-della-valpolicella-docg-2020-fulminato-astucciato\\\/#breadcrumb\"},\"inLanguage\":\"en-US\",\"potentialAction\":[{\"@type\":\"ReadAction\",\"target\":[\"https:\\\/\\\/ilcorpoelospirito.archetipoagency.it\\\/en\\\/prodotto\\\/amarone-della-valpolicella-docg-2020-fulminato-astucciato\\\/\"]}]},{\"@type\":\"ImageObject\",\"inLanguage\":\"en-US\",\"@id\":\"https:\\\/\\\/ilcorpoelospirito.archetipoagency.it\\\/en\\\/prodotto\\\/amarone-della-valpolicella-docg-2020-fulminato-astucciato\\\/#primaryimage\",\"url\":\"https:\\\/\\\/ilcorpoelospirito.archetipoagency.it\\\/wp-content\\\/uploads\\\/2024\\\/02\\\/20240127_093841-1.jpg\",\"contentUrl\":\"https:\\\/\\\/ilcorpoelospirito.archetipoagency.it\\\/wp-content\\\/uploads\\\/2024\\\/02\\\/20240127_093841-1.jpg\",\"width\":1320,\"height\":1320},{\"@type\":\"BreadcrumbList\",\"@id\":\"https:\\\/\\\/ilcorpoelospirito.archetipoagency.it\\\/en\\\/prodotto\\\/amarone-della-valpolicella-docg-2020-fulminato-astucciato\\\/#breadcrumb\",\"itemListElement\":[{\"@type\":\"ListItem\",\"position\":1,\"name\":\"Home\",\"item\":\"https:\\\/\\\/ilcorpoelospirito.archetipoagency.it\\\/\"},{\"@type\":\"ListItem\",\"position\":2,\"name\":\"Shop\",\"item\":\"https:\\\/\\\/ilcorpoelospirito.archetipoagency.it\\\/shop\\\/\"},{\"@type\":\"ListItem\",\"position\":3,\"name\":\"Amarone Della Valpolicella DOCG 2020 Fulminato (Astucciato)\"}]},{\"@type\":\"WebSite\",\"@id\":\"https:\\\/\\\/ilcorpoelospirito.archetipoagency.it\\\/#website\",\"url\":\"https:\\\/\\\/ilcorpoelospirito.archetipoagency.it\\\/\",\"name\":\"Il Corpo e lo Spirito\",\"description\":\"\",\"publisher\":{\"@id\":\"https:\\\/\\\/ilcorpoelospirito.archetipoagency.it\\\/#organization\"},\"alternateName\":\"Prelibatezze Monastiche e regionali\",\"potentialAction\":[{\"@type\":\"SearchAction\",\"target\":{\"@type\":\"EntryPoint\",\"urlTemplate\":\"https:\\\/\\\/ilcorpoelospirito.archetipoagency.it\\\/?s={search_term_string}\"},\"query-input\":{\"@type\":\"PropertyValueSpecification\",\"valueRequired\":true,\"valueName\":\"search_term_string\"}}],\"inLanguage\":\"en-US\"},{\"@type\":\"Organization\",\"@id\":\"https:\\\/\\\/ilcorpoelospirito.archetipoagency.it\\\/#organization\",\"name\":\"Il Corpo e lo Spirito\",\"alternateName\":\"Prelibatezze Monastiche e regionali\",\"url\":\"https:\\\/\\\/ilcorpoelospirito.archetipoagency.it\\\/\",\"logo\":{\"@type\":\"ImageObject\",\"inLanguage\":\"en-US\",\"@id\":\"https:\\\/\\\/ilcorpoelospirito.archetipoagency.it\\\/#\\\/schema\\\/logo\\\/image\\\/\",\"url\":\"https:\\\/\\\/ilcorpoelospirito.archetipoagency.it\\\/wp-content\\\/uploads\\\/2022\\\/10\\\/logo-marrone.png\",\"contentUrl\":\"https:\\\/\\\/ilcorpoelospirito.archetipoagency.it\\\/wp-content\\\/uploads\\\/2022\\\/10\\\/logo-marrone.png\",\"width\":2192,\"height\":568,\"caption\":\"Il Corpo e lo Spirito\"},\"image\":{\"@id\":\"https:\\\/\\\/ilcorpoelospirito.archetipoagency.it\\\/#\\\/schema\\\/logo\\\/image\\\/\"}}]}<\/script>\n<!-- \/ Yoast SEO plugin. -->","yoast_head_json":{"title":"Amarone Della Valpolicella DOCG 2020 Fulminato (Astucciato) | Il corpo e lo spirito","robots":{"index":"index","follow":"follow","max-snippet":"max-snippet:-1","max-image-preview":"max-image-preview:large","max-video-preview":"max-video-preview:-1"},"canonical":"https:\/\/ilcorpoelospirito.archetipoagency.it\/en\/prodotto\/amarone-della-valpolicella-docg-2020-fulminato-astucciato\/","og_locale":"en_US","og_type":"article","og_title":"Amarone Della Valpolicella DOCG 2020 Fulminato (Astucciato) | Il corpo e lo spirito","og_description":"Amarone Della Valpolicella DOCG 2020 Fulminato (Astucciato) Colore rosso rubino impenetrabile e compatto, al naso si presenta con un impatto fruttato inconfondibile di confettura di amarene e ribes, poi anice, liquirizia e fiori secchi, cioccolatino al liquore e sbuffi balsamici mentolati. Ingresso gustativo generoso ed elegante, caldo e strutturato, impreziosito da una fitta ed armoniosa trama tannica, presenta un lungo finale giocato sulle tostature.  Abbinamenti    Con un arrosto o uno stracotto di manzo ma anche con polenta e spuntature.       CONTIENE SOLFITI\u00a0","og_url":"https:\/\/ilcorpoelospirito.archetipoagency.it\/en\/prodotto\/amarone-della-valpolicella-docg-2020-fulminato-astucciato\/","og_site_name":"Il corpo e lo spirito","article_modified_time":"2024-02-08T15:54:42+00:00","og_image":[{"width":1320,"height":1320,"url":"https:\/\/ilcorpoelospirito.archetipoagency.it\/wp-content\/uploads\/2024\/02\/20240127_093841-1.jpg","type":"image\/jpeg"}],"twitter_card":"summary_large_image","twitter_misc":{"Est. reading time":"2 minutes"},"schema":{"@context":"https:\/\/schema.org","@graph":[{"@type":"WebPage","@id":"https:\/\/ilcorpoelospirito.archetipoagency.it\/en\/prodotto\/amarone-della-valpolicella-docg-2020-fulminato-astucciato\/","url":"https:\/\/ilcorpoelospirito.archetipoagency.it\/en\/prodotto\/amarone-della-valpolicella-docg-2020-fulminato-astucciato\/","name":"Amarone Della Valpolicella DOCG 2020 Fulminato (Astucciato) | Il corpo e lo spirito","isPartOf":{"@id":"https:\/\/ilcorpoelospirito.archetipoagency.it\/#website"},"primaryImageOfPage":{"@id":"https:\/\/ilcorpoelospirito.archetipoagency.it\/en\/prodotto\/amarone-della-valpolicella-docg-2020-fulminato-astucciato\/#primaryimage"},"image":{"@id":"https:\/\/ilcorpoelospirito.archetipoagency.it\/en\/prodotto\/amarone-della-valpolicella-docg-2020-fulminato-astucciato\/#primaryimage"},"thumbnailUrl":"https:\/\/ilcorpoelospirito.archetipoagency.it\/wp-content\/uploads\/2024\/02\/20240127_093841-1.jpg","datePublished":"2024-02-08T15:42:26+00:00","dateModified":"2024-02-08T15:54:42+00:00","breadcrumb":{"@id":"https:\/\/ilcorpoelospirito.archetipoagency.it\/en\/prodotto\/amarone-della-valpolicella-docg-2020-fulminato-astucciato\/#breadcrumb"},"inLanguage":"en-US","potentialAction":[{"@type":"ReadAction","target":["https:\/\/ilcorpoelospirito.archetipoagency.it\/en\/prodotto\/amarone-della-valpolicella-docg-2020-fulminato-astucciato\/"]}]},{"@type":"ImageObject","inLanguage":"en-US","@id":"https:\/\/ilcorpoelospirito.archetipoagency.it\/en\/prodotto\/amarone-della-valpolicella-docg-2020-fulminato-astucciato\/#primaryimage","url":"https:\/\/ilcorpoelospirito.archetipoagency.it\/wp-content\/uploads\/2024\/02\/20240127_093841-1.jpg","contentUrl":"https:\/\/ilcorpoelospirito.archetipoagency.it\/wp-content\/uploads\/2024\/02\/20240127_093841-1.jpg","width":1320,"height":1320},{"@type":"BreadcrumbList","@id":"https:\/\/ilcorpoelospirito.archetipoagency.it\/en\/prodotto\/amarone-della-valpolicella-docg-2020-fulminato-astucciato\/#breadcrumb","itemListElement":[{"@type":"ListItem","position":1,"name":"Home","item":"https:\/\/ilcorpoelospirito.archetipoagency.it\/"},{"@type":"ListItem","position":2,"name":"Shop","item":"https:\/\/ilcorpoelospirito.archetipoagency.it\/shop\/"},{"@type":"ListItem","position":3,"name":"Amarone Della Valpolicella DOCG 2020 Fulminato (Astucciato)"}]},{"@type":"WebSite","@id":"https:\/\/ilcorpoelospirito.archetipoagency.it\/#website","url":"https:\/\/ilcorpoelospirito.archetipoagency.it\/","name":"Il corpo e lo spirito","description":"","publisher":{"@id":"https:\/\/ilcorpoelospirito.archetipoagency.it\/#organization"},"alternateName":"Prelibatezze Monastiche e regionali","potentialAction":[{"@type":"SearchAction","target":{"@type":"EntryPoint","urlTemplate":"https:\/\/ilcorpoelospirito.archetipoagency.it\/?s={search_term_string}"},"query-input":{"@type":"PropertyValueSpecification","valueRequired":true,"valueName":"search_term_string"}}],"inLanguage":"en-US"},{"@type":"Organization","@id":"https:\/\/ilcorpoelospirito.archetipoagency.it\/#organization","name":"Il corpo e lo spirito","alternateName":"Prelibatezze Monastiche e regionali","url":"https:\/\/ilcorpoelospirito.archetipoagency.it\/","logo":{"@type":"ImageObject","inLanguage":"en-US","@id":"https:\/\/ilcorpoelospirito.archetipoagency.it\/#\/schema\/logo\/image\/","url":"https:\/\/ilcorpoelospirito.archetipoagency.it\/wp-content\/uploads\/2022\/10\/logo-marrone.png","contentUrl":"https:\/\/ilcorpoelospirito.archetipoagency.it\/wp-content\/uploads\/2022\/10\/logo-marrone.png","width":2192,"height":568,"caption":"Il Corpo e lo Spirito"},"image":{"@id":"https:\/\/ilcorpoelospirito.archetipoagency.it\/#\/schema\/logo\/image\/"}}]}},"_links":{"self":[{"href":"https:\/\/ilcorpoelospirito.archetipoagency.it\/en\/wp-json\/wp\/v2\/product\/6473","targetHints":{"allow":["GET"]}}],"collection":[{"href":"https:\/\/ilcorpoelospirito.archetipoagency.it\/en\/wp-json\/wp\/v2\/product"}],"about":[{"href":"https:\/\/ilcorpoelospirito.archetipoagency.it\/en\/wp-json\/wp\/v2\/types\/product"}],"replies":[{"embeddable":true,"href":"https:\/\/ilcorpoelospirito.archetipoagency.it\/en\/wp-json\/wp\/v2\/comments?post=6473"}],"wp:featuredmedia":[{"embeddable":true,"href":"https:\/\/ilcorpoelospirito.archetipoagency.it\/en\/wp-json\/wp\/v2\/media\/6470"}],"wp:attachment":[{"href":"https:\/\/ilcorpoelospirito.archetipoagency.it\/en\/wp-json\/wp\/v2\/media?parent=6473"}],"wp:term":[{"taxonomy":"product_brand","embeddable":true,"href":"https:\/\/ilcorpoelospirito.archetipoagency.it\/en\/wp-json\/wp\/v2\/product_brand?post=6473"},{"taxonomy":"product_cat","embeddable":true,"href":"https:\/\/ilcorpoelospirito.archetipoagency.it\/en\/wp-json\/wp\/v2\/product_cat?post=6473"},{"taxonomy":"product_tag","embeddable":true,"href":"https:\/\/ilcorpoelospirito.archetipoagency.it\/en\/wp-json\/wp\/v2\/product_tag?post=6473"}],"curies":[{"name":"wp","href":"https:\/\/api.w.org\/{rel}","templated":true}]}}