{"id":6786,"date":"2024-10-29T10:28:01","date_gmt":"2024-10-29T09:28:01","guid":{"rendered":"https:\/\/ilcorpoelospirito.archetipoagency.it\/?post_type=product&#038;p=6786"},"modified":"2025-10-28T19:14:43","modified_gmt":"2025-10-28T18:14:43","slug":"lolivetta-in-vetro-soffiato-con-olio-evo-ed-aceto-balsamico-di-modena","status":"publish","type":"product","link":"https:\/\/ilcorpoelospirito.archetipoagency.it\/en\/product\/lolivetta-in-vetro-soffiato-con-olio-evo-ed-aceto-balsamico-di-modena\/","title":{"rendered":"L\u2019Olivetta in vetro soffiato con Olio EVO ed Aceto Balsamico di Modena"},"content":{"rendered":"<h4>Da piu di 190 anni<\/h4>\n<p>Nella mitologia, l\u2019albero dell\u2019olivo era sempre un simbolo di forza, pace e vitalit\u00e0 e carit\u00e0. In Egitto, nei riti dei greci, dagli etruschi e anche nel vecchio imperio romano e anche nelle liturgie troviamo sempre l\u2019albero dell\u2019 olivo. L\u2019 oliva taggiasca \u00e8 stata introdotta nel 1600 dai frati benedetti in Liguria. Questa piccola, cos\u00ec dolce e aromatizzata oliva \u00e8 piu da 190 anni il lustro della famiglia Mela. Pressata a freddo con l\u2019aiuto del gumbo (una pietra del nostro territorio) e la forza dell\u2019 uomo, o dell\u2019 animale, ha permesso di ottenere un prodotto come l\u2019 olio exra vergine di grande qualit\u00e0. La raccolta nei tempi moderni si \u00e8 velocizzata e con l\u2019avvento delle nuove tecniche tutto \u00e8 reso pi\u00f9 facile e igienico; il frutto \u00e8 pi\u00f9 ricco di vitamine e di antiossidanti e il controllo inizia dall\u2019 albero e si completa con il prodotto imbottigliato. Da pi\u00f9 di 30 anni la famiglia Mela \u00e8 una garanzia di qualit\u00e0.<\/p>\n<h4>L\u2019Olivetta in vetro soffiato con Olio EVO ed Aceto Balsamico di Modena<\/h4>\n<p>Raffinata oliera composta a sua volta da due oliere che si inseriscono una dentro l\u2019altra. La prima racchiude uno splendido olio Extra Vergine di Oliva Taggiasca di altissima qualit\u00e0, la seconda il famoso Aceto Balsamico di Modena IGP. Splendida da possedere, bellissima da regalare o per delle raffinatissime Bomboniere<\/p>\n<h4>Prodotto<\/h4>\n<p>Frantoio S.Agata d\u2019Oneglia di Mela C. &amp; C. sas \u2013 Via Sant\u2019Agata Angolo Strada dei Francesi 48 IMPERIA (IM) \/ Italy<\/p>","protected":false},"excerpt":{"rendered":"<h4>L\u2019Olivetta in vetro soffiato con Olio EVO ed Aceto Balsamico di Modena<\/h4>\n<p>Raffinata oliera composta a sua volta da due oliere che si inseriscono una dentro l\u2019altra. La prima racchiude uno splendido olio Extra Vergine di Oliva Taggiasca di altissima qualit\u00e0, la seconda il famoso Aceto Balsamico di Modena IGP. Splendida da possedere, bellissima da regalare o per delle raffinatissime Bomboniere<\/p>","protected":false},"featured_media":6787,"comment_status":"open","ping_status":"closed","template":"","meta":[],"product_brand":[],"product_cat":[274,47,46],"product_tag":[],"class_list":["post-6786","product","type-product","status-publish","has-post-thumbnail","product_cat-prodotti-deccellenza","product_cat-aceto-balsamico","product_cat-olio","pa_produttore-frantoio-di-santagata-di-oneglia","first","outofstock","shipping-taxable","purchasable","product-type-simple"],"yoast_head":"<!-- This site is optimized with the Yoast SEO plugin v27.6 - https:\/\/yoast.com\/product\/yoast-seo-wordpress\/ -->\n<title>L&#039;Olivetta in vetro soffiato con Olio EVO ed Aceto Balsamico di Modena | Il corpo e lo spirito<\/title>\n<meta name=\"robots\" content=\"index, follow, max-snippet:-1, max-image-preview:large, max-video-preview:-1\" \/>\n<link rel=\"canonical\" href=\"https:\/\/ilcorpoelospirito.archetipoagency.it\/en\/prodotto\/lolivetta-in-vetro-soffiato-con-olio-evo-ed-aceto-balsamico-di-modena\/\" \/>\n<meta property=\"og:locale\" content=\"en_US\" \/>\n<meta property=\"og:type\" content=\"article\" \/>\n<meta property=\"og:title\" content=\"L&#039;Olivetta in vetro soffiato con Olio EVO ed Aceto Balsamico di Modena | Il corpo e lo spirito\" \/>\n<meta property=\"og:description\" content=\"L&#039;Olivetta in vetro soffiato con Olio EVO ed Aceto Balsamico di Modena Raffinata oliera composta a sua volta da due oliere che si inseriscono una dentro l&#039;altra. La prima racchiude uno splendido olio Extra Vergine di Oliva Taggiasca di altissima qualit\u00e0, la seconda il famoso Aceto Balsamico di Modena IGP. Splendida da possedere, bellissima da regalare o per delle raffinatissime Bomboniere\" \/>\n<meta property=\"og:url\" content=\"https:\/\/ilcorpoelospirito.archetipoagency.it\/en\/prodotto\/lolivetta-in-vetro-soffiato-con-olio-evo-ed-aceto-balsamico-di-modena\/\" \/>\n<meta property=\"og:site_name\" content=\"Il corpo e lo spirito\" \/>\n<meta property=\"article:modified_time\" content=\"2025-10-28T18:14:43+00:00\" \/>\n<meta property=\"og:image\" content=\"https:\/\/ilcorpoelospirito.archetipoagency.it\/wp-content\/uploads\/2024\/10\/20241023_120945-1-rotated.jpg\" \/>\n\t<meta property=\"og:image:width\" content=\"2160\" \/>\n\t<meta property=\"og:image:height\" content=\"2160\" \/>\n\t<meta property=\"og:image:type\" content=\"image\/jpeg\" \/>\n<meta name=\"twitter:card\" content=\"summary_large_image\" \/>\n<meta name=\"twitter:label1\" content=\"Est. reading time\" \/>\n\t<meta name=\"twitter:data1\" content=\"2 minutes\" \/>\n<script type=\"application\/ld+json\" class=\"yoast-schema-graph\">{\"@context\":\"https:\\\/\\\/schema.org\",\"@graph\":[{\"@type\":\"WebPage\",\"@id\":\"https:\\\/\\\/ilcorpoelospirito.archetipoagency.it\\\/en\\\/prodotto\\\/lolivetta-in-vetro-soffiato-con-olio-evo-ed-aceto-balsamico-di-modena\\\/\",\"url\":\"https:\\\/\\\/ilcorpoelospirito.archetipoagency.it\\\/en\\\/prodotto\\\/lolivetta-in-vetro-soffiato-con-olio-evo-ed-aceto-balsamico-di-modena\\\/\",\"name\":\"L'Olivetta in vetro soffiato con Olio EVO ed Aceto Balsamico di Modena | Il corpo e lo spirito\",\"isPartOf\":{\"@id\":\"https:\\\/\\\/ilcorpoelospirito.archetipoagency.it\\\/#website\"},\"primaryImageOfPage\":{\"@id\":\"https:\\\/\\\/ilcorpoelospirito.archetipoagency.it\\\/en\\\/prodotto\\\/lolivetta-in-vetro-soffiato-con-olio-evo-ed-aceto-balsamico-di-modena\\\/#primaryimage\"},\"image\":{\"@id\":\"https:\\\/\\\/ilcorpoelospirito.archetipoagency.it\\\/en\\\/prodotto\\\/lolivetta-in-vetro-soffiato-con-olio-evo-ed-aceto-balsamico-di-modena\\\/#primaryimage\"},\"thumbnailUrl\":\"https:\\\/\\\/ilcorpoelospirito.archetipoagency.it\\\/wp-content\\\/uploads\\\/2024\\\/10\\\/20241023_120945-1-rotated.jpg\",\"datePublished\":\"2024-10-29T09:28:01+00:00\",\"dateModified\":\"2025-10-28T18:14:43+00:00\",\"breadcrumb\":{\"@id\":\"https:\\\/\\\/ilcorpoelospirito.archetipoagency.it\\\/en\\\/prodotto\\\/lolivetta-in-vetro-soffiato-con-olio-evo-ed-aceto-balsamico-di-modena\\\/#breadcrumb\"},\"inLanguage\":\"en-US\",\"potentialAction\":[{\"@type\":\"ReadAction\",\"target\":[\"https:\\\/\\\/ilcorpoelospirito.archetipoagency.it\\\/en\\\/prodotto\\\/lolivetta-in-vetro-soffiato-con-olio-evo-ed-aceto-balsamico-di-modena\\\/\"]}]},{\"@type\":\"ImageObject\",\"inLanguage\":\"en-US\",\"@id\":\"https:\\\/\\\/ilcorpoelospirito.archetipoagency.it\\\/en\\\/prodotto\\\/lolivetta-in-vetro-soffiato-con-olio-evo-ed-aceto-balsamico-di-modena\\\/#primaryimage\",\"url\":\"https:\\\/\\\/ilcorpoelospirito.archetipoagency.it\\\/wp-content\\\/uploads\\\/2024\\\/10\\\/20241023_120945-1-rotated.jpg\",\"contentUrl\":\"https:\\\/\\\/ilcorpoelospirito.archetipoagency.it\\\/wp-content\\\/uploads\\\/2024\\\/10\\\/20241023_120945-1-rotated.jpg\",\"width\":2160,\"height\":2160},{\"@type\":\"BreadcrumbList\",\"@id\":\"https:\\\/\\\/ilcorpoelospirito.archetipoagency.it\\\/en\\\/prodotto\\\/lolivetta-in-vetro-soffiato-con-olio-evo-ed-aceto-balsamico-di-modena\\\/#breadcrumb\",\"itemListElement\":[{\"@type\":\"ListItem\",\"position\":1,\"name\":\"Home\",\"item\":\"https:\\\/\\\/ilcorpoelospirito.archetipoagency.it\\\/\"},{\"@type\":\"ListItem\",\"position\":2,\"name\":\"Shop\",\"item\":\"https:\\\/\\\/ilcorpoelospirito.archetipoagency.it\\\/shop\\\/\"},{\"@type\":\"ListItem\",\"position\":3,\"name\":\"L’Olivetta in vetro soffiato con Olio EVO ed Aceto Balsamico di Modena\"}]},{\"@type\":\"WebSite\",\"@id\":\"https:\\\/\\\/ilcorpoelospirito.archetipoagency.it\\\/#website\",\"url\":\"https:\\\/\\\/ilcorpoelospirito.archetipoagency.it\\\/\",\"name\":\"Il Corpo e lo Spirito\",\"description\":\"\",\"publisher\":{\"@id\":\"https:\\\/\\\/ilcorpoelospirito.archetipoagency.it\\\/#organization\"},\"alternateName\":\"Prelibatezze Monastiche e regionali\",\"potentialAction\":[{\"@type\":\"SearchAction\",\"target\":{\"@type\":\"EntryPoint\",\"urlTemplate\":\"https:\\\/\\\/ilcorpoelospirito.archetipoagency.it\\\/?s={search_term_string}\"},\"query-input\":{\"@type\":\"PropertyValueSpecification\",\"valueRequired\":true,\"valueName\":\"search_term_string\"}}],\"inLanguage\":\"en-US\"},{\"@type\":\"Organization\",\"@id\":\"https:\\\/\\\/ilcorpoelospirito.archetipoagency.it\\\/#organization\",\"name\":\"Il Corpo e lo Spirito\",\"alternateName\":\"Prelibatezze Monastiche e regionali\",\"url\":\"https:\\\/\\\/ilcorpoelospirito.archetipoagency.it\\\/\",\"logo\":{\"@type\":\"ImageObject\",\"inLanguage\":\"en-US\",\"@id\":\"https:\\\/\\\/ilcorpoelospirito.archetipoagency.it\\\/#\\\/schema\\\/logo\\\/image\\\/\",\"url\":\"https:\\\/\\\/ilcorpoelospirito.archetipoagency.it\\\/wp-content\\\/uploads\\\/2022\\\/10\\\/logo-marrone.png\",\"contentUrl\":\"https:\\\/\\\/ilcorpoelospirito.archetipoagency.it\\\/wp-content\\\/uploads\\\/2022\\\/10\\\/logo-marrone.png\",\"width\":2192,\"height\":568,\"caption\":\"Il Corpo e lo Spirito\"},\"image\":{\"@id\":\"https:\\\/\\\/ilcorpoelospirito.archetipoagency.it\\\/#\\\/schema\\\/logo\\\/image\\\/\"}}]}<\/script>\n<!-- \/ Yoast SEO plugin. -->","yoast_head_json":{"title":"L'Olivetta in vetro soffiato con Olio EVO ed Aceto Balsamico di Modena | Il corpo e lo spirito","robots":{"index":"index","follow":"follow","max-snippet":"max-snippet:-1","max-image-preview":"max-image-preview:large","max-video-preview":"max-video-preview:-1"},"canonical":"https:\/\/ilcorpoelospirito.archetipoagency.it\/en\/prodotto\/lolivetta-in-vetro-soffiato-con-olio-evo-ed-aceto-balsamico-di-modena\/","og_locale":"en_US","og_type":"article","og_title":"L'Olivetta in vetro soffiato con Olio EVO ed Aceto Balsamico di Modena | Il corpo e lo spirito","og_description":"L'Olivetta in vetro soffiato con Olio EVO ed Aceto Balsamico di Modena Raffinata oliera composta a sua volta da due oliere che si inseriscono una dentro l'altra. La prima racchiude uno splendido olio Extra Vergine di Oliva Taggiasca di altissima qualit\u00e0, la seconda il famoso Aceto Balsamico di Modena IGP. Splendida da possedere, bellissima da regalare o per delle raffinatissime Bomboniere","og_url":"https:\/\/ilcorpoelospirito.archetipoagency.it\/en\/prodotto\/lolivetta-in-vetro-soffiato-con-olio-evo-ed-aceto-balsamico-di-modena\/","og_site_name":"Il corpo e lo spirito","article_modified_time":"2025-10-28T18:14:43+00:00","og_image":[{"width":2160,"height":2160,"url":"https:\/\/ilcorpoelospirito.archetipoagency.it\/wp-content\/uploads\/2024\/10\/20241023_120945-1-rotated.jpg","type":"image\/jpeg"}],"twitter_card":"summary_large_image","twitter_misc":{"Est. reading time":"2 minutes"},"schema":{"@context":"https:\/\/schema.org","@graph":[{"@type":"WebPage","@id":"https:\/\/ilcorpoelospirito.archetipoagency.it\/en\/prodotto\/lolivetta-in-vetro-soffiato-con-olio-evo-ed-aceto-balsamico-di-modena\/","url":"https:\/\/ilcorpoelospirito.archetipoagency.it\/en\/prodotto\/lolivetta-in-vetro-soffiato-con-olio-evo-ed-aceto-balsamico-di-modena\/","name":"L'Olivetta in vetro soffiato con Olio EVO ed Aceto Balsamico di Modena | Il corpo e lo spirito","isPartOf":{"@id":"https:\/\/ilcorpoelospirito.archetipoagency.it\/#website"},"primaryImageOfPage":{"@id":"https:\/\/ilcorpoelospirito.archetipoagency.it\/en\/prodotto\/lolivetta-in-vetro-soffiato-con-olio-evo-ed-aceto-balsamico-di-modena\/#primaryimage"},"image":{"@id":"https:\/\/ilcorpoelospirito.archetipoagency.it\/en\/prodotto\/lolivetta-in-vetro-soffiato-con-olio-evo-ed-aceto-balsamico-di-modena\/#primaryimage"},"thumbnailUrl":"https:\/\/ilcorpoelospirito.archetipoagency.it\/wp-content\/uploads\/2024\/10\/20241023_120945-1-rotated.jpg","datePublished":"2024-10-29T09:28:01+00:00","dateModified":"2025-10-28T18:14:43+00:00","breadcrumb":{"@id":"https:\/\/ilcorpoelospirito.archetipoagency.it\/en\/prodotto\/lolivetta-in-vetro-soffiato-con-olio-evo-ed-aceto-balsamico-di-modena\/#breadcrumb"},"inLanguage":"en-US","potentialAction":[{"@type":"ReadAction","target":["https:\/\/ilcorpoelospirito.archetipoagency.it\/en\/prodotto\/lolivetta-in-vetro-soffiato-con-olio-evo-ed-aceto-balsamico-di-modena\/"]}]},{"@type":"ImageObject","inLanguage":"en-US","@id":"https:\/\/ilcorpoelospirito.archetipoagency.it\/en\/prodotto\/lolivetta-in-vetro-soffiato-con-olio-evo-ed-aceto-balsamico-di-modena\/#primaryimage","url":"https:\/\/ilcorpoelospirito.archetipoagency.it\/wp-content\/uploads\/2024\/10\/20241023_120945-1-rotated.jpg","contentUrl":"https:\/\/ilcorpoelospirito.archetipoagency.it\/wp-content\/uploads\/2024\/10\/20241023_120945-1-rotated.jpg","width":2160,"height":2160},{"@type":"BreadcrumbList","@id":"https:\/\/ilcorpoelospirito.archetipoagency.it\/en\/prodotto\/lolivetta-in-vetro-soffiato-con-olio-evo-ed-aceto-balsamico-di-modena\/#breadcrumb","itemListElement":[{"@type":"ListItem","position":1,"name":"Home","item":"https:\/\/ilcorpoelospirito.archetipoagency.it\/"},{"@type":"ListItem","position":2,"name":"Shop","item":"https:\/\/ilcorpoelospirito.archetipoagency.it\/shop\/"},{"@type":"ListItem","position":3,"name":"L’Olivetta in vetro soffiato con Olio EVO ed Aceto Balsamico di Modena"}]},{"@type":"WebSite","@id":"https:\/\/ilcorpoelospirito.archetipoagency.it\/#website","url":"https:\/\/ilcorpoelospirito.archetipoagency.it\/","name":"Il corpo e lo spirito","description":"","publisher":{"@id":"https:\/\/ilcorpoelospirito.archetipoagency.it\/#organization"},"alternateName":"Prelibatezze Monastiche e regionali","potentialAction":[{"@type":"SearchAction","target":{"@type":"EntryPoint","urlTemplate":"https:\/\/ilcorpoelospirito.archetipoagency.it\/?s={search_term_string}"},"query-input":{"@type":"PropertyValueSpecification","valueRequired":true,"valueName":"search_term_string"}}],"inLanguage":"en-US"},{"@type":"Organization","@id":"https:\/\/ilcorpoelospirito.archetipoagency.it\/#organization","name":"Il corpo e lo spirito","alternateName":"Prelibatezze Monastiche e regionali","url":"https:\/\/ilcorpoelospirito.archetipoagency.it\/","logo":{"@type":"ImageObject","inLanguage":"en-US","@id":"https:\/\/ilcorpoelospirito.archetipoagency.it\/#\/schema\/logo\/image\/","url":"https:\/\/ilcorpoelospirito.archetipoagency.it\/wp-content\/uploads\/2022\/10\/logo-marrone.png","contentUrl":"https:\/\/ilcorpoelospirito.archetipoagency.it\/wp-content\/uploads\/2022\/10\/logo-marrone.png","width":2192,"height":568,"caption":"Il Corpo e lo Spirito"},"image":{"@id":"https:\/\/ilcorpoelospirito.archetipoagency.it\/#\/schema\/logo\/image\/"}}]}},"_links":{"self":[{"href":"https:\/\/ilcorpoelospirito.archetipoagency.it\/en\/wp-json\/wp\/v2\/product\/6786","targetHints":{"allow":["GET"]}}],"collection":[{"href":"https:\/\/ilcorpoelospirito.archetipoagency.it\/en\/wp-json\/wp\/v2\/product"}],"about":[{"href":"https:\/\/ilcorpoelospirito.archetipoagency.it\/en\/wp-json\/wp\/v2\/types\/product"}],"replies":[{"embeddable":true,"href":"https:\/\/ilcorpoelospirito.archetipoagency.it\/en\/wp-json\/wp\/v2\/comments?post=6786"}],"wp:featuredmedia":[{"embeddable":true,"href":"https:\/\/ilcorpoelospirito.archetipoagency.it\/en\/wp-json\/wp\/v2\/media\/6787"}],"wp:attachment":[{"href":"https:\/\/ilcorpoelospirito.archetipoagency.it\/en\/wp-json\/wp\/v2\/media?parent=6786"}],"wp:term":[{"taxonomy":"product_brand","embeddable":true,"href":"https:\/\/ilcorpoelospirito.archetipoagency.it\/en\/wp-json\/wp\/v2\/product_brand?post=6786"},{"taxonomy":"product_cat","embeddable":true,"href":"https:\/\/ilcorpoelospirito.archetipoagency.it\/en\/wp-json\/wp\/v2\/product_cat?post=6786"},{"taxonomy":"product_tag","embeddable":true,"href":"https:\/\/ilcorpoelospirito.archetipoagency.it\/en\/wp-json\/wp\/v2\/product_tag?post=6786"}],"curies":[{"name":"wp","href":"https:\/\/api.w.org\/{rel}","templated":true}]}}