{"id":6878,"date":"2025-02-07T09:45:28","date_gmt":"2025-02-07T08:45:28","guid":{"rendered":"https:\/\/ilcorpoelospirito.archetipoagency.it\/?post_type=product&#038;p=6878"},"modified":"2026-02-23T11:10:39","modified_gmt":"2026-02-23T10:10:39","slug":"gouden-carolus-cuvee-van-de-keizer-imp-dark-75cl","status":"publish","type":"product","link":"https:\/\/ilcorpoelospirito.archetipoagency.it\/en\/product\/gouden-carolus-cuvee-van-de-keizer-imp-dark-75cl\/","title":{"rendered":"Gouden Carolus Cuv\u00e9e Van De Keizer Imp. Dark 75cl."},"content":{"rendered":"<p><strong>Het Hanker \u2013 Le birre pi\u00f9 premiate al mondo<\/strong><br \/>\nIl birrificio Het Anker \u00e8 un birrificio a conduzione familiare che gi\u00e0 da 5 generazioni fabbrica la birra nel Gran Beghinaggio di Mechelen (Belgio), incluso nella lista del Patrimonio dell\u2019umanit\u00e0 dell\u2019UNESCO, Het Anker produce birra gi\u00e0 dal Medioevo (1471). All\u2019inizio del Quattrocento, il beghinaggio di Mechelen era molto presente nella citt\u00e0. Il beghinaggio aveva un \u201cospedale\u201d molto importante, situato sul sito attuale del birrificio. All\u2019epoca la birra veniva realizzata dalla comunit\u00e0 di beghine e data agli ammalati dell\u2019ospedale, situato accanto al birrificio, perch\u00e9 ritenuta pi\u00f9 sicura dell\u2019acqua. Alcuni edifici risalgono al Quattrocento e al Cinquecento, come il rifugio San Bernardo o l\u2019abbazia di Hemiksem. Nel 1471 Carlo il Temerario stabil\u00ec che le beghine e gli ufficiali fossero esentati dal pagamento di accise ed imposte sulla birra fabbricata per l\u2019ospedale. Nel 1872 la famiglia Van Breedam compr\u00f2 il birrificio e costru\u00ec un impianto moderno con una caldaia a vapore. L\u2019amore e la passione dei Van Breedam per questa professione, nel periodo in cui Mechelen era nel pieno vigore durante il regno dei Duchi di Borgogna, sono il fondamento per il ritorno alle vecchie tradizioni ed alla fabbricazione di birre speciali. Nel 1990 Charles Leclef, della quinta generazione della famiglia Van Breedam, prese in carico il birrificio e rinnov\u00f2 l\u2019impianto di brassaggio.<\/p>\n<h3>Gouden Carolus Cuv\u00e9e Van De Keizer Imp. Dark 75cl.<\/h3>\n<p>Il 24 di febbraio di ogni anno il birrificio Het Anker festeggia la nascita di Carlo Quinto fabbricando una birra speciale ad edizione limitata chiamata Gouden Carolus Cuv\u00e9e van de Keizer Imperial Dark (Grand cru dell\u2019imperatore).<\/p>\n<p>Nel 1872 la propriet\u00e0 del birrificio pass\u00f2 alla <strong>famiglia Van Breedam<\/strong>\u00a0che la modernizz\u00f2 dotandola di nuovi impianti fino a renderla l\u2019azienda all\u2019avanguardia che \u00e8 oggi.<\/p>\n<p>La Gouden Carolus Cuvee Scura \u00e8 una birra belga unica al mondo realizzata in\u00a0<strong>edizione limitata<\/strong>. Ha un\u00a0<strong>colore scuro con riflessi rubino<\/strong>. E\u2019 una birra da meditazione ottima, grazie ai suoi aromi e sapori complessi. Perfetta anche abbinata a piatti di carni rosse e selvaggina.<\/p>\n<p>Questa birra eccezionale \u00e8 una versione speciale della Gouden Carolus Classic, con un palato di sapori pi\u00f9 ricco e completato di aromi misteriosi. I malti caramellati e la sua gradazione di 11% danno alla Gouden Carolus Cuv\u00e9e van de Keizer Imperial Dark la calda corposit\u00e0 del vino e la frivola freschezza della birra.<\/p>\n<p>Una birra coronata con un tappo di sughero imperiale, per una lunga conservazione in cantina ad una temperatura costante di 12\u00b0C. Da assaporare con moderazione.<\/p>\n<p>Questa birra fu selezionata come \u201cWorlds\u2019 Best Belgian Style Strong\u201d (WBA, 2015).<\/p>\n<p><strong>ABBINAMENTI:<\/strong><br \/>\ncarni rosse, selvaggina<\/p>\n<h4>Scheda Tecnica:<\/h4>\n<p><strong>Birreria<\/strong>: Het Anker<br \/>\n<strong>Paese:<\/strong>\u00a0Belgium<br \/>\n<strong>Colore<\/strong>: Scura<strong><br \/>\nTipologia:<\/strong>\u00a0Birra Belga<br \/>\n<strong>Stile:<\/strong>\u00a0Belgian Strong Ale<br \/>\n<strong>Momento per degustarla<\/strong>: meditazione, pasto<br \/>\n<strong>Alcol:<\/strong>\u00a011 %<br \/>\n<strong>Temperatura di servizio:<\/strong>\u00a010\/12 \u00b0C<\/p>\n<p>Cl.75<\/p>","protected":false},"excerpt":{"rendered":"<h3>Gouden Carolus Cuv\u00e9e Van De Keizer Imp. Dark 75cl.<\/h3>\n<p>Il 24 di febbraio di ogni anno il birrificio Het Anker festeggia la nascita di Carlo V fabbricando una birra speciale ad <strong>edizione limitata<\/strong> chiamata Gouden Carolus Cuv\u00e9e van de Keizer Imperial Dark (Grand cru dell\u2019imperatore).<\/p>\n<p>La Gouden Carolus Cuvee Scura \u00e8 una birra belga <strong>unica al mondo<\/strong> realizzata in\u00a0<strong>edizione limitata<\/strong>. Ha un\u00a0<strong>colore scuro con riflessi rubino<\/strong>. E\u2019 una birra da meditazione ottima, grazie ai suoi aromi e sapori complessi. Perfetta anche abbinata a piatti di carni rosse e selvaggina.<\/p>\n<p>Questa birra eccezionale \u00e8 una <strong>versione speciale della Gouden Carolus Classic<\/strong>, con un palato di sapori pi\u00f9 ricco e completato di aromi misteriosi. I malti caramellati e la sua gradazione di 11% danno alla Gouden Carolus Cuv\u00e9e van de Keizer Imperial Dark la calda corposit\u00e0 del vino e la frivola freschezza della birra.<\/p>\n<p>Una birra coronata con un tappo di sughero imperiale, per una lunga conservazione in cantina ad una temperatura costante di 12\u00b0C. Da assaporare con moderazione.<\/p>\n<p><strong>Questa birra fu selezionata come \u201cWorlds\u2019 Best Belgian Style Strong\u201d (WBA, 2015).<\/strong><\/p>","protected":false},"featured_media":6881,"comment_status":"open","ping_status":"closed","template":"","meta":[],"product_brand":[],"product_cat":[274,227],"product_tag":[],"class_list":["post-6878","product","type-product","status-publish","has-post-thumbnail","product_cat-prodotti-deccellenza","product_cat-belgio","pa_produttore-het-anker","first","outofstock","shipping-taxable","purchasable","product-type-simple"],"yoast_head":"<!-- This site is optimized with the Yoast SEO plugin v27.6 - https:\/\/yoast.com\/product\/yoast-seo-wordpress\/ -->\n<title>Gouden Carolus Cuv\u00e9e Van De Keizer Imp. Dark 75cl. | Il corpo e lo spirito<\/title>\n<meta name=\"robots\" content=\"index, follow, max-snippet:-1, max-image-preview:large, max-video-preview:-1\" \/>\n<link rel=\"canonical\" href=\"https:\/\/ilcorpoelospirito.archetipoagency.it\/en\/product\/gouden-carolus-cuvee-van-de-keizer-imp-dark-75cl\/\" \/>\n<meta property=\"og:locale\" content=\"en_US\" \/>\n<meta property=\"og:type\" content=\"article\" \/>\n<meta property=\"og:title\" content=\"Gouden Carolus Cuv\u00e9e Van De Keizer Imp. Dark 75cl. | Il corpo e lo spirito\" \/>\n<meta property=\"og:description\" content=\"Gouden Carolus Cuv\u00e9e Van De Keizer Imp. Dark 75cl. Il 24 di febbraio di ogni anno il birrificio Het Anker festeggia la nascita di Carlo V fabbricando una birra speciale ad edizione limitata chiamata Gouden Carolus Cuv\u00e9e van de Keizer Imperial Dark (Grand cru dell\u2019imperatore).  La Gouden Carolus Cuvee Scura \u00e8 una birra belga unica al mondo realizzata in\u00a0edizione limitata. Ha un\u00a0colore scuro con riflessi rubino. E&#039; una birra da meditazione ottima, grazie ai suoi aromi e sapori complessi. Perfetta anche abbinata a piatti di carni rosse e selvaggina.  Questa birra eccezionale \u00e8 una versione speciale della Gouden Carolus Classic, con un palato di sapori pi\u00f9 ricco e completato di aromi misteriosi. I malti caramellati e la sua gradazione di 11% danno alla Gouden Carolus Cuv\u00e9e van de Keizer Imperial Dark la calda corposit\u00e0 del vino e la frivola freschezza della birra.  Una birra coronata con un tappo di sughero imperiale, per una lunga conservazione in cantina ad una temperatura costante di 12\u00b0C. Da assaporare con moderazione.  Questa birra fu selezionata come \u201cWorlds\u2019 Best Belgian Style Strong\u201d (WBA, 2015).\" \/>\n<meta property=\"og:url\" content=\"https:\/\/ilcorpoelospirito.archetipoagency.it\/en\/product\/gouden-carolus-cuvee-van-de-keizer-imp-dark-75cl\/\" \/>\n<meta property=\"og:site_name\" content=\"Il corpo e lo spirito\" \/>\n<meta property=\"article:modified_time\" content=\"2026-02-23T10:10:39+00:00\" \/>\n<meta property=\"og:image\" content=\"https:\/\/ilcorpoelospirito.archetipoagency.it\/wp-content\/uploads\/2025\/02\/20250131_143047.jpg\" \/>\n\t<meta property=\"og:image:width\" content=\"1587\" \/>\n\t<meta property=\"og:image:height\" content=\"1743\" \/>\n\t<meta property=\"og:image:type\" content=\"image\/jpeg\" \/>\n<meta name=\"twitter:card\" content=\"summary_large_image\" \/>\n<meta name=\"twitter:label1\" content=\"Est. reading time\" \/>\n\t<meta name=\"twitter:data1\" content=\"3 minutes\" \/>\n<script type=\"application\/ld+json\" class=\"yoast-schema-graph\">{\"@context\":\"https:\\\/\\\/schema.org\",\"@graph\":[{\"@type\":\"WebPage\",\"@id\":\"https:\\\/\\\/ilcorpoelospirito.archetipoagency.it\\\/prodotto\\\/gouden-carolus-cuvee-van-de-keizer-imp-dark-75cl\\\/\",\"url\":\"https:\\\/\\\/ilcorpoelospirito.archetipoagency.it\\\/prodotto\\\/gouden-carolus-cuvee-van-de-keizer-imp-dark-75cl\\\/\",\"name\":\"Gouden Carolus Cuv\u00e9e Van De Keizer Imp. Dark 75cl. | Il corpo e lo spirito\",\"isPartOf\":{\"@id\":\"https:\\\/\\\/ilcorpoelospirito.archetipoagency.it\\\/#website\"},\"primaryImageOfPage\":{\"@id\":\"https:\\\/\\\/ilcorpoelospirito.archetipoagency.it\\\/prodotto\\\/gouden-carolus-cuvee-van-de-keizer-imp-dark-75cl\\\/#primaryimage\"},\"image\":{\"@id\":\"https:\\\/\\\/ilcorpoelospirito.archetipoagency.it\\\/prodotto\\\/gouden-carolus-cuvee-van-de-keizer-imp-dark-75cl\\\/#primaryimage\"},\"thumbnailUrl\":\"https:\\\/\\\/ilcorpoelospirito.archetipoagency.it\\\/wp-content\\\/uploads\\\/2025\\\/02\\\/20250131_143047.jpg\",\"datePublished\":\"2025-02-07T08:45:28+00:00\",\"dateModified\":\"2026-02-23T10:10:39+00:00\",\"breadcrumb\":{\"@id\":\"https:\\\/\\\/ilcorpoelospirito.archetipoagency.it\\\/prodotto\\\/gouden-carolus-cuvee-van-de-keizer-imp-dark-75cl\\\/#breadcrumb\"},\"inLanguage\":\"en-US\",\"potentialAction\":[{\"@type\":\"ReadAction\",\"target\":[\"https:\\\/\\\/ilcorpoelospirito.archetipoagency.it\\\/prodotto\\\/gouden-carolus-cuvee-van-de-keizer-imp-dark-75cl\\\/\"]}]},{\"@type\":\"ImageObject\",\"inLanguage\":\"en-US\",\"@id\":\"https:\\\/\\\/ilcorpoelospirito.archetipoagency.it\\\/prodotto\\\/gouden-carolus-cuvee-van-de-keizer-imp-dark-75cl\\\/#primaryimage\",\"url\":\"https:\\\/\\\/ilcorpoelospirito.archetipoagency.it\\\/wp-content\\\/uploads\\\/2025\\\/02\\\/20250131_143047.jpg\",\"contentUrl\":\"https:\\\/\\\/ilcorpoelospirito.archetipoagency.it\\\/wp-content\\\/uploads\\\/2025\\\/02\\\/20250131_143047.jpg\",\"width\":1587,\"height\":1743},{\"@type\":\"BreadcrumbList\",\"@id\":\"https:\\\/\\\/ilcorpoelospirito.archetipoagency.it\\\/prodotto\\\/gouden-carolus-cuvee-van-de-keizer-imp-dark-75cl\\\/#breadcrumb\",\"itemListElement\":[{\"@type\":\"ListItem\",\"position\":1,\"name\":\"Home\",\"item\":\"https:\\\/\\\/ilcorpoelospirito.archetipoagency.it\\\/\"},{\"@type\":\"ListItem\",\"position\":2,\"name\":\"Shop\",\"item\":\"https:\\\/\\\/ilcorpoelospirito.archetipoagency.it\\\/shop\\\/\"},{\"@type\":\"ListItem\",\"position\":3,\"name\":\"Gouden Carolus Cuv\u00e9e Van De Keizer Imp. Dark 75cl.\"}]},{\"@type\":\"WebSite\",\"@id\":\"https:\\\/\\\/ilcorpoelospirito.archetipoagency.it\\\/#website\",\"url\":\"https:\\\/\\\/ilcorpoelospirito.archetipoagency.it\\\/\",\"name\":\"Il Corpo e lo Spirito\",\"description\":\"\",\"publisher\":{\"@id\":\"https:\\\/\\\/ilcorpoelospirito.archetipoagency.it\\\/#organization\"},\"alternateName\":\"Prelibatezze Monastiche e regionali\",\"potentialAction\":[{\"@type\":\"SearchAction\",\"target\":{\"@type\":\"EntryPoint\",\"urlTemplate\":\"https:\\\/\\\/ilcorpoelospirito.archetipoagency.it\\\/?s={search_term_string}\"},\"query-input\":{\"@type\":\"PropertyValueSpecification\",\"valueRequired\":true,\"valueName\":\"search_term_string\"}}],\"inLanguage\":\"en-US\"},{\"@type\":\"Organization\",\"@id\":\"https:\\\/\\\/ilcorpoelospirito.archetipoagency.it\\\/#organization\",\"name\":\"Il Corpo e lo Spirito\",\"alternateName\":\"Prelibatezze Monastiche e regionali\",\"url\":\"https:\\\/\\\/ilcorpoelospirito.archetipoagency.it\\\/\",\"logo\":{\"@type\":\"ImageObject\",\"inLanguage\":\"en-US\",\"@id\":\"https:\\\/\\\/ilcorpoelospirito.archetipoagency.it\\\/#\\\/schema\\\/logo\\\/image\\\/\",\"url\":\"https:\\\/\\\/ilcorpoelospirito.archetipoagency.it\\\/wp-content\\\/uploads\\\/2022\\\/10\\\/logo-marrone.png\",\"contentUrl\":\"https:\\\/\\\/ilcorpoelospirito.archetipoagency.it\\\/wp-content\\\/uploads\\\/2022\\\/10\\\/logo-marrone.png\",\"width\":2192,\"height\":568,\"caption\":\"Il Corpo e lo Spirito\"},\"image\":{\"@id\":\"https:\\\/\\\/ilcorpoelospirito.archetipoagency.it\\\/#\\\/schema\\\/logo\\\/image\\\/\"}}]}<\/script>\n<!-- \/ Yoast SEO plugin. -->","yoast_head_json":{"title":"Gouden Carolus Cuv\u00e9e Van De Keizer Imp. Dark 75cl. | Il corpo e lo spirito","robots":{"index":"index","follow":"follow","max-snippet":"max-snippet:-1","max-image-preview":"max-image-preview:large","max-video-preview":"max-video-preview:-1"},"canonical":"https:\/\/ilcorpoelospirito.archetipoagency.it\/en\/product\/gouden-carolus-cuvee-van-de-keizer-imp-dark-75cl\/","og_locale":"en_US","og_type":"article","og_title":"Gouden Carolus Cuv\u00e9e Van De Keizer Imp. Dark 75cl. | Il corpo e lo spirito","og_description":"Gouden Carolus Cuv\u00e9e Van De Keizer Imp. Dark 75cl. Il 24 di febbraio di ogni anno il birrificio Het Anker festeggia la nascita di Carlo V fabbricando una birra speciale ad edizione limitata chiamata Gouden Carolus Cuv\u00e9e van de Keizer Imperial Dark (Grand cru dell\u2019imperatore).  La Gouden Carolus Cuvee Scura \u00e8 una birra belga unica al mondo realizzata in\u00a0edizione limitata. Ha un\u00a0colore scuro con riflessi rubino. E' una birra da meditazione ottima, grazie ai suoi aromi e sapori complessi. Perfetta anche abbinata a piatti di carni rosse e selvaggina.  Questa birra eccezionale \u00e8 una versione speciale della Gouden Carolus Classic, con un palato di sapori pi\u00f9 ricco e completato di aromi misteriosi. I malti caramellati e la sua gradazione di 11% danno alla Gouden Carolus Cuv\u00e9e van de Keizer Imperial Dark la calda corposit\u00e0 del vino e la frivola freschezza della birra.  Una birra coronata con un tappo di sughero imperiale, per una lunga conservazione in cantina ad una temperatura costante di 12\u00b0C. Da assaporare con moderazione.  Questa birra fu selezionata come \u201cWorlds\u2019 Best Belgian Style Strong\u201d (WBA, 2015).","og_url":"https:\/\/ilcorpoelospirito.archetipoagency.it\/en\/product\/gouden-carolus-cuvee-van-de-keizer-imp-dark-75cl\/","og_site_name":"Il corpo e lo spirito","article_modified_time":"2026-02-23T10:10:39+00:00","og_image":[{"width":1587,"height":1743,"url":"https:\/\/ilcorpoelospirito.archetipoagency.it\/wp-content\/uploads\/2025\/02\/20250131_143047.jpg","type":"image\/jpeg"}],"twitter_card":"summary_large_image","twitter_misc":{"Est. reading time":"3 minutes"},"schema":{"@context":"https:\/\/schema.org","@graph":[{"@type":"WebPage","@id":"https:\/\/ilcorpoelospirito.archetipoagency.it\/prodotto\/gouden-carolus-cuvee-van-de-keizer-imp-dark-75cl\/","url":"https:\/\/ilcorpoelospirito.archetipoagency.it\/prodotto\/gouden-carolus-cuvee-van-de-keizer-imp-dark-75cl\/","name":"Gouden Carolus Cuv\u00e9e Van De Keizer Imp. Dark 75cl. | Il corpo e lo spirito","isPartOf":{"@id":"https:\/\/ilcorpoelospirito.archetipoagency.it\/#website"},"primaryImageOfPage":{"@id":"https:\/\/ilcorpoelospirito.archetipoagency.it\/prodotto\/gouden-carolus-cuvee-van-de-keizer-imp-dark-75cl\/#primaryimage"},"image":{"@id":"https:\/\/ilcorpoelospirito.archetipoagency.it\/prodotto\/gouden-carolus-cuvee-van-de-keizer-imp-dark-75cl\/#primaryimage"},"thumbnailUrl":"https:\/\/ilcorpoelospirito.archetipoagency.it\/wp-content\/uploads\/2025\/02\/20250131_143047.jpg","datePublished":"2025-02-07T08:45:28+00:00","dateModified":"2026-02-23T10:10:39+00:00","breadcrumb":{"@id":"https:\/\/ilcorpoelospirito.archetipoagency.it\/prodotto\/gouden-carolus-cuvee-van-de-keizer-imp-dark-75cl\/#breadcrumb"},"inLanguage":"en-US","potentialAction":[{"@type":"ReadAction","target":["https:\/\/ilcorpoelospirito.archetipoagency.it\/prodotto\/gouden-carolus-cuvee-van-de-keizer-imp-dark-75cl\/"]}]},{"@type":"ImageObject","inLanguage":"en-US","@id":"https:\/\/ilcorpoelospirito.archetipoagency.it\/prodotto\/gouden-carolus-cuvee-van-de-keizer-imp-dark-75cl\/#primaryimage","url":"https:\/\/ilcorpoelospirito.archetipoagency.it\/wp-content\/uploads\/2025\/02\/20250131_143047.jpg","contentUrl":"https:\/\/ilcorpoelospirito.archetipoagency.it\/wp-content\/uploads\/2025\/02\/20250131_143047.jpg","width":1587,"height":1743},{"@type":"BreadcrumbList","@id":"https:\/\/ilcorpoelospirito.archetipoagency.it\/prodotto\/gouden-carolus-cuvee-van-de-keizer-imp-dark-75cl\/#breadcrumb","itemListElement":[{"@type":"ListItem","position":1,"name":"Home","item":"https:\/\/ilcorpoelospirito.archetipoagency.it\/"},{"@type":"ListItem","position":2,"name":"Shop","item":"https:\/\/ilcorpoelospirito.archetipoagency.it\/shop\/"},{"@type":"ListItem","position":3,"name":"Gouden Carolus Cuv\u00e9e Van De Keizer Imp. Dark 75cl."}]},{"@type":"WebSite","@id":"https:\/\/ilcorpoelospirito.archetipoagency.it\/#website","url":"https:\/\/ilcorpoelospirito.archetipoagency.it\/","name":"Il corpo e lo spirito","description":"","publisher":{"@id":"https:\/\/ilcorpoelospirito.archetipoagency.it\/#organization"},"alternateName":"Prelibatezze Monastiche e regionali","potentialAction":[{"@type":"SearchAction","target":{"@type":"EntryPoint","urlTemplate":"https:\/\/ilcorpoelospirito.archetipoagency.it\/?s={search_term_string}"},"query-input":{"@type":"PropertyValueSpecification","valueRequired":true,"valueName":"search_term_string"}}],"inLanguage":"en-US"},{"@type":"Organization","@id":"https:\/\/ilcorpoelospirito.archetipoagency.it\/#organization","name":"Il corpo e lo spirito","alternateName":"Prelibatezze Monastiche e regionali","url":"https:\/\/ilcorpoelospirito.archetipoagency.it\/","logo":{"@type":"ImageObject","inLanguage":"en-US","@id":"https:\/\/ilcorpoelospirito.archetipoagency.it\/#\/schema\/logo\/image\/","url":"https:\/\/ilcorpoelospirito.archetipoagency.it\/wp-content\/uploads\/2022\/10\/logo-marrone.png","contentUrl":"https:\/\/ilcorpoelospirito.archetipoagency.it\/wp-content\/uploads\/2022\/10\/logo-marrone.png","width":2192,"height":568,"caption":"Il Corpo e lo Spirito"},"image":{"@id":"https:\/\/ilcorpoelospirito.archetipoagency.it\/#\/schema\/logo\/image\/"}}]}},"_links":{"self":[{"href":"https:\/\/ilcorpoelospirito.archetipoagency.it\/en\/wp-json\/wp\/v2\/product\/6878","targetHints":{"allow":["GET"]}}],"collection":[{"href":"https:\/\/ilcorpoelospirito.archetipoagency.it\/en\/wp-json\/wp\/v2\/product"}],"about":[{"href":"https:\/\/ilcorpoelospirito.archetipoagency.it\/en\/wp-json\/wp\/v2\/types\/product"}],"replies":[{"embeddable":true,"href":"https:\/\/ilcorpoelospirito.archetipoagency.it\/en\/wp-json\/wp\/v2\/comments?post=6878"}],"wp:featuredmedia":[{"embeddable":true,"href":"https:\/\/ilcorpoelospirito.archetipoagency.it\/en\/wp-json\/wp\/v2\/media\/6881"}],"wp:attachment":[{"href":"https:\/\/ilcorpoelospirito.archetipoagency.it\/en\/wp-json\/wp\/v2\/media?parent=6878"}],"wp:term":[{"taxonomy":"product_brand","embeddable":true,"href":"https:\/\/ilcorpoelospirito.archetipoagency.it\/en\/wp-json\/wp\/v2\/product_brand?post=6878"},{"taxonomy":"product_cat","embeddable":true,"href":"https:\/\/ilcorpoelospirito.archetipoagency.it\/en\/wp-json\/wp\/v2\/product_cat?post=6878"},{"taxonomy":"product_tag","embeddable":true,"href":"https:\/\/ilcorpoelospirito.archetipoagency.it\/en\/wp-json\/wp\/v2\/product_tag?post=6878"}],"curies":[{"name":"wp","href":"https:\/\/api.w.org\/{rel}","templated":true}]}}