{"id":7062,"date":"2025-02-12T11:12:48","date_gmt":"2025-02-12T10:12:48","guid":{"rendered":"https:\/\/ilcorpoelospirito.archetipoagency.it\/?post_type=product&#038;p=7062"},"modified":"2026-02-23T10:59:45","modified_gmt":"2026-02-23T09:59:45","slug":"pinot-grigio-franz-haas-2023","status":"publish","type":"product","link":"https:\/\/ilcorpoelospirito.archetipoagency.it\/en\/product\/pinot-grigio-franz-haas-2023\/","title":{"rendered":"Pinot Grigio \u2013 Franz Haas 2023"},"content":{"rendered":"<div class=\"short-description\">\n<div>\n<div class=\"toggle-block\">\n<p>L\u2019azienda a conduzione familiare Franz Haas nasce nel 1880. I vigneti si estendono su 50 ettari nei comuni di Montagna, Egna e Aldino, situati tra i 240 e i 1150 metri, godono di microclima e terroir estremamente variegati, terreni composti di sabbia porfidica, argilla e numerosi strati di calcare. L\u2019identit\u00e0 familiare viene tramandata lungo le generazioni anche con il nome Franz Haas rimasto immutato fino ad oggi e che ogni padre ha passato in eredit\u00e0 al figlio. Franz Haas si collega con forza immediata e indissolubile al vitigno pi\u00f9 ostico, sensibile ma al tempo stesso pi\u00f9 appagante, elegante e suadente, il Pinot Nero. Lo Schweizer, la storica selezione, composta solo da Pinot Nero, non sempre esce sul mercato se non \u00e8 all\u2019altezza delle sue origini. Pu\u00f2 capitare quindi che nelle annate pi\u00f9 difficili la fatica, l\u2019impegno e l\u2019attenzione non bastino nella ricerca della perfezione. La prima etichetta scelta da Franz e disegnata dall\u2019artista Riccardo Schweizer, fa emergere alla memoria in un vivo ricordo il Pinot Nero Schweizer dell\u2019annata \u201987 uscito nel \u201990, il colore nero ed oro rimasto a sigillo inconfondibile delle bottiglie aziendali. Nel 2000 a 850 metri sono stati piantati vigneti di Pinot, Nero, Grigio e Bianco e Riesling. La scelta \u00e8 risultata vincente per la buona escursione termica, e le 4 ore di sole in pi\u00f9 al giorno. Qui si riescono a produrre vini longevi, profumati e con spiccata e piacevole acidit\u00e0. Franz Haas esprime il meglio del Moscato Giallo e Moscato Rosa, pluripremiati da molti anni. La costante ricerca della qualit\u00e0 si evince anche dalla innovativa chiusura della bottiglia \u2013 il tappo a vite. Scelta sicuramente non facile, n\u00e9 economica, ma per garantire al cliente la possibilit\u00e0 di un vino non alterato dal sughero, conservabile pi\u00f9 a lungo \u2013 perch\u00e9 s\u00ec, il vino affina ed invecchia anche con il tappo a vite \u2013 grazie ad una minore permeabilit\u00e0 di questa tipologia, considerando anche il fatto che questo tappo si pu\u00f2 \u201cadattare e modificare\u201d anche in base al vino. Ricerca, scelte coraggiose, storia di una solida famiglia altoatesina, meticolosit\u00e0, passione hanno la consistenza della realt\u00e0 pi\u00f9 viva nei vini di Franz Haas.<\/p>\n<h3 class=\"toggle-title\" data-toggle-name=\"product-details_perche_ci_piace\">Pinot Grigio \u2013 Franz Haas 2023<\/h3>\n<h2>Pinot Grigio Franz Haas: qualit\u00e0 e tradizione altoatesina<\/h2>\n<p data-sourcepos=\"3:1-3:404\">Il\u00a0<strong>Pinot Grigio Franz Haas<\/strong>\u00a0\u00e8 un\u00a0<strong>Alto Adige DOC<\/strong>\u00a0che esprime il carattere unico di questo vitigno e del suo territorio. Le uve\u00a0<strong>Pinot Grigio<\/strong>\u00a0vengono vinificate con cura, con fermentazione a temperatura controllata in vasche d\u2019acciaio e in piccola parte in barrique, cos\u00ec come l\u2019<strong>affinamento<\/strong>, che dona al vino complessit\u00e0 e armonia.<\/p>\n<p data-sourcepos=\"3:1-3:404\"><strong>Uvaggio<\/strong>: Pinot Grigio 100%.<\/p>\n<p data-sourcepos=\"3:1-3:404\"><strong>Affinamento<\/strong>:\u00a04 mesi in acciaio e una piccola quantit\u00e0 in barrique.<\/p>\n<p data-sourcepos=\"5:1-5:179\"><strong>Note degustative<\/strong>: Di colore giallo paglierino intenso, al naso svela un bouquet di fiori bianchi, agrumi e frutta a polpa bianca. Al palato \u00e8 fresco, elegante e minerale, con un finale persistente.<\/p>\n<p data-sourcepos=\"7:1-7:81\"><strong>Abbinamenti<\/strong>: Ideale con antipasti, piatti di pesce, risotti e carni bianche.<\/p>\n<p data-sourcepos=\"9:1-9:258\"><strong>Perch\u00e9 sceglierlo<\/strong>: Un Pinot Grigio di qualit\u00e0, elegante e versatile, perfetto da aperitivo a cena.<\/p>\n<div class=\"lap-and-up__6\">\n<div class=\"toggle-block\">\n<p class=\"toggle-content\" data-toggle-content=\"product-details_perche_ci_piace\"><span style=\"color: #dd9e1d;font-family: 'PT Sans';font-size: 25px;letter-spacing: 0em\">RICONOSCIMENTI ANNATA CORRENTE<\/span><\/p>\n<\/div>\n<\/div>\n<div class=\"tab-mobile-container prize-list\">\n<div class=\"span2\">\n<p>\u00a0James Suckling\u00a0 <b class=\"\">90<\/b><\/p>\n<\/div>\n<div><\/div>\n<\/div>\n<\/div>\n<div class=\"toggle-block\">\n<p class=\"toggle-content\" data-toggle-content=\"product-details_abbinamenti\"><strong>Vitigni:<\/strong> Pinot Grigio<\/p>\n<div class=\"span6\">\n<div class=\"spec_denominazione\">\n<div class=\"span6\">\n<div class=\"spec_denominazione\">\n<p><strong>Denominazione: <\/strong>Alto Adige DOC<\/p>\n<\/div>\n<div class=\"spec_regione\">\n<p><strong>Regione: <\/strong>Trentino Alto Adige<\/p>\n<\/div>\n<div class=\"spec_zona_di_produzione\">\n<p><strong>Zona di Produzione: <\/strong>Comune di Montagna (BZ)<\/p>\n<\/div>\n<div class=\"spec_annata\">\n<p><strong>Annata: <\/strong>2023<\/p>\n<\/div>\n<\/div>\n<div class=\"span6\">\n<div class=\"spec_formato\">\n<p><strong>Format: <\/strong>0.75L<\/p>\n<\/div>\n<div class=\"spec_gradazione\">\n<p><strong>Gradazione: <\/strong>13%<\/p>\n<\/div>\n<div class=\"spec_temp._min_di_servizio\">\n<p><strong>Temp. Min di Servizio: <\/strong>10 \u00b0C<\/p>\n<\/div>\n<div class=\"spec_temp._max_di_servizio\">\n<p><strong>Temp. Max di Servizio: <\/strong>12 \u00b0C<\/p>\n<\/div>\n<div class=\"spec_abbinamento\">\n<p><strong>Abbinamento: <\/strong>Aperitivo, Carne, Pesce, Primi<\/p>\n<\/div>\n<div class=\"spec_allergeni\"><strong>Allergeni: <\/strong>Solfiti<\/div>\n<\/div>\n<\/div>\n<\/div>\n<p>&nbsp;<\/p>\n<p><span style=\"color: #dd9e1d;font-family: 'PT Sans';font-size: 25px;letter-spacing: 0em\">Product:<\/span><\/p>\n<\/div>\n<\/div>\n<div>Imbottigliato da Franz Haas Via Villa, 6, 39040 Montagna sulla Strada del Vino (BZ) \u2013 Italia<\/div>\n<\/div>\n<p>&nbsp;<\/p>","protected":false},"excerpt":{"rendered":"<div class=\"toggle-block\">\n<div class=\"toggle-block\">\n<div class=\"toggle-block\">\n<div class=\"toggle-block\">\n<h3 class=\"toggle-title\" data-toggle-name=\"product-details_perche_ci_piace\">Pinot Grigio \u2013 Franz Haas 2023<\/h3>\n<p data-sourcepos=\"3:1-3:404\">Il\u00a0<strong>Pinot Grigio Franz Haas<\/strong>\u00a0\u00e8 un\u00a0<strong>Alto Adige DOC<\/strong>\u00a0che esprime il carattere unico di questo vitigno e del suo territorio. Le uve\u00a0<strong>Pinot Grigio<\/strong>\u00a0vengono vinificate con cura, con fermentazione a temperatura controllata in vasche d\u2019acciaio e in piccola parte in barrique, cos\u00ec come l\u2019<strong>affinamento<\/strong>, che dona al vino complessit\u00e0 e armonia. Un Pinot Grigio di qualit\u00e0, elegante e versatile, perfetto da aperitivo a cena.<\/p>\n<p data-sourcepos=\"9:1-9:258\"><strong>Abbinamenti<\/strong>: Ideale con antipasti, piatti di pesce, risotti e carni bianche.<\/p>\n<\/div>\n<\/div>\n<\/div>\n<\/div>","protected":false},"featured_media":7055,"comment_status":"open","ping_status":"closed","template":"","meta":[],"product_brand":[],"product_cat":[117],"product_tag":[],"class_list":["post-7062","product","type-product","status-publish","has-post-thumbnail","product_cat-bianco","pa_produttore-franz-haas-via-villa-6-39040-montagna-sulla-strada-del-vino-bz-italia","first","instock","shipping-taxable","purchasable","product-type-simple"],"yoast_head":"<!-- This site is optimized with the Yoast SEO plugin v27.6 - https:\/\/yoast.com\/product\/yoast-seo-wordpress\/ -->\n<title>Pinot Grigio - Franz Haas 2023 | Il corpo e lo spirito<\/title>\n<meta name=\"robots\" content=\"index, follow, max-snippet:-1, max-image-preview:large, max-video-preview:-1\" \/>\n<link rel=\"canonical\" href=\"https:\/\/ilcorpoelospirito.archetipoagency.it\/en\/prodotto\/pinot-grigio-franz-haas-2023\/\" \/>\n<meta property=\"og:locale\" content=\"en_US\" \/>\n<meta property=\"og:type\" content=\"article\" \/>\n<meta property=\"og:title\" content=\"Pinot Grigio - Franz Haas 2023 | Il corpo e lo spirito\" \/>\n<meta property=\"og:description\" content=\"Pinot Grigio - Franz Haas 2023 Il\u00a0Pinot Grigio Franz Haas\u00a0\u00e8 un\u00a0Alto Adige DOC\u00a0che esprime il carattere unico di questo vitigno e del suo territorio. Le uve\u00a0Pinot Grigio\u00a0vengono vinificate con cura, con fermentazione a temperatura controllata in vasche d&#039;acciaio e in piccola parte in barrique, cos\u00ec come l&#039;affinamento, che dona al vino complessit\u00e0 e armonia. Un Pinot Grigio di qualit\u00e0, elegante e versatile, perfetto da aperitivo a cena. Abbinamenti: Ideale con antipasti, piatti di pesce, risotti e carni bianche.\" \/>\n<meta property=\"og:url\" content=\"https:\/\/ilcorpoelospirito.archetipoagency.it\/en\/prodotto\/pinot-grigio-franz-haas-2023\/\" \/>\n<meta property=\"og:site_name\" content=\"Il corpo e lo spirito\" \/>\n<meta property=\"article:modified_time\" content=\"2026-02-23T09:59:45+00:00\" \/>\n<meta property=\"og:image\" content=\"https:\/\/ilcorpoelospirito.archetipoagency.it\/wp-content\/uploads\/2025\/02\/20250131_145722.jpg\" \/>\n\t<meta property=\"og:image:width\" content=\"1142\" \/>\n\t<meta property=\"og:image:height\" content=\"1142\" \/>\n\t<meta property=\"og:image:type\" content=\"image\/jpeg\" \/>\n<meta name=\"twitter:card\" content=\"summary_large_image\" \/>\n<meta name=\"twitter:label1\" content=\"Est. reading time\" \/>\n\t<meta name=\"twitter:data1\" content=\"4 minutes\" \/>\n<script type=\"application\/ld+json\" class=\"yoast-schema-graph\">{\"@context\":\"https:\\\/\\\/schema.org\",\"@graph\":[{\"@type\":\"WebPage\",\"@id\":\"https:\\\/\\\/ilcorpoelospirito.archetipoagency.it\\\/en\\\/prodotto\\\/pinot-grigio-franz-haas-2023\\\/\",\"url\":\"https:\\\/\\\/ilcorpoelospirito.archetipoagency.it\\\/en\\\/prodotto\\\/pinot-grigio-franz-haas-2023\\\/\",\"name\":\"Pinot Grigio - Franz Haas 2023 | Il corpo e lo spirito\",\"isPartOf\":{\"@id\":\"https:\\\/\\\/ilcorpoelospirito.archetipoagency.it\\\/#website\"},\"primaryImageOfPage\":{\"@id\":\"https:\\\/\\\/ilcorpoelospirito.archetipoagency.it\\\/en\\\/prodotto\\\/pinot-grigio-franz-haas-2023\\\/#primaryimage\"},\"image\":{\"@id\":\"https:\\\/\\\/ilcorpoelospirito.archetipoagency.it\\\/en\\\/prodotto\\\/pinot-grigio-franz-haas-2023\\\/#primaryimage\"},\"thumbnailUrl\":\"https:\\\/\\\/ilcorpoelospirito.archetipoagency.it\\\/wp-content\\\/uploads\\\/2025\\\/02\\\/20250131_145722.jpg\",\"datePublished\":\"2025-02-12T10:12:48+00:00\",\"dateModified\":\"2026-02-23T09:59:45+00:00\",\"breadcrumb\":{\"@id\":\"https:\\\/\\\/ilcorpoelospirito.archetipoagency.it\\\/en\\\/prodotto\\\/pinot-grigio-franz-haas-2023\\\/#breadcrumb\"},\"inLanguage\":\"en-US\",\"potentialAction\":[{\"@type\":\"ReadAction\",\"target\":[\"https:\\\/\\\/ilcorpoelospirito.archetipoagency.it\\\/en\\\/prodotto\\\/pinot-grigio-franz-haas-2023\\\/\"]}]},{\"@type\":\"ImageObject\",\"inLanguage\":\"en-US\",\"@id\":\"https:\\\/\\\/ilcorpoelospirito.archetipoagency.it\\\/en\\\/prodotto\\\/pinot-grigio-franz-haas-2023\\\/#primaryimage\",\"url\":\"https:\\\/\\\/ilcorpoelospirito.archetipoagency.it\\\/wp-content\\\/uploads\\\/2025\\\/02\\\/20250131_145722.jpg\",\"contentUrl\":\"https:\\\/\\\/ilcorpoelospirito.archetipoagency.it\\\/wp-content\\\/uploads\\\/2025\\\/02\\\/20250131_145722.jpg\",\"width\":1142,\"height\":1142},{\"@type\":\"BreadcrumbList\",\"@id\":\"https:\\\/\\\/ilcorpoelospirito.archetipoagency.it\\\/en\\\/prodotto\\\/pinot-grigio-franz-haas-2023\\\/#breadcrumb\",\"itemListElement\":[{\"@type\":\"ListItem\",\"position\":1,\"name\":\"Home\",\"item\":\"https:\\\/\\\/ilcorpoelospirito.archetipoagency.it\\\/\"},{\"@type\":\"ListItem\",\"position\":2,\"name\":\"Shop\",\"item\":\"https:\\\/\\\/ilcorpoelospirito.archetipoagency.it\\\/shop\\\/\"},{\"@type\":\"ListItem\",\"position\":3,\"name\":\"Pinot Grigio – Franz Haas 2023\"}]},{\"@type\":\"WebSite\",\"@id\":\"https:\\\/\\\/ilcorpoelospirito.archetipoagency.it\\\/#website\",\"url\":\"https:\\\/\\\/ilcorpoelospirito.archetipoagency.it\\\/\",\"name\":\"Il Corpo e lo Spirito\",\"description\":\"\",\"publisher\":{\"@id\":\"https:\\\/\\\/ilcorpoelospirito.archetipoagency.it\\\/#organization\"},\"alternateName\":\"Prelibatezze Monastiche e regionali\",\"potentialAction\":[{\"@type\":\"SearchAction\",\"target\":{\"@type\":\"EntryPoint\",\"urlTemplate\":\"https:\\\/\\\/ilcorpoelospirito.archetipoagency.it\\\/?s={search_term_string}\"},\"query-input\":{\"@type\":\"PropertyValueSpecification\",\"valueRequired\":true,\"valueName\":\"search_term_string\"}}],\"inLanguage\":\"en-US\"},{\"@type\":\"Organization\",\"@id\":\"https:\\\/\\\/ilcorpoelospirito.archetipoagency.it\\\/#organization\",\"name\":\"Il Corpo e lo Spirito\",\"alternateName\":\"Prelibatezze Monastiche e regionali\",\"url\":\"https:\\\/\\\/ilcorpoelospirito.archetipoagency.it\\\/\",\"logo\":{\"@type\":\"ImageObject\",\"inLanguage\":\"en-US\",\"@id\":\"https:\\\/\\\/ilcorpoelospirito.archetipoagency.it\\\/#\\\/schema\\\/logo\\\/image\\\/\",\"url\":\"https:\\\/\\\/ilcorpoelospirito.archetipoagency.it\\\/wp-content\\\/uploads\\\/2022\\\/10\\\/logo-marrone.png\",\"contentUrl\":\"https:\\\/\\\/ilcorpoelospirito.archetipoagency.it\\\/wp-content\\\/uploads\\\/2022\\\/10\\\/logo-marrone.png\",\"width\":2192,\"height\":568,\"caption\":\"Il Corpo e lo Spirito\"},\"image\":{\"@id\":\"https:\\\/\\\/ilcorpoelospirito.archetipoagency.it\\\/#\\\/schema\\\/logo\\\/image\\\/\"}}]}<\/script>\n<!-- \/ Yoast SEO plugin. -->","yoast_head_json":{"title":"Pinot Grigio - Franz Haas 2023 | Il corpo e lo spirito","robots":{"index":"index","follow":"follow","max-snippet":"max-snippet:-1","max-image-preview":"max-image-preview:large","max-video-preview":"max-video-preview:-1"},"canonical":"https:\/\/ilcorpoelospirito.archetipoagency.it\/en\/prodotto\/pinot-grigio-franz-haas-2023\/","og_locale":"en_US","og_type":"article","og_title":"Pinot Grigio - Franz Haas 2023 | Il corpo e lo spirito","og_description":"Pinot Grigio - Franz Haas 2023 Il\u00a0Pinot Grigio Franz Haas\u00a0\u00e8 un\u00a0Alto Adige DOC\u00a0che esprime il carattere unico di questo vitigno e del suo territorio. Le uve\u00a0Pinot Grigio\u00a0vengono vinificate con cura, con fermentazione a temperatura controllata in vasche d'acciaio e in piccola parte in barrique, cos\u00ec come l'affinamento, che dona al vino complessit\u00e0 e armonia. Un Pinot Grigio di qualit\u00e0, elegante e versatile, perfetto da aperitivo a cena. Abbinamenti: Ideale con antipasti, piatti di pesce, risotti e carni bianche.","og_url":"https:\/\/ilcorpoelospirito.archetipoagency.it\/en\/prodotto\/pinot-grigio-franz-haas-2023\/","og_site_name":"Il corpo e lo spirito","article_modified_time":"2026-02-23T09:59:45+00:00","og_image":[{"width":1142,"height":1142,"url":"https:\/\/ilcorpoelospirito.archetipoagency.it\/wp-content\/uploads\/2025\/02\/20250131_145722.jpg","type":"image\/jpeg"}],"twitter_card":"summary_large_image","twitter_misc":{"Est. reading time":"4 minutes"},"schema":{"@context":"https:\/\/schema.org","@graph":[{"@type":"WebPage","@id":"https:\/\/ilcorpoelospirito.archetipoagency.it\/en\/prodotto\/pinot-grigio-franz-haas-2023\/","url":"https:\/\/ilcorpoelospirito.archetipoagency.it\/en\/prodotto\/pinot-grigio-franz-haas-2023\/","name":"Pinot Grigio - Franz Haas 2023 | Il corpo e lo spirito","isPartOf":{"@id":"https:\/\/ilcorpoelospirito.archetipoagency.it\/#website"},"primaryImageOfPage":{"@id":"https:\/\/ilcorpoelospirito.archetipoagency.it\/en\/prodotto\/pinot-grigio-franz-haas-2023\/#primaryimage"},"image":{"@id":"https:\/\/ilcorpoelospirito.archetipoagency.it\/en\/prodotto\/pinot-grigio-franz-haas-2023\/#primaryimage"},"thumbnailUrl":"https:\/\/ilcorpoelospirito.archetipoagency.it\/wp-content\/uploads\/2025\/02\/20250131_145722.jpg","datePublished":"2025-02-12T10:12:48+00:00","dateModified":"2026-02-23T09:59:45+00:00","breadcrumb":{"@id":"https:\/\/ilcorpoelospirito.archetipoagency.it\/en\/prodotto\/pinot-grigio-franz-haas-2023\/#breadcrumb"},"inLanguage":"en-US","potentialAction":[{"@type":"ReadAction","target":["https:\/\/ilcorpoelospirito.archetipoagency.it\/en\/prodotto\/pinot-grigio-franz-haas-2023\/"]}]},{"@type":"ImageObject","inLanguage":"en-US","@id":"https:\/\/ilcorpoelospirito.archetipoagency.it\/en\/prodotto\/pinot-grigio-franz-haas-2023\/#primaryimage","url":"https:\/\/ilcorpoelospirito.archetipoagency.it\/wp-content\/uploads\/2025\/02\/20250131_145722.jpg","contentUrl":"https:\/\/ilcorpoelospirito.archetipoagency.it\/wp-content\/uploads\/2025\/02\/20250131_145722.jpg","width":1142,"height":1142},{"@type":"BreadcrumbList","@id":"https:\/\/ilcorpoelospirito.archetipoagency.it\/en\/prodotto\/pinot-grigio-franz-haas-2023\/#breadcrumb","itemListElement":[{"@type":"ListItem","position":1,"name":"Home","item":"https:\/\/ilcorpoelospirito.archetipoagency.it\/"},{"@type":"ListItem","position":2,"name":"Shop","item":"https:\/\/ilcorpoelospirito.archetipoagency.it\/shop\/"},{"@type":"ListItem","position":3,"name":"Pinot Grigio – Franz Haas 2023"}]},{"@type":"WebSite","@id":"https:\/\/ilcorpoelospirito.archetipoagency.it\/#website","url":"https:\/\/ilcorpoelospirito.archetipoagency.it\/","name":"Il corpo e lo spirito","description":"","publisher":{"@id":"https:\/\/ilcorpoelospirito.archetipoagency.it\/#organization"},"alternateName":"Prelibatezze Monastiche e regionali","potentialAction":[{"@type":"SearchAction","target":{"@type":"EntryPoint","urlTemplate":"https:\/\/ilcorpoelospirito.archetipoagency.it\/?s={search_term_string}"},"query-input":{"@type":"PropertyValueSpecification","valueRequired":true,"valueName":"search_term_string"}}],"inLanguage":"en-US"},{"@type":"Organization","@id":"https:\/\/ilcorpoelospirito.archetipoagency.it\/#organization","name":"Il corpo e lo spirito","alternateName":"Prelibatezze Monastiche e regionali","url":"https:\/\/ilcorpoelospirito.archetipoagency.it\/","logo":{"@type":"ImageObject","inLanguage":"en-US","@id":"https:\/\/ilcorpoelospirito.archetipoagency.it\/#\/schema\/logo\/image\/","url":"https:\/\/ilcorpoelospirito.archetipoagency.it\/wp-content\/uploads\/2022\/10\/logo-marrone.png","contentUrl":"https:\/\/ilcorpoelospirito.archetipoagency.it\/wp-content\/uploads\/2022\/10\/logo-marrone.png","width":2192,"height":568,"caption":"Il Corpo e lo Spirito"},"image":{"@id":"https:\/\/ilcorpoelospirito.archetipoagency.it\/#\/schema\/logo\/image\/"}}]}},"_links":{"self":[{"href":"https:\/\/ilcorpoelospirito.archetipoagency.it\/en\/wp-json\/wp\/v2\/product\/7062","targetHints":{"allow":["GET"]}}],"collection":[{"href":"https:\/\/ilcorpoelospirito.archetipoagency.it\/en\/wp-json\/wp\/v2\/product"}],"about":[{"href":"https:\/\/ilcorpoelospirito.archetipoagency.it\/en\/wp-json\/wp\/v2\/types\/product"}],"replies":[{"embeddable":true,"href":"https:\/\/ilcorpoelospirito.archetipoagency.it\/en\/wp-json\/wp\/v2\/comments?post=7062"}],"wp:featuredmedia":[{"embeddable":true,"href":"https:\/\/ilcorpoelospirito.archetipoagency.it\/en\/wp-json\/wp\/v2\/media\/7055"}],"wp:attachment":[{"href":"https:\/\/ilcorpoelospirito.archetipoagency.it\/en\/wp-json\/wp\/v2\/media?parent=7062"}],"wp:term":[{"taxonomy":"product_brand","embeddable":true,"href":"https:\/\/ilcorpoelospirito.archetipoagency.it\/en\/wp-json\/wp\/v2\/product_brand?post=7062"},{"taxonomy":"product_cat","embeddable":true,"href":"https:\/\/ilcorpoelospirito.archetipoagency.it\/en\/wp-json\/wp\/v2\/product_cat?post=7062"},{"taxonomy":"product_tag","embeddable":true,"href":"https:\/\/ilcorpoelospirito.archetipoagency.it\/en\/wp-json\/wp\/v2\/product_tag?post=7062"}],"curies":[{"name":"wp","href":"https:\/\/api.w.org\/{rel}","templated":true}]}}