{"id":7064,"date":"2025-02-12T13:23:20","date_gmt":"2025-02-12T12:23:20","guid":{"rendered":"https:\/\/ilcorpoelospirito.archetipoagency.it\/?post_type=product&#038;p=7064"},"modified":"2025-03-15T10:33:25","modified_gmt":"2025-03-15T09:33:25","slug":"sauvignon-la-tunella-2023","status":"publish","type":"product","link":"https:\/\/ilcorpoelospirito.archetipoagency.it\/en\/product\/sauvignon-la-tunella-2023\/","title":{"rendered":"Sauvignon La Tunella 2023"},"content":{"rendered":"<div class=\"short-description\">\n<div>\n<div class=\"toggle-block\">\n<p>La storia di La Tunella inizia negli anni \u201960 con nonno Min e pap\u00e0 Livio e continua, ancora oggi, con Massimo e Marco Zorzettig, custodi di oltre 50 anni di storia familiare. Memoria ed attualit\u00e0, tradizione ed innovazione, voglia di sperimentare, sono le caratteristiche di questa realt\u00e0 vitivinicola che, seppur consolidata, non ha mai ceduto il passo alle mode n\u00e9 abbandonato l\u2019attenzione maniacale che la contraddistingue; proprio per questo, non a caso, il motto di casa \u00e8 \u2018fare poco per fare meglio\u2019, perch\u00e9 solo in questo modo si pu\u00f2 proporre l\u2019eccellenza. Dentro ogni bottiglia di La Tunella c\u2019\u00e8 l\u2019essenza dei Colli Orientali del Friuli, la terra, il sole, il vento e la pioggia, perch\u00e9 il vino raccoglie tutto quello che riceve: per questo motivo l\u2019azienda \u00e8 molto attenta alla sostenibilit\u00e0 della produzione, aderendo ad un programma di lotta integrata che prevede l\u2019uso limitato di concimi e trattamenti. Inoltre, l\u2019energia necessaria per tutte le attivit\u00e0 aziendali \u00e8 prodotta da pannelli fotovoltaici. Dei 70 ettari di propriet\u00e0, tutti nella zona DOC, il 70% \u00e8 dedicato ai bianchi e il rimanente 30% ai rossi, con una proporzione che rispecchia in pieno le tradizioni dei Colli Orientali del Friuli. Friulano, Ribolla Gialla, Sauvignon sono solo alcuni dei preziosi risultati di un lavoro meticoloso, in vigna come in cantina, volto alla massima valorizzazione delle uve e del terroir, unico, che permette di produrre una variet\u00e0 di prodotti di assoluta qualit\u00e0.<\/p>\n<h3 class=\"toggle-title\" data-toggle-name=\"product-details_perche_ci_piace\">Sauvignon La Tunella 2023<\/h3>\n<div id=\"block-987e847cb7a9e6ea44b2\" class=\"sqs-block html-block sqs-block-html\" data-block-type=\"2\" data-border-radii=\"{&quot;topLeft&quot;:{&quot;unit&quot;:&quot;px&quot;,&quot;value&quot;:0.0},&quot;topRight&quot;:{&quot;unit&quot;:&quot;px&quot;,&quot;value&quot;:0.0},&quot;bottomLeft&quot;:{&quot;unit&quot;:&quot;px&quot;,&quot;value&quot;:0.0},&quot;bottomRight&quot;:{&quot;unit&quot;:&quot;px&quot;,&quot;value&quot;:0.0}}\">\n<div class=\"sqs-block-content\">\n<div class=\"sqs-html-content\">\n<h2>La Tunella: Sauvignon che racconta il Friuli<\/h2>\n<p data-sourcepos=\"3:1-3:473\">Il\u00a0<strong>Sauvignon La Tunella<\/strong>\u00a0\u00e8 un vino bianco\u00a0<strong>Colli Orientali del Friuli DOC<\/strong>\u00a0che esprime appieno il carattere aromatico del\u00a0<strong>vitigno Sauvignon<\/strong>. Questo vino\u00a0<strong>friulano<\/strong>\u00a0si distingue per la sua intensit\u00e0 e complessit\u00e0, frutto di una vinificazione accurata. La\u00a0<strong>criomacerazione\u00a0<\/strong>e la\u00a0<strong>fermentazione in acciaio\u00a0<\/strong>esaltano gli aromi varietali, mentre l\u2019<strong>affinamento\u00a0<\/strong>ne preserva la freschezza.<\/p>\n<p data-sourcepos=\"3:1-3:473\"><strong>Uvaggio<\/strong>: Sauvignon 100%.<\/p>\n<p data-sourcepos=\"3:1-3:473\"><strong>Affinamento<\/strong>: Alcuni mesi in acciaio.<\/p>\n<p data-sourcepos=\"6:1-6:297\"><strong>Note degustative<\/strong>: Colore giallo paglierino brillante. Al naso rivela un bouquet intenso e complesso con note di foglia di pomodoro, salvia, melone e peperone giallo. Al palato \u00e8 avvolgente, con una buona persistenza aromatica e una piacevole mineralit\u00e0.<\/p>\n<p data-sourcepos=\"9:1-9:172\"><strong>Abbinamenti<\/strong>: Si abbina a piatti di pesce, crostacei, asparagi, formaggi freschi e primi piatti delicati. Ideale come aperitivo.<\/p>\n<p data-sourcepos=\"12:1-12:221\"><strong>Perch\u00e9 sceglierlo<\/strong>: Un vino di carattere, perfetto per chi cerca un Sauvignon di qualit\u00e0.<\/p>\n<div class=\"span6\">\n<div class=\"spec_produttore\"><strong>Manufacturer: <\/strong>La Tunella (Italia)<\/p>\n<\/div>\n<div class=\"spec_categoria\"><strong>Vitigno: <\/strong>Sauvignon Blanc<\/p>\n<\/div>\n<div class=\"spec_denominazione\"><strong>Denominazione: <\/strong>Colli Orientali Del Friuli DOC<\/p>\n<\/div>\n<div class=\"spec_regione\"><strong>Regione: <\/strong>Friuli Venezia Giulia<\/p>\n<\/div>\n<div class=\"spec_zona_di_produzione\"><strong>Zona di Produzione: <\/strong>Premariacco (UD)<\/p>\n<\/div>\n<div class=\"spec_annata\"><strong>Annata: <\/strong>2023<\/p>\n<\/div>\n<\/div>\n<div class=\"span6\">\n<div class=\"spec_formato\"><strong>Format: <\/strong>0.75L<\/p>\n<\/div>\n<div class=\"spec_gradazione\"><strong>Gradazione: <\/strong>13%<\/p>\n<\/div>\n<div class=\"spec_temp._min_di_servizio\"><strong>Temp. Min di Servizio: <\/strong>8 \u00b0C<\/p>\n<\/div>\n<div class=\"spec_temp._max_di_servizio\"><strong>Temp. Max di Servizio: <\/strong>10 \u00b0C<\/p>\n<\/div>\n<div class=\"spec_allergeni\"><strong>Allergeni: <\/strong>Solfiti<\/div>\n<div><\/div>\n<\/div>\n<\/div>\n<\/div>\n<\/div>\n<\/div>\n<div class=\"toggle-block\">\n<p><span style=\"color: #dd9e1d;font-family: 'PT Sans';font-size: 25px;letter-spacing: 0em\">Product:<\/span><\/p>\n<\/div>\n<\/div>\n<div>Imbottigliato dall\u2019Az. Agricola La Tunella\u00a0Via del Collio, 14, 33040 Premariacco UD \u2013 Italia<\/div>\n<\/div>\n<p>&nbsp;<\/p>","protected":false},"excerpt":{"rendered":"<div class=\"toggle-block\">\n<div class=\"toggle-block\">\n<div class=\"toggle-block\">\n<div class=\"toggle-block\">\n<h3 class=\"toggle-title\" data-toggle-name=\"product-details_perche_ci_piace\">Sauvignon La Tunella 2023<\/h3>\n<p class=\"\">Il\u00a0<strong>Sauvignon La Tunella<\/strong>\u00a0\u00e8 un vino bianco\u00a0<strong>Colli Orientali del Friuli DOC<\/strong>\u00a0che esprime appieno il carattere aromatico del\u00a0<strong>vitigno Sauvignon<\/strong>. Questo vino\u00a0<strong>friulano<\/strong>\u00a0si distingue per la sua intensit\u00e0 e complessit\u00e0, frutto di una vinificazione accurata. La\u00a0<strong>criomacerazione\u00a0<\/strong>e la\u00a0<strong>fermentazione in acciaio\u00a0<\/strong>esaltano gli aromi varietali, mentre l\u2019<strong>affinamento\u00a0<\/strong>ne preserva la freschezza.<\/p>\n<p data-sourcepos=\"9:1-9:258\"><strong>Abbinamenti<\/strong>: Si abbina a piatti di pesce, crostacei, asparagi, formaggi freschi e primi piatti delicati. Ideale come aperitivo.<\/p>\n<\/div>\n<\/div>\n<\/div>\n<\/div>","protected":false},"featured_media":7057,"comment_status":"open","ping_status":"closed","template":"","meta":[],"product_brand":[],"product_cat":[117],"product_tag":[],"class_list":["post-7064","product","type-product","status-publish","has-post-thumbnail","product_cat-bianco","pa_produttore-az-agr-la-tunella-via-del-collio-14-33040-premariacco-ud","first","outofstock","shipping-taxable","purchasable","product-type-simple"],"yoast_head":"<!-- This site is optimized with the Yoast SEO plugin v27.6 - https:\/\/yoast.com\/product\/yoast-seo-wordpress\/ -->\n<title>Sauvignon La Tunella 2023 | Il corpo e lo spirito<\/title>\n<meta name=\"robots\" content=\"index, follow, max-snippet:-1, max-image-preview:large, max-video-preview:-1\" \/>\n<link rel=\"canonical\" href=\"https:\/\/ilcorpoelospirito.archetipoagency.it\/en\/prodotto\/sauvignon-la-tunella-2023\/\" \/>\n<meta property=\"og:locale\" content=\"en_US\" \/>\n<meta property=\"og:type\" content=\"article\" \/>\n<meta property=\"og:title\" content=\"Sauvignon La Tunella 2023 | Il corpo e lo spirito\" \/>\n<meta property=\"og:description\" content=\"Sauvignon La Tunella 2023 Il\u00a0Sauvignon La Tunella\u00a0\u00e8 un vino bianco\u00a0Colli Orientali del Friuli DOC\u00a0che esprime appieno il carattere aromatico del\u00a0vitigno Sauvignon. Questo vino\u00a0friulano\u00a0si distingue per la sua intensit\u00e0 e complessit\u00e0, frutto di una vinificazione accurata. La\u00a0criomacerazione\u00a0e la\u00a0fermentazione in acciaio\u00a0esaltano gli aromi varietali, mentre l&#039;affinamento\u00a0ne preserva la freschezza. Abbinamenti: Si abbina a piatti di pesce, crostacei, asparagi, formaggi freschi e primi piatti delicati. Ideale come aperitivo.\" \/>\n<meta property=\"og:url\" content=\"https:\/\/ilcorpoelospirito.archetipoagency.it\/en\/prodotto\/sauvignon-la-tunella-2023\/\" \/>\n<meta property=\"og:site_name\" content=\"Il corpo e lo spirito\" \/>\n<meta property=\"article:modified_time\" content=\"2025-03-15T09:33:25+00:00\" \/>\n<meta property=\"og:image\" content=\"https:\/\/ilcorpoelospirito.archetipoagency.it\/wp-content\/uploads\/2025\/02\/20250131_150317.jpg\" \/>\n\t<meta property=\"og:image:width\" content=\"1226\" \/>\n\t<meta property=\"og:image:height\" content=\"1254\" \/>\n\t<meta property=\"og:image:type\" content=\"image\/jpeg\" \/>\n<meta name=\"twitter:card\" content=\"summary_large_image\" \/>\n<meta name=\"twitter:label1\" content=\"Est. reading time\" \/>\n\t<meta name=\"twitter:data1\" content=\"3 minutes\" \/>\n<script type=\"application\/ld+json\" class=\"yoast-schema-graph\">{\"@context\":\"https:\\\/\\\/schema.org\",\"@graph\":[{\"@type\":\"WebPage\",\"@id\":\"https:\\\/\\\/ilcorpoelospirito.archetipoagency.it\\\/en\\\/prodotto\\\/sauvignon-la-tunella-2023\\\/\",\"url\":\"https:\\\/\\\/ilcorpoelospirito.archetipoagency.it\\\/en\\\/prodotto\\\/sauvignon-la-tunella-2023\\\/\",\"name\":\"Sauvignon La Tunella 2023 | Il corpo e lo spirito\",\"isPartOf\":{\"@id\":\"https:\\\/\\\/ilcorpoelospirito.archetipoagency.it\\\/#website\"},\"primaryImageOfPage\":{\"@id\":\"https:\\\/\\\/ilcorpoelospirito.archetipoagency.it\\\/en\\\/prodotto\\\/sauvignon-la-tunella-2023\\\/#primaryimage\"},\"image\":{\"@id\":\"https:\\\/\\\/ilcorpoelospirito.archetipoagency.it\\\/en\\\/prodotto\\\/sauvignon-la-tunella-2023\\\/#primaryimage\"},\"thumbnailUrl\":\"https:\\\/\\\/ilcorpoelospirito.archetipoagency.it\\\/wp-content\\\/uploads\\\/2025\\\/02\\\/20250131_150317.jpg\",\"datePublished\":\"2025-02-12T12:23:20+00:00\",\"dateModified\":\"2025-03-15T09:33:25+00:00\",\"breadcrumb\":{\"@id\":\"https:\\\/\\\/ilcorpoelospirito.archetipoagency.it\\\/en\\\/prodotto\\\/sauvignon-la-tunella-2023\\\/#breadcrumb\"},\"inLanguage\":\"en-US\",\"potentialAction\":[{\"@type\":\"ReadAction\",\"target\":[\"https:\\\/\\\/ilcorpoelospirito.archetipoagency.it\\\/en\\\/prodotto\\\/sauvignon-la-tunella-2023\\\/\"]}]},{\"@type\":\"ImageObject\",\"inLanguage\":\"en-US\",\"@id\":\"https:\\\/\\\/ilcorpoelospirito.archetipoagency.it\\\/en\\\/prodotto\\\/sauvignon-la-tunella-2023\\\/#primaryimage\",\"url\":\"https:\\\/\\\/ilcorpoelospirito.archetipoagency.it\\\/wp-content\\\/uploads\\\/2025\\\/02\\\/20250131_150317.jpg\",\"contentUrl\":\"https:\\\/\\\/ilcorpoelospirito.archetipoagency.it\\\/wp-content\\\/uploads\\\/2025\\\/02\\\/20250131_150317.jpg\",\"width\":1226,\"height\":1254},{\"@type\":\"BreadcrumbList\",\"@id\":\"https:\\\/\\\/ilcorpoelospirito.archetipoagency.it\\\/en\\\/prodotto\\\/sauvignon-la-tunella-2023\\\/#breadcrumb\",\"itemListElement\":[{\"@type\":\"ListItem\",\"position\":1,\"name\":\"Home\",\"item\":\"https:\\\/\\\/ilcorpoelospirito.archetipoagency.it\\\/\"},{\"@type\":\"ListItem\",\"position\":2,\"name\":\"Shop\",\"item\":\"https:\\\/\\\/ilcorpoelospirito.archetipoagency.it\\\/shop\\\/\"},{\"@type\":\"ListItem\",\"position\":3,\"name\":\"Sauvignon La Tunella 2023\"}]},{\"@type\":\"WebSite\",\"@id\":\"https:\\\/\\\/ilcorpoelospirito.archetipoagency.it\\\/#website\",\"url\":\"https:\\\/\\\/ilcorpoelospirito.archetipoagency.it\\\/\",\"name\":\"Il Corpo e lo Spirito\",\"description\":\"\",\"publisher\":{\"@id\":\"https:\\\/\\\/ilcorpoelospirito.archetipoagency.it\\\/#organization\"},\"alternateName\":\"Prelibatezze Monastiche e regionali\",\"potentialAction\":[{\"@type\":\"SearchAction\",\"target\":{\"@type\":\"EntryPoint\",\"urlTemplate\":\"https:\\\/\\\/ilcorpoelospirito.archetipoagency.it\\\/?s={search_term_string}\"},\"query-input\":{\"@type\":\"PropertyValueSpecification\",\"valueRequired\":true,\"valueName\":\"search_term_string\"}}],\"inLanguage\":\"en-US\"},{\"@type\":\"Organization\",\"@id\":\"https:\\\/\\\/ilcorpoelospirito.archetipoagency.it\\\/#organization\",\"name\":\"Il Corpo e lo Spirito\",\"alternateName\":\"Prelibatezze Monastiche e regionali\",\"url\":\"https:\\\/\\\/ilcorpoelospirito.archetipoagency.it\\\/\",\"logo\":{\"@type\":\"ImageObject\",\"inLanguage\":\"en-US\",\"@id\":\"https:\\\/\\\/ilcorpoelospirito.archetipoagency.it\\\/#\\\/schema\\\/logo\\\/image\\\/\",\"url\":\"https:\\\/\\\/ilcorpoelospirito.archetipoagency.it\\\/wp-content\\\/uploads\\\/2022\\\/10\\\/logo-marrone.png\",\"contentUrl\":\"https:\\\/\\\/ilcorpoelospirito.archetipoagency.it\\\/wp-content\\\/uploads\\\/2022\\\/10\\\/logo-marrone.png\",\"width\":2192,\"height\":568,\"caption\":\"Il Corpo e lo Spirito\"},\"image\":{\"@id\":\"https:\\\/\\\/ilcorpoelospirito.archetipoagency.it\\\/#\\\/schema\\\/logo\\\/image\\\/\"}}]}<\/script>\n<!-- \/ Yoast SEO plugin. -->","yoast_head_json":{"title":"Sauvignon La Tunella 2023 | Il corpo e lo spirito","robots":{"index":"index","follow":"follow","max-snippet":"max-snippet:-1","max-image-preview":"max-image-preview:large","max-video-preview":"max-video-preview:-1"},"canonical":"https:\/\/ilcorpoelospirito.archetipoagency.it\/en\/prodotto\/sauvignon-la-tunella-2023\/","og_locale":"en_US","og_type":"article","og_title":"Sauvignon La Tunella 2023 | Il corpo e lo spirito","og_description":"Sauvignon La Tunella 2023 Il\u00a0Sauvignon La Tunella\u00a0\u00e8 un vino bianco\u00a0Colli Orientali del Friuli DOC\u00a0che esprime appieno il carattere aromatico del\u00a0vitigno Sauvignon. Questo vino\u00a0friulano\u00a0si distingue per la sua intensit\u00e0 e complessit\u00e0, frutto di una vinificazione accurata. La\u00a0criomacerazione\u00a0e la\u00a0fermentazione in acciaio\u00a0esaltano gli aromi varietali, mentre l'affinamento\u00a0ne preserva la freschezza. Abbinamenti: Si abbina a piatti di pesce, crostacei, asparagi, formaggi freschi e primi piatti delicati. Ideale come aperitivo.","og_url":"https:\/\/ilcorpoelospirito.archetipoagency.it\/en\/prodotto\/sauvignon-la-tunella-2023\/","og_site_name":"Il corpo e lo spirito","article_modified_time":"2025-03-15T09:33:25+00:00","og_image":[{"width":1226,"height":1254,"url":"https:\/\/ilcorpoelospirito.archetipoagency.it\/wp-content\/uploads\/2025\/02\/20250131_150317.jpg","type":"image\/jpeg"}],"twitter_card":"summary_large_image","twitter_misc":{"Est. reading time":"3 minutes"},"schema":{"@context":"https:\/\/schema.org","@graph":[{"@type":"WebPage","@id":"https:\/\/ilcorpoelospirito.archetipoagency.it\/en\/prodotto\/sauvignon-la-tunella-2023\/","url":"https:\/\/ilcorpoelospirito.archetipoagency.it\/en\/prodotto\/sauvignon-la-tunella-2023\/","name":"Sauvignon La Tunella 2023 | Il corpo e lo spirito","isPartOf":{"@id":"https:\/\/ilcorpoelospirito.archetipoagency.it\/#website"},"primaryImageOfPage":{"@id":"https:\/\/ilcorpoelospirito.archetipoagency.it\/en\/prodotto\/sauvignon-la-tunella-2023\/#primaryimage"},"image":{"@id":"https:\/\/ilcorpoelospirito.archetipoagency.it\/en\/prodotto\/sauvignon-la-tunella-2023\/#primaryimage"},"thumbnailUrl":"https:\/\/ilcorpoelospirito.archetipoagency.it\/wp-content\/uploads\/2025\/02\/20250131_150317.jpg","datePublished":"2025-02-12T12:23:20+00:00","dateModified":"2025-03-15T09:33:25+00:00","breadcrumb":{"@id":"https:\/\/ilcorpoelospirito.archetipoagency.it\/en\/prodotto\/sauvignon-la-tunella-2023\/#breadcrumb"},"inLanguage":"en-US","potentialAction":[{"@type":"ReadAction","target":["https:\/\/ilcorpoelospirito.archetipoagency.it\/en\/prodotto\/sauvignon-la-tunella-2023\/"]}]},{"@type":"ImageObject","inLanguage":"en-US","@id":"https:\/\/ilcorpoelospirito.archetipoagency.it\/en\/prodotto\/sauvignon-la-tunella-2023\/#primaryimage","url":"https:\/\/ilcorpoelospirito.archetipoagency.it\/wp-content\/uploads\/2025\/02\/20250131_150317.jpg","contentUrl":"https:\/\/ilcorpoelospirito.archetipoagency.it\/wp-content\/uploads\/2025\/02\/20250131_150317.jpg","width":1226,"height":1254},{"@type":"BreadcrumbList","@id":"https:\/\/ilcorpoelospirito.archetipoagency.it\/en\/prodotto\/sauvignon-la-tunella-2023\/#breadcrumb","itemListElement":[{"@type":"ListItem","position":1,"name":"Home","item":"https:\/\/ilcorpoelospirito.archetipoagency.it\/"},{"@type":"ListItem","position":2,"name":"Shop","item":"https:\/\/ilcorpoelospirito.archetipoagency.it\/shop\/"},{"@type":"ListItem","position":3,"name":"Sauvignon La Tunella 2023"}]},{"@type":"WebSite","@id":"https:\/\/ilcorpoelospirito.archetipoagency.it\/#website","url":"https:\/\/ilcorpoelospirito.archetipoagency.it\/","name":"Il corpo e lo spirito","description":"","publisher":{"@id":"https:\/\/ilcorpoelospirito.archetipoagency.it\/#organization"},"alternateName":"Prelibatezze Monastiche e regionali","potentialAction":[{"@type":"SearchAction","target":{"@type":"EntryPoint","urlTemplate":"https:\/\/ilcorpoelospirito.archetipoagency.it\/?s={search_term_string}"},"query-input":{"@type":"PropertyValueSpecification","valueRequired":true,"valueName":"search_term_string"}}],"inLanguage":"en-US"},{"@type":"Organization","@id":"https:\/\/ilcorpoelospirito.archetipoagency.it\/#organization","name":"Il corpo e lo spirito","alternateName":"Prelibatezze Monastiche e regionali","url":"https:\/\/ilcorpoelospirito.archetipoagency.it\/","logo":{"@type":"ImageObject","inLanguage":"en-US","@id":"https:\/\/ilcorpoelospirito.archetipoagency.it\/#\/schema\/logo\/image\/","url":"https:\/\/ilcorpoelospirito.archetipoagency.it\/wp-content\/uploads\/2022\/10\/logo-marrone.png","contentUrl":"https:\/\/ilcorpoelospirito.archetipoagency.it\/wp-content\/uploads\/2022\/10\/logo-marrone.png","width":2192,"height":568,"caption":"Il Corpo e lo Spirito"},"image":{"@id":"https:\/\/ilcorpoelospirito.archetipoagency.it\/#\/schema\/logo\/image\/"}}]}},"_links":{"self":[{"href":"https:\/\/ilcorpoelospirito.archetipoagency.it\/en\/wp-json\/wp\/v2\/product\/7064","targetHints":{"allow":["GET"]}}],"collection":[{"href":"https:\/\/ilcorpoelospirito.archetipoagency.it\/en\/wp-json\/wp\/v2\/product"}],"about":[{"href":"https:\/\/ilcorpoelospirito.archetipoagency.it\/en\/wp-json\/wp\/v2\/types\/product"}],"replies":[{"embeddable":true,"href":"https:\/\/ilcorpoelospirito.archetipoagency.it\/en\/wp-json\/wp\/v2\/comments?post=7064"}],"wp:featuredmedia":[{"embeddable":true,"href":"https:\/\/ilcorpoelospirito.archetipoagency.it\/en\/wp-json\/wp\/v2\/media\/7057"}],"wp:attachment":[{"href":"https:\/\/ilcorpoelospirito.archetipoagency.it\/en\/wp-json\/wp\/v2\/media?parent=7064"}],"wp:term":[{"taxonomy":"product_brand","embeddable":true,"href":"https:\/\/ilcorpoelospirito.archetipoagency.it\/en\/wp-json\/wp\/v2\/product_brand?post=7064"},{"taxonomy":"product_cat","embeddable":true,"href":"https:\/\/ilcorpoelospirito.archetipoagency.it\/en\/wp-json\/wp\/v2\/product_cat?post=7064"},{"taxonomy":"product_tag","embeddable":true,"href":"https:\/\/ilcorpoelospirito.archetipoagency.it\/en\/wp-json\/wp\/v2\/product_tag?post=7064"}],"curies":[{"name":"wp","href":"https:\/\/api.w.org\/{rel}","templated":true}]}}