{"id":7065,"date":"2025-02-12T14:14:05","date_gmt":"2025-02-12T13:14:05","guid":{"rendered":"https:\/\/ilcorpoelospirito.archetipoagency.it\/?post_type=product&#038;p=7065"},"modified":"2025-02-24T09:58:14","modified_gmt":"2025-02-24T08:58:14","slug":"leone-dalmerita-2023-tasca-dalmerita","status":"publish","type":"product","link":"https:\/\/ilcorpoelospirito.archetipoagency.it\/en\/product\/leone-dalmerita-2023-tasca-dalmerita\/","title":{"rendered":"Leone d\u2019Almerita 2023 Tasca d\u2019Almerita"},"content":{"rendered":"<div class=\"short-description\">\n<div>\n<div class=\"toggle-block\">\n<p>Ci troviamo al confine tra la provincia di Palermo e quella di Caltanisetta, nel cuore della Sicilia, dove il sole accarezza costantemente Regaleali, bellissima tenuta situata nell\u2019entroterra palermitano, e Villa Tasca, centro della vita sociale e culturale le cui origini risalgono al XVII secolo. Da ben otto generazioni, i Conti Tasca sono da sempre una delle avanguardie dello sviluppo e della ricerca enologica non solo della Sicilia, ma dell\u2019intera penisola, tanto che i loro vini sono stimati e considerati nel mondo come sinonimo di qualit\u00e0 e territorialit\u00e0. Oggi l\u2019azienda \u00e8 guidata da Giuseppe ed Alberto Tasca, che portano avanti le antiche tradizioni di famiglia coniugate con l\u2019innovazione, agendo all\u2019insegna della biodiversit\u00e0 e della sostenibilit\u00e0 ambientale. Regaleali rappresenta il centro di una realt\u00e0 pi\u00f9 grande che vede collegate altre 4 tenute: Capofaro, a Salina, terra di Malvasia; Sallier de la Tour, non lontanto da Palermo, da sempre vocata alla produzione del Syrah; Whitaker, a Mozia, dove si coltivano uve Grillo; Tascante, sull\u2019Etna, con vitigni Carricante e Nerello Mascalese a 700 metri di quota con 110 terrazze a vigneto. L\u2019intera gamma conta circa 24 etichette, vini premiati internazionalmente che rispecchiano la storia di una cantina centenaria, partendo dal \u201cRosso del Conte\u201d, Nero d\u2019Avola e Perricone esaltato in botti di castagno, un omaggio alle incredibili caratteristiche del terroir di contrada Regaleali. Il \u201cRegaleali Bianco\u201d, il primo vino prodotto, figlio di un pregiato blend tra Grecanico, Catarratto, Inzolia e Chardonnay, una vera celebrazione del Made in Sicily, oppure trovarsi tra le mani un calice di \u201cNozze d\u2019Oro\u201d o di <strong>\u201cLeone D\u2019Almerita\u201d<\/strong>. Sono soltanto alcune citazioni di prodotti che testimoniano il legame indissolubile tra vino e territorio, in un crescere di emozioni gustative che portano la firma dei Conti Tasca.<\/p>\n<h3>Leone d\u2019Almerita 2023 Tasca d\u2019Almerita<\/h3>\n<div id=\"block-987e847cb7a9e6ea44b2\" class=\"sqs-block html-block sqs-block-html\" data-block-type=\"2\" data-border-radii=\"{&quot;topLeft&quot;:{&quot;unit&quot;:&quot;px&quot;,&quot;value&quot;:0.0},&quot;topRight&quot;:{&quot;unit&quot;:&quot;px&quot;,&quot;value&quot;:0.0},&quot;bottomLeft&quot;:{&quot;unit&quot;:&quot;px&quot;,&quot;value&quot;:0.0},&quot;bottomRight&quot;:{&quot;unit&quot;:&quot;px&quot;,&quot;value&quot;:0.0}}\">\n<div class=\"sqs-block-content\">\n<div class=\"sqs-html-content\">\n<p>Amore per la propria terra e per i frutti che produce, questo il connubio sentimentale che lega i\u00a0<strong>Tasca d\u2019Almerita<\/strong>\u00a0al mondo del vino e tanta\u00a0<strong>Sicilia<\/strong>\u00a0si respira nei vini da loro prodotti. Vini ben fatti e coinvolgenti, dalla trascinante insistenza aromatica e gustativa, dove la sperimentazione e l\u2019intuizione vanno di pari passo alla qualit\u00e0 e all\u2019eleganza. Il\u00a0<strong>Leone<\/strong>\u00a0d\u2019Almerita \u00e8 un assemblaggio di\u00a0<strong>Catarratto Bianco<\/strong>, uva autoctona fragrante e profumata,\u00a0<strong>Sauvignon<\/strong>\u00a0e\u00a0<strong>Gew\u00fcrtztraminer<\/strong>, dalle sensazioni agrumate e succose e\u00a0<strong>Pinot Bianco<\/strong>, che regala morbidezza e raffinatezza.<\/p>\n<p>Color giallo paglierino estremamente luminoso, svela un ampio e variopinto spettro olfattivo di pesca bianca e frutta tropicale, agrumi come pompelmo rosa e cedro, fiori bianchi e vaniglia. Morbido e strutturato al palato, rivela fragranza, acidit\u00e0 e lunga persistenza fruttata.<\/p>\n<p><strong>Abbinamento<\/strong>: Con risotto ai funghi porcini, con pasta e fagioli con le cozze, con carni bianche arrosto e pesci al forno e pizza.<\/p>\n<div class=\"span6\">\n<div class=\"spec_produttore\"><strong>Manufacturer: <\/strong>Tasca d\u2019Almerita<\/div>\n<div class=\"spec_categoria\"><strong>Categoria: <\/strong>Vino Bianco<br \/>\n<strong>Vitigno: <\/strong>Catarratto, Gew\u00fcrztraminer, Pinot Bianco, Sauvignon Blanc<br \/>\n<strong>Denominazione: <\/strong>Terre Siciliane IGT<\/div>\n<div class=\"spec_zona_di_produzione\"><strong>Zona di Produzione: <\/strong>Tenuta Regaleali \u2013 Sicilia \u2013 Italia<br \/>\n<strong>Annata: <\/strong>2023<br \/>\n<strong>Gradazione: <\/strong>13,5%<\/div>\n<\/div>\n<div class=\"span6\">\n<div class=\"spec_temp._min_di_servizio\"><strong>Temp. Min di Servizio: <\/strong>8 \u00b0C<br \/>\n<strong>Temp. Max di Servizio: <\/strong>10 \u00b0C<br \/>\n<strong>Allergeni: <\/strong>Solfiti<\/div>\n<\/div>\n<div class=\"span6\">\n<div><\/div>\n<\/div>\n<\/div>\n<\/div>\n<\/div>\n<\/div>\n<div class=\"toggle-block\">\n<p><span style=\"color: #dd9e1d;font-family: 'PT Sans';font-size: 25px;letter-spacing: 0em\">PRODOTTO DA:<\/span><\/p>\n<\/div>\n<\/div>\n<div>Soc. Semplice Agr. Tenuta Almerita Via dei Frassini 4\u00a0 86039 Termoli \u2013 Italia<\/div>\n<\/div>\n<p>&nbsp;<\/p>","protected":false},"excerpt":{"rendered":"<div class=\"toggle-block\">\n<div class=\"toggle-block\">\n<div class=\"toggle-block\">\n<div class=\"toggle-block\">\n<h3>Leone d\u2019Almerita 2023 Tasca d\u2019Almerita<\/h3>\n<p>Color giallo paglierino estremamente luminoso, svela un ampio e variopinto spettro olfattivo di pesca bianca e frutta tropicale, agrumi come pompelmo rosa e cedro, fiori bianchi e vaniglia. Morbido e strutturato al palato, rivela fragranza, acidit\u00e0 e lunga persistenza fruttata.<\/p>\n<p><strong>Abbinamento<\/strong>: Con risotto ai funghi porcini, con pasta e fagioli con le cozze, con carni bianche arrosto e pesci al forno e pizza.<\/p>\n<\/div>\n<\/div>\n<\/div>\n<\/div>","protected":false},"featured_media":7059,"comment_status":"open","ping_status":"closed","template":"","meta":[],"product_brand":[],"product_cat":[117],"product_tag":[],"class_list":["post-7065","product","type-product","status-publish","has-post-thumbnail","product_cat-bianco","pa_produttore-soc-semplice-agr-tenuta-almerita-via-dei-frassini-4-86039-termoli-italia","first","outofstock","shipping-taxable","purchasable","product-type-simple"],"yoast_head":"<!-- This site is optimized with the Yoast SEO plugin v27.6 - https:\/\/yoast.com\/product\/yoast-seo-wordpress\/ -->\n<title>Leone d&#039;Almerita 2023 Tasca d&#039;Almerita | Il corpo e lo spirito<\/title>\n<meta name=\"robots\" content=\"index, follow, max-snippet:-1, max-image-preview:large, max-video-preview:-1\" \/>\n<link rel=\"canonical\" href=\"https:\/\/ilcorpoelospirito.archetipoagency.it\/en\/prodotto\/leone-dalmerita-2023-tasca-dalmerita\/\" \/>\n<meta property=\"og:locale\" content=\"en_US\" \/>\n<meta property=\"og:type\" content=\"article\" \/>\n<meta property=\"og:title\" content=\"Leone d&#039;Almerita 2023 Tasca d&#039;Almerita | Il corpo e lo spirito\" \/>\n<meta property=\"og:description\" content=\"Leone d&#039;Almerita 2023 Tasca d&#039;Almerita Color giallo paglierino estremamente luminoso, svela un ampio e variopinto spettro olfattivo di pesca bianca e frutta tropicale, agrumi come pompelmo rosa e cedro, fiori bianchi e vaniglia. Morbido e strutturato al palato, rivela fragranza, acidit\u00e0 e lunga persistenza fruttata.  Abbinamento: Con risotto ai funghi porcini, con pasta e fagioli con le cozze, con carni bianche arrosto e pesci al forno e pizza.\" \/>\n<meta property=\"og:url\" content=\"https:\/\/ilcorpoelospirito.archetipoagency.it\/en\/prodotto\/leone-dalmerita-2023-tasca-dalmerita\/\" \/>\n<meta property=\"og:site_name\" content=\"Il corpo e lo spirito\" \/>\n<meta property=\"article:modified_time\" content=\"2025-02-24T08:58:14+00:00\" \/>\n<meta property=\"og:image\" content=\"https:\/\/ilcorpoelospirito.archetipoagency.it\/wp-content\/uploads\/2025\/02\/20250131_152155.jpg\" \/>\n\t<meta property=\"og:image:width\" content=\"1286\" \/>\n\t<meta property=\"og:image:height\" content=\"1286\" \/>\n\t<meta property=\"og:image:type\" content=\"image\/jpeg\" \/>\n<meta name=\"twitter:card\" content=\"summary_large_image\" \/>\n<meta name=\"twitter:label1\" content=\"Est. reading time\" \/>\n\t<meta name=\"twitter:data1\" content=\"3 minutes\" \/>\n<script type=\"application\/ld+json\" class=\"yoast-schema-graph\">{\"@context\":\"https:\\\/\\\/schema.org\",\"@graph\":[{\"@type\":\"WebPage\",\"@id\":\"https:\\\/\\\/ilcorpoelospirito.archetipoagency.it\\\/en\\\/prodotto\\\/leone-dalmerita-2023-tasca-dalmerita\\\/\",\"url\":\"https:\\\/\\\/ilcorpoelospirito.archetipoagency.it\\\/en\\\/prodotto\\\/leone-dalmerita-2023-tasca-dalmerita\\\/\",\"name\":\"Leone d'Almerita 2023 Tasca d'Almerita | Il corpo e lo spirito\",\"isPartOf\":{\"@id\":\"https:\\\/\\\/ilcorpoelospirito.archetipoagency.it\\\/#website\"},\"primaryImageOfPage\":{\"@id\":\"https:\\\/\\\/ilcorpoelospirito.archetipoagency.it\\\/en\\\/prodotto\\\/leone-dalmerita-2023-tasca-dalmerita\\\/#primaryimage\"},\"image\":{\"@id\":\"https:\\\/\\\/ilcorpoelospirito.archetipoagency.it\\\/en\\\/prodotto\\\/leone-dalmerita-2023-tasca-dalmerita\\\/#primaryimage\"},\"thumbnailUrl\":\"https:\\\/\\\/ilcorpoelospirito.archetipoagency.it\\\/wp-content\\\/uploads\\\/2025\\\/02\\\/20250131_152155.jpg\",\"datePublished\":\"2025-02-12T13:14:05+00:00\",\"dateModified\":\"2025-02-24T08:58:14+00:00\",\"breadcrumb\":{\"@id\":\"https:\\\/\\\/ilcorpoelospirito.archetipoagency.it\\\/en\\\/prodotto\\\/leone-dalmerita-2023-tasca-dalmerita\\\/#breadcrumb\"},\"inLanguage\":\"en-US\",\"potentialAction\":[{\"@type\":\"ReadAction\",\"target\":[\"https:\\\/\\\/ilcorpoelospirito.archetipoagency.it\\\/en\\\/prodotto\\\/leone-dalmerita-2023-tasca-dalmerita\\\/\"]}]},{\"@type\":\"ImageObject\",\"inLanguage\":\"en-US\",\"@id\":\"https:\\\/\\\/ilcorpoelospirito.archetipoagency.it\\\/en\\\/prodotto\\\/leone-dalmerita-2023-tasca-dalmerita\\\/#primaryimage\",\"url\":\"https:\\\/\\\/ilcorpoelospirito.archetipoagency.it\\\/wp-content\\\/uploads\\\/2025\\\/02\\\/20250131_152155.jpg\",\"contentUrl\":\"https:\\\/\\\/ilcorpoelospirito.archetipoagency.it\\\/wp-content\\\/uploads\\\/2025\\\/02\\\/20250131_152155.jpg\",\"width\":1286,\"height\":1286},{\"@type\":\"BreadcrumbList\",\"@id\":\"https:\\\/\\\/ilcorpoelospirito.archetipoagency.it\\\/en\\\/prodotto\\\/leone-dalmerita-2023-tasca-dalmerita\\\/#breadcrumb\",\"itemListElement\":[{\"@type\":\"ListItem\",\"position\":1,\"name\":\"Home\",\"item\":\"https:\\\/\\\/ilcorpoelospirito.archetipoagency.it\\\/\"},{\"@type\":\"ListItem\",\"position\":2,\"name\":\"Shop\",\"item\":\"https:\\\/\\\/ilcorpoelospirito.archetipoagency.it\\\/shop\\\/\"},{\"@type\":\"ListItem\",\"position\":3,\"name\":\"Leone d’Almerita 2023 Tasca d’Almerita\"}]},{\"@type\":\"WebSite\",\"@id\":\"https:\\\/\\\/ilcorpoelospirito.archetipoagency.it\\\/#website\",\"url\":\"https:\\\/\\\/ilcorpoelospirito.archetipoagency.it\\\/\",\"name\":\"Il Corpo e lo Spirito\",\"description\":\"\",\"publisher\":{\"@id\":\"https:\\\/\\\/ilcorpoelospirito.archetipoagency.it\\\/#organization\"},\"alternateName\":\"Prelibatezze Monastiche e regionali\",\"potentialAction\":[{\"@type\":\"SearchAction\",\"target\":{\"@type\":\"EntryPoint\",\"urlTemplate\":\"https:\\\/\\\/ilcorpoelospirito.archetipoagency.it\\\/?s={search_term_string}\"},\"query-input\":{\"@type\":\"PropertyValueSpecification\",\"valueRequired\":true,\"valueName\":\"search_term_string\"}}],\"inLanguage\":\"en-US\"},{\"@type\":\"Organization\",\"@id\":\"https:\\\/\\\/ilcorpoelospirito.archetipoagency.it\\\/#organization\",\"name\":\"Il Corpo e lo Spirito\",\"alternateName\":\"Prelibatezze Monastiche e regionali\",\"url\":\"https:\\\/\\\/ilcorpoelospirito.archetipoagency.it\\\/\",\"logo\":{\"@type\":\"ImageObject\",\"inLanguage\":\"en-US\",\"@id\":\"https:\\\/\\\/ilcorpoelospirito.archetipoagency.it\\\/#\\\/schema\\\/logo\\\/image\\\/\",\"url\":\"https:\\\/\\\/ilcorpoelospirito.archetipoagency.it\\\/wp-content\\\/uploads\\\/2022\\\/10\\\/logo-marrone.png\",\"contentUrl\":\"https:\\\/\\\/ilcorpoelospirito.archetipoagency.it\\\/wp-content\\\/uploads\\\/2022\\\/10\\\/logo-marrone.png\",\"width\":2192,\"height\":568,\"caption\":\"Il Corpo e lo Spirito\"},\"image\":{\"@id\":\"https:\\\/\\\/ilcorpoelospirito.archetipoagency.it\\\/#\\\/schema\\\/logo\\\/image\\\/\"}}]}<\/script>\n<!-- \/ Yoast SEO plugin. -->","yoast_head_json":{"title":"Leone d'Almerita 2023 Tasca d'Almerita | Il corpo e lo spirito","robots":{"index":"index","follow":"follow","max-snippet":"max-snippet:-1","max-image-preview":"max-image-preview:large","max-video-preview":"max-video-preview:-1"},"canonical":"https:\/\/ilcorpoelospirito.archetipoagency.it\/en\/prodotto\/leone-dalmerita-2023-tasca-dalmerita\/","og_locale":"en_US","og_type":"article","og_title":"Leone d'Almerita 2023 Tasca d'Almerita | Il corpo e lo spirito","og_description":"Leone d'Almerita 2023 Tasca d'Almerita Color giallo paglierino estremamente luminoso, svela un ampio e variopinto spettro olfattivo di pesca bianca e frutta tropicale, agrumi come pompelmo rosa e cedro, fiori bianchi e vaniglia. Morbido e strutturato al palato, rivela fragranza, acidit\u00e0 e lunga persistenza fruttata.  Abbinamento: Con risotto ai funghi porcini, con pasta e fagioli con le cozze, con carni bianche arrosto e pesci al forno e pizza.","og_url":"https:\/\/ilcorpoelospirito.archetipoagency.it\/en\/prodotto\/leone-dalmerita-2023-tasca-dalmerita\/","og_site_name":"Il corpo e lo spirito","article_modified_time":"2025-02-24T08:58:14+00:00","og_image":[{"width":1286,"height":1286,"url":"https:\/\/ilcorpoelospirito.archetipoagency.it\/wp-content\/uploads\/2025\/02\/20250131_152155.jpg","type":"image\/jpeg"}],"twitter_card":"summary_large_image","twitter_misc":{"Est. reading time":"3 minutes"},"schema":{"@context":"https:\/\/schema.org","@graph":[{"@type":"WebPage","@id":"https:\/\/ilcorpoelospirito.archetipoagency.it\/en\/prodotto\/leone-dalmerita-2023-tasca-dalmerita\/","url":"https:\/\/ilcorpoelospirito.archetipoagency.it\/en\/prodotto\/leone-dalmerita-2023-tasca-dalmerita\/","name":"Leone d'Almerita 2023 Tasca d'Almerita | Il corpo e lo spirito","isPartOf":{"@id":"https:\/\/ilcorpoelospirito.archetipoagency.it\/#website"},"primaryImageOfPage":{"@id":"https:\/\/ilcorpoelospirito.archetipoagency.it\/en\/prodotto\/leone-dalmerita-2023-tasca-dalmerita\/#primaryimage"},"image":{"@id":"https:\/\/ilcorpoelospirito.archetipoagency.it\/en\/prodotto\/leone-dalmerita-2023-tasca-dalmerita\/#primaryimage"},"thumbnailUrl":"https:\/\/ilcorpoelospirito.archetipoagency.it\/wp-content\/uploads\/2025\/02\/20250131_152155.jpg","datePublished":"2025-02-12T13:14:05+00:00","dateModified":"2025-02-24T08:58:14+00:00","breadcrumb":{"@id":"https:\/\/ilcorpoelospirito.archetipoagency.it\/en\/prodotto\/leone-dalmerita-2023-tasca-dalmerita\/#breadcrumb"},"inLanguage":"en-US","potentialAction":[{"@type":"ReadAction","target":["https:\/\/ilcorpoelospirito.archetipoagency.it\/en\/prodotto\/leone-dalmerita-2023-tasca-dalmerita\/"]}]},{"@type":"ImageObject","inLanguage":"en-US","@id":"https:\/\/ilcorpoelospirito.archetipoagency.it\/en\/prodotto\/leone-dalmerita-2023-tasca-dalmerita\/#primaryimage","url":"https:\/\/ilcorpoelospirito.archetipoagency.it\/wp-content\/uploads\/2025\/02\/20250131_152155.jpg","contentUrl":"https:\/\/ilcorpoelospirito.archetipoagency.it\/wp-content\/uploads\/2025\/02\/20250131_152155.jpg","width":1286,"height":1286},{"@type":"BreadcrumbList","@id":"https:\/\/ilcorpoelospirito.archetipoagency.it\/en\/prodotto\/leone-dalmerita-2023-tasca-dalmerita\/#breadcrumb","itemListElement":[{"@type":"ListItem","position":1,"name":"Home","item":"https:\/\/ilcorpoelospirito.archetipoagency.it\/"},{"@type":"ListItem","position":2,"name":"Shop","item":"https:\/\/ilcorpoelospirito.archetipoagency.it\/shop\/"},{"@type":"ListItem","position":3,"name":"Leone d’Almerita 2023 Tasca d’Almerita"}]},{"@type":"WebSite","@id":"https:\/\/ilcorpoelospirito.archetipoagency.it\/#website","url":"https:\/\/ilcorpoelospirito.archetipoagency.it\/","name":"Il corpo e lo spirito","description":"","publisher":{"@id":"https:\/\/ilcorpoelospirito.archetipoagency.it\/#organization"},"alternateName":"Prelibatezze Monastiche e regionali","potentialAction":[{"@type":"SearchAction","target":{"@type":"EntryPoint","urlTemplate":"https:\/\/ilcorpoelospirito.archetipoagency.it\/?s={search_term_string}"},"query-input":{"@type":"PropertyValueSpecification","valueRequired":true,"valueName":"search_term_string"}}],"inLanguage":"en-US"},{"@type":"Organization","@id":"https:\/\/ilcorpoelospirito.archetipoagency.it\/#organization","name":"Il corpo e lo spirito","alternateName":"Prelibatezze Monastiche e regionali","url":"https:\/\/ilcorpoelospirito.archetipoagency.it\/","logo":{"@type":"ImageObject","inLanguage":"en-US","@id":"https:\/\/ilcorpoelospirito.archetipoagency.it\/#\/schema\/logo\/image\/","url":"https:\/\/ilcorpoelospirito.archetipoagency.it\/wp-content\/uploads\/2022\/10\/logo-marrone.png","contentUrl":"https:\/\/ilcorpoelospirito.archetipoagency.it\/wp-content\/uploads\/2022\/10\/logo-marrone.png","width":2192,"height":568,"caption":"Il Corpo e lo Spirito"},"image":{"@id":"https:\/\/ilcorpoelospirito.archetipoagency.it\/#\/schema\/logo\/image\/"}}]}},"_links":{"self":[{"href":"https:\/\/ilcorpoelospirito.archetipoagency.it\/en\/wp-json\/wp\/v2\/product\/7065","targetHints":{"allow":["GET"]}}],"collection":[{"href":"https:\/\/ilcorpoelospirito.archetipoagency.it\/en\/wp-json\/wp\/v2\/product"}],"about":[{"href":"https:\/\/ilcorpoelospirito.archetipoagency.it\/en\/wp-json\/wp\/v2\/types\/product"}],"replies":[{"embeddable":true,"href":"https:\/\/ilcorpoelospirito.archetipoagency.it\/en\/wp-json\/wp\/v2\/comments?post=7065"}],"wp:featuredmedia":[{"embeddable":true,"href":"https:\/\/ilcorpoelospirito.archetipoagency.it\/en\/wp-json\/wp\/v2\/media\/7059"}],"wp:attachment":[{"href":"https:\/\/ilcorpoelospirito.archetipoagency.it\/en\/wp-json\/wp\/v2\/media?parent=7065"}],"wp:term":[{"taxonomy":"product_brand","embeddable":true,"href":"https:\/\/ilcorpoelospirito.archetipoagency.it\/en\/wp-json\/wp\/v2\/product_brand?post=7065"},{"taxonomy":"product_cat","embeddable":true,"href":"https:\/\/ilcorpoelospirito.archetipoagency.it\/en\/wp-json\/wp\/v2\/product_cat?post=7065"},{"taxonomy":"product_tag","embeddable":true,"href":"https:\/\/ilcorpoelospirito.archetipoagency.it\/en\/wp-json\/wp\/v2\/product_tag?post=7065"}],"curies":[{"name":"wp","href":"https:\/\/api.w.org\/{rel}","templated":true}]}}