{"id":7095,"date":"2025-02-14T09:52:09","date_gmt":"2025-02-14T08:52:09","guid":{"rendered":"https:\/\/ilcorpoelospirito.archetipoagency.it\/?post_type=product&#038;p=7095"},"modified":"2025-04-08T10:34:22","modified_gmt":"2025-04-08T08:34:22","slug":"lagrein-doc-le-valete-bio-2020-distilleria-francesco-poli","status":"publish","type":"product","link":"https:\/\/ilcorpoelospirito.archetipoagency.it\/en\/product\/lagrein-doc-le-valete-bio-2020-distilleria-francesco-poli\/","title":{"rendered":"Lagrein DOC \u201cLe Valete\u201d BIO 2020 \u2013 Distilleria Francesco Poli"},"content":{"rendered":"<div class=\"short-description\">\n<div>\n<div class=\"toggle-block\">\n<p>Fra le colline ed i laghi di Santa Massenza e Toblino, sorge l\u2019azienda Agricola e la Distilleria di Francesco e Alessandro Poli.<br \/>\nDal 1998, i vigneti si coltivano secondo i principi dell\u2019<strong>agricoltura biologica<\/strong>, nel pieno rispetto di un terreno dalle mille sfaccettature come quello di Santa Massenza, il pi\u00f9 votato alla coltivazione del Lagrein.<br \/>\nNei vigneti attorno al paese, vengono infatti coltivati i vitigni a bacca rossa, come la Schiava, il Cabernet Sauvignon ed appunto il <strong>Lagrein<\/strong>.<\/p>\n<h3>Lagrein DOC \u201cLe Valete\u201d BIO 2020 \u2013 Francesco Poli<\/h3>\n<div class=\"span6\">\n<div class=\"spec_produttore\">\n<p>Il lagrein \u201cLe Valete\u201d di Francesco Poli prende il nome dal vigneto omonimo Le Valete, che sovrasta il lago di Santa Massenza. Ottenuto con uve lagrein, vitigno autoctono del Trentino, \u00e8 un vino rosso da agricoltura biologica dalla forte tipicit\u00e0 territoriale. Il passaggio in botte per 18 mesi gli conferisce robustezza, struttura ed una grande personalit\u00e0 che si riscontra anche nei suoi profumi ampi e speziati.<\/p>\n<div class=\"toggle-block\">\n<p class=\"toggle-content\" data-toggle-content=\"product-details_note_di_degustazione\">Di colore rosso porpora, al naso regala profumi ampi di frutta rossa come la ciliegia, e note speziate di vaniglia. In bocca \u00e8 fresco, strutturato, morbido, con tannini presenti. Chiude con un retrogusto ammandorlato.<\/p>\n<\/div>\n<div class=\"toggle-block\">\n<p class=\"toggle-title\" data-toggle-name=\"product-details_abbinamenti\"><strong>Abbinamenti: <\/strong>Si abbina con la carne in umido, brasati, selvaggina e formaggi a media stagionatura<\/p>\n<\/div>\n<div class=\"span6\">\n<div class=\"spec_produttore\">\n<div class=\"span6\">\n<div class=\"spec_produttore\">\n<div class=\"span6\">\n<div class=\"spec_produttore\"><strong>Manufacturer: <\/strong>Francesco Poli<\/div>\n<div class=\"spec_vitigno\"><strong>Vitigno: <\/strong>Lagrein 100%<br \/>\n<strong>Zona di Produzione: <\/strong>S. Massenza \u2013 Trentino Alto Adige \u2013 Italia<br \/>\n<strong>Annata: <\/strong>2020<br \/>\n<strong>Format: <\/strong>0.75L<\/div>\n<\/div>\n<div class=\"span6\">\n<div class=\"spec_gradazione\"><strong>Gradazione: <\/strong>13%<br \/>\n<strong>Temp. Min di Servizio: <\/strong>16 \u00b0C<br \/>\n<strong>Temp. Max di Servizio: <\/strong>18 \u00b0C<br \/>\n<strong>Allergeni: <\/strong>Solfiti<\/div>\n<\/div>\n<\/div>\n<\/div>\n<div class=\"span6\">\n<div><\/div>\n<\/div>\n<\/div>\n<\/div>\n<\/div>\n<\/div>\n<div class=\"span6\">\n<div class=\"spec_formato\"><span style=\"color: #dd9e1d;font-family: 'PT Sans';font-size: 25px;letter-spacing: 0em\">PRODOTTO E IMBOTTIGLIATO DA:<\/span><\/div>\n<\/div>\n<\/div>\n<\/div>\n<div>\n<p>Azienda Agricola Francesco Poli Localit\u00e0 Santa Massenza \u2013 Vallelaghi (TN) \u2013 Italia<\/p>\n<\/div>\n<\/div>\n<p>&nbsp;<\/p>","protected":false},"excerpt":{"rendered":"<div class=\"toggle-block\">\n<div class=\"toggle-block\">\n<div class=\"toggle-block\">\n<div class=\"toggle-block\">\n<h3>Lagrein DOC \u201cLe Valete\u201d BIO 2020 \u2013 Distilleria Francesco Poli<\/h3>\n<p>Il lagrein \u201cLe Valete\u201d di Francesco Poli \u00e8 un vino rosso da agricoltura biologica dalla forte tipicit\u00e0 territoriale. Il passaggio in botte per 18 mesi gli conferisce robustezza, struttura ed una grande personalit\u00e0 che si riscontra anche nei suoi profumi ampi e speziati. Colore, profumo e sapore lo rendono un rosso eccezionale e versatile<\/p>\n<div class=\"toggle-block\">\n<p class=\"toggle-title\" data-toggle-name=\"product-details_abbinamenti\"><strong>Abbinamenti: <\/strong>Si abbina con la carne in umido, brasati, selvaggina e formaggi a media stagionatura<\/p>\n<\/div>\n<\/div>\n<\/div>\n<\/div>\n<\/div>","protected":false},"featured_media":7080,"comment_status":"open","ping_status":"closed","template":"","meta":[],"product_brand":[],"product_cat":[119],"product_tag":[],"class_list":["post-7095","product","type-product","status-publish","has-post-thumbnail","product_cat-rosso","pa_produttore-azienda-agricola-francesco-poli-localita-santa-massenza-vallelaghi-tn-italia","first","outofstock","shipping-taxable","purchasable","product-type-simple"],"yoast_head":"<!-- This site is optimized with the Yoast SEO plugin v27.6 - https:\/\/yoast.com\/product\/yoast-seo-wordpress\/ -->\n<title>Lagrein DOC &quot;Le Valete&quot; BIO 2020 - Distilleria Francesco Poli | Il corpo e lo spirito<\/title>\n<meta name=\"robots\" content=\"index, follow, max-snippet:-1, max-image-preview:large, max-video-preview:-1\" \/>\n<link rel=\"canonical\" href=\"https:\/\/ilcorpoelospirito.archetipoagency.it\/en\/prodotto\/lagrein-doc-le-valete-bio-2020-distilleria-francesco-poli\/\" \/>\n<meta property=\"og:locale\" content=\"en_US\" \/>\n<meta property=\"og:type\" content=\"article\" \/>\n<meta property=\"og:title\" content=\"Lagrein DOC &quot;Le Valete&quot; BIO 2020 - Distilleria Francesco Poli | Il corpo e lo spirito\" \/>\n<meta property=\"og:description\" content=\"Lagrein DOC &quot;Le Valete&quot; BIO 2020 - Distilleria Francesco Poli Il lagrein \u201cLe Valete\u201d di Francesco Poli \u00e8 un vino rosso da agricoltura biologica dalla forte tipicit\u00e0 territoriale. Il passaggio in botte per 18 mesi gli conferisce robustezza, struttura ed una grande personalit\u00e0 che si riscontra anche nei suoi profumi ampi e speziati. Colore, profumo e sapore lo rendono un rosso eccezionale e versatile  Abbinamenti: Si abbina con la carne in umido, brasati, selvaggina e formaggi a media stagionatura\" \/>\n<meta property=\"og:url\" content=\"https:\/\/ilcorpoelospirito.archetipoagency.it\/en\/prodotto\/lagrein-doc-le-valete-bio-2020-distilleria-francesco-poli\/\" \/>\n<meta property=\"og:site_name\" content=\"Il corpo e lo spirito\" \/>\n<meta property=\"article:modified_time\" content=\"2025-04-08T08:34:22+00:00\" \/>\n<meta property=\"og:image\" content=\"https:\/\/ilcorpoelospirito.archetipoagency.it\/wp-content\/uploads\/2025\/02\/20250131_145905.jpg\" \/>\n\t<meta property=\"og:image:width\" content=\"1279\" \/>\n\t<meta property=\"og:image:height\" content=\"1279\" \/>\n\t<meta property=\"og:image:type\" content=\"image\/jpeg\" \/>\n<meta name=\"twitter:card\" content=\"summary_large_image\" \/>\n<meta name=\"twitter:label1\" content=\"Est. reading time\" \/>\n\t<meta name=\"twitter:data1\" content=\"2 minutes\" \/>\n<script type=\"application\/ld+json\" class=\"yoast-schema-graph\">{\"@context\":\"https:\\\/\\\/schema.org\",\"@graph\":[{\"@type\":\"WebPage\",\"@id\":\"https:\\\/\\\/ilcorpoelospirito.archetipoagency.it\\\/en\\\/prodotto\\\/lagrein-doc-le-valete-bio-2020-distilleria-francesco-poli\\\/\",\"url\":\"https:\\\/\\\/ilcorpoelospirito.archetipoagency.it\\\/en\\\/prodotto\\\/lagrein-doc-le-valete-bio-2020-distilleria-francesco-poli\\\/\",\"name\":\"Lagrein DOC \\\"Le Valete\\\" BIO 2020 - Distilleria Francesco Poli | Il corpo e lo spirito\",\"isPartOf\":{\"@id\":\"https:\\\/\\\/ilcorpoelospirito.archetipoagency.it\\\/#website\"},\"primaryImageOfPage\":{\"@id\":\"https:\\\/\\\/ilcorpoelospirito.archetipoagency.it\\\/en\\\/prodotto\\\/lagrein-doc-le-valete-bio-2020-distilleria-francesco-poli\\\/#primaryimage\"},\"image\":{\"@id\":\"https:\\\/\\\/ilcorpoelospirito.archetipoagency.it\\\/en\\\/prodotto\\\/lagrein-doc-le-valete-bio-2020-distilleria-francesco-poli\\\/#primaryimage\"},\"thumbnailUrl\":\"https:\\\/\\\/ilcorpoelospirito.archetipoagency.it\\\/wp-content\\\/uploads\\\/2025\\\/02\\\/20250131_145905.jpg\",\"datePublished\":\"2025-02-14T08:52:09+00:00\",\"dateModified\":\"2025-04-08T08:34:22+00:00\",\"breadcrumb\":{\"@id\":\"https:\\\/\\\/ilcorpoelospirito.archetipoagency.it\\\/en\\\/prodotto\\\/lagrein-doc-le-valete-bio-2020-distilleria-francesco-poli\\\/#breadcrumb\"},\"inLanguage\":\"en-US\",\"potentialAction\":[{\"@type\":\"ReadAction\",\"target\":[\"https:\\\/\\\/ilcorpoelospirito.archetipoagency.it\\\/en\\\/prodotto\\\/lagrein-doc-le-valete-bio-2020-distilleria-francesco-poli\\\/\"]}]},{\"@type\":\"ImageObject\",\"inLanguage\":\"en-US\",\"@id\":\"https:\\\/\\\/ilcorpoelospirito.archetipoagency.it\\\/en\\\/prodotto\\\/lagrein-doc-le-valete-bio-2020-distilleria-francesco-poli\\\/#primaryimage\",\"url\":\"https:\\\/\\\/ilcorpoelospirito.archetipoagency.it\\\/wp-content\\\/uploads\\\/2025\\\/02\\\/20250131_145905.jpg\",\"contentUrl\":\"https:\\\/\\\/ilcorpoelospirito.archetipoagency.it\\\/wp-content\\\/uploads\\\/2025\\\/02\\\/20250131_145905.jpg\",\"width\":1279,\"height\":1279},{\"@type\":\"BreadcrumbList\",\"@id\":\"https:\\\/\\\/ilcorpoelospirito.archetipoagency.it\\\/en\\\/prodotto\\\/lagrein-doc-le-valete-bio-2020-distilleria-francesco-poli\\\/#breadcrumb\",\"itemListElement\":[{\"@type\":\"ListItem\",\"position\":1,\"name\":\"Home\",\"item\":\"https:\\\/\\\/ilcorpoelospirito.archetipoagency.it\\\/\"},{\"@type\":\"ListItem\",\"position\":2,\"name\":\"Shop\",\"item\":\"https:\\\/\\\/ilcorpoelospirito.archetipoagency.it\\\/shop\\\/\"},{\"@type\":\"ListItem\",\"position\":3,\"name\":\"Lagrein DOC “Le Valete” BIO 2020 – Distilleria Francesco Poli\"}]},{\"@type\":\"WebSite\",\"@id\":\"https:\\\/\\\/ilcorpoelospirito.archetipoagency.it\\\/#website\",\"url\":\"https:\\\/\\\/ilcorpoelospirito.archetipoagency.it\\\/\",\"name\":\"Il Corpo e lo Spirito\",\"description\":\"\",\"publisher\":{\"@id\":\"https:\\\/\\\/ilcorpoelospirito.archetipoagency.it\\\/#organization\"},\"alternateName\":\"Prelibatezze Monastiche e regionali\",\"potentialAction\":[{\"@type\":\"SearchAction\",\"target\":{\"@type\":\"EntryPoint\",\"urlTemplate\":\"https:\\\/\\\/ilcorpoelospirito.archetipoagency.it\\\/?s={search_term_string}\"},\"query-input\":{\"@type\":\"PropertyValueSpecification\",\"valueRequired\":true,\"valueName\":\"search_term_string\"}}],\"inLanguage\":\"en-US\"},{\"@type\":\"Organization\",\"@id\":\"https:\\\/\\\/ilcorpoelospirito.archetipoagency.it\\\/#organization\",\"name\":\"Il Corpo e lo Spirito\",\"alternateName\":\"Prelibatezze Monastiche e regionali\",\"url\":\"https:\\\/\\\/ilcorpoelospirito.archetipoagency.it\\\/\",\"logo\":{\"@type\":\"ImageObject\",\"inLanguage\":\"en-US\",\"@id\":\"https:\\\/\\\/ilcorpoelospirito.archetipoagency.it\\\/#\\\/schema\\\/logo\\\/image\\\/\",\"url\":\"https:\\\/\\\/ilcorpoelospirito.archetipoagency.it\\\/wp-content\\\/uploads\\\/2022\\\/10\\\/logo-marrone.png\",\"contentUrl\":\"https:\\\/\\\/ilcorpoelospirito.archetipoagency.it\\\/wp-content\\\/uploads\\\/2022\\\/10\\\/logo-marrone.png\",\"width\":2192,\"height\":568,\"caption\":\"Il Corpo e lo Spirito\"},\"image\":{\"@id\":\"https:\\\/\\\/ilcorpoelospirito.archetipoagency.it\\\/#\\\/schema\\\/logo\\\/image\\\/\"}}]}<\/script>\n<!-- \/ Yoast SEO plugin. -->","yoast_head_json":{"title":"Lagrein DOC \"Le Valete\" BIO 2020 - Distilleria Francesco Poli | Il corpo e lo spirito","robots":{"index":"index","follow":"follow","max-snippet":"max-snippet:-1","max-image-preview":"max-image-preview:large","max-video-preview":"max-video-preview:-1"},"canonical":"https:\/\/ilcorpoelospirito.archetipoagency.it\/en\/prodotto\/lagrein-doc-le-valete-bio-2020-distilleria-francesco-poli\/","og_locale":"en_US","og_type":"article","og_title":"Lagrein DOC \"Le Valete\" BIO 2020 - Distilleria Francesco Poli | Il corpo e lo spirito","og_description":"Lagrein DOC \"Le Valete\" BIO 2020 - Distilleria Francesco Poli Il lagrein \u201cLe Valete\u201d di Francesco Poli \u00e8 un vino rosso da agricoltura biologica dalla forte tipicit\u00e0 territoriale. Il passaggio in botte per 18 mesi gli conferisce robustezza, struttura ed una grande personalit\u00e0 che si riscontra anche nei suoi profumi ampi e speziati. Colore, profumo e sapore lo rendono un rosso eccezionale e versatile  Abbinamenti: Si abbina con la carne in umido, brasati, selvaggina e formaggi a media stagionatura","og_url":"https:\/\/ilcorpoelospirito.archetipoagency.it\/en\/prodotto\/lagrein-doc-le-valete-bio-2020-distilleria-francesco-poli\/","og_site_name":"Il corpo e lo spirito","article_modified_time":"2025-04-08T08:34:22+00:00","og_image":[{"width":1279,"height":1279,"url":"https:\/\/ilcorpoelospirito.archetipoagency.it\/wp-content\/uploads\/2025\/02\/20250131_145905.jpg","type":"image\/jpeg"}],"twitter_card":"summary_large_image","twitter_misc":{"Est. reading time":"2 minutes"},"schema":{"@context":"https:\/\/schema.org","@graph":[{"@type":"WebPage","@id":"https:\/\/ilcorpoelospirito.archetipoagency.it\/en\/prodotto\/lagrein-doc-le-valete-bio-2020-distilleria-francesco-poli\/","url":"https:\/\/ilcorpoelospirito.archetipoagency.it\/en\/prodotto\/lagrein-doc-le-valete-bio-2020-distilleria-francesco-poli\/","name":"Lagrein DOC \"Le Valete\" BIO 2020 - Distilleria Francesco Poli | Il corpo e lo spirito","isPartOf":{"@id":"https:\/\/ilcorpoelospirito.archetipoagency.it\/#website"},"primaryImageOfPage":{"@id":"https:\/\/ilcorpoelospirito.archetipoagency.it\/en\/prodotto\/lagrein-doc-le-valete-bio-2020-distilleria-francesco-poli\/#primaryimage"},"image":{"@id":"https:\/\/ilcorpoelospirito.archetipoagency.it\/en\/prodotto\/lagrein-doc-le-valete-bio-2020-distilleria-francesco-poli\/#primaryimage"},"thumbnailUrl":"https:\/\/ilcorpoelospirito.archetipoagency.it\/wp-content\/uploads\/2025\/02\/20250131_145905.jpg","datePublished":"2025-02-14T08:52:09+00:00","dateModified":"2025-04-08T08:34:22+00:00","breadcrumb":{"@id":"https:\/\/ilcorpoelospirito.archetipoagency.it\/en\/prodotto\/lagrein-doc-le-valete-bio-2020-distilleria-francesco-poli\/#breadcrumb"},"inLanguage":"en-US","potentialAction":[{"@type":"ReadAction","target":["https:\/\/ilcorpoelospirito.archetipoagency.it\/en\/prodotto\/lagrein-doc-le-valete-bio-2020-distilleria-francesco-poli\/"]}]},{"@type":"ImageObject","inLanguage":"en-US","@id":"https:\/\/ilcorpoelospirito.archetipoagency.it\/en\/prodotto\/lagrein-doc-le-valete-bio-2020-distilleria-francesco-poli\/#primaryimage","url":"https:\/\/ilcorpoelospirito.archetipoagency.it\/wp-content\/uploads\/2025\/02\/20250131_145905.jpg","contentUrl":"https:\/\/ilcorpoelospirito.archetipoagency.it\/wp-content\/uploads\/2025\/02\/20250131_145905.jpg","width":1279,"height":1279},{"@type":"BreadcrumbList","@id":"https:\/\/ilcorpoelospirito.archetipoagency.it\/en\/prodotto\/lagrein-doc-le-valete-bio-2020-distilleria-francesco-poli\/#breadcrumb","itemListElement":[{"@type":"ListItem","position":1,"name":"Home","item":"https:\/\/ilcorpoelospirito.archetipoagency.it\/"},{"@type":"ListItem","position":2,"name":"Shop","item":"https:\/\/ilcorpoelospirito.archetipoagency.it\/shop\/"},{"@type":"ListItem","position":3,"name":"Lagrein DOC “Le Valete” BIO 2020 – Distilleria Francesco Poli"}]},{"@type":"WebSite","@id":"https:\/\/ilcorpoelospirito.archetipoagency.it\/#website","url":"https:\/\/ilcorpoelospirito.archetipoagency.it\/","name":"Il corpo e lo spirito","description":"","publisher":{"@id":"https:\/\/ilcorpoelospirito.archetipoagency.it\/#organization"},"alternateName":"Prelibatezze Monastiche e regionali","potentialAction":[{"@type":"SearchAction","target":{"@type":"EntryPoint","urlTemplate":"https:\/\/ilcorpoelospirito.archetipoagency.it\/?s={search_term_string}"},"query-input":{"@type":"PropertyValueSpecification","valueRequired":true,"valueName":"search_term_string"}}],"inLanguage":"en-US"},{"@type":"Organization","@id":"https:\/\/ilcorpoelospirito.archetipoagency.it\/#organization","name":"Il corpo e lo spirito","alternateName":"Prelibatezze Monastiche e regionali","url":"https:\/\/ilcorpoelospirito.archetipoagency.it\/","logo":{"@type":"ImageObject","inLanguage":"en-US","@id":"https:\/\/ilcorpoelospirito.archetipoagency.it\/#\/schema\/logo\/image\/","url":"https:\/\/ilcorpoelospirito.archetipoagency.it\/wp-content\/uploads\/2022\/10\/logo-marrone.png","contentUrl":"https:\/\/ilcorpoelospirito.archetipoagency.it\/wp-content\/uploads\/2022\/10\/logo-marrone.png","width":2192,"height":568,"caption":"Il Corpo e lo Spirito"},"image":{"@id":"https:\/\/ilcorpoelospirito.archetipoagency.it\/#\/schema\/logo\/image\/"}}]}},"_links":{"self":[{"href":"https:\/\/ilcorpoelospirito.archetipoagency.it\/en\/wp-json\/wp\/v2\/product\/7095","targetHints":{"allow":["GET"]}}],"collection":[{"href":"https:\/\/ilcorpoelospirito.archetipoagency.it\/en\/wp-json\/wp\/v2\/product"}],"about":[{"href":"https:\/\/ilcorpoelospirito.archetipoagency.it\/en\/wp-json\/wp\/v2\/types\/product"}],"replies":[{"embeddable":true,"href":"https:\/\/ilcorpoelospirito.archetipoagency.it\/en\/wp-json\/wp\/v2\/comments?post=7095"}],"wp:featuredmedia":[{"embeddable":true,"href":"https:\/\/ilcorpoelospirito.archetipoagency.it\/en\/wp-json\/wp\/v2\/media\/7080"}],"wp:attachment":[{"href":"https:\/\/ilcorpoelospirito.archetipoagency.it\/en\/wp-json\/wp\/v2\/media?parent=7095"}],"wp:term":[{"taxonomy":"product_brand","embeddable":true,"href":"https:\/\/ilcorpoelospirito.archetipoagency.it\/en\/wp-json\/wp\/v2\/product_brand?post=7095"},{"taxonomy":"product_cat","embeddable":true,"href":"https:\/\/ilcorpoelospirito.archetipoagency.it\/en\/wp-json\/wp\/v2\/product_cat?post=7095"},{"taxonomy":"product_tag","embeddable":true,"href":"https:\/\/ilcorpoelospirito.archetipoagency.it\/en\/wp-json\/wp\/v2\/product_tag?post=7095"}],"curies":[{"name":"wp","href":"https:\/\/api.w.org\/{rel}","templated":true}]}}