{"id":7102,"date":"2025-02-14T11:00:28","date_gmt":"2025-02-14T10:00:28","guid":{"rendered":"https:\/\/ilcorpoelospirito.archetipoagency.it\/?post_type=product&#038;p=7102"},"modified":"2025-04-05T09:49:03","modified_gmt":"2025-04-05T07:49:03","slug":"gran-reserva-frida-kahlo-carmenere-2021-carmen","status":"publish","type":"product","link":"https:\/\/ilcorpoelospirito.archetipoagency.it\/en\/product\/gran-reserva-frida-kahlo-carmenere-2021-carmen\/","title":{"rendered":"Gran Reserva Frida Kahlo CARMENERE 2021- Carmen"},"content":{"rendered":"<div class=\"short-description\">\n<div>\n<div class=\"toggle-block\">\n<div>\n<div class=\"elementor-element elementor-element-8d7b63f elementor-widget elementor-widget-text-editor\" data-id=\"8d7b63f\" data-element_type=\"widget\" data-widget_type=\"text-editor.default\">\n<div class=\"elementor-widget-container\">\n<h3>\u201cLA CANTINA PI\u00d9 ANTICA DEL CILE!\u201d<\/h3>\n<p>Vi\u00f1a Carmen \u00e8 la prima e la pi\u00f9 antica azienda vitivinicola del Cile fondata nel 1850 da Christian Lanz in onore della sua amata moglie. Situata nella zona pi\u00f9 alta di Valle Maipo, Alto Jahuel, l\u2019azienda ha oggi pi\u00f9 di 170 anni di storia segnati da pietre miliari e successi guadagnati attraverso la sua esperienza, il patrimonio enologico e l\u2019instancabile ricerca della qualit\u00e0 e dell\u2019eccellenza. Carmen \u00e8 stata la prima cantina in Cile a creare una linea biologica e sostenibile, rafforzando progetti innovativi di fama internazionale che l\u2019hanno portata a posizionarsi come una delle cantine pi\u00f9 innovative del paese, un pioniere nell\u2019industria vinicola cilena, acclamata sia a livello nazionale che internazionale. Oggi \u00e8 l\u2019azienda vitivinicola cilena con pi\u00f9 esperienza, questo dimostra grande coerenza nella qualit\u00e0 dei suoi vini e il suo impegno nel produrre vini capaci di conquistare palati, generando esperienze uniche e indimenticabili.<\/p>\n<p>Con un track record che risale a oltre 168 anni, Carmen, la cantina pi\u00f9 antica del Cile, \u00e8 incessante nella sua ricerca di innovazione. Nuove variet\u00e0. Nuovi marchi. Creazioni pionieristiche. Questi ci aiutano a capire perch\u00e9 Carmen \u00e8 un Classico Reinventato. Le uve che danno origine alla linea Gran Reserva sono coltivate in vigneti accuratamente selezionati, dando vita a vini di grande carattere ed espressione. Un vigneto unico dalle migliori denominazioni. Ogni variet\u00e0 rappresenta la massima espressione del suo classico terroir cileno.<\/p>\n<\/div>\n<\/div>\n<div class=\"innerShortcode\">\n<div class=\"innerContent\">\n<h4 class=\"product_title entry-title elementor-heading-title elementor-size-default\">Gran Reserva Frida Kahlo CARMENERE 2021- Carmen<\/h4>\n<div class=\"elementor-element elementor-element-4acd1eb elementor-widget elementor-widget-heading\" data-id=\"4acd1eb\" data-element_type=\"widget\" data-widget_type=\"heading.default\">\n<div class=\"elementor-widget-container\">\n<p class=\"elementor-heading-title elementor-size-default\"><strong>Tipo di Vino:<\/strong> Vino Rosso<br \/>\n<strong>Uva:<\/strong> 100% Carmenere<br \/>\n<strong>Area:<\/strong> Apalta, Colchagua Valley<br \/>\nQuesta <strong>Carmen Gran Reserva Carmenere Frida Kahlo Limited Edition<\/strong> \u00e8 ci\u00f2 che loro credono sia il vero Classico Reinventato. Cos\u00ec \u00e8 Frida Kahlo. Un influente riferimento storico che indietro a suo tempo riusc\u00ec a trasformare la tradizione, mettendo costantemente in discussione i costumi consolidati della societ\u00e0. La sua eredit\u00e0 ha portato questa generazione a credere che un classico possa essere attuale e continuer\u00e0 a vivere. La passione la faceva muovere: l\u2019arte \u00e8 sua, il vino \u00e8 il loro. Questo Carmenere \u00e8 di colore carminio intenso e profondo. Al naso \u00e8 ricco e molto onesto alla variet\u00e0 mostrando frutti di bosco maturi, spezie dolci e tabacco e con dolci note di pepe e paprika che conferiscono complessit\u00e0.<\/p>\n<p class=\"elementor-heading-title elementor-size-default\">Al palato \u00e8 generoso, con grande struttura e tannini dolci, morbidi e concentrati. Il vino \u00e8 persistente e con un lungo finale.<br \/>\n<strong>Vigneto:<\/strong><br \/>\nIl vigneto \u00e8 \u201cLos Pe\u00f1ascos\u201d che si trova nel pedemontano di Apalta, con terreni granitici ed un clima mediterraneo, temperature diurne di 29\u00ba-33\u00baC e temperature notturne pi\u00f9 basse.<br \/>\n<strong>Dettagli di Vinificazione:<\/strong><br \/>\nLe uve sono state raccolte a mano e accuratamente selezionate prima della pigiatura. La fermentazione alcolica si \u00e8 svolta in serbatoi acciaio inox a 28\u00ba\u201329\u00baC (82\u00ba\u201384\u00baF). Il periodo di macerazione totale \u00e8 stato di 14-18 giorni.Il vino \u00e8 stato affinato in botti di rovere francese per 14 mesi.<br \/>\n<strong>Note di Degustazione:<\/strong><br \/>\n<strong>Colore<\/strong>: Carminio<br \/>\n<strong>Consistenza:<\/strong> Profondo ed intenso<br \/>\n<strong>Struttura:<\/strong> Grande struttura<br \/>\n<strong>Corpo:<\/strong> Il monte \u00e8 generoso, di grande struttura e di tannini dolci, morbidi e concentrati. Il vino \u00e8 persistente e con un lungo finale.<br \/>\n<strong>Aromi<\/strong>: Al naso \u00e8 molto ricco e caratteristico della variet\u00e0, mostra mirtilli maturi, spezie e tabacco con note morbide di pepe e paprika che ne conferiscono complessit\u00e0.<br \/>\n<strong>Temperatura di servizio:<\/strong> 16-18\u00b0 C<br \/>\n<strong>Abbinamenti:<\/strong> Carni rosse, pasta ripiena<\/p>\n<\/div>\n<\/div>\n<\/div>\n<\/div>\n<\/div>\n<div class=\"toggle-block\">\n<p><span style=\"color: #dd9e1d;font-family: 'PT Sans';font-size: 25px;letter-spacing: 0em\">Product:<\/span><\/p>\n<p>Vi\u00f1a Carmen \u2013 Apoquindo 3669. Di. 701 \u2013 Las Condes, Santiago, Cile.<\/p>\n<\/div>\n<\/div>\n<\/div>\n<\/div>","protected":false},"excerpt":{"rendered":"<div class=\"toggle-block\">\n<div class=\"toggle-block\">\n<div class=\"toggle-block\">\n<div class=\"toggle-block\">\n<div class=\"toggle-block\">\n<div class=\"toggle-block\">\n<div class=\"toggle-block\">\n<div class=\"toggle-block\">\n<div class=\"toggle-block\">\n<div class=\"toggle-block\">\n<div class=\"toggle-block\">\n<div class=\"toggle-block\">\n<div class=\"toggle-block\">\n<div class=\"toggle-block\">\n<div class=\"toggle-block\">\n<div class=\"toggle-block\">\n<div class=\"toggle-block\">\n<div class=\"toggle-block\">\n<div class=\"toggle-block\">\n<div class=\"toggle-block\">\n<div class=\"toggle-block\">\n<div class=\"toggle-block\">\n<div class=\"toggle-block\">\n<div class=\"toggle-block\">\n<div class=\"toggle-block\">\n<div class=\"toggle-block\">\n<div class=\"toggle-block\">\n<div class=\"toggle-block\">\n<div class=\"toggle-block\">\n<div class=\"toggle-block\">\n<div class=\"toggle-block\">\n<div class=\"toggle-block\">\n<div class=\"toggle-block\">\n<div class=\"toggle-block\">\n<div class=\"toggle-block\">\n<div class=\"toggle-block\">\n<div class=\"toggle-block\">\n<div class=\"toggle-block\">\n<div class=\"toggle-block\">\n<div class=\"toggle-block\">\n<section class=\"additional-attributes-wrapper table-wrapper geppa-prod-char-wrapper__attributes accordion-elem col-12 col-lg-6\" data-role=\"collapsible\">\n<div class=\"acc-content\">\n<div class=\"toggle-block\">\n<div class=\"innerShortcode\">\n<div class=\"innerContent\">\n<div class=\"innerShortcode\">\n<div class=\"innerContent\">\n<div>\n<div class=\"innerShortcode\">\n<div class=\"innerContent\">\n<h4 class=\"product_title entry-title elementor-heading-title elementor-size-default\">Gran Reserva Frida Kahlo CARMENERE 2021- Carmen<\/h4>\n<p>Questa <strong>Carmen Gran Reserva Carmenere Frida Kahlo Limited Edition<\/strong> \u00e8 il vero Classico Reinventato. Cos\u00ec \u00e8 Frida Kahlo. Un influente riferimento storico che indietro a suo tempo riusc\u00ec a trasformare la tradizione, mettendo costantemente in discussione i costumi consolidati della societ\u00e0. La sua eredit\u00e0 ha portato questa generazione a credere che un classico possa essere attuale e continuer\u00e0 a vivere. La passione la faceva muovere: l\u2019arte \u00e8 sua, il vino \u00e8 il loro. Questo Carmenere \u00e8 di colore carminio intenso e profondo. Al naso \u00e8 ricco e molto onesto alla variet\u00e0 mostrando frutti di bosco maturi, spezie dolci e tabacco e con dolci note di pepe e paprika che conferiscono complessit\u00e0. Al palato \u00e8 generoso, con grande struttura e tannini dolci, morbidi e concentrati. Il vino \u00e8 persistente e con un lungo finale.<br \/>\n<strong>CONTIENE SOLFITI<\/strong><\/p>\n<\/div>\n<\/div>\n<\/div>\n<\/div>\n<\/div>\n<\/div>\n<\/div>\n<\/div>\n<\/div>\n<\/section>\n<\/div>\n<\/div>\n<\/div>\n<\/div>\n<\/div>\n<\/div>\n<\/div>\n<\/div>\n<\/div>\n<\/div>\n<\/div>\n<\/div>\n<\/div>\n<\/div>\n<\/div>\n<\/div>\n<\/div>\n<\/div>\n<\/div>\n<\/div>\n<\/div>\n<\/div>\n<\/div>\n<\/div>\n<\/div>\n<\/div>\n<\/div>\n<\/div>\n<\/div>\n<\/div>\n<\/div>\n<\/div>\n<\/div>\n<\/div>\n<\/div>\n<\/div>\n<\/div>\n<\/div>\n<\/div>\n<\/div>","protected":false},"featured_media":7088,"comment_status":"open","ping_status":"closed","template":"","meta":[],"product_brand":[],"product_cat":[119],"product_tag":[],"class_list":["post-7102","product","type-product","status-publish","has-post-thumbnail","product_cat-rosso","pa_produttore-vina-carmen-apoquindo-3669-di-701-las-condes-santiago-cile","first","outofstock","shipping-taxable","purchasable","product-type-simple"],"yoast_head":"<!-- This site is optimized with the Yoast SEO plugin v27.6 - https:\/\/yoast.com\/product\/yoast-seo-wordpress\/ -->\n<title>Gran Reserva Frida Kahlo CARMENERE 2021- Carmen | Il corpo e lo spirito<\/title>\n<meta name=\"robots\" content=\"index, follow, max-snippet:-1, max-image-preview:large, max-video-preview:-1\" \/>\n<link rel=\"canonical\" href=\"https:\/\/ilcorpoelospirito.archetipoagency.it\/en\/prodotto\/gran-reserva-frida-kahlo-carmenere-2021-carmen\/\" \/>\n<meta property=\"og:locale\" content=\"en_US\" \/>\n<meta property=\"og:type\" content=\"article\" \/>\n<meta property=\"og:title\" content=\"Gran Reserva Frida Kahlo CARMENERE 2021- Carmen | Il corpo e lo spirito\" \/>\n<meta property=\"og:description\" content=\"Gran Reserva Frida Kahlo CARMENERE 2021- Carmen Questa Carmen Gran Reserva Carmenere Frida Kahlo Limited Edition \u00e8 il vero Classico Reinventato. Cos\u00ec \u00e8 Frida Kahlo. Un influente riferimento storico che indietro a suo tempo riusc\u00ec a trasformare la tradizione, mettendo costantemente in discussione i costumi consolidati della societ\u00e0. La sua eredit\u00e0 ha portato questa generazione a credere che un classico possa essere attuale e continuer\u00e0 a vivere. La passione la faceva muovere: l\u2019arte \u00e8 sua, il vino \u00e8 il loro. Questo Carmenere \u00e8 di colore carminio intenso e profondo. Al naso \u00e8 ricco e molto onesto alla variet\u00e0 mostrando frutti di bosco maturi, spezie dolci e tabacco e con dolci note di pepe e paprika che conferiscono complessit\u00e0. Al palato \u00e8 generoso, con grande struttura e tannini dolci, morbidi e concentrati. Il vino \u00e8 persistente e con un lungo finale. CONTIENE SOLFITI\" \/>\n<meta property=\"og:url\" content=\"https:\/\/ilcorpoelospirito.archetipoagency.it\/en\/prodotto\/gran-reserva-frida-kahlo-carmenere-2021-carmen\/\" \/>\n<meta property=\"og:site_name\" content=\"Il corpo e lo spirito\" \/>\n<meta property=\"article:modified_time\" content=\"2025-04-05T07:49:03+00:00\" \/>\n<meta property=\"og:image\" content=\"https:\/\/ilcorpoelospirito.archetipoagency.it\/wp-content\/uploads\/2025\/02\/20250131_152427.jpg\" \/>\n\t<meta property=\"og:image:width\" content=\"1134\" \/>\n\t<meta property=\"og:image:height\" content=\"1134\" \/>\n\t<meta property=\"og:image:type\" content=\"image\/jpeg\" \/>\n<meta name=\"twitter:card\" content=\"summary_large_image\" \/>\n<meta name=\"twitter:label1\" content=\"Est. reading time\" \/>\n\t<meta name=\"twitter:data1\" content=\"4 minutes\" \/>\n<script type=\"application\/ld+json\" class=\"yoast-schema-graph\">{\"@context\":\"https:\\\/\\\/schema.org\",\"@graph\":[{\"@type\":\"WebPage\",\"@id\":\"https:\\\/\\\/ilcorpoelospirito.archetipoagency.it\\\/en\\\/prodotto\\\/gran-reserva-frida-kahlo-carmenere-2021-carmen\\\/\",\"url\":\"https:\\\/\\\/ilcorpoelospirito.archetipoagency.it\\\/en\\\/prodotto\\\/gran-reserva-frida-kahlo-carmenere-2021-carmen\\\/\",\"name\":\"Gran Reserva Frida Kahlo CARMENERE 2021- Carmen | Il corpo e lo spirito\",\"isPartOf\":{\"@id\":\"https:\\\/\\\/ilcorpoelospirito.archetipoagency.it\\\/#website\"},\"primaryImageOfPage\":{\"@id\":\"https:\\\/\\\/ilcorpoelospirito.archetipoagency.it\\\/en\\\/prodotto\\\/gran-reserva-frida-kahlo-carmenere-2021-carmen\\\/#primaryimage\"},\"image\":{\"@id\":\"https:\\\/\\\/ilcorpoelospirito.archetipoagency.it\\\/en\\\/prodotto\\\/gran-reserva-frida-kahlo-carmenere-2021-carmen\\\/#primaryimage\"},\"thumbnailUrl\":\"https:\\\/\\\/ilcorpoelospirito.archetipoagency.it\\\/wp-content\\\/uploads\\\/2025\\\/02\\\/20250131_152427.jpg\",\"datePublished\":\"2025-02-14T10:00:28+00:00\",\"dateModified\":\"2025-04-05T07:49:03+00:00\",\"breadcrumb\":{\"@id\":\"https:\\\/\\\/ilcorpoelospirito.archetipoagency.it\\\/en\\\/prodotto\\\/gran-reserva-frida-kahlo-carmenere-2021-carmen\\\/#breadcrumb\"},\"inLanguage\":\"en-US\",\"potentialAction\":[{\"@type\":\"ReadAction\",\"target\":[\"https:\\\/\\\/ilcorpoelospirito.archetipoagency.it\\\/en\\\/prodotto\\\/gran-reserva-frida-kahlo-carmenere-2021-carmen\\\/\"]}]},{\"@type\":\"ImageObject\",\"inLanguage\":\"en-US\",\"@id\":\"https:\\\/\\\/ilcorpoelospirito.archetipoagency.it\\\/en\\\/prodotto\\\/gran-reserva-frida-kahlo-carmenere-2021-carmen\\\/#primaryimage\",\"url\":\"https:\\\/\\\/ilcorpoelospirito.archetipoagency.it\\\/wp-content\\\/uploads\\\/2025\\\/02\\\/20250131_152427.jpg\",\"contentUrl\":\"https:\\\/\\\/ilcorpoelospirito.archetipoagency.it\\\/wp-content\\\/uploads\\\/2025\\\/02\\\/20250131_152427.jpg\",\"width\":1134,\"height\":1134},{\"@type\":\"BreadcrumbList\",\"@id\":\"https:\\\/\\\/ilcorpoelospirito.archetipoagency.it\\\/en\\\/prodotto\\\/gran-reserva-frida-kahlo-carmenere-2021-carmen\\\/#breadcrumb\",\"itemListElement\":[{\"@type\":\"ListItem\",\"position\":1,\"name\":\"Home\",\"item\":\"https:\\\/\\\/ilcorpoelospirito.archetipoagency.it\\\/\"},{\"@type\":\"ListItem\",\"position\":2,\"name\":\"Shop\",\"item\":\"https:\\\/\\\/ilcorpoelospirito.archetipoagency.it\\\/shop\\\/\"},{\"@type\":\"ListItem\",\"position\":3,\"name\":\"Gran Reserva Frida Kahlo CARMENERE 2021- Carmen\"}]},{\"@type\":\"WebSite\",\"@id\":\"https:\\\/\\\/ilcorpoelospirito.archetipoagency.it\\\/#website\",\"url\":\"https:\\\/\\\/ilcorpoelospirito.archetipoagency.it\\\/\",\"name\":\"Il Corpo e lo Spirito\",\"description\":\"\",\"publisher\":{\"@id\":\"https:\\\/\\\/ilcorpoelospirito.archetipoagency.it\\\/#organization\"},\"alternateName\":\"Prelibatezze Monastiche e regionali\",\"potentialAction\":[{\"@type\":\"SearchAction\",\"target\":{\"@type\":\"EntryPoint\",\"urlTemplate\":\"https:\\\/\\\/ilcorpoelospirito.archetipoagency.it\\\/?s={search_term_string}\"},\"query-input\":{\"@type\":\"PropertyValueSpecification\",\"valueRequired\":true,\"valueName\":\"search_term_string\"}}],\"inLanguage\":\"en-US\"},{\"@type\":\"Organization\",\"@id\":\"https:\\\/\\\/ilcorpoelospirito.archetipoagency.it\\\/#organization\",\"name\":\"Il Corpo e lo Spirito\",\"alternateName\":\"Prelibatezze Monastiche e regionali\",\"url\":\"https:\\\/\\\/ilcorpoelospirito.archetipoagency.it\\\/\",\"logo\":{\"@type\":\"ImageObject\",\"inLanguage\":\"en-US\",\"@id\":\"https:\\\/\\\/ilcorpoelospirito.archetipoagency.it\\\/#\\\/schema\\\/logo\\\/image\\\/\",\"url\":\"https:\\\/\\\/ilcorpoelospirito.archetipoagency.it\\\/wp-content\\\/uploads\\\/2022\\\/10\\\/logo-marrone.png\",\"contentUrl\":\"https:\\\/\\\/ilcorpoelospirito.archetipoagency.it\\\/wp-content\\\/uploads\\\/2022\\\/10\\\/logo-marrone.png\",\"width\":2192,\"height\":568,\"caption\":\"Il Corpo e lo Spirito\"},\"image\":{\"@id\":\"https:\\\/\\\/ilcorpoelospirito.archetipoagency.it\\\/#\\\/schema\\\/logo\\\/image\\\/\"}}]}<\/script>\n<!-- \/ Yoast SEO plugin. -->","yoast_head_json":{"title":"Gran Reserva Frida Kahlo CARMENERE 2021- Carmen | Il corpo e lo spirito","robots":{"index":"index","follow":"follow","max-snippet":"max-snippet:-1","max-image-preview":"max-image-preview:large","max-video-preview":"max-video-preview:-1"},"canonical":"https:\/\/ilcorpoelospirito.archetipoagency.it\/en\/prodotto\/gran-reserva-frida-kahlo-carmenere-2021-carmen\/","og_locale":"en_US","og_type":"article","og_title":"Gran Reserva Frida Kahlo CARMENERE 2021- Carmen | Il corpo e lo spirito","og_description":"Gran Reserva Frida Kahlo CARMENERE 2021- Carmen Questa Carmen Gran Reserva Carmenere Frida Kahlo Limited Edition \u00e8 il vero Classico Reinventato. Cos\u00ec \u00e8 Frida Kahlo. Un influente riferimento storico che indietro a suo tempo riusc\u00ec a trasformare la tradizione, mettendo costantemente in discussione i costumi consolidati della societ\u00e0. La sua eredit\u00e0 ha portato questa generazione a credere che un classico possa essere attuale e continuer\u00e0 a vivere. La passione la faceva muovere: l\u2019arte \u00e8 sua, il vino \u00e8 il loro. Questo Carmenere \u00e8 di colore carminio intenso e profondo. Al naso \u00e8 ricco e molto onesto alla variet\u00e0 mostrando frutti di bosco maturi, spezie dolci e tabacco e con dolci note di pepe e paprika che conferiscono complessit\u00e0. Al palato \u00e8 generoso, con grande struttura e tannini dolci, morbidi e concentrati. Il vino \u00e8 persistente e con un lungo finale. CONTIENE SOLFITI","og_url":"https:\/\/ilcorpoelospirito.archetipoagency.it\/en\/prodotto\/gran-reserva-frida-kahlo-carmenere-2021-carmen\/","og_site_name":"Il corpo e lo spirito","article_modified_time":"2025-04-05T07:49:03+00:00","og_image":[{"width":1134,"height":1134,"url":"https:\/\/ilcorpoelospirito.archetipoagency.it\/wp-content\/uploads\/2025\/02\/20250131_152427.jpg","type":"image\/jpeg"}],"twitter_card":"summary_large_image","twitter_misc":{"Est. reading time":"4 minutes"},"schema":{"@context":"https:\/\/schema.org","@graph":[{"@type":"WebPage","@id":"https:\/\/ilcorpoelospirito.archetipoagency.it\/en\/prodotto\/gran-reserva-frida-kahlo-carmenere-2021-carmen\/","url":"https:\/\/ilcorpoelospirito.archetipoagency.it\/en\/prodotto\/gran-reserva-frida-kahlo-carmenere-2021-carmen\/","name":"Gran Reserva Frida Kahlo CARMENERE 2021- Carmen | Il corpo e lo spirito","isPartOf":{"@id":"https:\/\/ilcorpoelospirito.archetipoagency.it\/#website"},"primaryImageOfPage":{"@id":"https:\/\/ilcorpoelospirito.archetipoagency.it\/en\/prodotto\/gran-reserva-frida-kahlo-carmenere-2021-carmen\/#primaryimage"},"image":{"@id":"https:\/\/ilcorpoelospirito.archetipoagency.it\/en\/prodotto\/gran-reserva-frida-kahlo-carmenere-2021-carmen\/#primaryimage"},"thumbnailUrl":"https:\/\/ilcorpoelospirito.archetipoagency.it\/wp-content\/uploads\/2025\/02\/20250131_152427.jpg","datePublished":"2025-02-14T10:00:28+00:00","dateModified":"2025-04-05T07:49:03+00:00","breadcrumb":{"@id":"https:\/\/ilcorpoelospirito.archetipoagency.it\/en\/prodotto\/gran-reserva-frida-kahlo-carmenere-2021-carmen\/#breadcrumb"},"inLanguage":"en-US","potentialAction":[{"@type":"ReadAction","target":["https:\/\/ilcorpoelospirito.archetipoagency.it\/en\/prodotto\/gran-reserva-frida-kahlo-carmenere-2021-carmen\/"]}]},{"@type":"ImageObject","inLanguage":"en-US","@id":"https:\/\/ilcorpoelospirito.archetipoagency.it\/en\/prodotto\/gran-reserva-frida-kahlo-carmenere-2021-carmen\/#primaryimage","url":"https:\/\/ilcorpoelospirito.archetipoagency.it\/wp-content\/uploads\/2025\/02\/20250131_152427.jpg","contentUrl":"https:\/\/ilcorpoelospirito.archetipoagency.it\/wp-content\/uploads\/2025\/02\/20250131_152427.jpg","width":1134,"height":1134},{"@type":"BreadcrumbList","@id":"https:\/\/ilcorpoelospirito.archetipoagency.it\/en\/prodotto\/gran-reserva-frida-kahlo-carmenere-2021-carmen\/#breadcrumb","itemListElement":[{"@type":"ListItem","position":1,"name":"Home","item":"https:\/\/ilcorpoelospirito.archetipoagency.it\/"},{"@type":"ListItem","position":2,"name":"Shop","item":"https:\/\/ilcorpoelospirito.archetipoagency.it\/shop\/"},{"@type":"ListItem","position":3,"name":"Gran Reserva Frida Kahlo CARMENERE 2021- Carmen"}]},{"@type":"WebSite","@id":"https:\/\/ilcorpoelospirito.archetipoagency.it\/#website","url":"https:\/\/ilcorpoelospirito.archetipoagency.it\/","name":"Il corpo e lo spirito","description":"","publisher":{"@id":"https:\/\/ilcorpoelospirito.archetipoagency.it\/#organization"},"alternateName":"Prelibatezze Monastiche e regionali","potentialAction":[{"@type":"SearchAction","target":{"@type":"EntryPoint","urlTemplate":"https:\/\/ilcorpoelospirito.archetipoagency.it\/?s={search_term_string}"},"query-input":{"@type":"PropertyValueSpecification","valueRequired":true,"valueName":"search_term_string"}}],"inLanguage":"en-US"},{"@type":"Organization","@id":"https:\/\/ilcorpoelospirito.archetipoagency.it\/#organization","name":"Il corpo e lo spirito","alternateName":"Prelibatezze Monastiche e regionali","url":"https:\/\/ilcorpoelospirito.archetipoagency.it\/","logo":{"@type":"ImageObject","inLanguage":"en-US","@id":"https:\/\/ilcorpoelospirito.archetipoagency.it\/#\/schema\/logo\/image\/","url":"https:\/\/ilcorpoelospirito.archetipoagency.it\/wp-content\/uploads\/2022\/10\/logo-marrone.png","contentUrl":"https:\/\/ilcorpoelospirito.archetipoagency.it\/wp-content\/uploads\/2022\/10\/logo-marrone.png","width":2192,"height":568,"caption":"Il Corpo e lo Spirito"},"image":{"@id":"https:\/\/ilcorpoelospirito.archetipoagency.it\/#\/schema\/logo\/image\/"}}]}},"_links":{"self":[{"href":"https:\/\/ilcorpoelospirito.archetipoagency.it\/en\/wp-json\/wp\/v2\/product\/7102","targetHints":{"allow":["GET"]}}],"collection":[{"href":"https:\/\/ilcorpoelospirito.archetipoagency.it\/en\/wp-json\/wp\/v2\/product"}],"about":[{"href":"https:\/\/ilcorpoelospirito.archetipoagency.it\/en\/wp-json\/wp\/v2\/types\/product"}],"replies":[{"embeddable":true,"href":"https:\/\/ilcorpoelospirito.archetipoagency.it\/en\/wp-json\/wp\/v2\/comments?post=7102"}],"wp:featuredmedia":[{"embeddable":true,"href":"https:\/\/ilcorpoelospirito.archetipoagency.it\/en\/wp-json\/wp\/v2\/media\/7088"}],"wp:attachment":[{"href":"https:\/\/ilcorpoelospirito.archetipoagency.it\/en\/wp-json\/wp\/v2\/media?parent=7102"}],"wp:term":[{"taxonomy":"product_brand","embeddable":true,"href":"https:\/\/ilcorpoelospirito.archetipoagency.it\/en\/wp-json\/wp\/v2\/product_brand?post=7102"},{"taxonomy":"product_cat","embeddable":true,"href":"https:\/\/ilcorpoelospirito.archetipoagency.it\/en\/wp-json\/wp\/v2\/product_cat?post=7102"},{"taxonomy":"product_tag","embeddable":true,"href":"https:\/\/ilcorpoelospirito.archetipoagency.it\/en\/wp-json\/wp\/v2\/product_tag?post=7102"}],"curies":[{"name":"wp","href":"https:\/\/api.w.org\/{rel}","templated":true}]}}