{"id":7220,"date":"2025-05-13T13:01:48","date_gmt":"2025-05-13T11:01:48","guid":{"rendered":"https:\/\/ilcorpoelospirito.archetipoagency.it\/?post_type=product&#038;p=7220"},"modified":"2026-01-04T10:35:47","modified_gmt":"2026-01-04T09:35:47","slug":"conus-lagrein-riserva-2021-alois-lageder","status":"publish","type":"product","link":"https:\/\/ilcorpoelospirito.archetipoagency.it\/en\/product\/conus-lagrein-riserva-2021-alois-lageder\/","title":{"rendered":"CONUS Lagrein Riserva 2021- Alois Lageder"},"content":{"rendered":"<div class=\"short-description\">\n<div>\n<div class=\"toggle-block\">\n<h3>CONUS Lagrein 2021- Alois Lageder<\/h3>\n<p>Dei vini amiamo la freschezza. E proprio per questo da una decina di anni coltiviamo il Lagrein sul conoide detritico di Magr\u00e8, una zona poco conosciuta per questo vitigno. La dolomia calcarea che prevale in questi terreni aiuta questo vino a sviluppare un carattere rotondo, fresco e fruttato. Il nome latino \u201cConus\u201d si riferisce proprio al conoide detritico e ai declivi su cui sorgono questi rigogliosi vigneti.<\/p>\n<p>Questo vino fa parte della famiglia delle Composizioni. Sono vini di grande carattere che nascono da un\u2019unione di vari componenti. A questi vini lasciamo tutto il tempo di crescere, studiando ogni fattore di qualit\u00e0 nel vigneto e in cantina e combinando diversi componenti. \u00c8 cos\u00ec che nascono dei vini di grande carattere che esprimono le singole peculiarit\u00e0 dei pregiati vigneti dai quali nascono.<\/p>\n<div class=\"product-hero__info-item\">\n<div class=\"product-info\">\n<div class=\"product-info__content\">\n<div class=\"product-info__title\">\n<div class=\"product-hero\">\n<div class=\"product-hero__content\">\n<div class=\"product-hero__info-list\">\n<div class=\"product-hero__info-item\">\n<div class=\"product-info\">\n<div class=\"product-info__content\">\n<div class=\"product-info__title\">Annata: 2021<\/div>\n<\/div>\n<\/div>\n<\/div>\n<div class=\"product-hero__info-item\">\n<div class=\"product-info\">\n<div class=\"product-info__icon\"><\/div>\n<div class=\"product-info__content\">\n<div class=\"product-info__title\">Denominazione: Alto Adige DOC<\/div>\n<\/div>\n<\/div>\n<\/div>\n<div class=\"product-hero__info-item\">\n<div class=\"product-info\">\n<div class=\"product-info__icon\"><\/div>\n<div class=\"product-info__content\">\n<div class=\"product-info__title\">Vitigni: Lagrein<\/div>\n<\/div>\n<\/div>\n<\/div>\n<div class=\"product-hero__info-item\">\n<div class=\"product-info\">\n<div class=\"product-info__icon\"><\/div>\n<div class=\"product-info__content\">\n<div class=\"product-info__title\">Alcol: 11,5%<\/div>\n<\/div>\n<\/div>\n<\/div>\n<div class=\"product-hero__info-item\">\n<div class=\"product-info\">\n<div class=\"product-info__icon\"><\/div>\n<div class=\"product-info__content\">\n<div class=\"product-info__title\">Formato: 0.75l<\/div>\n<\/div>\n<\/div>\n<\/div>\n<div class=\"product-hero__info-item\">\n<div class=\"product-info\">\n<div class=\"product-info__icon\"><\/div>\n<div class=\"product-info__content\">\n<div class=\"product-info__title\">Temperatura di servizio: 16\/18 \u00b0C<\/div>\n<\/div>\n<\/div>\n<\/div>\n<div class=\"product-hero__info-item\">\n<div class=\"product-info\">\n<div class=\"product-info__icon\"><\/div>\n<div class=\"product-info__content\">\n<div class=\"product-info__title\">Info: <strong>agricoltura biologica e biodinamica controllata, certificata Demeter<\/strong><\/div>\n<div><\/div>\n<div class=\"product-info__text\"><strong>Contiene Solfiti \u2013 Prodotto in Italia<\/strong><\/div>\n<\/div>\n<\/div>\n<\/div>\n<\/div>\n<\/div>\n<\/div>\n<div class=\"product-detail\">\n<div class=\"product-detail__item\">\n<h2 class=\"product-detail__title\">Note di degustazione<\/h2>\n<div class=\"product-detail__content\">\n<p>COLORE rosso ciliegia con riflessi rosso rubino<br \/>\nPROFUMO<br \/>\nBOUQUET intenso, fruttato (susina),\u00a0note di liquirizia e cacao, speziato, floreale<br \/>\nBOUQUET corpo vigoroso, intenso, lineare,\u00a0ricco di tannini<br \/>\nInvecchiamento ottimale: 2-8 anni<\/p>\n<\/div>\n<\/div>\n<\/div>\n<\/div>\n<\/div>\n<\/div>\n<\/div>\n<div class=\"product-hero__info-item\">\n<div class=\"product-info\">\n<div class=\"product-info__content\">\n<div class=\"product-info__text\">\n<div class=\"product-detail__item\">\n<h2 class=\"product-detail__title\">Abbinamenti<\/h2>\n<p class=\"product-detail__title\">Con carni rosse, selvaggina, volatili,\u00a0formaggio stagionato<\/p>\n<\/div>\n<\/div>\n<\/div>\n<\/div>\n<\/div>\n<\/div>\n<div class=\"toggle-block\">\n<p><strong>CONTIENE SOLFITI\u00a0<\/strong><\/p>\n<p><span style=\"color: #dd9e1d;font-family: 'PT Sans';font-size: 25px;letter-spacing: 0em\">Product:<\/span><\/p>\n<\/div>\n<\/div>\n<div>Prodotto e imbottigliato da Alois Lageder s.p.a. \u2013 Magr\u00e8 \u2013 Italia<\/div>\n<\/div>\n<p>&nbsp;<\/p>","protected":false},"excerpt":{"rendered":"<div class=\"toggle-block\">\n<div class=\"toggle-block\">\n<div class=\"toggle-block\">\n<div class=\"toggle-block\">\n<div class=\"toggle-block\">\n<div class=\"toggle-block\">\n<div class=\"toggle-block\">\n<div class=\"toggle-block\">\n<div class=\"toggle-block\">\n<div class=\"toggle-block\">\n<div class=\"toggle-block\">\n<div class=\"toggle-block\">\n<div class=\"toggle-block\">\n<div class=\"toggle-block\">\n<div class=\"toggle-block\">\n<div class=\"toggle-block\">\n<div class=\"toggle-block\">\n<div class=\"toggle-block\">\n<div class=\"toggle-block\">\n<div class=\"toggle-block\">\n<div class=\"toggle-block\">\n<div class=\"toggle-block\">\n<div class=\"toggle-block\">\n<div class=\"toggle-block\">\n<div class=\"toggle-block\">\n<div class=\"toggle-block\">\n<div class=\"toggle-block\">\n<div class=\"toggle-block\">\n<div class=\"toggle-block\">\n<div class=\"toggle-block\">\n<div class=\"toggle-block\">\n<div class=\"toggle-block\">\n<div class=\"toggle-block\">\n<div class=\"toggle-block\">\n<div class=\"toggle-block\">\n<h3>CONUS Lagrein 2021- Alois Lageder<\/h3>\n<p>Questo vino fa parte della famiglia delle Composizioni. Sono vini di grande carattere che nascono da un\u2019unione di vari componenti. A questi vini lasciamo tutto il tempo di crescere, studiando ogni fattore di qualit\u00e0 nel vigneto e in cantina e combinando diversi componenti. \u00c8 cos\u00ec che nascono dei vini di grande carattere che esprimono le singole peculiarit\u00e0 dei pregiati vigneti dai quali nascono.<\/p>\n<\/div>\n<div class=\"toggle-block\">\n<p><strong>AGRICOLTURA BIOLOGICA E BIODINAMICA CERTIFICATA DEMETER<\/strong><\/p>\n<\/div>\n<\/div>\n<\/div>\n<\/div>\n<\/div>\n<\/div>\n<\/div>\n<\/div>\n<\/div>\n<\/div>\n<\/div>\n<\/div>\n<\/div>\n<\/div>\n<\/div>\n<\/div>\n<\/div>\n<\/div>\n<\/div>\n<\/div>\n<\/div>\n<\/div>\n<\/div>\n<\/div>\n<\/div>\n<\/div>\n<\/div>\n<\/div>\n<\/div>\n<\/div>\n<\/div>\n<\/div>\n<\/div>\n<\/div>\n<\/div>","protected":false},"featured_media":7202,"comment_status":"open","ping_status":"closed","template":"","meta":[],"product_brand":[],"product_cat":[119],"product_tag":[],"class_list":["post-7220","product","type-product","status-publish","has-post-thumbnail","product_cat-rosso","pa_produttore-alois-lageder-s-p-a-magre-italia","first","outofstock","shipping-taxable","purchasable","product-type-simple"],"yoast_head":"<!-- This site is optimized with the Yoast SEO plugin v27.6 - https:\/\/yoast.com\/product\/yoast-seo-wordpress\/ -->\n<title>CONUS Lagrein Riserva 2021- Alois Lageder | Il corpo e lo spirito<\/title>\n<meta name=\"robots\" content=\"index, follow, max-snippet:-1, max-image-preview:large, max-video-preview:-1\" \/>\n<link rel=\"canonical\" href=\"https:\/\/ilcorpoelospirito.archetipoagency.it\/en\/prodotto\/conus-lagrein-riserva-2021-alois-lageder\/\" \/>\n<meta property=\"og:locale\" content=\"en_US\" \/>\n<meta property=\"og:type\" content=\"article\" \/>\n<meta property=\"og:title\" content=\"CONUS Lagrein Riserva 2021- Alois Lageder | Il corpo e lo spirito\" \/>\n<meta property=\"og:description\" content=\"CONUS Lagrein 2021- Alois Lageder Questo vino fa parte della famiglia delle Composizioni. Sono vini di grande carattere che nascono da un&#039;unione di vari componenti. A questi vini lasciamo tutto il tempo di crescere, studiando ogni fattore di qualit\u00e0 nel vigneto e in cantina e combinando diversi componenti. \u00c8 cos\u00ec che nascono dei vini di grande carattere che esprimono le singole peculiarit\u00e0 dei pregiati vigneti dai quali nascono.     AGRICOLTURA BIOLOGICA E BIODINAMICA CERTIFICATA DEMETER\" \/>\n<meta property=\"og:url\" content=\"https:\/\/ilcorpoelospirito.archetipoagency.it\/en\/prodotto\/conus-lagrein-riserva-2021-alois-lageder\/\" \/>\n<meta property=\"og:site_name\" content=\"Il corpo e lo spirito\" \/>\n<meta property=\"article:modified_time\" content=\"2026-01-04T09:35:47+00:00\" \/>\n<meta property=\"og:image\" content=\"https:\/\/ilcorpoelospirito.archetipoagency.it\/wp-content\/uploads\/2025\/05\/20250512_181816.jpg\" \/>\n\t<meta property=\"og:image:width\" content=\"1154\" \/>\n\t<meta property=\"og:image:height\" content=\"1194\" \/>\n\t<meta property=\"og:image:type\" content=\"image\/jpeg\" \/>\n<meta name=\"twitter:card\" content=\"summary_large_image\" \/>\n<meta name=\"twitter:label1\" content=\"Est. reading time\" \/>\n\t<meta name=\"twitter:data1\" content=\"2 minutes\" \/>\n<script type=\"application\/ld+json\" class=\"yoast-schema-graph\">{\"@context\":\"https:\\\/\\\/schema.org\",\"@graph\":[{\"@type\":\"WebPage\",\"@id\":\"https:\\\/\\\/ilcorpoelospirito.archetipoagency.it\\\/en\\\/prodotto\\\/conus-lagrein-riserva-2021-alois-lageder\\\/\",\"url\":\"https:\\\/\\\/ilcorpoelospirito.archetipoagency.it\\\/en\\\/prodotto\\\/conus-lagrein-riserva-2021-alois-lageder\\\/\",\"name\":\"CONUS Lagrein Riserva 2021- Alois Lageder | Il corpo e lo spirito\",\"isPartOf\":{\"@id\":\"https:\\\/\\\/ilcorpoelospirito.archetipoagency.it\\\/#website\"},\"primaryImageOfPage\":{\"@id\":\"https:\\\/\\\/ilcorpoelospirito.archetipoagency.it\\\/en\\\/prodotto\\\/conus-lagrein-riserva-2021-alois-lageder\\\/#primaryimage\"},\"image\":{\"@id\":\"https:\\\/\\\/ilcorpoelospirito.archetipoagency.it\\\/en\\\/prodotto\\\/conus-lagrein-riserva-2021-alois-lageder\\\/#primaryimage\"},\"thumbnailUrl\":\"https:\\\/\\\/ilcorpoelospirito.archetipoagency.it\\\/wp-content\\\/uploads\\\/2025\\\/05\\\/20250512_181816.jpg\",\"datePublished\":\"2025-05-13T11:01:48+00:00\",\"dateModified\":\"2026-01-04T09:35:47+00:00\",\"breadcrumb\":{\"@id\":\"https:\\\/\\\/ilcorpoelospirito.archetipoagency.it\\\/en\\\/prodotto\\\/conus-lagrein-riserva-2021-alois-lageder\\\/#breadcrumb\"},\"inLanguage\":\"en-US\",\"potentialAction\":[{\"@type\":\"ReadAction\",\"target\":[\"https:\\\/\\\/ilcorpoelospirito.archetipoagency.it\\\/en\\\/prodotto\\\/conus-lagrein-riserva-2021-alois-lageder\\\/\"]}]},{\"@type\":\"ImageObject\",\"inLanguage\":\"en-US\",\"@id\":\"https:\\\/\\\/ilcorpoelospirito.archetipoagency.it\\\/en\\\/prodotto\\\/conus-lagrein-riserva-2021-alois-lageder\\\/#primaryimage\",\"url\":\"https:\\\/\\\/ilcorpoelospirito.archetipoagency.it\\\/wp-content\\\/uploads\\\/2025\\\/05\\\/20250512_181816.jpg\",\"contentUrl\":\"https:\\\/\\\/ilcorpoelospirito.archetipoagency.it\\\/wp-content\\\/uploads\\\/2025\\\/05\\\/20250512_181816.jpg\",\"width\":1154,\"height\":1194},{\"@type\":\"BreadcrumbList\",\"@id\":\"https:\\\/\\\/ilcorpoelospirito.archetipoagency.it\\\/en\\\/prodotto\\\/conus-lagrein-riserva-2021-alois-lageder\\\/#breadcrumb\",\"itemListElement\":[{\"@type\":\"ListItem\",\"position\":1,\"name\":\"Home\",\"item\":\"https:\\\/\\\/ilcorpoelospirito.archetipoagency.it\\\/\"},{\"@type\":\"ListItem\",\"position\":2,\"name\":\"Shop\",\"item\":\"https:\\\/\\\/ilcorpoelospirito.archetipoagency.it\\\/shop\\\/\"},{\"@type\":\"ListItem\",\"position\":3,\"name\":\"CONUS Lagrein Riserva 2021- Alois Lageder\"}]},{\"@type\":\"WebSite\",\"@id\":\"https:\\\/\\\/ilcorpoelospirito.archetipoagency.it\\\/#website\",\"url\":\"https:\\\/\\\/ilcorpoelospirito.archetipoagency.it\\\/\",\"name\":\"Il Corpo e lo Spirito\",\"description\":\"\",\"publisher\":{\"@id\":\"https:\\\/\\\/ilcorpoelospirito.archetipoagency.it\\\/#organization\"},\"alternateName\":\"Prelibatezze Monastiche e regionali\",\"potentialAction\":[{\"@type\":\"SearchAction\",\"target\":{\"@type\":\"EntryPoint\",\"urlTemplate\":\"https:\\\/\\\/ilcorpoelospirito.archetipoagency.it\\\/?s={search_term_string}\"},\"query-input\":{\"@type\":\"PropertyValueSpecification\",\"valueRequired\":true,\"valueName\":\"search_term_string\"}}],\"inLanguage\":\"en-US\"},{\"@type\":\"Organization\",\"@id\":\"https:\\\/\\\/ilcorpoelospirito.archetipoagency.it\\\/#organization\",\"name\":\"Il Corpo e lo Spirito\",\"alternateName\":\"Prelibatezze Monastiche e regionali\",\"url\":\"https:\\\/\\\/ilcorpoelospirito.archetipoagency.it\\\/\",\"logo\":{\"@type\":\"ImageObject\",\"inLanguage\":\"en-US\",\"@id\":\"https:\\\/\\\/ilcorpoelospirito.archetipoagency.it\\\/#\\\/schema\\\/logo\\\/image\\\/\",\"url\":\"https:\\\/\\\/ilcorpoelospirito.archetipoagency.it\\\/wp-content\\\/uploads\\\/2022\\\/10\\\/logo-marrone.png\",\"contentUrl\":\"https:\\\/\\\/ilcorpoelospirito.archetipoagency.it\\\/wp-content\\\/uploads\\\/2022\\\/10\\\/logo-marrone.png\",\"width\":2192,\"height\":568,\"caption\":\"Il Corpo e lo Spirito\"},\"image\":{\"@id\":\"https:\\\/\\\/ilcorpoelospirito.archetipoagency.it\\\/#\\\/schema\\\/logo\\\/image\\\/\"}}]}<\/script>\n<!-- \/ Yoast SEO plugin. -->","yoast_head_json":{"title":"CONUS Lagrein Riserva 2021- Alois Lageder | Il corpo e lo spirito","robots":{"index":"index","follow":"follow","max-snippet":"max-snippet:-1","max-image-preview":"max-image-preview:large","max-video-preview":"max-video-preview:-1"},"canonical":"https:\/\/ilcorpoelospirito.archetipoagency.it\/en\/prodotto\/conus-lagrein-riserva-2021-alois-lageder\/","og_locale":"en_US","og_type":"article","og_title":"CONUS Lagrein Riserva 2021- Alois Lageder | Il corpo e lo spirito","og_description":"CONUS Lagrein 2021- Alois Lageder Questo vino fa parte della famiglia delle Composizioni. Sono vini di grande carattere che nascono da un'unione di vari componenti. A questi vini lasciamo tutto il tempo di crescere, studiando ogni fattore di qualit\u00e0 nel vigneto e in cantina e combinando diversi componenti. \u00c8 cos\u00ec che nascono dei vini di grande carattere che esprimono le singole peculiarit\u00e0 dei pregiati vigneti dai quali nascono.     AGRICOLTURA BIOLOGICA E BIODINAMICA CERTIFICATA DEMETER","og_url":"https:\/\/ilcorpoelospirito.archetipoagency.it\/en\/prodotto\/conus-lagrein-riserva-2021-alois-lageder\/","og_site_name":"Il corpo e lo spirito","article_modified_time":"2026-01-04T09:35:47+00:00","og_image":[{"width":1154,"height":1194,"url":"https:\/\/ilcorpoelospirito.archetipoagency.it\/wp-content\/uploads\/2025\/05\/20250512_181816.jpg","type":"image\/jpeg"}],"twitter_card":"summary_large_image","twitter_misc":{"Est. reading time":"2 minutes"},"schema":{"@context":"https:\/\/schema.org","@graph":[{"@type":"WebPage","@id":"https:\/\/ilcorpoelospirito.archetipoagency.it\/en\/prodotto\/conus-lagrein-riserva-2021-alois-lageder\/","url":"https:\/\/ilcorpoelospirito.archetipoagency.it\/en\/prodotto\/conus-lagrein-riserva-2021-alois-lageder\/","name":"CONUS Lagrein Riserva 2021- Alois Lageder | Il corpo e lo spirito","isPartOf":{"@id":"https:\/\/ilcorpoelospirito.archetipoagency.it\/#website"},"primaryImageOfPage":{"@id":"https:\/\/ilcorpoelospirito.archetipoagency.it\/en\/prodotto\/conus-lagrein-riserva-2021-alois-lageder\/#primaryimage"},"image":{"@id":"https:\/\/ilcorpoelospirito.archetipoagency.it\/en\/prodotto\/conus-lagrein-riserva-2021-alois-lageder\/#primaryimage"},"thumbnailUrl":"https:\/\/ilcorpoelospirito.archetipoagency.it\/wp-content\/uploads\/2025\/05\/20250512_181816.jpg","datePublished":"2025-05-13T11:01:48+00:00","dateModified":"2026-01-04T09:35:47+00:00","breadcrumb":{"@id":"https:\/\/ilcorpoelospirito.archetipoagency.it\/en\/prodotto\/conus-lagrein-riserva-2021-alois-lageder\/#breadcrumb"},"inLanguage":"en-US","potentialAction":[{"@type":"ReadAction","target":["https:\/\/ilcorpoelospirito.archetipoagency.it\/en\/prodotto\/conus-lagrein-riserva-2021-alois-lageder\/"]}]},{"@type":"ImageObject","inLanguage":"en-US","@id":"https:\/\/ilcorpoelospirito.archetipoagency.it\/en\/prodotto\/conus-lagrein-riserva-2021-alois-lageder\/#primaryimage","url":"https:\/\/ilcorpoelospirito.archetipoagency.it\/wp-content\/uploads\/2025\/05\/20250512_181816.jpg","contentUrl":"https:\/\/ilcorpoelospirito.archetipoagency.it\/wp-content\/uploads\/2025\/05\/20250512_181816.jpg","width":1154,"height":1194},{"@type":"BreadcrumbList","@id":"https:\/\/ilcorpoelospirito.archetipoagency.it\/en\/prodotto\/conus-lagrein-riserva-2021-alois-lageder\/#breadcrumb","itemListElement":[{"@type":"ListItem","position":1,"name":"Home","item":"https:\/\/ilcorpoelospirito.archetipoagency.it\/"},{"@type":"ListItem","position":2,"name":"Shop","item":"https:\/\/ilcorpoelospirito.archetipoagency.it\/shop\/"},{"@type":"ListItem","position":3,"name":"CONUS Lagrein Riserva 2021- Alois Lageder"}]},{"@type":"WebSite","@id":"https:\/\/ilcorpoelospirito.archetipoagency.it\/#website","url":"https:\/\/ilcorpoelospirito.archetipoagency.it\/","name":"Il corpo e lo spirito","description":"","publisher":{"@id":"https:\/\/ilcorpoelospirito.archetipoagency.it\/#organization"},"alternateName":"Prelibatezze Monastiche e regionali","potentialAction":[{"@type":"SearchAction","target":{"@type":"EntryPoint","urlTemplate":"https:\/\/ilcorpoelospirito.archetipoagency.it\/?s={search_term_string}"},"query-input":{"@type":"PropertyValueSpecification","valueRequired":true,"valueName":"search_term_string"}}],"inLanguage":"en-US"},{"@type":"Organization","@id":"https:\/\/ilcorpoelospirito.archetipoagency.it\/#organization","name":"Il corpo e lo spirito","alternateName":"Prelibatezze Monastiche e regionali","url":"https:\/\/ilcorpoelospirito.archetipoagency.it\/","logo":{"@type":"ImageObject","inLanguage":"en-US","@id":"https:\/\/ilcorpoelospirito.archetipoagency.it\/#\/schema\/logo\/image\/","url":"https:\/\/ilcorpoelospirito.archetipoagency.it\/wp-content\/uploads\/2022\/10\/logo-marrone.png","contentUrl":"https:\/\/ilcorpoelospirito.archetipoagency.it\/wp-content\/uploads\/2022\/10\/logo-marrone.png","width":2192,"height":568,"caption":"Il Corpo e lo Spirito"},"image":{"@id":"https:\/\/ilcorpoelospirito.archetipoagency.it\/#\/schema\/logo\/image\/"}}]}},"_links":{"self":[{"href":"https:\/\/ilcorpoelospirito.archetipoagency.it\/en\/wp-json\/wp\/v2\/product\/7220","targetHints":{"allow":["GET"]}}],"collection":[{"href":"https:\/\/ilcorpoelospirito.archetipoagency.it\/en\/wp-json\/wp\/v2\/product"}],"about":[{"href":"https:\/\/ilcorpoelospirito.archetipoagency.it\/en\/wp-json\/wp\/v2\/types\/product"}],"replies":[{"embeddable":true,"href":"https:\/\/ilcorpoelospirito.archetipoagency.it\/en\/wp-json\/wp\/v2\/comments?post=7220"}],"wp:featuredmedia":[{"embeddable":true,"href":"https:\/\/ilcorpoelospirito.archetipoagency.it\/en\/wp-json\/wp\/v2\/media\/7202"}],"wp:attachment":[{"href":"https:\/\/ilcorpoelospirito.archetipoagency.it\/en\/wp-json\/wp\/v2\/media?parent=7220"}],"wp:term":[{"taxonomy":"product_brand","embeddable":true,"href":"https:\/\/ilcorpoelospirito.archetipoagency.it\/en\/wp-json\/wp\/v2\/product_brand?post=7220"},{"taxonomy":"product_cat","embeddable":true,"href":"https:\/\/ilcorpoelospirito.archetipoagency.it\/en\/wp-json\/wp\/v2\/product_cat?post=7220"},{"taxonomy":"product_tag","embeddable":true,"href":"https:\/\/ilcorpoelospirito.archetipoagency.it\/en\/wp-json\/wp\/v2\/product_tag?post=7220"}],"curies":[{"name":"wp","href":"https:\/\/api.w.org\/{rel}","templated":true}]}}