{"id":7224,"date":"2025-05-13T13:44:39","date_gmt":"2025-05-13T11:44:39","guid":{"rendered":"https:\/\/ilcorpoelospirito.archetipoagency.it\/?post_type=product&#038;p=7224"},"modified":"2026-02-23T10:53:09","modified_gmt":"2026-02-23T09:53:09","slug":"alta-langa-docg-extra-brut-pietro-colla-2020-poderi-colla-s-s-a","status":"publish","type":"product","link":"https:\/\/ilcorpoelospirito.archetipoagency.it\/en\/product\/alta-langa-docg-extra-brut-pietro-colla-2020-poderi-colla-s-s-a\/","title":{"rendered":"708 km Cembrani Rosso \u2013 Cembrani Doc"},"content":{"rendered":"<div class=\"short-description\">\n<div>\n<div class=\"toggle-block\">\n<div>\n<h3 class=\"page-title\"><span class=\"base\" data-ui-id=\"page-title-wrapper\">708 km Cembrani Rosso \u2013 Cembrani Doc<\/span><\/h3>\n<p>\u201c708 km Cembrani Rosso\u201d rappresentano gli ambasciatori delle <strong>eccellenze del territorio<\/strong>\u00a0della Valle di Cembra e della sue peculiarit\u00e0 pedoclimatiche uniche: il clima continentale, l\u2019esposizione sud\/est, la componente geologica porfirica e calcarea nella parte iniziale della vallata, la forte escursione termica in periodo pre-vendemmiale, sono le\u00a0<strong>caratteristiche uniche<\/strong>\u00a0della Valle di Cembra che fruttano delle\u00a0<strong>uve eccezionali<\/strong>. Al territorio della Valle di Cembra e ai suoi stimati 708 km di muretti a secco sono dedicate queste produzioni.<\/p>\n<div class=\"elenco-item\">\n<table id=\"product-attribute-specs-table\" class=\"data table additional-attributes\" style=\"height: 212px\" width=\"423\">\n<caption class=\"table-caption\">Scheda prodotto<\/caption>\n<tbody>\n<tr class=\"gp_vino_tipologia\">\n<th class=\"col label\" scope=\"row\">Tipologia vino<\/th>\n<td class=\"col data\" data-th=\"Tipologia vino\">Vino Rosso<\/td>\n<\/tr>\n<tr class=\"gp_vino_formato\">\n<th class=\"col label\" scope=\"row\">Formato (Litri)<\/th>\n<td class=\"col data\" data-th=\"Formato (Litri)\">0.75<\/td>\n<\/tr>\n<tr class=\"gp_vino_uvaggio\">\n<th class=\"col label\" scope=\"row\">Uve<\/th>\n<td class=\"col data\" data-th=\"Uve\">Schiava (60%) e Lagrein (40%)<\/td>\n<\/tr>\n<tr class=\"gp_vino_temperatura\">\n<th class=\"col label\" scope=\"row\">Temperatura di servizio<\/th>\n<td class=\"col data\" data-th=\"Temperatura di servizio\">15-18\u00b0C<\/td>\n<\/tr>\n<tr class=\"gp_solfiti\">\n<th class=\"col label\" scope=\"row\">Solfiti<\/th>\n<td class=\"col data\" data-th=\"Solfiti\">Contiene solfiti<\/td>\n<\/tr>\n<\/tbody>\n<\/table>\n<table class=\"data table additional-attributes\" style=\"height: 641px\" border=\"0\" width=\"719\">\n<tbody>\n<tr>\n<th class=\"col label\" scope=\"row\">Denominazione<\/th>\n<td class=\"col data\" data-th=\"Denominazione\">IGT Vigneti delle Dolomiti<\/td>\n<\/tr>\n<tr>\n<th class=\"col label\" scope=\"row\">Vigneto di provenienza<\/th>\n<td class=\"col data\" data-th=\"Vigneto di provenienza\">Le uve raccolte per la produzione di questo blend fanno parte di pi\u00f9 vigneti di propriet\u00e0 dei consorziati dei Cembrani DOC. Ogni azienda ha selezionato una zona particolare, ne ha vinificato le uve e conferito il vino al Consorzio per la creazione di un blend eccezionale, di quanto di meglio si possa produrre. Questi vini sono l\u2019espressione dei vitigni storici del territorio uniti a quelli che rappresentano il futuro viticolo della Valle di Cembra. I vigneti hanno un\u2019esposizione sud\/est e si trovano tra i 300 m\/slm e i 550 m\/slm nei comuni di Cembra e Giovo: Schiava: Vach, C\u00f2r, Valval\u00e8, Rauti Lagrein: Vach, Maurenti, Valval\u00e8; Rauti<\/td>\n<\/tr>\n<tr>\n<th class=\"col label\" scope=\"row\">Allevamento<\/th>\n<td class=\"col data\" data-th=\"Allevamento\">A pergola trentina<\/td>\n<\/tr>\n<tr>\n<th class=\"col label\" scope=\"row\">Resa per ettaro<\/th>\n<td class=\"col data\" data-th=\"Resa per ettaro\">110 q\/Ha per la Schiava e 80 q\/HA per il Lagrein<\/td>\n<\/tr>\n<tr>\n<th class=\"col label\" scope=\"row\">Terreno<\/th>\n<td class=\"col data\" data-th=\"Terreno\">Porfirico e calcareo<\/td>\n<\/tr>\n<tr>\n<th class=\"col label\" scope=\"row\">Vinificazione<\/th>\n<td class=\"col data\" data-th=\"Vinificazione\">Fermentazione sulle bucce in acciaio inox a temperatura controllata; svinatura con pressatura soffice<\/td>\n<\/tr>\n<tr>\n<th class=\"col label\" scope=\"row\">Maturazione<\/th>\n<td class=\"col data\" data-th=\"Maturazione\">In acciaio inox<\/td>\n<\/tr>\n<tr>\n<th class=\"col label\" scope=\"row\">Affinamento<\/th>\n<td class=\"col data\" data-th=\"Affinamento\">In acciaio<\/td>\n<\/tr>\n<tr>\n<th class=\"col label\" scope=\"row\">Esame organolettico<\/th>\n<td class=\"col data\" data-th=\"Esame organolettico\">Colore rosso rubino con leggere sfumature violacee; al naso \u00e8 molto intenso, fruttato; sentori di frutti di bosco, presenta una leggera nota speziata; secco, fresco e persistente.<\/td>\n<\/tr>\n<\/tbody>\n<\/table>\n<\/div>\n<\/div>\n<div class=\"toggle-block\">\n<p><b class=\"gp_vino_abbinamenti\">Abbinamenti:<\/b>\u00a0Crudit\u00e0 di carne, Pollame, Salumi, Secondi di carne bianca<\/p>\n<p><b class=\"gp_vino_gradazione\">Gradazione:<\/b>\u00a012.5%Vol.<\/p>\n<p><span style=\"color: #dd9e1d;font-family: 'PT Sans';font-size: 25px;letter-spacing: 0em\">Product:<\/span><\/p>\n<\/div>\n<\/div>\n<\/div>\n<div>\n<div class=\"Hhmu2e wDYxhc NFQFxe viOShc LKPcQc\" lang=\"it-IT\" data-md=\"16\" data-hveid=\"CEwQAA\" data-ved=\"2ahUKEwjgyL-m1439AhXT7LsIHY4jCpsQhyh6BAhMEAA\">\n<div class=\"Ftghae iirjIb DaSCDf\">\n<div class=\"SPZz6b\">\n<p class=\"wp-block-heading has-text-align-center has-nv-text-dark-bg-color has-text-color has-link-color wp-elements-b29321986608ae30d85aca6bf76b2d39 wp-elements-beb3c6056e6ac4a4cd91f8eac3e5fe9f\">Cembrani Doc Soc. Cons. a R.L. Viale IV Novembre, 52 \u2013 38034 Cembra Lisignago (Trento) \u2013 IT<\/p>\n<\/div>\n<\/div>\n<\/div>\n<\/div>\n<\/div>","protected":false},"excerpt":{"rendered":"<div class=\"toggle-block\">\n<div class=\"toggle-block\">\n<div class=\"toggle-block\">\n<div class=\"toggle-block\">\n<div class=\"toggle-block\">\n<div class=\"toggle-block\">\n<div class=\"toggle-block\">\n<div class=\"toggle-block\">\n<div class=\"toggle-block\">\n<div class=\"toggle-block\">\n<div class=\"toggle-block\">\n<div class=\"toggle-block\">\n<div class=\"toggle-block\">\n<div class=\"toggle-block\">\n<div class=\"toggle-block\">\n<div class=\"toggle-block\">\n<div class=\"toggle-block\">\n<div class=\"toggle-block\">\n<div class=\"toggle-block\">\n<div class=\"toggle-block\">\n<div class=\"toggle-block\">\n<div class=\"toggle-block\">\n<div class=\"toggle-block\">\n<div class=\"toggle-block\">\n<div class=\"toggle-block\">\n<div class=\"toggle-block\">\n<div class=\"toggle-block\">\n<div class=\"toggle-block\">\n<div class=\"toggle-block\">\n<div class=\"toggle-block\">\n<div class=\"toggle-block\">\n<div class=\"toggle-block\">\n<div class=\"toggle-block\">\n<div class=\"toggle-block\">\n<div class=\"toggle-block\">\n<div class=\"toggle-block\">\n<div class=\"toggle-block\">\n<div class=\"toggle-block\">\n<div class=\"toggle-block\">\n<div class=\"toggle-block\">\n<section class=\"additional-attributes-wrapper table-wrapper geppa-prod-char-wrapper__attributes accordion-elem col-12 col-lg-6\" data-role=\"collapsible\">\n<div class=\"acc-content\">\n<div class=\"toggle-block\">\n<div>\n<h3 class=\"page-title\"><span class=\"base\" data-ui-id=\"page-title-wrapper\">708 km Cembrani Rosso \u2013 Cembrani Doc<\/span><\/h3>\n<p>\u201c708 km Cembrani Rosso\u201d rappresentano gli ambasciatori delle <strong>eccellenze del territorio<\/strong>\u00a0della Valle di Cembra e della sue peculiarit\u00e0 pedoclimatiche uniche: il clima continentale, l\u2019esposizione sud\/est, la componente geologica porfirica e calcarea nella parte iniziale della vallata, la forte escursione termica in periodo pre-vendemmiale, sono le\u00a0<strong>caratteristiche uniche<\/strong>\u00a0della Valle di Cembra che fruttano delle\u00a0<strong>uve eccezionali<\/strong>. Al territorio della Valle di Cembra e ai suoi stimati 708 km di muretti a secco sono dedicate queste produzioni.<\/p>\n<\/div>\n<div>\n<div class=\"toggle-block\"><\/div>\n<\/div>\n<div class=\"toggle-block\">\n<p>&nbsp;<\/p>\n<\/div>\n<\/div>\n<\/div>\n<\/section>\n<\/div>\n<\/div>\n<\/div>\n<\/div>\n<\/div>\n<\/div>\n<\/div>\n<\/div>\n<\/div>\n<\/div>\n<\/div>\n<\/div>\n<\/div>\n<\/div>\n<\/div>\n<\/div>\n<\/div>\n<\/div>\n<\/div>\n<\/div>\n<\/div>\n<\/div>\n<\/div>\n<\/div>\n<\/div>\n<\/div>\n<\/div>\n<\/div>\n<\/div>\n<\/div>\n<\/div>\n<\/div>\n<\/div>\n<\/div>\n<\/div>\n<\/div>\n<\/div>\n<\/div>\n<\/div>\n<\/div>","protected":false},"featured_media":7217,"comment_status":"open","ping_status":"closed","template":"","meta":[],"product_brand":[],"product_cat":[119],"product_tag":[],"class_list":["post-7224","product","type-product","status-publish","has-post-thumbnail","product_cat-rosso","pa_produttore-cembrani-doc-soc-cons-a-r-l-viale-iv-novembre-52-38034-cembra-lisignago-trento-it","first","instock","shipping-taxable","purchasable","product-type-simple"],"yoast_head":"<!-- This site is optimized with the Yoast SEO plugin v27.6 - https:\/\/yoast.com\/product\/yoast-seo-wordpress\/ -->\n<title>708 km Cembrani Rosso \u2013 Cembrani Doc | Il corpo e lo spirito<\/title>\n<meta name=\"robots\" content=\"index, follow, max-snippet:-1, max-image-preview:large, max-video-preview:-1\" \/>\n<link rel=\"canonical\" href=\"https:\/\/ilcorpoelospirito.archetipoagency.it\/en\/prodotto\/alta-langa-docg-extra-brut-pietro-colla-2020-poderi-colla-s-s-a\/\" \/>\n<meta property=\"og:locale\" content=\"en_US\" \/>\n<meta property=\"og:type\" content=\"article\" \/>\n<meta property=\"og:title\" content=\"708 km Cembrani Rosso \u2013 Cembrani Doc | Il corpo e lo spirito\" \/>\n<meta property=\"og:description\" content=\"708 km Cembrani Rosso \u2013 Cembrani Doc \u201c708 km Cembrani Rosso\u201d rappresentano gli ambasciatori delle eccellenze del territorio\u00a0della Valle di Cembra e della sue peculiarit\u00e0 pedoclimatiche uniche: il clima continentale, l\u2019esposizione sud\/est, la componente geologica porfirica e calcarea nella parte iniziale della vallata, la forte escursione termica in periodo pre-vendemmiale, sono le\u00a0caratteristiche uniche\u00a0della Valle di Cembra che fruttano delle\u00a0uve eccezionali. Al territorio della Valle di Cembra e ai suoi stimati 708 km di muretti a secco sono dedicate queste produzioni.        &nbsp;\" \/>\n<meta property=\"og:url\" content=\"https:\/\/ilcorpoelospirito.archetipoagency.it\/en\/prodotto\/alta-langa-docg-extra-brut-pietro-colla-2020-poderi-colla-s-s-a\/\" \/>\n<meta property=\"og:site_name\" content=\"Il corpo e lo spirito\" \/>\n<meta property=\"article:modified_time\" content=\"2026-02-23T09:53:09+00:00\" \/>\n<meta property=\"og:image\" content=\"https:\/\/ilcorpoelospirito.archetipoagency.it\/wp-content\/uploads\/2025\/05\/20250513_094356.jpg\" \/>\n\t<meta property=\"og:image:width\" content=\"1160\" \/>\n\t<meta property=\"og:image:height\" content=\"1152\" \/>\n\t<meta property=\"og:image:type\" content=\"image\/jpeg\" \/>\n<meta name=\"twitter:card\" content=\"summary_large_image\" \/>\n<meta name=\"twitter:label1\" content=\"Est. reading time\" \/>\n\t<meta name=\"twitter:data1\" content=\"2 minutes\" \/>\n<script type=\"application\/ld+json\" class=\"yoast-schema-graph\">{\"@context\":\"https:\\\/\\\/schema.org\",\"@graph\":[{\"@type\":\"WebPage\",\"@id\":\"https:\\\/\\\/ilcorpoelospirito.archetipoagency.it\\\/en\\\/prodotto\\\/alta-langa-docg-extra-brut-pietro-colla-2020-poderi-colla-s-s-a\\\/\",\"url\":\"https:\\\/\\\/ilcorpoelospirito.archetipoagency.it\\\/en\\\/prodotto\\\/alta-langa-docg-extra-brut-pietro-colla-2020-poderi-colla-s-s-a\\\/\",\"name\":\"708 km Cembrani Rosso \u2013 Cembrani Doc | Il corpo e lo spirito\",\"isPartOf\":{\"@id\":\"https:\\\/\\\/ilcorpoelospirito.archetipoagency.it\\\/#website\"},\"primaryImageOfPage\":{\"@id\":\"https:\\\/\\\/ilcorpoelospirito.archetipoagency.it\\\/en\\\/prodotto\\\/alta-langa-docg-extra-brut-pietro-colla-2020-poderi-colla-s-s-a\\\/#primaryimage\"},\"image\":{\"@id\":\"https:\\\/\\\/ilcorpoelospirito.archetipoagency.it\\\/en\\\/prodotto\\\/alta-langa-docg-extra-brut-pietro-colla-2020-poderi-colla-s-s-a\\\/#primaryimage\"},\"thumbnailUrl\":\"https:\\\/\\\/ilcorpoelospirito.archetipoagency.it\\\/wp-content\\\/uploads\\\/2025\\\/05\\\/20250513_094356.jpg\",\"datePublished\":\"2025-05-13T11:44:39+00:00\",\"dateModified\":\"2026-02-23T09:53:09+00:00\",\"breadcrumb\":{\"@id\":\"https:\\\/\\\/ilcorpoelospirito.archetipoagency.it\\\/en\\\/prodotto\\\/alta-langa-docg-extra-brut-pietro-colla-2020-poderi-colla-s-s-a\\\/#breadcrumb\"},\"inLanguage\":\"en-US\",\"potentialAction\":[{\"@type\":\"ReadAction\",\"target\":[\"https:\\\/\\\/ilcorpoelospirito.archetipoagency.it\\\/en\\\/prodotto\\\/alta-langa-docg-extra-brut-pietro-colla-2020-poderi-colla-s-s-a\\\/\"]}]},{\"@type\":\"ImageObject\",\"inLanguage\":\"en-US\",\"@id\":\"https:\\\/\\\/ilcorpoelospirito.archetipoagency.it\\\/en\\\/prodotto\\\/alta-langa-docg-extra-brut-pietro-colla-2020-poderi-colla-s-s-a\\\/#primaryimage\",\"url\":\"https:\\\/\\\/ilcorpoelospirito.archetipoagency.it\\\/wp-content\\\/uploads\\\/2025\\\/05\\\/20250513_094356.jpg\",\"contentUrl\":\"https:\\\/\\\/ilcorpoelospirito.archetipoagency.it\\\/wp-content\\\/uploads\\\/2025\\\/05\\\/20250513_094356.jpg\",\"width\":1160,\"height\":1152},{\"@type\":\"BreadcrumbList\",\"@id\":\"https:\\\/\\\/ilcorpoelospirito.archetipoagency.it\\\/en\\\/prodotto\\\/alta-langa-docg-extra-brut-pietro-colla-2020-poderi-colla-s-s-a\\\/#breadcrumb\",\"itemListElement\":[{\"@type\":\"ListItem\",\"position\":1,\"name\":\"Home\",\"item\":\"https:\\\/\\\/ilcorpoelospirito.archetipoagency.it\\\/\"},{\"@type\":\"ListItem\",\"position\":2,\"name\":\"Shop\",\"item\":\"https:\\\/\\\/ilcorpoelospirito.archetipoagency.it\\\/shop\\\/\"},{\"@type\":\"ListItem\",\"position\":3,\"name\":\"708 km Cembrani Rosso \u2013 Cembrani Doc\"}]},{\"@type\":\"WebSite\",\"@id\":\"https:\\\/\\\/ilcorpoelospirito.archetipoagency.it\\\/#website\",\"url\":\"https:\\\/\\\/ilcorpoelospirito.archetipoagency.it\\\/\",\"name\":\"Il Corpo e lo Spirito\",\"description\":\"\",\"publisher\":{\"@id\":\"https:\\\/\\\/ilcorpoelospirito.archetipoagency.it\\\/#organization\"},\"alternateName\":\"Prelibatezze Monastiche e regionali\",\"potentialAction\":[{\"@type\":\"SearchAction\",\"target\":{\"@type\":\"EntryPoint\",\"urlTemplate\":\"https:\\\/\\\/ilcorpoelospirito.archetipoagency.it\\\/?s={search_term_string}\"},\"query-input\":{\"@type\":\"PropertyValueSpecification\",\"valueRequired\":true,\"valueName\":\"search_term_string\"}}],\"inLanguage\":\"en-US\"},{\"@type\":\"Organization\",\"@id\":\"https:\\\/\\\/ilcorpoelospirito.archetipoagency.it\\\/#organization\",\"name\":\"Il Corpo e lo Spirito\",\"alternateName\":\"Prelibatezze Monastiche e regionali\",\"url\":\"https:\\\/\\\/ilcorpoelospirito.archetipoagency.it\\\/\",\"logo\":{\"@type\":\"ImageObject\",\"inLanguage\":\"en-US\",\"@id\":\"https:\\\/\\\/ilcorpoelospirito.archetipoagency.it\\\/#\\\/schema\\\/logo\\\/image\\\/\",\"url\":\"https:\\\/\\\/ilcorpoelospirito.archetipoagency.it\\\/wp-content\\\/uploads\\\/2022\\\/10\\\/logo-marrone.png\",\"contentUrl\":\"https:\\\/\\\/ilcorpoelospirito.archetipoagency.it\\\/wp-content\\\/uploads\\\/2022\\\/10\\\/logo-marrone.png\",\"width\":2192,\"height\":568,\"caption\":\"Il Corpo e lo Spirito\"},\"image\":{\"@id\":\"https:\\\/\\\/ilcorpoelospirito.archetipoagency.it\\\/#\\\/schema\\\/logo\\\/image\\\/\"}}]}<\/script>\n<!-- \/ Yoast SEO plugin. -->","yoast_head_json":{"title":"708 km Cembrani Rosso \u2013 Cembrani Doc | Il corpo e lo spirito","robots":{"index":"index","follow":"follow","max-snippet":"max-snippet:-1","max-image-preview":"max-image-preview:large","max-video-preview":"max-video-preview:-1"},"canonical":"https:\/\/ilcorpoelospirito.archetipoagency.it\/en\/prodotto\/alta-langa-docg-extra-brut-pietro-colla-2020-poderi-colla-s-s-a\/","og_locale":"en_US","og_type":"article","og_title":"708 km Cembrani Rosso \u2013 Cembrani Doc | Il corpo e lo spirito","og_description":"708 km Cembrani Rosso \u2013 Cembrani Doc \u201c708 km Cembrani Rosso\u201d rappresentano gli ambasciatori delle eccellenze del territorio\u00a0della Valle di Cembra e della sue peculiarit\u00e0 pedoclimatiche uniche: il clima continentale, l\u2019esposizione sud\/est, la componente geologica porfirica e calcarea nella parte iniziale della vallata, la forte escursione termica in periodo pre-vendemmiale, sono le\u00a0caratteristiche uniche\u00a0della Valle di Cembra che fruttano delle\u00a0uve eccezionali. Al territorio della Valle di Cembra e ai suoi stimati 708 km di muretti a secco sono dedicate queste produzioni.        &nbsp;","og_url":"https:\/\/ilcorpoelospirito.archetipoagency.it\/en\/prodotto\/alta-langa-docg-extra-brut-pietro-colla-2020-poderi-colla-s-s-a\/","og_site_name":"Il corpo e lo spirito","article_modified_time":"2026-02-23T09:53:09+00:00","og_image":[{"width":1160,"height":1152,"url":"https:\/\/ilcorpoelospirito.archetipoagency.it\/wp-content\/uploads\/2025\/05\/20250513_094356.jpg","type":"image\/jpeg"}],"twitter_card":"summary_large_image","twitter_misc":{"Est. reading time":"2 minutes"},"schema":{"@context":"https:\/\/schema.org","@graph":[{"@type":"WebPage","@id":"https:\/\/ilcorpoelospirito.archetipoagency.it\/en\/prodotto\/alta-langa-docg-extra-brut-pietro-colla-2020-poderi-colla-s-s-a\/","url":"https:\/\/ilcorpoelospirito.archetipoagency.it\/en\/prodotto\/alta-langa-docg-extra-brut-pietro-colla-2020-poderi-colla-s-s-a\/","name":"708 km Cembrani Rosso \u2013 Cembrani Doc | Il corpo e lo spirito","isPartOf":{"@id":"https:\/\/ilcorpoelospirito.archetipoagency.it\/#website"},"primaryImageOfPage":{"@id":"https:\/\/ilcorpoelospirito.archetipoagency.it\/en\/prodotto\/alta-langa-docg-extra-brut-pietro-colla-2020-poderi-colla-s-s-a\/#primaryimage"},"image":{"@id":"https:\/\/ilcorpoelospirito.archetipoagency.it\/en\/prodotto\/alta-langa-docg-extra-brut-pietro-colla-2020-poderi-colla-s-s-a\/#primaryimage"},"thumbnailUrl":"https:\/\/ilcorpoelospirito.archetipoagency.it\/wp-content\/uploads\/2025\/05\/20250513_094356.jpg","datePublished":"2025-05-13T11:44:39+00:00","dateModified":"2026-02-23T09:53:09+00:00","breadcrumb":{"@id":"https:\/\/ilcorpoelospirito.archetipoagency.it\/en\/prodotto\/alta-langa-docg-extra-brut-pietro-colla-2020-poderi-colla-s-s-a\/#breadcrumb"},"inLanguage":"en-US","potentialAction":[{"@type":"ReadAction","target":["https:\/\/ilcorpoelospirito.archetipoagency.it\/en\/prodotto\/alta-langa-docg-extra-brut-pietro-colla-2020-poderi-colla-s-s-a\/"]}]},{"@type":"ImageObject","inLanguage":"en-US","@id":"https:\/\/ilcorpoelospirito.archetipoagency.it\/en\/prodotto\/alta-langa-docg-extra-brut-pietro-colla-2020-poderi-colla-s-s-a\/#primaryimage","url":"https:\/\/ilcorpoelospirito.archetipoagency.it\/wp-content\/uploads\/2025\/05\/20250513_094356.jpg","contentUrl":"https:\/\/ilcorpoelospirito.archetipoagency.it\/wp-content\/uploads\/2025\/05\/20250513_094356.jpg","width":1160,"height":1152},{"@type":"BreadcrumbList","@id":"https:\/\/ilcorpoelospirito.archetipoagency.it\/en\/prodotto\/alta-langa-docg-extra-brut-pietro-colla-2020-poderi-colla-s-s-a\/#breadcrumb","itemListElement":[{"@type":"ListItem","position":1,"name":"Home","item":"https:\/\/ilcorpoelospirito.archetipoagency.it\/"},{"@type":"ListItem","position":2,"name":"Shop","item":"https:\/\/ilcorpoelospirito.archetipoagency.it\/shop\/"},{"@type":"ListItem","position":3,"name":"708 km Cembrani Rosso \u2013 Cembrani Doc"}]},{"@type":"WebSite","@id":"https:\/\/ilcorpoelospirito.archetipoagency.it\/#website","url":"https:\/\/ilcorpoelospirito.archetipoagency.it\/","name":"Il corpo e lo spirito","description":"","publisher":{"@id":"https:\/\/ilcorpoelospirito.archetipoagency.it\/#organization"},"alternateName":"Prelibatezze Monastiche e regionali","potentialAction":[{"@type":"SearchAction","target":{"@type":"EntryPoint","urlTemplate":"https:\/\/ilcorpoelospirito.archetipoagency.it\/?s={search_term_string}"},"query-input":{"@type":"PropertyValueSpecification","valueRequired":true,"valueName":"search_term_string"}}],"inLanguage":"en-US"},{"@type":"Organization","@id":"https:\/\/ilcorpoelospirito.archetipoagency.it\/#organization","name":"Il corpo e lo spirito","alternateName":"Prelibatezze Monastiche e regionali","url":"https:\/\/ilcorpoelospirito.archetipoagency.it\/","logo":{"@type":"ImageObject","inLanguage":"en-US","@id":"https:\/\/ilcorpoelospirito.archetipoagency.it\/#\/schema\/logo\/image\/","url":"https:\/\/ilcorpoelospirito.archetipoagency.it\/wp-content\/uploads\/2022\/10\/logo-marrone.png","contentUrl":"https:\/\/ilcorpoelospirito.archetipoagency.it\/wp-content\/uploads\/2022\/10\/logo-marrone.png","width":2192,"height":568,"caption":"Il Corpo e lo Spirito"},"image":{"@id":"https:\/\/ilcorpoelospirito.archetipoagency.it\/#\/schema\/logo\/image\/"}}]}},"_links":{"self":[{"href":"https:\/\/ilcorpoelospirito.archetipoagency.it\/en\/wp-json\/wp\/v2\/product\/7224","targetHints":{"allow":["GET"]}}],"collection":[{"href":"https:\/\/ilcorpoelospirito.archetipoagency.it\/en\/wp-json\/wp\/v2\/product"}],"about":[{"href":"https:\/\/ilcorpoelospirito.archetipoagency.it\/en\/wp-json\/wp\/v2\/types\/product"}],"replies":[{"embeddable":true,"href":"https:\/\/ilcorpoelospirito.archetipoagency.it\/en\/wp-json\/wp\/v2\/comments?post=7224"}],"wp:featuredmedia":[{"embeddable":true,"href":"https:\/\/ilcorpoelospirito.archetipoagency.it\/en\/wp-json\/wp\/v2\/media\/7217"}],"wp:attachment":[{"href":"https:\/\/ilcorpoelospirito.archetipoagency.it\/en\/wp-json\/wp\/v2\/media?parent=7224"}],"wp:term":[{"taxonomy":"product_brand","embeddable":true,"href":"https:\/\/ilcorpoelospirito.archetipoagency.it\/en\/wp-json\/wp\/v2\/product_brand?post=7224"},{"taxonomy":"product_cat","embeddable":true,"href":"https:\/\/ilcorpoelospirito.archetipoagency.it\/en\/wp-json\/wp\/v2\/product_cat?post=7224"},{"taxonomy":"product_tag","embeddable":true,"href":"https:\/\/ilcorpoelospirito.archetipoagency.it\/en\/wp-json\/wp\/v2\/product_tag?post=7224"}],"curies":[{"name":"wp","href":"https:\/\/api.w.org\/{rel}","templated":true}]}}