{"id":7481,"date":"2025-09-29T09:31:52","date_gmt":"2025-09-29T07:31:52","guid":{"rendered":"https:\/\/ilcorpoelospirito.archetipoagency.it\/?post_type=product&#038;p=7481"},"modified":"2025-12-06T17:27:16","modified_gmt":"2025-12-06T16:27:16","slug":"biancollella-ischia-doc-2023-cenatiempo","status":"publish","type":"product","link":"https:\/\/ilcorpoelospirito.archetipoagency.it\/en\/product\/biancollella-ischia-doc-2023-cenatiempo\/","title":{"rendered":"Biancollella Ischia DOC 2023 \u2013 Cenatiempo"},"content":{"rendered":"<div class=\"short-description\">\n<div>\n<div class=\"toggle-block\">\n<div class=\"elementor-element elementor-element-472f4e8 elementor-widget elementor-widget-text-editor\" data-id=\"472f4e8\" data-element_type=\"widget\" data-widget_type=\"text-editor.default\">\n<div class=\"elementor-column elementor-col-33 elementor-top-column elementor-element elementor-element-1d2be84\" data-id=\"1d2be84\" data-element_type=\"column\">\n<div class=\"elementor-widget-wrap elementor-element-populated\">\n<div class=\"elementor-element elementor-element-35f74cf elementor-widget elementor-widget-text-editor\" data-id=\"35f74cf\" data-element_type=\"widget\" data-widget_type=\"text-editor.default\">\n<p data-start=\"233\" data-end=\"580\">La storia di<span>\u00a0<\/span><strong data-start=\"246\" data-end=\"274\">Cenatiempo Vini d\u2019Ischia<\/strong><span>\u00a0<\/span>inizia nel<span>\u00a0<\/span><strong data-start=\"286\" data-end=\"294\">1945<\/strong>, quando<span>\u00a0<\/span><strong data-start=\"303\" data-end=\"327\">Francesco Cenatiempo<\/strong>, intuendo il potenziale del vino isolano, apr\u00ec una piccola cantina sulla<span>\u00a0<\/span><strong data-start=\"401\" data-end=\"416\">Riva Destra<\/strong><span>\u00a0<\/span>del porto di Ischia. All\u2019epoca l\u2019attivit\u00e0 era principalmente dedicata all\u2019imbottigliamento e alla distribuzione di vino sfuso, proveniente da conferitori locali.<\/p>\n<p data-start=\"582\" data-end=\"1047\">Con il boom turistico del dopoguerra e l\u2019arrivo dei primi viaggiatori attratti dalle bellezze dell\u2019isola, l\u2019azienda colse l\u2019occasione per dare maggiore identit\u00e0 alla propria produzione. Negli anni \u201960 e \u201970 si consolid\u00f2 cos\u00ec la scelta di<span>\u00a0<\/span><strong data-start=\"820\" data-end=\"851\">imbottigliare e valorizzare<\/strong><span>\u00a0<\/span>le variet\u00e0 autoctone dell\u2019isola \u2014<span>\u00a0<\/span><strong data-start=\"886\" data-end=\"901\">Biancolella<\/strong>,<span>\u00a0<\/span><strong data-start=\"903\" data-end=\"916\">Forastera<\/strong><span>\u00a0<\/span>e<span>\u00a0<\/span><strong data-start=\"919\" data-end=\"950\">Piedirosso (Per\u2019 e Palummo)<\/strong><span>\u00a0<\/span>\u2014 trasformando un\u2019attivit\u00e0 di commercio in un vero progetto enologico radicato nel territorio.<\/p>\n<\/div>\n<\/div>\n<\/div>\n<div class=\"elementor-column elementor-col-33 elementor-top-column elementor-element elementor-element-068e362\" data-id=\"068e362\" data-element_type=\"column\">\n<div class=\"elementor-widget-wrap elementor-element-populated\">\n<div class=\"elementor-element elementor-element-bf1806d elementor-widget elementor-widget-text-editor\" data-id=\"bf1806d\" data-element_type=\"widget\" data-widget_type=\"text-editor.default\">\n<p>Il<span>\u00a0<\/span><strong data-start=\"1052\" data-end=\"1060\">1993<\/strong><span>\u00a0<\/span>segn\u00f2 una svolta importante: la famiglia cominci\u00f2 a vinificare direttamente alcune partite di uva, sperimentando tecniche pi\u00f9 rispettose dell\u2019integrit\u00e0 del frutto e della mineralit\u00e0 vulcanica dei suoli. Un\u2019ulteriore conquista arriv\u00f2 nel<span>\u00a0<\/span><strong data-start=\"1298\" data-end=\"1306\">2005<\/strong>, quando Cenatiempo avvi\u00f2 la<span>\u00a0<\/span><strong data-start=\"1335\" data-end=\"1367\">gestione diretta dei vigneti<\/strong>: un passo strategico che permise di controllare l\u2019intera filiera, dalla coltivazione alla bottiglia.<\/p>\n<p data-start=\"1472\" data-end=\"1838\">Negli ultimi due decenni l\u2019azienda ha ampliato la propria visione, integrando<span>\u00a0<\/span><strong data-start=\"1550\" data-end=\"1572\">viticoltura eroica<\/strong><span>\u00a0<\/span>su terrazze panoramiche, pratiche agricole a basso impatto ambientale e un\u2019attivit\u00e0 di<span>\u00a0<\/span><strong data-start=\"1660\" data-end=\"1687\">ospitalit\u00e0 enoturistica<\/strong><span>\u00a0<\/span>che porta visitatori e appassionati alla scoperta delle vigne, delle cantine storiche scavate nel tufo e delle suggestioni gastronomiche dell\u2019isola.<\/p>\n<p data-start=\"1840\" data-end=\"2114\">Oggi Cenatiempo rappresenta un<span>\u00a0<\/span><strong data-start=\"1920\" data-end=\"1944\">punto di riferimento<\/strong><span>\u00a0<\/span>per chi cerca vini autentici che sappiano raccontare Ischia, con uno stile riconoscibile:<span>\u00a0<\/span><strong data-start=\"2035\" data-end=\"2111\">pulito, salino, minerale e profondamente legato alla sua terra d\u2019origine<\/strong>.<\/p>\n<\/div>\n<\/div>\n<\/div>\n<\/div>\n<h3>Biancollella Ischia DOC 2023 \u2013 Cenatiempo<\/h3>\n<p><span>Vino bianco secco da uve Biancolella in purezza, dal colore giallo paglierino con riflessi verdolini. Al naso emergono ginestra, camomilla, agrumi e leggere note saline; al palato \u00e8 fresco, sapido, minerale, elegante e persistente.<\/span><\/p>\n<p><strong>NOME VINO<\/strong>: ISCHIA DOC BIANCOLELLA<\/p>\n<p><strong>TIPOLOGIA:<\/strong> ISCHIA DOC BIANCOLELLA<\/p>\n<p><strong>VITIGNO<\/strong>: BIANCOLELLA<\/p>\n<p><strong>ZONA DI PRODUZIONE<\/strong>: COMUNI DI SERRARA FONTANA, ISCHIA, FORIO, BARANO<\/p>\n<p><strong>TIPOLOGIA DEL TERRENO<\/strong>: VULCANICO ALTITUDINE DA 50 A 300 M SLM\u00a0 SISTEMA DI <strong>ALLEVAMENTO<\/strong>: GUYOT<\/p>\n<p><strong>EPOCA DI VENDEMMIA<\/strong>: DA MET\u00c0 SETTEMBRE A FINE OTTOBRE<\/p>\n<p><strong>VINIFICAZIONE<\/strong>: IN BIANCO A TEMPERATURA CONTROLLATA PERMANENZA SUI LIEVITI 2 MESI AFFINAMENTO CEMENTO E ACCIAIO AFFINAMENTO IN BOTTIGLIA 30 GIORNI<\/p>\n<p><strong><span>ABBINAMENTI<\/span><\/strong><br \/>\nIdeale come aperitivo, eccellente su piatti di pesce, anche pi\u00f9 elaborati.<br \/>\nTemperatura di servizio consigliata \u00e8 12\u00b0C<\/p>\n<div class=\"toggle-block\">\n<p><span style=\"color: #dd9e1d;font-family: 'PT Sans';font-size: 25px;letter-spacing: 0em\">Product:<\/span><\/p>\n<\/div>\n<\/div>\n<\/div>\n<div>\n<div class=\"Hhmu2e wDYxhc NFQFxe viOShc LKPcQc\" lang=\"it-IT\" data-md=\"16\" data-hveid=\"CEwQAA\" data-ved=\"2ahUKEwjgyL-m1439AhXT7LsIHY4jCpsQhyh6BAhMEAA\">\n<div class=\"Ftghae iirjIb DaSCDf\">\n<div class=\"SPZz6b\">\n<p class=\"wp-block-heading has-text-align-center has-nv-text-dark-bg-color has-text-color has-link-color wp-elements-b29321986608ae30d85aca6bf76b2d39 wp-elements-beb3c6056e6ac4a4cd91f8eac3e5fe9f\"><span>Cenatiempo Vini d\u2019Ischia \u2013 Via Baldassarre Cossa, 84 <\/span><span>80077 Ischia (NA) \u2013 ITALIA<\/span><\/p>\n<\/div>\n<\/div>\n<\/div>\n<\/div>\n<\/div>","protected":false},"excerpt":{"rendered":"<div class=\"toggle-block\">\n<div class=\"toggle-block\">\n<div class=\"toggle-block\">\n<div class=\"toggle-block\">\n<div class=\"toggle-block\">\n<div class=\"toggle-block\">\n<div class=\"toggle-block\">\n<div class=\"toggle-block\">\n<div class=\"toggle-block\">\n<div class=\"toggle-block\">\n<div class=\"toggle-block\">\n<div class=\"toggle-block\">\n<div class=\"toggle-block\">\n<div class=\"toggle-block\">\n<div class=\"toggle-block\">\n<div class=\"toggle-block\">\n<div class=\"toggle-block\">\n<div class=\"toggle-block\">\n<div class=\"toggle-block\">\n<div class=\"toggle-block\">\n<div class=\"toggle-block\">\n<div class=\"toggle-block\">\n<div class=\"toggle-block\">\n<div class=\"toggle-block\">\n<div class=\"toggle-block\">\n<div class=\"toggle-block\">\n<div class=\"toggle-block\">\n<div class=\"toggle-block\">\n<div class=\"toggle-block\">\n<div class=\"toggle-block\">\n<div class=\"toggle-block\">\n<div class=\"toggle-block\">\n<div class=\"toggle-block\">\n<div class=\"toggle-block\">\n<div class=\"toggle-block\">\n<div class=\"toggle-block\">\n<div class=\"toggle-block\">\n<div class=\"toggle-block\">\n<div class=\"toggle-block\">\n<div class=\"toggle-block\">\n<section class=\"additional-attributes-wrapper table-wrapper geppa-prod-char-wrapper__attributes accordion-elem col-12 col-lg-6\" data-role=\"collapsible\">\n<div class=\"acc-content\">\n<div class=\"toggle-block\">\n<div>\n<h3>Biancollella Ischia DOC 2023 \u2013 Cenatiempo<\/h3>\n<p><span>Vino bianco secco da uve Biancolella in purezza, dal colore giallo paglierino con riflessi verdolini. Al naso emergono ginestra, camomilla, agrumi e leggere note saline; al palato \u00e8 fresco, sapido, minerale, elegante e persistente. Cenatiempo rappresenta un\u00a0<strong data-start=\"1920\" data-end=\"1944\">punto di riferimento<\/strong>\u00a0per chi cerca vini autentici che sappiano raccontare Ischia, con uno stile riconoscibile:\u00a0<strong data-start=\"2035\" data-end=\"2111\">pulito, salino, minerale e profondamente legato alla sua terra d\u2019origine<\/strong>.<\/span><\/p>\n<p>&nbsp;<\/p>\n<\/div>\n<div class=\"toggle-block\">\n<p>&nbsp;<\/p>\n<\/div>\n<\/div>\n<\/div>\n<\/section>\n<\/div>\n<\/div>\n<\/div>\n<\/div>\n<\/div>\n<\/div>\n<\/div>\n<\/div>\n<\/div>\n<\/div>\n<\/div>\n<\/div>\n<\/div>\n<\/div>\n<\/div>\n<\/div>\n<\/div>\n<\/div>\n<\/div>\n<\/div>\n<\/div>\n<\/div>\n<\/div>\n<\/div>\n<\/div>\n<\/div>\n<\/div>\n<\/div>\n<\/div>\n<\/div>\n<\/div>\n<\/div>\n<\/div>\n<\/div>\n<\/div>\n<\/div>\n<\/div>\n<\/div>\n<\/div>\n<\/div>","protected":false},"featured_media":7464,"comment_status":"open","ping_status":"closed","template":"","meta":[],"product_brand":[],"product_cat":[117],"product_tag":[],"class_list":["post-7481","product","type-product","status-publish","has-post-thumbnail","product_cat-bianco","pa_produttore-cenatiempo-vini-dischia-via-baldassarre-cossa-84-80077-ischia-na-italia","first","outofstock","shipping-taxable","purchasable","product-type-simple"],"yoast_head":"<!-- This site is optimized with the Yoast SEO plugin v27.6 - https:\/\/yoast.com\/product\/yoast-seo-wordpress\/ -->\n<title>Biancollella Ischia DOC 2023 - Cenatiempo | Il corpo e lo spirito<\/title>\n<meta name=\"robots\" content=\"index, follow, max-snippet:-1, max-image-preview:large, max-video-preview:-1\" \/>\n<link rel=\"canonical\" href=\"https:\/\/ilcorpoelospirito.archetipoagency.it\/en\/prodotto\/biancollella-ischia-doc-2023-cenatiempo\/\" \/>\n<meta property=\"og:locale\" content=\"en_US\" \/>\n<meta property=\"og:type\" content=\"article\" \/>\n<meta property=\"og:title\" content=\"Biancollella Ischia DOC 2023 - Cenatiempo | Il corpo e lo spirito\" \/>\n<meta property=\"og:description\" content=\"Biancollella Ischia DOC 2023 - Cenatiempo Vino bianco secco da uve Biancolella in purezza, dal colore giallo paglierino con riflessi verdolini. Al naso emergono ginestra, camomilla, agrumi e leggere note saline; al palato \u00e8 fresco, sapido, minerale, elegante e persistente. Cenatiempo rappresenta un\u00a0punto di riferimento\u00a0per chi cerca vini autentici che sappiano raccontare Ischia, con uno stile riconoscibile:\u00a0pulito, salino, minerale e profondamente legato alla sua terra d\u2019origine.  &nbsp;     &nbsp;\" \/>\n<meta property=\"og:url\" content=\"https:\/\/ilcorpoelospirito.archetipoagency.it\/en\/prodotto\/biancollella-ischia-doc-2023-cenatiempo\/\" \/>\n<meta property=\"og:site_name\" content=\"Il corpo e lo spirito\" \/>\n<meta property=\"article:modified_time\" content=\"2025-12-06T16:27:16+00:00\" \/>\n<meta property=\"og:image\" content=\"https:\/\/ilcorpoelospirito.archetipoagency.it\/wp-content\/uploads\/2025\/09\/20250925_183643.jpg\" \/>\n\t<meta property=\"og:image:width\" content=\"1147\" \/>\n\t<meta property=\"og:image:height\" content=\"1147\" \/>\n\t<meta property=\"og:image:type\" content=\"image\/jpeg\" \/>\n<meta name=\"twitter:card\" content=\"summary_large_image\" \/>\n<meta name=\"twitter:label1\" content=\"Est. reading time\" \/>\n\t<meta name=\"twitter:data1\" content=\"3 minutes\" \/>\n<script type=\"application\/ld+json\" class=\"yoast-schema-graph\">{\"@context\":\"https:\\\/\\\/schema.org\",\"@graph\":[{\"@type\":\"WebPage\",\"@id\":\"https:\\\/\\\/ilcorpoelospirito.archetipoagency.it\\\/en\\\/prodotto\\\/biancollella-ischia-doc-2023-cenatiempo\\\/\",\"url\":\"https:\\\/\\\/ilcorpoelospirito.archetipoagency.it\\\/en\\\/prodotto\\\/biancollella-ischia-doc-2023-cenatiempo\\\/\",\"name\":\"Biancollella Ischia DOC 2023 - Cenatiempo | Il corpo e lo spirito\",\"isPartOf\":{\"@id\":\"https:\\\/\\\/ilcorpoelospirito.archetipoagency.it\\\/#website\"},\"primaryImageOfPage\":{\"@id\":\"https:\\\/\\\/ilcorpoelospirito.archetipoagency.it\\\/en\\\/prodotto\\\/biancollella-ischia-doc-2023-cenatiempo\\\/#primaryimage\"},\"image\":{\"@id\":\"https:\\\/\\\/ilcorpoelospirito.archetipoagency.it\\\/en\\\/prodotto\\\/biancollella-ischia-doc-2023-cenatiempo\\\/#primaryimage\"},\"thumbnailUrl\":\"https:\\\/\\\/ilcorpoelospirito.archetipoagency.it\\\/wp-content\\\/uploads\\\/2025\\\/09\\\/20250925_183643.jpg\",\"datePublished\":\"2025-09-29T07:31:52+00:00\",\"dateModified\":\"2025-12-06T16:27:16+00:00\",\"breadcrumb\":{\"@id\":\"https:\\\/\\\/ilcorpoelospirito.archetipoagency.it\\\/en\\\/prodotto\\\/biancollella-ischia-doc-2023-cenatiempo\\\/#breadcrumb\"},\"inLanguage\":\"en-US\",\"potentialAction\":[{\"@type\":\"ReadAction\",\"target\":[\"https:\\\/\\\/ilcorpoelospirito.archetipoagency.it\\\/en\\\/prodotto\\\/biancollella-ischia-doc-2023-cenatiempo\\\/\"]}]},{\"@type\":\"ImageObject\",\"inLanguage\":\"en-US\",\"@id\":\"https:\\\/\\\/ilcorpoelospirito.archetipoagency.it\\\/en\\\/prodotto\\\/biancollella-ischia-doc-2023-cenatiempo\\\/#primaryimage\",\"url\":\"https:\\\/\\\/ilcorpoelospirito.archetipoagency.it\\\/wp-content\\\/uploads\\\/2025\\\/09\\\/20250925_183643.jpg\",\"contentUrl\":\"https:\\\/\\\/ilcorpoelospirito.archetipoagency.it\\\/wp-content\\\/uploads\\\/2025\\\/09\\\/20250925_183643.jpg\",\"width\":1147,\"height\":1147},{\"@type\":\"BreadcrumbList\",\"@id\":\"https:\\\/\\\/ilcorpoelospirito.archetipoagency.it\\\/en\\\/prodotto\\\/biancollella-ischia-doc-2023-cenatiempo\\\/#breadcrumb\",\"itemListElement\":[{\"@type\":\"ListItem\",\"position\":1,\"name\":\"Home\",\"item\":\"https:\\\/\\\/ilcorpoelospirito.archetipoagency.it\\\/\"},{\"@type\":\"ListItem\",\"position\":2,\"name\":\"Shop\",\"item\":\"https:\\\/\\\/ilcorpoelospirito.archetipoagency.it\\\/shop\\\/\"},{\"@type\":\"ListItem\",\"position\":3,\"name\":\"Biancollella Ischia DOC 2023 – Cenatiempo\"}]},{\"@type\":\"WebSite\",\"@id\":\"https:\\\/\\\/ilcorpoelospirito.archetipoagency.it\\\/#website\",\"url\":\"https:\\\/\\\/ilcorpoelospirito.archetipoagency.it\\\/\",\"name\":\"Il Corpo e lo Spirito\",\"description\":\"\",\"publisher\":{\"@id\":\"https:\\\/\\\/ilcorpoelospirito.archetipoagency.it\\\/#organization\"},\"alternateName\":\"Prelibatezze Monastiche e regionali\",\"potentialAction\":[{\"@type\":\"SearchAction\",\"target\":{\"@type\":\"EntryPoint\",\"urlTemplate\":\"https:\\\/\\\/ilcorpoelospirito.archetipoagency.it\\\/?s={search_term_string}\"},\"query-input\":{\"@type\":\"PropertyValueSpecification\",\"valueRequired\":true,\"valueName\":\"search_term_string\"}}],\"inLanguage\":\"en-US\"},{\"@type\":\"Organization\",\"@id\":\"https:\\\/\\\/ilcorpoelospirito.archetipoagency.it\\\/#organization\",\"name\":\"Il Corpo e lo Spirito\",\"alternateName\":\"Prelibatezze Monastiche e regionali\",\"url\":\"https:\\\/\\\/ilcorpoelospirito.archetipoagency.it\\\/\",\"logo\":{\"@type\":\"ImageObject\",\"inLanguage\":\"en-US\",\"@id\":\"https:\\\/\\\/ilcorpoelospirito.archetipoagency.it\\\/#\\\/schema\\\/logo\\\/image\\\/\",\"url\":\"https:\\\/\\\/ilcorpoelospirito.archetipoagency.it\\\/wp-content\\\/uploads\\\/2022\\\/10\\\/logo-marrone.png\",\"contentUrl\":\"https:\\\/\\\/ilcorpoelospirito.archetipoagency.it\\\/wp-content\\\/uploads\\\/2022\\\/10\\\/logo-marrone.png\",\"width\":2192,\"height\":568,\"caption\":\"Il Corpo e lo Spirito\"},\"image\":{\"@id\":\"https:\\\/\\\/ilcorpoelospirito.archetipoagency.it\\\/#\\\/schema\\\/logo\\\/image\\\/\"}}]}<\/script>\n<!-- \/ Yoast SEO plugin. -->","yoast_head_json":{"title":"Biancollella Ischia DOC 2023 - Cenatiempo | Il corpo e lo spirito","robots":{"index":"index","follow":"follow","max-snippet":"max-snippet:-1","max-image-preview":"max-image-preview:large","max-video-preview":"max-video-preview:-1"},"canonical":"https:\/\/ilcorpoelospirito.archetipoagency.it\/en\/prodotto\/biancollella-ischia-doc-2023-cenatiempo\/","og_locale":"en_US","og_type":"article","og_title":"Biancollella Ischia DOC 2023 - Cenatiempo | Il corpo e lo spirito","og_description":"Biancollella Ischia DOC 2023 - Cenatiempo Vino bianco secco da uve Biancolella in purezza, dal colore giallo paglierino con riflessi verdolini. Al naso emergono ginestra, camomilla, agrumi e leggere note saline; al palato \u00e8 fresco, sapido, minerale, elegante e persistente. Cenatiempo rappresenta un\u00a0punto di riferimento\u00a0per chi cerca vini autentici che sappiano raccontare Ischia, con uno stile riconoscibile:\u00a0pulito, salino, minerale e profondamente legato alla sua terra d\u2019origine.  &nbsp;     &nbsp;","og_url":"https:\/\/ilcorpoelospirito.archetipoagency.it\/en\/prodotto\/biancollella-ischia-doc-2023-cenatiempo\/","og_site_name":"Il corpo e lo spirito","article_modified_time":"2025-12-06T16:27:16+00:00","og_image":[{"width":1147,"height":1147,"url":"https:\/\/ilcorpoelospirito.archetipoagency.it\/wp-content\/uploads\/2025\/09\/20250925_183643.jpg","type":"image\/jpeg"}],"twitter_card":"summary_large_image","twitter_misc":{"Est. reading time":"3 minutes"},"schema":{"@context":"https:\/\/schema.org","@graph":[{"@type":"WebPage","@id":"https:\/\/ilcorpoelospirito.archetipoagency.it\/en\/prodotto\/biancollella-ischia-doc-2023-cenatiempo\/","url":"https:\/\/ilcorpoelospirito.archetipoagency.it\/en\/prodotto\/biancollella-ischia-doc-2023-cenatiempo\/","name":"Biancollella Ischia DOC 2023 - Cenatiempo | Il corpo e lo spirito","isPartOf":{"@id":"https:\/\/ilcorpoelospirito.archetipoagency.it\/#website"},"primaryImageOfPage":{"@id":"https:\/\/ilcorpoelospirito.archetipoagency.it\/en\/prodotto\/biancollella-ischia-doc-2023-cenatiempo\/#primaryimage"},"image":{"@id":"https:\/\/ilcorpoelospirito.archetipoagency.it\/en\/prodotto\/biancollella-ischia-doc-2023-cenatiempo\/#primaryimage"},"thumbnailUrl":"https:\/\/ilcorpoelospirito.archetipoagency.it\/wp-content\/uploads\/2025\/09\/20250925_183643.jpg","datePublished":"2025-09-29T07:31:52+00:00","dateModified":"2025-12-06T16:27:16+00:00","breadcrumb":{"@id":"https:\/\/ilcorpoelospirito.archetipoagency.it\/en\/prodotto\/biancollella-ischia-doc-2023-cenatiempo\/#breadcrumb"},"inLanguage":"en-US","potentialAction":[{"@type":"ReadAction","target":["https:\/\/ilcorpoelospirito.archetipoagency.it\/en\/prodotto\/biancollella-ischia-doc-2023-cenatiempo\/"]}]},{"@type":"ImageObject","inLanguage":"en-US","@id":"https:\/\/ilcorpoelospirito.archetipoagency.it\/en\/prodotto\/biancollella-ischia-doc-2023-cenatiempo\/#primaryimage","url":"https:\/\/ilcorpoelospirito.archetipoagency.it\/wp-content\/uploads\/2025\/09\/20250925_183643.jpg","contentUrl":"https:\/\/ilcorpoelospirito.archetipoagency.it\/wp-content\/uploads\/2025\/09\/20250925_183643.jpg","width":1147,"height":1147},{"@type":"BreadcrumbList","@id":"https:\/\/ilcorpoelospirito.archetipoagency.it\/en\/prodotto\/biancollella-ischia-doc-2023-cenatiempo\/#breadcrumb","itemListElement":[{"@type":"ListItem","position":1,"name":"Home","item":"https:\/\/ilcorpoelospirito.archetipoagency.it\/"},{"@type":"ListItem","position":2,"name":"Shop","item":"https:\/\/ilcorpoelospirito.archetipoagency.it\/shop\/"},{"@type":"ListItem","position":3,"name":"Biancollella Ischia DOC 2023 – Cenatiempo"}]},{"@type":"WebSite","@id":"https:\/\/ilcorpoelospirito.archetipoagency.it\/#website","url":"https:\/\/ilcorpoelospirito.archetipoagency.it\/","name":"Il corpo e lo spirito","description":"","publisher":{"@id":"https:\/\/ilcorpoelospirito.archetipoagency.it\/#organization"},"alternateName":"Prelibatezze Monastiche e regionali","potentialAction":[{"@type":"SearchAction","target":{"@type":"EntryPoint","urlTemplate":"https:\/\/ilcorpoelospirito.archetipoagency.it\/?s={search_term_string}"},"query-input":{"@type":"PropertyValueSpecification","valueRequired":true,"valueName":"search_term_string"}}],"inLanguage":"en-US"},{"@type":"Organization","@id":"https:\/\/ilcorpoelospirito.archetipoagency.it\/#organization","name":"Il corpo e lo spirito","alternateName":"Prelibatezze Monastiche e regionali","url":"https:\/\/ilcorpoelospirito.archetipoagency.it\/","logo":{"@type":"ImageObject","inLanguage":"en-US","@id":"https:\/\/ilcorpoelospirito.archetipoagency.it\/#\/schema\/logo\/image\/","url":"https:\/\/ilcorpoelospirito.archetipoagency.it\/wp-content\/uploads\/2022\/10\/logo-marrone.png","contentUrl":"https:\/\/ilcorpoelospirito.archetipoagency.it\/wp-content\/uploads\/2022\/10\/logo-marrone.png","width":2192,"height":568,"caption":"Il Corpo e lo Spirito"},"image":{"@id":"https:\/\/ilcorpoelospirito.archetipoagency.it\/#\/schema\/logo\/image\/"}}]}},"_links":{"self":[{"href":"https:\/\/ilcorpoelospirito.archetipoagency.it\/en\/wp-json\/wp\/v2\/product\/7481","targetHints":{"allow":["GET"]}}],"collection":[{"href":"https:\/\/ilcorpoelospirito.archetipoagency.it\/en\/wp-json\/wp\/v2\/product"}],"about":[{"href":"https:\/\/ilcorpoelospirito.archetipoagency.it\/en\/wp-json\/wp\/v2\/types\/product"}],"replies":[{"embeddable":true,"href":"https:\/\/ilcorpoelospirito.archetipoagency.it\/en\/wp-json\/wp\/v2\/comments?post=7481"}],"wp:featuredmedia":[{"embeddable":true,"href":"https:\/\/ilcorpoelospirito.archetipoagency.it\/en\/wp-json\/wp\/v2\/media\/7464"}],"wp:attachment":[{"href":"https:\/\/ilcorpoelospirito.archetipoagency.it\/en\/wp-json\/wp\/v2\/media?parent=7481"}],"wp:term":[{"taxonomy":"product_brand","embeddable":true,"href":"https:\/\/ilcorpoelospirito.archetipoagency.it\/en\/wp-json\/wp\/v2\/product_brand?post=7481"},{"taxonomy":"product_cat","embeddable":true,"href":"https:\/\/ilcorpoelospirito.archetipoagency.it\/en\/wp-json\/wp\/v2\/product_cat?post=7481"},{"taxonomy":"product_tag","embeddable":true,"href":"https:\/\/ilcorpoelospirito.archetipoagency.it\/en\/wp-json\/wp\/v2\/product_tag?post=7481"}],"curies":[{"name":"wp","href":"https:\/\/api.w.org\/{rel}","templated":true}]}}