{"id":7482,"date":"2025-09-29T09:47:44","date_gmt":"2025-09-29T07:47:44","guid":{"rendered":"https:\/\/ilcorpoelospirito.archetipoagency.it\/?post_type=product&#038;p=7482"},"modified":"2026-01-04T09:49:55","modified_gmt":"2026-01-04T08:49:55","slug":"salina-bianco-francangelo-igp-2023-bio-punta-aria-az-agr-pollastri","status":"publish","type":"product","link":"https:\/\/ilcorpoelospirito.archetipoagency.it\/en\/product\/salina-bianco-francangelo-igp-2023-bio-punta-aria-az-agr-pollastri\/","title":{"rendered":"Salina Bianco \u201cFrancangelo\u201d IGP 2023 BIO \u2013 Punta Aria Az. Agr. Pollastri"},"content":{"rendered":"<div class=\"short-description\">\n<div>\n<div class=\"toggle-block\">\n<div class=\"elementor-element elementor-element-472f4e8 elementor-widget elementor-widget-text-editor\" data-id=\"472f4e8\" data-element_type=\"widget\" data-widget_type=\"text-editor.default\">\n<div class=\"elementor-column elementor-col-33 elementor-top-column elementor-element elementor-element-1d2be84\" data-id=\"1d2be84\" data-element_type=\"column\">\n<div class=\"elementor-widget-wrap elementor-element-populated\">\n<div class=\"elementor-element elementor-element-35f74cf elementor-widget elementor-widget-text-editor\" data-id=\"35f74cf\" data-element_type=\"widget\" data-widget_type=\"text-editor.default\">\n<p data-start=\"233\" data-end=\"580\"><span>Vulcano, \u00e8 la pi\u00f9 meridionale delle Isole Eolie. La sua frequente attivit\u00e0, gi\u00e0 nell\u2019epoca classica, ha ispirato il mito greco del Dio del Fuoco, Efesto, con la sua forgia all\u2019interno del cono attivo. Il progetto di Punta Aria nasce dal genio visionario di Francangelo Pollastri quando nei primi anni del 2000, dove c\u2019erano solo sterpaglie, alcuni ruderi e una spiaggia dimenticata, rivide la magia di un posto che fin dal tempo dei romani era unico per bellezza e per la qualit\u00e0 delle sue uve. Un fazzoletto di terra, baciato dal sole, circondato per tre quarti dal mare e sul quale cresce un vitigno che immerge le radici in una terra nera, generata dal fuoco e dalle ceneri vulcaniche. A Francangelo Pollastri si unisce il figlio Mauro che, dal 2014, guida con grande energia questa piccola azienda che si estende su un\u2019area di cinque ettari.\u00a0<\/span><\/p>\n<\/div>\n<\/div>\n<\/div>\n<\/div>\n<h3>Salina Bianco \u201cFrancangelo\u201d IGP 2023 BIO \u2013 Punta Aria Az. Agr. Pollastri<\/h3>\n<p>Colore giallo paglierino con riflessi verdi. Il profumo rivela note di frutta tropicale a polpa gialla, agrumi e sentori tipici di macchia mediterranea. Il gusto \u00e8 sapido, fresco con una inusuale persistenza. Vino bianco, fresco dai profumi complessi che ricordano la frutta tropicale matura, gli agrumi e la macchia mediterranea. <strong>Un vero e proprio \u201cvino di mare\u201d!<\/strong><\/p>\n<ul class=\"elementor-icon-list-items\">\n<li class=\"elementor-icon-list-item\"><span class=\"elementor-icon-list-text\">Produttore: Azienda Agricola Punta Aria<\/span><\/li>\n<li class=\"elementor-icon-list-item\"><span class=\"elementor-icon-list-icon\"><i class=\"fas fa-map\" aria-hidden=\"true\"><\/i><\/span><span class=\"elementor-icon-list-text\">Zona di provenienza: Sicilia, provincia di Messina, Vigne situate sull\u2019Isola di Vulcano, a livello del mare<\/span><\/li>\n<li>Terreno vulcanico tra i 20 e i 150 s.l.m.<\/li>\n<li class=\"elementor-icon-list-item\"><span class=\"elementor-icon-list-icon\"><i class=\"far fa-calendar-alt\" aria-hidden=\"true\"><\/i><\/span><span class=\"elementor-icon-list-text\">Annata: 2023<\/span><\/li>\n<li class=\"elementor-icon-list-item\"><span class=\"elementor-icon-list-icon\"><i class=\"fab fa-canadian-maple-leaf\" aria-hidden=\"true\"><\/i><\/span><span class=\"elementor-icon-list-text\">Vitigni: Malvasia di Lipari 100%<\/span><\/li>\n<li class=\"elementor-icon-list-item\"><span class=\"elementor-icon-list-icon\"><i class=\"fas fa-percent\" aria-hidden=\"true\"><\/i><\/span><span class=\"elementor-icon-list-text\">Vol: 13\u00b0<\/span><\/li>\n<li>Vinificazione separata tra mosto fiore e seconde. In acciaio a temperatura controllata.<\/li>\n<li class=\"elementor-icon-list-item\"><span class=\"elementor-icon-list-icon\"><i class=\"fas fa-wine-bottle\" aria-hidden=\"true\"><\/i><\/span><span class=\"elementor-icon-list-text\">Presa di spuma e\/o affinamento: sui lieviti in serbatoi di acciaio inox per circa 8 mesi<\/span><\/li>\n<li class=\"elementor-icon-list-item\"><span class=\"elementor-icon-list-icon\"><i class=\"fas fa-temperature-low\" aria-hidden=\"true\"><\/i><\/span><span class=\"elementor-icon-list-text\">Temperatura di servizio: 8 \u2013 10 \u00b0C<\/span><\/li>\n<li>\n<div class=\"product-details__list__row\">\n<p>Allevamento a spalliera con potatura guyot.<\/p>\n<p><strong>ABBINAMENTI<\/strong><\/p>\n<\/div>\n<\/li>\n<\/ul>\n<p><span class=\"T286Pc\" data-processed=\"true\">Aperitivi, <\/span><span class=\"T286Pc\" data-processed=\"true\">Piatti a base di pesce, <\/span><span class=\"T286Pc\" data-processed=\"true\">Fritti, <\/span><span class=\"T286Pc\" data-processed=\"true\">Carni bianche,\u00a0<\/span><\/p>\n<div class=\"toggle-block\">\n<p><span style=\"color: #dd9e1d;font-family: 'PT Sans';font-size: 25px;letter-spacing: 0em\">Product:<\/span><\/p>\n<\/div>\n<\/div>\n<\/div>\n<div>\n<div class=\"Hhmu2e wDYxhc NFQFxe viOShc LKPcQc\" lang=\"it-IT\" data-md=\"16\" data-hveid=\"CEwQAA\" data-ved=\"2ahUKEwjgyL-m1439AhXT7LsIHY4jCpsQhyh6BAhMEAA\">\n<div class=\"Ftghae iirjIb DaSCDf\">\n<div class=\"SPZz6b\">\n<p class=\"wp-block-heading has-text-align-center has-nv-text-dark-bg-color has-text-color has-link-color wp-elements-b29321986608ae30d85aca6bf76b2d39 wp-elements-beb3c6056e6ac4a4cd91f8eac3e5fe9f\"><span>Punta Aria Az. Agricola Pollastri Mauro Samuele Cambiago \u2013 Cantine di Lipari (ME) Is. di Vulcano \u2013 ITALIA<\/span><\/p>\n<\/div>\n<\/div>\n<\/div>\n<\/div>\n<\/div>","protected":false},"excerpt":{"rendered":"<div class=\"toggle-block\">\n<div class=\"toggle-block\">\n<div class=\"toggle-block\">\n<div class=\"toggle-block\">\n<div class=\"toggle-block\">\n<div class=\"toggle-block\">\n<div class=\"toggle-block\">\n<div class=\"toggle-block\">\n<div class=\"toggle-block\">\n<div class=\"toggle-block\">\n<div class=\"toggle-block\">\n<div class=\"toggle-block\">\n<div class=\"toggle-block\">\n<div class=\"toggle-block\">\n<div class=\"toggle-block\">\n<div class=\"toggle-block\">\n<div class=\"toggle-block\">\n<div class=\"toggle-block\">\n<div class=\"toggle-block\">\n<div class=\"toggle-block\">\n<div class=\"toggle-block\">\n<div class=\"toggle-block\">\n<div class=\"toggle-block\">\n<div class=\"toggle-block\">\n<div class=\"toggle-block\">\n<div class=\"toggle-block\">\n<div class=\"toggle-block\">\n<div class=\"toggle-block\">\n<div class=\"toggle-block\">\n<div class=\"toggle-block\">\n<div class=\"toggle-block\">\n<div class=\"toggle-block\">\n<div class=\"toggle-block\">\n<div class=\"toggle-block\">\n<div class=\"toggle-block\">\n<div class=\"toggle-block\">\n<div class=\"toggle-block\">\n<div class=\"toggle-block\">\n<div class=\"toggle-block\">\n<div class=\"toggle-block\">\n<section class=\"additional-attributes-wrapper table-wrapper geppa-prod-char-wrapper__attributes accordion-elem col-12 col-lg-6\" data-role=\"collapsible\">\n<div class=\"acc-content\">\n<div class=\"toggle-block\">\n<div>\n<h3>Salina Bianco \u201cFrancangelo\u201d IGP 2023 BIO \u2013 Punta Aria Az. Agr. Pollastri<\/h3>\n<p>Colore giallo paglierino con riflessi verdi. Il profumo rivela note di frutta tropicale a polpa gialla, agrumi e sentori tipici di macchia mediterranea. Il gusto \u00e8 sapido, fresco con una inusuale persistenza. Vino bianco, fresco dai profumi complessi che ricordano la frutta tropicale matura, gli agrumi e la macchia mediterranea. <strong>Un vero e proprio \u201cvino di mare\u201d!<\/strong><\/p>\n<p><strong><span>ABBINAMENTI<\/span><\/strong><\/p>\n<p><span class=\"T286Pc\" data-processed=\"true\">Aperitivi, <\/span><span class=\"T286Pc\" data-processed=\"true\">Piatti a base di pesce, <\/span><span class=\"T286Pc\" data-processed=\"true\">Fritti, <\/span><span class=\"T286Pc\" data-processed=\"true\">Carni bianche,\u00a0<\/span><\/p>\n<p>&nbsp;<\/p>\n<\/div>\n<div class=\"toggle-block\">\n<p>&nbsp;<\/p>\n<\/div>\n<\/div>\n<\/div>\n<\/section>\n<\/div>\n<\/div>\n<\/div>\n<\/div>\n<\/div>\n<\/div>\n<\/div>\n<\/div>\n<\/div>\n<\/div>\n<\/div>\n<\/div>\n<\/div>\n<\/div>\n<\/div>\n<\/div>\n<\/div>\n<\/div>\n<\/div>\n<\/div>\n<\/div>\n<\/div>\n<\/div>\n<\/div>\n<\/div>\n<\/div>\n<\/div>\n<\/div>\n<\/div>\n<\/div>\n<\/div>\n<\/div>\n<\/div>\n<\/div>\n<\/div>\n<\/div>\n<\/div>\n<\/div>\n<\/div>\n<\/div>","protected":false},"featured_media":7462,"comment_status":"open","ping_status":"closed","template":"","meta":[],"product_brand":[],"product_cat":[117],"product_tag":[],"class_list":["post-7482","product","type-product","status-publish","has-post-thumbnail","product_cat-bianco","pa_produttore-punta-aria-az-agricola-pollastri-mauro-samuele-cambiago-cantine-di-lipari-me-is-di-vulcano-italia","first","outofstock","shipping-taxable","purchasable","product-type-simple"],"yoast_head":"<!-- This site is optimized with the Yoast SEO plugin v27.6 - https:\/\/yoast.com\/product\/yoast-seo-wordpress\/ -->\n<title>Salina Bianco \u201cFrancangelo\u201d IGP 2023 BIO - Punta Aria Az. Agr. Pollastri | Il corpo e lo spirito<\/title>\n<meta name=\"robots\" content=\"index, follow, max-snippet:-1, max-image-preview:large, max-video-preview:-1\" \/>\n<link rel=\"canonical\" href=\"https:\/\/ilcorpoelospirito.archetipoagency.it\/en\/prodotto\/salina-bianco-francangelo-igp-2023-bio-punta-aria-az-agr-pollastri\/\" \/>\n<meta property=\"og:locale\" content=\"en_US\" \/>\n<meta property=\"og:type\" content=\"article\" \/>\n<meta property=\"og:title\" content=\"Salina Bianco \u201cFrancangelo\u201d IGP 2023 BIO - Punta Aria Az. Agr. Pollastri | Il corpo e lo spirito\" \/>\n<meta property=\"og:description\" content=\"Salina Bianco \u201cFrancangelo\u201d IGP 2023 BIO - Punta Aria Az. Agr. Pollastri Colore giallo paglierino con riflessi verdi. Il profumo rivela note di frutta tropicale a polpa gialla, agrumi e sentori tipici di macchia mediterranea. Il gusto \u00e8 sapido, fresco con una inusuale persistenza. Vino bianco, fresco dai profumi complessi che ricordano la frutta tropicale matura, gli agrumi e la macchia mediterranea. Un vero e proprio &quot;vino di mare&quot;!  ABBINAMENTI  Aperitivi, Piatti a base di pesce, Fritti, Carni bianche,\u00a0  &nbsp;     &nbsp;\" \/>\n<meta property=\"og:url\" content=\"https:\/\/ilcorpoelospirito.archetipoagency.it\/en\/prodotto\/salina-bianco-francangelo-igp-2023-bio-punta-aria-az-agr-pollastri\/\" \/>\n<meta property=\"og:site_name\" content=\"Il corpo e lo spirito\" \/>\n<meta property=\"article:modified_time\" content=\"2026-01-04T08:49:55+00:00\" \/>\n<meta property=\"og:image\" content=\"https:\/\/ilcorpoelospirito.archetipoagency.it\/wp-content\/uploads\/2025\/09\/20250925_183431.jpg\" \/>\n\t<meta property=\"og:image:width\" content=\"1197\" \/>\n\t<meta property=\"og:image:height\" content=\"1197\" \/>\n\t<meta property=\"og:image:type\" content=\"image\/jpeg\" \/>\n<meta name=\"twitter:card\" content=\"summary_large_image\" \/>\n<meta name=\"twitter:label1\" content=\"Est. reading time\" \/>\n\t<meta name=\"twitter:data1\" content=\"2 minutes\" \/>\n<script type=\"application\/ld+json\" class=\"yoast-schema-graph\">{\"@context\":\"https:\\\/\\\/schema.org\",\"@graph\":[{\"@type\":\"WebPage\",\"@id\":\"https:\\\/\\\/ilcorpoelospirito.archetipoagency.it\\\/en\\\/prodotto\\\/salina-bianco-francangelo-igp-2023-bio-punta-aria-az-agr-pollastri\\\/\",\"url\":\"https:\\\/\\\/ilcorpoelospirito.archetipoagency.it\\\/en\\\/prodotto\\\/salina-bianco-francangelo-igp-2023-bio-punta-aria-az-agr-pollastri\\\/\",\"name\":\"Salina Bianco \u201cFrancangelo\u201d IGP 2023 BIO - Punta Aria Az. Agr. Pollastri | Il corpo e lo spirito\",\"isPartOf\":{\"@id\":\"https:\\\/\\\/ilcorpoelospirito.archetipoagency.it\\\/#website\"},\"primaryImageOfPage\":{\"@id\":\"https:\\\/\\\/ilcorpoelospirito.archetipoagency.it\\\/en\\\/prodotto\\\/salina-bianco-francangelo-igp-2023-bio-punta-aria-az-agr-pollastri\\\/#primaryimage\"},\"image\":{\"@id\":\"https:\\\/\\\/ilcorpoelospirito.archetipoagency.it\\\/en\\\/prodotto\\\/salina-bianco-francangelo-igp-2023-bio-punta-aria-az-agr-pollastri\\\/#primaryimage\"},\"thumbnailUrl\":\"https:\\\/\\\/ilcorpoelospirito.archetipoagency.it\\\/wp-content\\\/uploads\\\/2025\\\/09\\\/20250925_183431.jpg\",\"datePublished\":\"2025-09-29T07:47:44+00:00\",\"dateModified\":\"2026-01-04T08:49:55+00:00\",\"breadcrumb\":{\"@id\":\"https:\\\/\\\/ilcorpoelospirito.archetipoagency.it\\\/en\\\/prodotto\\\/salina-bianco-francangelo-igp-2023-bio-punta-aria-az-agr-pollastri\\\/#breadcrumb\"},\"inLanguage\":\"en-US\",\"potentialAction\":[{\"@type\":\"ReadAction\",\"target\":[\"https:\\\/\\\/ilcorpoelospirito.archetipoagency.it\\\/en\\\/prodotto\\\/salina-bianco-francangelo-igp-2023-bio-punta-aria-az-agr-pollastri\\\/\"]}]},{\"@type\":\"ImageObject\",\"inLanguage\":\"en-US\",\"@id\":\"https:\\\/\\\/ilcorpoelospirito.archetipoagency.it\\\/en\\\/prodotto\\\/salina-bianco-francangelo-igp-2023-bio-punta-aria-az-agr-pollastri\\\/#primaryimage\",\"url\":\"https:\\\/\\\/ilcorpoelospirito.archetipoagency.it\\\/wp-content\\\/uploads\\\/2025\\\/09\\\/20250925_183431.jpg\",\"contentUrl\":\"https:\\\/\\\/ilcorpoelospirito.archetipoagency.it\\\/wp-content\\\/uploads\\\/2025\\\/09\\\/20250925_183431.jpg\",\"width\":1197,\"height\":1197},{\"@type\":\"BreadcrumbList\",\"@id\":\"https:\\\/\\\/ilcorpoelospirito.archetipoagency.it\\\/en\\\/prodotto\\\/salina-bianco-francangelo-igp-2023-bio-punta-aria-az-agr-pollastri\\\/#breadcrumb\",\"itemListElement\":[{\"@type\":\"ListItem\",\"position\":1,\"name\":\"Home\",\"item\":\"https:\\\/\\\/ilcorpoelospirito.archetipoagency.it\\\/\"},{\"@type\":\"ListItem\",\"position\":2,\"name\":\"Shop\",\"item\":\"https:\\\/\\\/ilcorpoelospirito.archetipoagency.it\\\/shop\\\/\"},{\"@type\":\"ListItem\",\"position\":3,\"name\":\"Salina Bianco \u201cFrancangelo\u201d IGP 2023 BIO – Punta Aria Az. Agr. Pollastri\"}]},{\"@type\":\"WebSite\",\"@id\":\"https:\\\/\\\/ilcorpoelospirito.archetipoagency.it\\\/#website\",\"url\":\"https:\\\/\\\/ilcorpoelospirito.archetipoagency.it\\\/\",\"name\":\"Il Corpo e lo Spirito\",\"description\":\"\",\"publisher\":{\"@id\":\"https:\\\/\\\/ilcorpoelospirito.archetipoagency.it\\\/#organization\"},\"alternateName\":\"Prelibatezze Monastiche e regionali\",\"potentialAction\":[{\"@type\":\"SearchAction\",\"target\":{\"@type\":\"EntryPoint\",\"urlTemplate\":\"https:\\\/\\\/ilcorpoelospirito.archetipoagency.it\\\/?s={search_term_string}\"},\"query-input\":{\"@type\":\"PropertyValueSpecification\",\"valueRequired\":true,\"valueName\":\"search_term_string\"}}],\"inLanguage\":\"en-US\"},{\"@type\":\"Organization\",\"@id\":\"https:\\\/\\\/ilcorpoelospirito.archetipoagency.it\\\/#organization\",\"name\":\"Il Corpo e lo Spirito\",\"alternateName\":\"Prelibatezze Monastiche e regionali\",\"url\":\"https:\\\/\\\/ilcorpoelospirito.archetipoagency.it\\\/\",\"logo\":{\"@type\":\"ImageObject\",\"inLanguage\":\"en-US\",\"@id\":\"https:\\\/\\\/ilcorpoelospirito.archetipoagency.it\\\/#\\\/schema\\\/logo\\\/image\\\/\",\"url\":\"https:\\\/\\\/ilcorpoelospirito.archetipoagency.it\\\/wp-content\\\/uploads\\\/2022\\\/10\\\/logo-marrone.png\",\"contentUrl\":\"https:\\\/\\\/ilcorpoelospirito.archetipoagency.it\\\/wp-content\\\/uploads\\\/2022\\\/10\\\/logo-marrone.png\",\"width\":2192,\"height\":568,\"caption\":\"Il Corpo e lo Spirito\"},\"image\":{\"@id\":\"https:\\\/\\\/ilcorpoelospirito.archetipoagency.it\\\/#\\\/schema\\\/logo\\\/image\\\/\"}}]}<\/script>\n<!-- \/ Yoast SEO plugin. -->","yoast_head_json":{"title":"Salina Bianco \u201cFrancangelo\u201d IGP 2023 BIO - Punta Aria Az. Agr. Pollastri | Il corpo e lo spirito","robots":{"index":"index","follow":"follow","max-snippet":"max-snippet:-1","max-image-preview":"max-image-preview:large","max-video-preview":"max-video-preview:-1"},"canonical":"https:\/\/ilcorpoelospirito.archetipoagency.it\/en\/prodotto\/salina-bianco-francangelo-igp-2023-bio-punta-aria-az-agr-pollastri\/","og_locale":"en_US","og_type":"article","og_title":"Salina Bianco \u201cFrancangelo\u201d IGP 2023 BIO - Punta Aria Az. Agr. Pollastri | Il corpo e lo spirito","og_description":"Salina Bianco \u201cFrancangelo\u201d IGP 2023 BIO - Punta Aria Az. Agr. Pollastri Colore giallo paglierino con riflessi verdi. Il profumo rivela note di frutta tropicale a polpa gialla, agrumi e sentori tipici di macchia mediterranea. Il gusto \u00e8 sapido, fresco con una inusuale persistenza. Vino bianco, fresco dai profumi complessi che ricordano la frutta tropicale matura, gli agrumi e la macchia mediterranea. Un vero e proprio \"vino di mare\"!  ABBINAMENTI  Aperitivi, Piatti a base di pesce, Fritti, Carni bianche,\u00a0  &nbsp;     &nbsp;","og_url":"https:\/\/ilcorpoelospirito.archetipoagency.it\/en\/prodotto\/salina-bianco-francangelo-igp-2023-bio-punta-aria-az-agr-pollastri\/","og_site_name":"Il corpo e lo spirito","article_modified_time":"2026-01-04T08:49:55+00:00","og_image":[{"width":1197,"height":1197,"url":"https:\/\/ilcorpoelospirito.archetipoagency.it\/wp-content\/uploads\/2025\/09\/20250925_183431.jpg","type":"image\/jpeg"}],"twitter_card":"summary_large_image","twitter_misc":{"Est. reading time":"2 minutes"},"schema":{"@context":"https:\/\/schema.org","@graph":[{"@type":"WebPage","@id":"https:\/\/ilcorpoelospirito.archetipoagency.it\/en\/prodotto\/salina-bianco-francangelo-igp-2023-bio-punta-aria-az-agr-pollastri\/","url":"https:\/\/ilcorpoelospirito.archetipoagency.it\/en\/prodotto\/salina-bianco-francangelo-igp-2023-bio-punta-aria-az-agr-pollastri\/","name":"Salina Bianco \u201cFrancangelo\u201d IGP 2023 BIO - Punta Aria Az. Agr. Pollastri | Il corpo e lo spirito","isPartOf":{"@id":"https:\/\/ilcorpoelospirito.archetipoagency.it\/#website"},"primaryImageOfPage":{"@id":"https:\/\/ilcorpoelospirito.archetipoagency.it\/en\/prodotto\/salina-bianco-francangelo-igp-2023-bio-punta-aria-az-agr-pollastri\/#primaryimage"},"image":{"@id":"https:\/\/ilcorpoelospirito.archetipoagency.it\/en\/prodotto\/salina-bianco-francangelo-igp-2023-bio-punta-aria-az-agr-pollastri\/#primaryimage"},"thumbnailUrl":"https:\/\/ilcorpoelospirito.archetipoagency.it\/wp-content\/uploads\/2025\/09\/20250925_183431.jpg","datePublished":"2025-09-29T07:47:44+00:00","dateModified":"2026-01-04T08:49:55+00:00","breadcrumb":{"@id":"https:\/\/ilcorpoelospirito.archetipoagency.it\/en\/prodotto\/salina-bianco-francangelo-igp-2023-bio-punta-aria-az-agr-pollastri\/#breadcrumb"},"inLanguage":"en-US","potentialAction":[{"@type":"ReadAction","target":["https:\/\/ilcorpoelospirito.archetipoagency.it\/en\/prodotto\/salina-bianco-francangelo-igp-2023-bio-punta-aria-az-agr-pollastri\/"]}]},{"@type":"ImageObject","inLanguage":"en-US","@id":"https:\/\/ilcorpoelospirito.archetipoagency.it\/en\/prodotto\/salina-bianco-francangelo-igp-2023-bio-punta-aria-az-agr-pollastri\/#primaryimage","url":"https:\/\/ilcorpoelospirito.archetipoagency.it\/wp-content\/uploads\/2025\/09\/20250925_183431.jpg","contentUrl":"https:\/\/ilcorpoelospirito.archetipoagency.it\/wp-content\/uploads\/2025\/09\/20250925_183431.jpg","width":1197,"height":1197},{"@type":"BreadcrumbList","@id":"https:\/\/ilcorpoelospirito.archetipoagency.it\/en\/prodotto\/salina-bianco-francangelo-igp-2023-bio-punta-aria-az-agr-pollastri\/#breadcrumb","itemListElement":[{"@type":"ListItem","position":1,"name":"Home","item":"https:\/\/ilcorpoelospirito.archetipoagency.it\/"},{"@type":"ListItem","position":2,"name":"Shop","item":"https:\/\/ilcorpoelospirito.archetipoagency.it\/shop\/"},{"@type":"ListItem","position":3,"name":"Salina Bianco \u201cFrancangelo\u201d IGP 2023 BIO – Punta Aria Az. Agr. Pollastri"}]},{"@type":"WebSite","@id":"https:\/\/ilcorpoelospirito.archetipoagency.it\/#website","url":"https:\/\/ilcorpoelospirito.archetipoagency.it\/","name":"Il corpo e lo spirito","description":"","publisher":{"@id":"https:\/\/ilcorpoelospirito.archetipoagency.it\/#organization"},"alternateName":"Prelibatezze Monastiche e regionali","potentialAction":[{"@type":"SearchAction","target":{"@type":"EntryPoint","urlTemplate":"https:\/\/ilcorpoelospirito.archetipoagency.it\/?s={search_term_string}"},"query-input":{"@type":"PropertyValueSpecification","valueRequired":true,"valueName":"search_term_string"}}],"inLanguage":"en-US"},{"@type":"Organization","@id":"https:\/\/ilcorpoelospirito.archetipoagency.it\/#organization","name":"Il corpo e lo spirito","alternateName":"Prelibatezze Monastiche e regionali","url":"https:\/\/ilcorpoelospirito.archetipoagency.it\/","logo":{"@type":"ImageObject","inLanguage":"en-US","@id":"https:\/\/ilcorpoelospirito.archetipoagency.it\/#\/schema\/logo\/image\/","url":"https:\/\/ilcorpoelospirito.archetipoagency.it\/wp-content\/uploads\/2022\/10\/logo-marrone.png","contentUrl":"https:\/\/ilcorpoelospirito.archetipoagency.it\/wp-content\/uploads\/2022\/10\/logo-marrone.png","width":2192,"height":568,"caption":"Il Corpo e lo Spirito"},"image":{"@id":"https:\/\/ilcorpoelospirito.archetipoagency.it\/#\/schema\/logo\/image\/"}}]}},"_links":{"self":[{"href":"https:\/\/ilcorpoelospirito.archetipoagency.it\/en\/wp-json\/wp\/v2\/product\/7482","targetHints":{"allow":["GET"]}}],"collection":[{"href":"https:\/\/ilcorpoelospirito.archetipoagency.it\/en\/wp-json\/wp\/v2\/product"}],"about":[{"href":"https:\/\/ilcorpoelospirito.archetipoagency.it\/en\/wp-json\/wp\/v2\/types\/product"}],"replies":[{"embeddable":true,"href":"https:\/\/ilcorpoelospirito.archetipoagency.it\/en\/wp-json\/wp\/v2\/comments?post=7482"}],"wp:featuredmedia":[{"embeddable":true,"href":"https:\/\/ilcorpoelospirito.archetipoagency.it\/en\/wp-json\/wp\/v2\/media\/7462"}],"wp:attachment":[{"href":"https:\/\/ilcorpoelospirito.archetipoagency.it\/en\/wp-json\/wp\/v2\/media?parent=7482"}],"wp:term":[{"taxonomy":"product_brand","embeddable":true,"href":"https:\/\/ilcorpoelospirito.archetipoagency.it\/en\/wp-json\/wp\/v2\/product_brand?post=7482"},{"taxonomy":"product_cat","embeddable":true,"href":"https:\/\/ilcorpoelospirito.archetipoagency.it\/en\/wp-json\/wp\/v2\/product_cat?post=7482"},{"taxonomy":"product_tag","embeddable":true,"href":"https:\/\/ilcorpoelospirito.archetipoagency.it\/en\/wp-json\/wp\/v2\/product_tag?post=7482"}],"curies":[{"name":"wp","href":"https:\/\/api.w.org\/{rel}","templated":true}]}}