{"id":7602,"date":"2025-11-03T17:34:02","date_gmt":"2025-11-03T16:34:02","guid":{"rendered":"https:\/\/ilcorpoelospirito.archetipoagency.it\/?post_type=product&#038;p=7602"},"modified":"2026-01-04T09:43:40","modified_gmt":"2026-01-04T08:43:40","slug":"the-glenlivet-founders-reserve-70cl-astucciato","status":"publish","type":"product","link":"https:\/\/ilcorpoelospirito.archetipoagency.it\/en\/product\/the-glenlivet-founders-reserve-70cl-astucciato\/","title":{"rendered":"The Glenlivet Founder\u2019s Reserve 70cl (Astucciato)"},"content":{"rendered":"<div class=\"short-description\">\n<div>\n<div class=\"toggle-block\">\n<div class=\"elementor-element elementor-element-8d7b63f elementor-widget elementor-widget-text-editor\" data-id=\"8d7b63f\" data-element_type=\"widget\" data-widget_type=\"text-editor.default\">\n<div class=\"elementor-widget-container\">\n<div class=\"category-description category-description-top\">\n<div class=\"rte-content\">\n<div class=\"category-description category-description-top\">\n<div class=\"rte-content\">\n<h3>Whisky Glenlivet<\/h3>\n<p>\u00c9 una delle pi\u00f9 note distillerie produttrici di single malt scotch whisky, The Glenlivet \u00e8 posizionata in una delle regioni pi\u00f9 remote e selvagge della Scozia, lo Speyside. Parliamo della pi\u00f9 antica distilleria legale, ubicata nel territorio di Glenlivet, luogo da cui prende il nome, ricco di risorse naturali, tra cui acque cristalline e torba, elementi perfetti per la produzione del nobile distillato. Una produzione iniziata quando era ancora contro la legge. Si narra, infatti, che il Re Giorgio V, nel 1822, in occasione della visita ufficiale in Scozia, chiese espressamente un assaggio del suo, gi\u00e0 noto, Whisky, seppur all\u2019epoca non ancora legale. George Smith, infatti, ottenne la licenza per la produzione di Whisky solo nel 1824, anno della sua fondazione. Con il passare degli anni diventa un nome talmente importante che molte delle distillerie della zona aggiungono il suffisso -Glenlivet al fine di sfruttarne la fama. Cos\u00ec, proprio per distinguersi dalle altre, la distilleria mise l\u2019articolo davanti e divent\u00f2 The Glenlivet. Inoltre \u00e8 un whisky che ha trovato grande apprezzamento anche negli Stati Uniti, tanto che il noto attore americano Robert Taylor scrisse alla distilleria per procurarsi una cassa per il set di Quo Vadis. Oggi, dopo secoli trascorsi, The Glenlivet opera con 14 alambicchi, che hanno conservato forma e dimensioni identiche a quelle in origine progettate da George Smith. L\u2019acqua utilizzata durante il processo di distillazione \u00e8 quella proveniente dal ruscello Josie\u2019s Well, mentre l\u2019orzo si ricava dalle coltivazioni del Banffshire. Il processo di essiccazione non prevede l\u2019uso della torba e per la fermentazione si utilizzano ancora tini in legno al posto di quelli in acciaio. Tra i suoi prodotti spiccano il N\u00e0durra (dal gaelico \u201cnaturale\u201d), un whisky a pieno grado invecchiato 16 anni in botte di quercia americana, ed il Single Malt, vincitore di trofei, sapientemente maturato in vari tipi di legno per 18 anni, conferendo quella ricchezza di aromi ed una complessit\u00e0 al gusto tale da essere il secondo whisky pi\u00f9 venduto al mondo.<\/p>\n<h3>The Glenlivet Founder\u2019s Reserve 70cl (Astucciato)<\/h3>\n<\/div>\n<\/div>\n<\/div>\n<\/div>\n<\/div>\n<\/div>\n<div class=\"innerShortcode\">\n<div class=\"innerContent\">\n<div class=\"elementor-element elementor-element-4acd1eb elementor-widget elementor-widget-heading\" data-id=\"4acd1eb\" data-element_type=\"widget\" data-widget_type=\"heading.default\">\n<div class=\"elementor-widget-container\">\n<h3 class=\"tab-mobile\"><span style=\"color: #333333;font-size: 17px\">Il<\/span><span style=\"color: #333333;font-size: 17px\">\u00a0<\/span><b style=\"color: #333333;font-size: 17px\">The Glenlivet Founder\u2019s Reserve<\/b><span style=\"color: #333333;font-size: 17px\">\u00a0<\/span><span style=\"color: #333333;font-size: 17px\">\u00e8 un<\/span><span style=\"color: #333333;font-size: 17px\">\u00a0<\/span><b style=\"color: #333333;font-size: 17px\">single malt scozzese<\/b><span style=\"color: #333333;font-size: 17px\">\u00a0<\/span><span style=\"color: #333333;font-size: 17px\">senza definizione d\u2019et\u00e0, omaggio al fondatore George Smith. Proviene dalla prestigiosa regione dello<\/span><span style=\"color: #333333;font-size: 17px\">\u00a0<\/span><b style=\"color: #333333;font-size: 17px\">Speyside<\/b><span style=\"color: #333333;font-size: 17px\">\u00a0<\/span><span style=\"color: #333333;font-size: 17px\">ed \u00e8 invecchiato principalmente in<\/span><span style=\"color: #333333;font-size: 17px\">\u00a0<\/span><b style=\"color: #333333;font-size: 17px\">botti di rovere americano di primo utilizzo<\/b><span style=\"color: #333333;font-size: 17px\">, che in precedenza hanno contenuto<\/span><span style=\"color: #333333;font-size: 17px\">\u00a0<\/span><b style=\"color: #333333;font-size: 17px\">bourbon<\/b><span style=\"color: #333333;font-size: 17px\">.\u00a0<\/span><\/h3>\n<div class=\"span10 tab-mobile-container\">\n<div class=\"std\">\n<p><strong>Note degustative<\/strong>: Giallo dorato intenso, \u00e8 caratterizzato da\u00a0profumi fruttati di agrumi e pera, con un tocco di vaniglia e caramello. Il gusto \u00e8 morbido e cremoso, con sapori dolci di mela e un finale lungo e avvolgente.<\/p>\n<p><strong>Perch\u00e9 sceglierlo<\/strong>: Un single malt che sa essere al contempo ricco di storia e incredibilmente piacevole, perfetto per ogni occasione.<\/p>\n<p><strong>Riconoscimenti:<\/strong><\/p>\n<p>\u2013 96\/100 Wine Enthusiast<\/p>\n<\/div>\n<\/div>\n<p><span style=\"color: #dd9e1d;font-family: 'PT Sans';font-size: 25px;letter-spacing: 0em\">Product:<\/span><\/p>\n<\/div>\n<\/div>\n<\/div>\n<\/div>\n<\/div>\n<\/div>\n<div>\n<div class=\"Hhmu2e wDYxhc NFQFxe viOShc LKPcQc\" lang=\"it-IT\" data-md=\"16\" data-hveid=\"CEwQAA\" data-ved=\"2ahUKEwjgyL-m1439AhXT7LsIHY4jCpsQhyh6BAhMEAA\">\n<div class=\"Ftghae iirjIb DaSCDf\">\n<div class=\"SPZz6b\">\n<p><span>Glenlivet, Distillery \u2013\u00a0 Glenlivet, Ballindalloch AB37 9DB, Regno Unito<\/span><\/p>\n<div class=\"part\"><\/div>\n<\/div>\n<\/div>\n<\/div>\n<\/div>\n<\/div>","protected":false},"excerpt":{"rendered":"<div class=\"toggle-block\">\n<div class=\"toggle-block\">\n<div class=\"toggle-block\">\n<div class=\"toggle-block\">\n<div class=\"toggle-block\">\n<div class=\"toggle-block\">\n<div class=\"toggle-block\">\n<div class=\"toggle-block\">\n<div class=\"toggle-block\">\n<div class=\"toggle-block\">\n<div class=\"toggle-block\">\n<div class=\"toggle-block\">\n<div class=\"toggle-block\">\n<div class=\"toggle-block\">\n<div class=\"toggle-block\">\n<div class=\"toggle-block\">\n<div class=\"toggle-block\">\n<div class=\"toggle-block\">\n<div class=\"toggle-block\">\n<div class=\"toggle-block\">\n<div class=\"toggle-block\">\n<div class=\"toggle-block\">\n<div class=\"toggle-block\">\n<div class=\"toggle-block\">\n<div class=\"toggle-block\">\n<div class=\"toggle-block\">\n<div class=\"toggle-block\">\n<div class=\"toggle-block\">\n<div class=\"toggle-block\">\n<div class=\"toggle-block\">\n<div class=\"toggle-block\">\n<div class=\"toggle-block\">\n<div class=\"toggle-block\">\n<div class=\"toggle-block\">\n<div class=\"toggle-block\">\n<div class=\"toggle-block\">\n<div class=\"toggle-block\">\n<div class=\"toggle-block\">\n<div class=\"toggle-block\">\n<div class=\"toggle-block\">\n<section class=\"additional-attributes-wrapper table-wrapper geppa-prod-char-wrapper__attributes accordion-elem col-12 col-lg-6\" data-role=\"collapsible\">\n<div class=\"acc-content\">\n<div class=\"toggle-block\">\n<div class=\"innerShortcode\">\n<div class=\"innerContent\">\n<div class=\"innerShortcode\">\n<div class=\"innerContent\">\n<div class=\"innerShortcode\">\n<div class=\"innerContent\">\n<div class=\"innerShortcode\">\n<div class=\"innerContent\">\n<div class=\"elementor-element elementor-element-4acd1eb elementor-widget elementor-widget-heading\" data-id=\"4acd1eb\" data-element_type=\"widget\" data-widget_type=\"heading.default\">\n<div class=\"elementor-widget-container\">\n<div class=\"elementor-element elementor-element-8d7b63f elementor-widget elementor-widget-text-editor\" data-id=\"8d7b63f\" data-element_type=\"widget\" data-widget_type=\"text-editor.default\">\n<div class=\"elementor-widget-container\">\n<div class=\"category-description category-description-top\">\n<div class=\"rte-content\">\n<div class=\"category-description category-description-top\">\n<div class=\"rte-content\">\n<h3>The Glenlivet Founder\u2019s Reserve 70cl (Astucciato)<\/h3>\n<\/div>\n<\/div>\n<\/div>\n<\/div>\n<\/div>\n<\/div>\n<div class=\"innerShortcode\">\n<div class=\"innerContent\">\n<div class=\"elementor-element elementor-element-4acd1eb elementor-widget elementor-widget-heading\" data-id=\"4acd1eb\" data-element_type=\"widget\" data-widget_type=\"heading.default\">\n<div class=\"elementor-widget-container\">\n<p class=\"tab-mobile\"><span style=\"color: #333333;font-size: 17px\">Il<\/span><span style=\"color: #333333;font-size: 17px\">\u00a0<\/span>The Glenlivet Founder\u2019s Reserve<span style=\"color: #333333;font-size: 17px\">\u00a0<\/span><span style=\"color: #333333;font-size: 17px\">\u00e8 un<\/span><span style=\"color: #333333;font-size: 17px\">\u00a0<\/span>single malt scozzese<span style=\"color: #333333;font-size: 17px\">\u00a0<\/span><span style=\"color: #333333;font-size: 17px\">senza definizione d\u2019et\u00e0, omaggio al fondatore George Smith. Proviene dalla prestigiosa regione dello<\/span><span style=\"color: #333333;font-size: 17px\">\u00a0<\/span>Speyside<span style=\"color: #333333;font-size: 17px\">\u00a0<\/span><span style=\"color: #333333;font-size: 17px\">ed \u00e8 invecchiato principalmente in<\/span><span style=\"color: #333333;font-size: 17px\">\u00a0<\/span>botti di rovere americano di primo utilizzo<span style=\"color: #333333;font-size: 17px\">, che in precedenza hanno contenuto<\/span><span style=\"color: #333333;font-size: 17px\">\u00a0<\/span>bourbon<span style=\"color: #333333;font-size: 17px\">.\u00a0<\/span><\/p>\n<div class=\"span10 tab-mobile-container\">\n<div class=\"std\">\n<p><strong>Note degustative<\/strong>: Giallo dorato intenso, \u00e8 caratterizzato da profumi fruttati di agrumi e pera, con un tocco di vaniglia e caramello. Il gusto \u00e8 morbido e cremoso, con sapori dolci di mela e un finale lungo e avvolgente. Un single malt che sa essere al contempo ricco di storia e incredibilmente piacevole, perfetto per ogni occasione.<\/p>\n<p><strong>Riconoscimenti:<\/strong><\/p>\n<p>\u2013 96\/100 Wine Enthusiast<\/p>\n<\/div>\n<\/div>\n<\/div>\n<\/div>\n<\/div>\n<\/div>\n<\/div>\n<\/div>\n<\/div>\n<\/div>\n<\/div>\n<\/div>\n<\/div>\n<\/div>\n<\/div>\n<\/div>\n<\/div>\n<\/div>\n<\/section>\n<\/div>\n<\/div>\n<\/div>\n<\/div>\n<\/div>\n<\/div>\n<\/div>\n<\/div>\n<\/div>\n<\/div>\n<\/div>\n<\/div>\n<\/div>\n<\/div>\n<\/div>\n<\/div>\n<\/div>\n<\/div>\n<\/div>\n<\/div>\n<\/div>\n<\/div>\n<\/div>\n<\/div>\n<\/div>\n<\/div>\n<\/div>\n<\/div>\n<\/div>\n<\/div>\n<\/div>\n<\/div>\n<\/div>\n<\/div>\n<\/div>\n<\/div>\n<\/div>\n<\/div>\n<\/div>\n<\/div>","protected":false},"featured_media":7572,"comment_status":"open","ping_status":"closed","template":"","meta":[],"product_brand":[],"product_cat":[127],"product_tag":[],"class_list":["post-7602","product","type-product","status-publish","has-post-thumbnail","product_cat-distillati","pa_produttore-glenlivet-distillery-glenlivet-ballindalloch-ab37-9db-regno-unito","first","outofstock","shipping-taxable","purchasable","product-type-simple"],"yoast_head":"<!-- This site is optimized with the Yoast SEO plugin v27.6 - https:\/\/yoast.com\/product\/yoast-seo-wordpress\/ -->\n<title>The Glenlivet Founder&#039;s Reserve 70cl (Astucciato) | Il corpo e lo spirito<\/title>\n<meta name=\"robots\" content=\"index, follow, max-snippet:-1, max-image-preview:large, max-video-preview:-1\" \/>\n<link rel=\"canonical\" href=\"https:\/\/ilcorpoelospirito.archetipoagency.it\/en\/prodotto\/the-glenlivet-founders-reserve-70cl-astucciato\/\" \/>\n<meta property=\"og:locale\" content=\"en_US\" \/>\n<meta property=\"og:type\" content=\"article\" \/>\n<meta property=\"og:title\" content=\"The Glenlivet Founder&#039;s Reserve 70cl (Astucciato) | Il corpo e lo spirito\" \/>\n<meta property=\"og:description\" content=\"The Glenlivet Founder&#039;s Reserve 70cl (Astucciato)           Il\u00a0The Glenlivet Founder&#039;s Reserve\u00a0\u00e8 un\u00a0single malt scozzese\u00a0senza definizione d&#039;et\u00e0, omaggio al fondatore George Smith. Proviene dalla prestigiosa regione dello\u00a0Speyside\u00a0ed \u00e8 invecchiato principalmente in\u00a0botti di rovere americano di primo utilizzo, che in precedenza hanno contenuto\u00a0bourbon.\u00a0     Note degustative: Giallo dorato intenso, \u00e8 caratterizzato da profumi fruttati di agrumi e pera, con un tocco di vaniglia e caramello. Il gusto \u00e8 morbido e cremoso, con sapori dolci di mela e un finale lungo e avvolgente. Un single malt che sa essere al contempo ricco di storia e incredibilmente piacevole, perfetto per ogni occasione.  Riconoscimenti:  - 96\/100 Wine Enthusiast\" \/>\n<meta property=\"og:url\" content=\"https:\/\/ilcorpoelospirito.archetipoagency.it\/en\/prodotto\/the-glenlivet-founders-reserve-70cl-astucciato\/\" \/>\n<meta property=\"og:site_name\" content=\"Il corpo e lo spirito\" \/>\n<meta property=\"article:modified_time\" content=\"2026-01-04T08:43:40+00:00\" \/>\n<meta property=\"og:image\" content=\"https:\/\/ilcorpoelospirito.archetipoagency.it\/wp-content\/uploads\/2025\/11\/20251027_130950.jpg\" \/>\n\t<meta property=\"og:image:width\" content=\"980\" \/>\n\t<meta property=\"og:image:height\" content=\"980\" \/>\n\t<meta property=\"og:image:type\" content=\"image\/jpeg\" \/>\n<meta name=\"twitter:card\" content=\"summary_large_image\" \/>\n<meta name=\"twitter:label1\" content=\"Est. reading time\" \/>\n\t<meta name=\"twitter:data1\" content=\"3 minutes\" \/>\n<script type=\"application\/ld+json\" class=\"yoast-schema-graph\">{\"@context\":\"https:\\\/\\\/schema.org\",\"@graph\":[{\"@type\":\"WebPage\",\"@id\":\"https:\\\/\\\/ilcorpoelospirito.archetipoagency.it\\\/en\\\/prodotto\\\/the-glenlivet-founders-reserve-70cl-astucciato\\\/\",\"url\":\"https:\\\/\\\/ilcorpoelospirito.archetipoagency.it\\\/en\\\/prodotto\\\/the-glenlivet-founders-reserve-70cl-astucciato\\\/\",\"name\":\"The Glenlivet Founder's Reserve 70cl (Astucciato) | Il corpo e lo spirito\",\"isPartOf\":{\"@id\":\"https:\\\/\\\/ilcorpoelospirito.archetipoagency.it\\\/#website\"},\"primaryImageOfPage\":{\"@id\":\"https:\\\/\\\/ilcorpoelospirito.archetipoagency.it\\\/en\\\/prodotto\\\/the-glenlivet-founders-reserve-70cl-astucciato\\\/#primaryimage\"},\"image\":{\"@id\":\"https:\\\/\\\/ilcorpoelospirito.archetipoagency.it\\\/en\\\/prodotto\\\/the-glenlivet-founders-reserve-70cl-astucciato\\\/#primaryimage\"},\"thumbnailUrl\":\"https:\\\/\\\/ilcorpoelospirito.archetipoagency.it\\\/wp-content\\\/uploads\\\/2025\\\/11\\\/20251027_130950.jpg\",\"datePublished\":\"2025-11-03T16:34:02+00:00\",\"dateModified\":\"2026-01-04T08:43:40+00:00\",\"breadcrumb\":{\"@id\":\"https:\\\/\\\/ilcorpoelospirito.archetipoagency.it\\\/en\\\/prodotto\\\/the-glenlivet-founders-reserve-70cl-astucciato\\\/#breadcrumb\"},\"inLanguage\":\"en-US\",\"potentialAction\":[{\"@type\":\"ReadAction\",\"target\":[\"https:\\\/\\\/ilcorpoelospirito.archetipoagency.it\\\/en\\\/prodotto\\\/the-glenlivet-founders-reserve-70cl-astucciato\\\/\"]}]},{\"@type\":\"ImageObject\",\"inLanguage\":\"en-US\",\"@id\":\"https:\\\/\\\/ilcorpoelospirito.archetipoagency.it\\\/en\\\/prodotto\\\/the-glenlivet-founders-reserve-70cl-astucciato\\\/#primaryimage\",\"url\":\"https:\\\/\\\/ilcorpoelospirito.archetipoagency.it\\\/wp-content\\\/uploads\\\/2025\\\/11\\\/20251027_130950.jpg\",\"contentUrl\":\"https:\\\/\\\/ilcorpoelospirito.archetipoagency.it\\\/wp-content\\\/uploads\\\/2025\\\/11\\\/20251027_130950.jpg\",\"width\":980,\"height\":980},{\"@type\":\"BreadcrumbList\",\"@id\":\"https:\\\/\\\/ilcorpoelospirito.archetipoagency.it\\\/en\\\/prodotto\\\/the-glenlivet-founders-reserve-70cl-astucciato\\\/#breadcrumb\",\"itemListElement\":[{\"@type\":\"ListItem\",\"position\":1,\"name\":\"Home\",\"item\":\"https:\\\/\\\/ilcorpoelospirito.archetipoagency.it\\\/\"},{\"@type\":\"ListItem\",\"position\":2,\"name\":\"Shop\",\"item\":\"https:\\\/\\\/ilcorpoelospirito.archetipoagency.it\\\/shop\\\/\"},{\"@type\":\"ListItem\",\"position\":3,\"name\":\"The Glenlivet Founder’s Reserve 70cl (Astucciato)\"}]},{\"@type\":\"WebSite\",\"@id\":\"https:\\\/\\\/ilcorpoelospirito.archetipoagency.it\\\/#website\",\"url\":\"https:\\\/\\\/ilcorpoelospirito.archetipoagency.it\\\/\",\"name\":\"Il Corpo e lo Spirito\",\"description\":\"\",\"publisher\":{\"@id\":\"https:\\\/\\\/ilcorpoelospirito.archetipoagency.it\\\/#organization\"},\"alternateName\":\"Prelibatezze Monastiche e regionali\",\"potentialAction\":[{\"@type\":\"SearchAction\",\"target\":{\"@type\":\"EntryPoint\",\"urlTemplate\":\"https:\\\/\\\/ilcorpoelospirito.archetipoagency.it\\\/?s={search_term_string}\"},\"query-input\":{\"@type\":\"PropertyValueSpecification\",\"valueRequired\":true,\"valueName\":\"search_term_string\"}}],\"inLanguage\":\"en-US\"},{\"@type\":\"Organization\",\"@id\":\"https:\\\/\\\/ilcorpoelospirito.archetipoagency.it\\\/#organization\",\"name\":\"Il Corpo e lo Spirito\",\"alternateName\":\"Prelibatezze Monastiche e regionali\",\"url\":\"https:\\\/\\\/ilcorpoelospirito.archetipoagency.it\\\/\",\"logo\":{\"@type\":\"ImageObject\",\"inLanguage\":\"en-US\",\"@id\":\"https:\\\/\\\/ilcorpoelospirito.archetipoagency.it\\\/#\\\/schema\\\/logo\\\/image\\\/\",\"url\":\"https:\\\/\\\/ilcorpoelospirito.archetipoagency.it\\\/wp-content\\\/uploads\\\/2022\\\/10\\\/logo-marrone.png\",\"contentUrl\":\"https:\\\/\\\/ilcorpoelospirito.archetipoagency.it\\\/wp-content\\\/uploads\\\/2022\\\/10\\\/logo-marrone.png\",\"width\":2192,\"height\":568,\"caption\":\"Il Corpo e lo Spirito\"},\"image\":{\"@id\":\"https:\\\/\\\/ilcorpoelospirito.archetipoagency.it\\\/#\\\/schema\\\/logo\\\/image\\\/\"}}]}<\/script>\n<!-- \/ Yoast SEO plugin. -->","yoast_head_json":{"title":"The Glenlivet Founder's Reserve 70cl (Astucciato) | Il corpo e lo spirito","robots":{"index":"index","follow":"follow","max-snippet":"max-snippet:-1","max-image-preview":"max-image-preview:large","max-video-preview":"max-video-preview:-1"},"canonical":"https:\/\/ilcorpoelospirito.archetipoagency.it\/en\/prodotto\/the-glenlivet-founders-reserve-70cl-astucciato\/","og_locale":"en_US","og_type":"article","og_title":"The Glenlivet Founder's Reserve 70cl (Astucciato) | Il corpo e lo spirito","og_description":"The Glenlivet Founder's Reserve 70cl (Astucciato)           Il\u00a0The Glenlivet Founder's Reserve\u00a0\u00e8 un\u00a0single malt scozzese\u00a0senza definizione d'et\u00e0, omaggio al fondatore George Smith. Proviene dalla prestigiosa regione dello\u00a0Speyside\u00a0ed \u00e8 invecchiato principalmente in\u00a0botti di rovere americano di primo utilizzo, che in precedenza hanno contenuto\u00a0bourbon.\u00a0     Note degustative: Giallo dorato intenso, \u00e8 caratterizzato da profumi fruttati di agrumi e pera, con un tocco di vaniglia e caramello. Il gusto \u00e8 morbido e cremoso, con sapori dolci di mela e un finale lungo e avvolgente. Un single malt che sa essere al contempo ricco di storia e incredibilmente piacevole, perfetto per ogni occasione.  Riconoscimenti:  - 96\/100 Wine Enthusiast","og_url":"https:\/\/ilcorpoelospirito.archetipoagency.it\/en\/prodotto\/the-glenlivet-founders-reserve-70cl-astucciato\/","og_site_name":"Il corpo e lo spirito","article_modified_time":"2026-01-04T08:43:40+00:00","og_image":[{"width":980,"height":980,"url":"https:\/\/ilcorpoelospirito.archetipoagency.it\/wp-content\/uploads\/2025\/11\/20251027_130950.jpg","type":"image\/jpeg"}],"twitter_card":"summary_large_image","twitter_misc":{"Est. reading time":"3 minutes"},"schema":{"@context":"https:\/\/schema.org","@graph":[{"@type":"WebPage","@id":"https:\/\/ilcorpoelospirito.archetipoagency.it\/en\/prodotto\/the-glenlivet-founders-reserve-70cl-astucciato\/","url":"https:\/\/ilcorpoelospirito.archetipoagency.it\/en\/prodotto\/the-glenlivet-founders-reserve-70cl-astucciato\/","name":"The Glenlivet Founder's Reserve 70cl (Astucciato) | Il corpo e lo spirito","isPartOf":{"@id":"https:\/\/ilcorpoelospirito.archetipoagency.it\/#website"},"primaryImageOfPage":{"@id":"https:\/\/ilcorpoelospirito.archetipoagency.it\/en\/prodotto\/the-glenlivet-founders-reserve-70cl-astucciato\/#primaryimage"},"image":{"@id":"https:\/\/ilcorpoelospirito.archetipoagency.it\/en\/prodotto\/the-glenlivet-founders-reserve-70cl-astucciato\/#primaryimage"},"thumbnailUrl":"https:\/\/ilcorpoelospirito.archetipoagency.it\/wp-content\/uploads\/2025\/11\/20251027_130950.jpg","datePublished":"2025-11-03T16:34:02+00:00","dateModified":"2026-01-04T08:43:40+00:00","breadcrumb":{"@id":"https:\/\/ilcorpoelospirito.archetipoagency.it\/en\/prodotto\/the-glenlivet-founders-reserve-70cl-astucciato\/#breadcrumb"},"inLanguage":"en-US","potentialAction":[{"@type":"ReadAction","target":["https:\/\/ilcorpoelospirito.archetipoagency.it\/en\/prodotto\/the-glenlivet-founders-reserve-70cl-astucciato\/"]}]},{"@type":"ImageObject","inLanguage":"en-US","@id":"https:\/\/ilcorpoelospirito.archetipoagency.it\/en\/prodotto\/the-glenlivet-founders-reserve-70cl-astucciato\/#primaryimage","url":"https:\/\/ilcorpoelospirito.archetipoagency.it\/wp-content\/uploads\/2025\/11\/20251027_130950.jpg","contentUrl":"https:\/\/ilcorpoelospirito.archetipoagency.it\/wp-content\/uploads\/2025\/11\/20251027_130950.jpg","width":980,"height":980},{"@type":"BreadcrumbList","@id":"https:\/\/ilcorpoelospirito.archetipoagency.it\/en\/prodotto\/the-glenlivet-founders-reserve-70cl-astucciato\/#breadcrumb","itemListElement":[{"@type":"ListItem","position":1,"name":"Home","item":"https:\/\/ilcorpoelospirito.archetipoagency.it\/"},{"@type":"ListItem","position":2,"name":"Shop","item":"https:\/\/ilcorpoelospirito.archetipoagency.it\/shop\/"},{"@type":"ListItem","position":3,"name":"The Glenlivet Founder’s Reserve 70cl (Astucciato)"}]},{"@type":"WebSite","@id":"https:\/\/ilcorpoelospirito.archetipoagency.it\/#website","url":"https:\/\/ilcorpoelospirito.archetipoagency.it\/","name":"Il corpo e lo spirito","description":"","publisher":{"@id":"https:\/\/ilcorpoelospirito.archetipoagency.it\/#organization"},"alternateName":"Prelibatezze Monastiche e regionali","potentialAction":[{"@type":"SearchAction","target":{"@type":"EntryPoint","urlTemplate":"https:\/\/ilcorpoelospirito.archetipoagency.it\/?s={search_term_string}"},"query-input":{"@type":"PropertyValueSpecification","valueRequired":true,"valueName":"search_term_string"}}],"inLanguage":"en-US"},{"@type":"Organization","@id":"https:\/\/ilcorpoelospirito.archetipoagency.it\/#organization","name":"Il corpo e lo spirito","alternateName":"Prelibatezze Monastiche e regionali","url":"https:\/\/ilcorpoelospirito.archetipoagency.it\/","logo":{"@type":"ImageObject","inLanguage":"en-US","@id":"https:\/\/ilcorpoelospirito.archetipoagency.it\/#\/schema\/logo\/image\/","url":"https:\/\/ilcorpoelospirito.archetipoagency.it\/wp-content\/uploads\/2022\/10\/logo-marrone.png","contentUrl":"https:\/\/ilcorpoelospirito.archetipoagency.it\/wp-content\/uploads\/2022\/10\/logo-marrone.png","width":2192,"height":568,"caption":"Il Corpo e lo Spirito"},"image":{"@id":"https:\/\/ilcorpoelospirito.archetipoagency.it\/#\/schema\/logo\/image\/"}}]}},"_links":{"self":[{"href":"https:\/\/ilcorpoelospirito.archetipoagency.it\/en\/wp-json\/wp\/v2\/product\/7602","targetHints":{"allow":["GET"]}}],"collection":[{"href":"https:\/\/ilcorpoelospirito.archetipoagency.it\/en\/wp-json\/wp\/v2\/product"}],"about":[{"href":"https:\/\/ilcorpoelospirito.archetipoagency.it\/en\/wp-json\/wp\/v2\/types\/product"}],"replies":[{"embeddable":true,"href":"https:\/\/ilcorpoelospirito.archetipoagency.it\/en\/wp-json\/wp\/v2\/comments?post=7602"}],"wp:featuredmedia":[{"embeddable":true,"href":"https:\/\/ilcorpoelospirito.archetipoagency.it\/en\/wp-json\/wp\/v2\/media\/7572"}],"wp:attachment":[{"href":"https:\/\/ilcorpoelospirito.archetipoagency.it\/en\/wp-json\/wp\/v2\/media?parent=7602"}],"wp:term":[{"taxonomy":"product_brand","embeddable":true,"href":"https:\/\/ilcorpoelospirito.archetipoagency.it\/en\/wp-json\/wp\/v2\/product_brand?post=7602"},{"taxonomy":"product_cat","embeddable":true,"href":"https:\/\/ilcorpoelospirito.archetipoagency.it\/en\/wp-json\/wp\/v2\/product_cat?post=7602"},{"taxonomy":"product_tag","embeddable":true,"href":"https:\/\/ilcorpoelospirito.archetipoagency.it\/en\/wp-json\/wp\/v2\/product_tag?post=7602"}],"curies":[{"name":"wp","href":"https:\/\/api.w.org\/{rel}","templated":true}]}}