{"id":7817,"date":"2026-05-05T16:47:43","date_gmt":"2026-05-05T14:47:43","guid":{"rendered":"https:\/\/ilcorpoelospirito.archetipoagency.it\/?post_type=product&#038;p=7817"},"modified":"2026-05-05T16:51:37","modified_gmt":"2026-05-05T14:51:37","slug":"deodorante-ambientale-vaniglia-e-mandarino-350-g-monastero-di-valserena","status":"publish","type":"product","link":"https:\/\/ilcorpoelospirito.archetipoagency.it\/en\/product\/deodorante-ambientale-vaniglia-e-mandarino-350-g-monastero-di-valserena\/","title":{"rendered":"Deodorante Ambientale Vaniglia e Mandarino 350 g \u2013 Monastero di Valserena"},"content":{"rendered":"<div class=\"short-description\">\n<div>\n<div class=\"toggle-block\">\n<div class=\"elementor-element elementor-element-8d7b63f elementor-widget elementor-widget-text-editor\" data-id=\"8d7b63f\" data-element_type=\"widget\" data-widget_type=\"text-editor.default\">\n<div class=\"elementor-widget-container\">\n<div class=\"category-description category-description-top\">\n<div class=\"rte-content\">\n<div class=\"category-description category-description-top\">\n<div class=\"rte-content\">\n<p>L\u2019ozio \u00e8 nemico dell\u2019anima, perci\u00f2 i monaci devono dedicarsi al lavoro in determinate ore e in altre, pure prestabilite, allo studio della parola di Dio. Allora sono veramente monaci, quando vivono del lavoro delle loro mani, come i nostri Padri e gli Apostoli<\/p>\n<\/div>\n<\/div>\n<section id=\"products\">\n<div id=\"\">\n<h4 id=\"js-active-search-filters\" class=\"hide\">Deodorante Ambientale Vaniglia e Mandarino 350 g \u2013 Monastero di Valserena<\/h4>\n<\/div>\n<\/section>\n<\/div>\n<\/div>\n<\/div>\n<\/div>\n<div class=\"innerShortcode\">\n<div class=\"innerContent\">\n<div class=\"elementor-element elementor-element-4acd1eb elementor-widget elementor-widget-heading\" data-id=\"4acd1eb\" data-element_type=\"widget\" data-widget_type=\"heading.default\">\n<div class=\"elementor-widget-container\">\n<p><span>\u00c9 un accordo di note vanigliate e fruttate. La vaniglia sprigiona un aroma caldo e dolce, mentre il mandarino aggiunge una nota fresca e vivace. Insieme questi ingredienti creano un profumo accogliente che riempie l\u2019ambiente.<\/span><\/p>\n<p><strong>Note di testa:\u00a0<\/strong>Limone, Mandarino, Arancia<\/p>\n<p><strong>Note di cuore: <\/strong>Pepe rosa, Fiori di Vaniglia, Pesca<\/p>\n<p><strong>Note di fondo: <\/strong>Vaniglia, Accordo di zucchero<\/p>\n<p>\u00c9 un accordo di note vanigliate e fruttate. La vaniglia sprigiona un aroma caldo e dolce, mentre il mandarino aggiunge una nota fresca e vivace. Insieme questi ingredienti creano un profumo accogliente che riempie l\u2019ambiente.<\/p>\n<p><strong>Dotazione:<\/strong> 6 bastoncini di 29 cm.<\/p>\n<h3>Modalit\u00e0 d\u2019uso<\/h3>\n<p>Si raccomanda di utilizzare i bastoncini forniti con una fragranza solo con essa e di non utilizzarne meno della quantit\u00e0 fornita. Al primo utilizzo \u00e8 necessario lasciar impregnare i bastoncini e poi rigirarli. Per regolare l\u2019intensit\u00e0 della fragranza occorre girare tutti o una parte dei bastoncini forniti. Capovolgere i bastoncini una o pi\u00f9 volte al giorno a seconda della intensit\u00e0 desiderata.<\/p>\n<p>Durata di una fragranza e come prolungarla.<\/p>\n<p>La durata di una fragranza dipende da molti fattori: le dimensioni dell\u2019ambiente dove viene scelto di posizionare il profumatore, dalla temperatura, dalla luce diretta del sole e dalle correnti d\u2019aria che possono accelerare l\u2019evaporazione.<\/p>\n<p>Dove posizionare i profumatori:<\/p>\n<p>La bottiglia deve essere posizionata ad altezza uomo. Per stanze di medie dimensioni \u00e8 preferibile mettere il diffusore al centro della stanza cos\u00ec, al passaggio delle persone, l\u2019aria si smuove e la fragranza circola. Non appoggiare il diffusore su superfici lucidate, pitturate o verniciate, su apparecchiature elettriche, vicino o sopra fonti di calore.<\/p>\n<p><span>Venduto in elegante confezione con scatola<\/span>\u00a0da <span>350 g<\/span><\/p>\n<p><span style=\"color: #dd9e1d;font-family: 'PT Sans';font-size: 25px;letter-spacing: 0em\">Product:<\/span><\/p>\n<\/div>\n<\/div>\n<\/div>\n<\/div>\n<\/div>\n<\/div>\n<div>\n<div class=\"Hhmu2e wDYxhc NFQFxe viOShc LKPcQc\" lang=\"it-IT\" data-md=\"16\" data-hveid=\"CEwQAA\" data-ved=\"2ahUKEwjgyL-m1439AhXT7LsIHY4jCpsQhyh6BAhMEAA\">\n<div class=\"Ftghae iirjIb DaSCDf\">\n<div class=\"SPZz6b\">\n<p>Monastero Cistercense Valserena \u2013 Guardistallo (PI) \u2013 Italia<\/p>\n<div class=\"part\"><\/div>\n<\/div>\n<\/div>\n<\/div>\n<\/div>\n<\/div>","protected":false},"excerpt":{"rendered":"<div class=\"toggle-block\">\n<div class=\"toggle-block\">\n<div class=\"toggle-block\">\n<div class=\"toggle-block\">\n<div class=\"toggle-block\">\n<div class=\"toggle-block\">\n<div class=\"toggle-block\">\n<div class=\"toggle-block\">\n<div class=\"toggle-block\">\n<div class=\"toggle-block\">\n<div class=\"toggle-block\">\n<div class=\"toggle-block\">\n<div class=\"toggle-block\">\n<div class=\"toggle-block\">\n<div class=\"toggle-block\">\n<div class=\"toggle-block\">\n<div class=\"toggle-block\">\n<div class=\"toggle-block\">\n<div class=\"toggle-block\">\n<div class=\"toggle-block\">\n<div class=\"toggle-block\">\n<div class=\"toggle-block\">\n<div class=\"toggle-block\">\n<div class=\"toggle-block\">\n<div class=\"toggle-block\">\n<div class=\"toggle-block\">\n<div class=\"toggle-block\">\n<div class=\"toggle-block\">\n<div class=\"toggle-block\">\n<div class=\"toggle-block\">\n<div class=\"toggle-block\">\n<div class=\"toggle-block\">\n<div class=\"toggle-block\">\n<div class=\"toggle-block\">\n<div class=\"toggle-block\">\n<div class=\"toggle-block\">\n<div class=\"toggle-block\">\n<div class=\"toggle-block\">\n<div class=\"toggle-block\">\n<div class=\"toggle-block\">\n<section class=\"additional-attributes-wrapper table-wrapper geppa-prod-char-wrapper__attributes accordion-elem col-12 col-lg-6\" data-role=\"collapsible\">\n<div class=\"acc-content\">\n<div class=\"toggle-block\">\n<div class=\"innerShortcode\">\n<div class=\"innerContent\">\n<div class=\"innerShortcode\">\n<div class=\"innerContent\">\n<div class=\"innerShortcode\">\n<div class=\"innerContent\">\n<div class=\"elementor-element elementor-element-8d7b63f elementor-widget elementor-widget-text-editor\" data-id=\"8d7b63f\" data-element_type=\"widget\" data-widget_type=\"text-editor.default\">\n<div class=\"elementor-widget-container\">\n<div class=\"category-description category-description-top\">\n<div class=\"rte-content\">\n<section id=\"products\">\n<div id=\"\">\n<div class=\"elementor-element elementor-element-8d7b63f elementor-widget elementor-widget-text-editor\" data-id=\"8d7b63f\" data-element_type=\"widget\" data-widget_type=\"text-editor.default\">\n<div class=\"elementor-widget-container\">\n<div class=\"category-description category-description-top\">\n<div class=\"rte-content\">\n<section id=\"products\">\n<div id=\"\">\n<h4 id=\"js-active-search-filters\" class=\"hide\">Deodorante Ambientale Vaniglia e Mandarino 350 g \u2013 Monastero di Valserena<\/h4>\n<\/div>\n<\/section>\n<\/div>\n<\/div>\n<\/div>\n<\/div>\n<div class=\"innerShortcode\">\n<div class=\"innerContent\">\n<div class=\"elementor-element elementor-element-4acd1eb elementor-widget elementor-widget-heading\" data-id=\"4acd1eb\" data-element_type=\"widget\" data-widget_type=\"heading.default\">\n<div class=\"elementor-widget-container\">\n<p><span>\u00c9 un accordo di note vanigliate e fruttate. La vaniglia sprigiona un aroma caldo e dolce, mentre il mandarino aggiunge una nota fresca e vivace. Insieme questi ingredienti creano un profumo accogliente che riempie l\u2019ambiente.<\/span><\/p>\n<p><strong>Note di testa:\u00a0<\/strong>Limone, Mandarino, Arancia<\/p>\n<p><strong>Note di cuore: <\/strong>Pepe rosa, Fiori di Vaniglia, Pesca<\/p>\n<p><strong>Note di fondo: <\/strong>Vaniglia, Accordo di zucchero<\/p>\n<p>\u00c9 un accordo di note vanigliate e fruttate. La vaniglia sprigiona un aroma caldo e dolce, mentre il mandarino aggiunge una nota fresca e vivace. Insieme questi ingredienti creano un profumo accogliente che riempie l\u2019ambiente.<\/p>\n<\/div>\n<\/div>\n<\/div>\n<\/div>\n<\/div>\n<\/section>\n<\/div>\n<\/div>\n<\/div>\n<\/div>\n<\/div>\n<\/div>\n<\/div>\n<\/div>\n<\/div>\n<\/div>\n<\/div>\n<\/div>\n<\/section>\n<\/div>\n<\/div>\n<\/div>\n<\/div>\n<\/div>\n<\/div>\n<\/div>\n<\/div>\n<\/div>\n<\/div>\n<\/div>\n<\/div>\n<\/div>\n<\/div>\n<\/div>\n<\/div>\n<\/div>\n<\/div>\n<\/div>\n<\/div>\n<\/div>\n<\/div>\n<\/div>\n<\/div>\n<\/div>\n<\/div>\n<\/div>\n<\/div>\n<\/div>\n<\/div>\n<\/div>\n<\/div>\n<\/div>\n<\/div>\n<\/div>\n<\/div>\n<\/div>\n<\/div>\n<\/div>\n<\/div>","protected":false},"featured_media":7767,"comment_status":"open","ping_status":"closed","template":"","meta":[],"product_brand":[],"product_cat":[260],"product_tag":[],"class_list":["post-7817","product","type-product","status-publish","has-post-thumbnail","product_cat-saponi","pa_produttore-monastero-cistercense-valserena-guardistallo-pi-italia","first","instock","shipping-taxable","purchasable","product-type-simple"],"yoast_head":"<!-- This site is optimized with the Yoast SEO plugin v27.6 - https:\/\/yoast.com\/product\/yoast-seo-wordpress\/ -->\n<title>Deodorante Ambientale Vaniglia e Mandarino 350 g - Monastero di Valserena | Il corpo e lo spirito<\/title>\n<meta name=\"robots\" content=\"index, follow, max-snippet:-1, max-image-preview:large, max-video-preview:-1\" \/>\n<link rel=\"canonical\" href=\"https:\/\/ilcorpoelospirito.archetipoagency.it\/en\/prodotto\/deodorante-ambientale-vaniglia-e-mandarino-350-g-monastero-di-valserena\/\" \/>\n<meta property=\"og:locale\" content=\"en_US\" \/>\n<meta property=\"og:type\" content=\"article\" \/>\n<meta property=\"og:title\" content=\"Deodorante Ambientale Vaniglia e Mandarino 350 g - Monastero di Valserena | Il corpo e lo spirito\" \/>\n<meta property=\"og:description\" content=\"Deodorante Ambientale Vaniglia e Mandarino 350 g - Monastero di Valserena           \u00c9 un accordo di note vanigliate e fruttate. La vaniglia sprigiona un aroma caldo e dolce, mentre il mandarino aggiunge una nota fresca e vivace. Insieme questi ingredienti creano un profumo accogliente che riempie l\u2019ambiente.  Note di testa:\u00a0Limone, Mandarino, Arancia  Note di cuore: Pepe rosa, Fiori di Vaniglia, Pesca  Note di fondo: Vaniglia, Accordo di zucchero  \u00c9 un accordo di note vanigliate e fruttate. La vaniglia sprigiona un aroma caldo e dolce, mentre il mandarino aggiunge una nota fresca e vivace. Insieme questi ingredienti creano un profumo accogliente che riempie l\u2019ambiente.\" \/>\n<meta property=\"og:url\" content=\"https:\/\/ilcorpoelospirito.archetipoagency.it\/en\/prodotto\/deodorante-ambientale-vaniglia-e-mandarino-350-g-monastero-di-valserena\/\" \/>\n<meta property=\"og:site_name\" content=\"Il corpo e lo spirito\" \/>\n<meta property=\"article:modified_time\" content=\"2026-05-05T14:51:37+00:00\" \/>\n<meta property=\"og:image\" content=\"https:\/\/ilcorpoelospirito.archetipoagency.it\/wp-content\/uploads\/2025\/09\/20260430_095855-scaled.jpg\" \/>\n\t<meta property=\"og:image:width\" content=\"2560\" \/>\n\t<meta property=\"og:image:height\" content=\"2560\" \/>\n\t<meta property=\"og:image:type\" content=\"image\/jpeg\" \/>\n<meta name=\"twitter:card\" content=\"summary_large_image\" \/>\n<meta name=\"twitter:label1\" content=\"Est. reading time\" \/>\n\t<meta name=\"twitter:data1\" content=\"2 minutes\" \/>\n<script type=\"application\/ld+json\" class=\"yoast-schema-graph\">{\"@context\":\"https:\\\/\\\/schema.org\",\"@graph\":[{\"@type\":\"WebPage\",\"@id\":\"https:\\\/\\\/ilcorpoelospirito.archetipoagency.it\\\/en\\\/prodotto\\\/deodorante-ambientale-vaniglia-e-mandarino-350-g-monastero-di-valserena\\\/\",\"url\":\"https:\\\/\\\/ilcorpoelospirito.archetipoagency.it\\\/en\\\/prodotto\\\/deodorante-ambientale-vaniglia-e-mandarino-350-g-monastero-di-valserena\\\/\",\"name\":\"Deodorante Ambientale Vaniglia e Mandarino 350 g - Monastero di Valserena | Il corpo e lo spirito\",\"isPartOf\":{\"@id\":\"https:\\\/\\\/ilcorpoelospirito.archetipoagency.it\\\/#website\"},\"primaryImageOfPage\":{\"@id\":\"https:\\\/\\\/ilcorpoelospirito.archetipoagency.it\\\/en\\\/prodotto\\\/deodorante-ambientale-vaniglia-e-mandarino-350-g-monastero-di-valserena\\\/#primaryimage\"},\"image\":{\"@id\":\"https:\\\/\\\/ilcorpoelospirito.archetipoagency.it\\\/en\\\/prodotto\\\/deodorante-ambientale-vaniglia-e-mandarino-350-g-monastero-di-valserena\\\/#primaryimage\"},\"thumbnailUrl\":\"https:\\\/\\\/ilcorpoelospirito.archetipoagency.it\\\/wp-content\\\/uploads\\\/2025\\\/09\\\/20260430_095855-scaled.jpg\",\"datePublished\":\"2026-05-05T14:47:43+00:00\",\"dateModified\":\"2026-05-05T14:51:37+00:00\",\"breadcrumb\":{\"@id\":\"https:\\\/\\\/ilcorpoelospirito.archetipoagency.it\\\/en\\\/prodotto\\\/deodorante-ambientale-vaniglia-e-mandarino-350-g-monastero-di-valserena\\\/#breadcrumb\"},\"inLanguage\":\"en-US\",\"potentialAction\":[{\"@type\":\"ReadAction\",\"target\":[\"https:\\\/\\\/ilcorpoelospirito.archetipoagency.it\\\/en\\\/prodotto\\\/deodorante-ambientale-vaniglia-e-mandarino-350-g-monastero-di-valserena\\\/\"]}]},{\"@type\":\"ImageObject\",\"inLanguage\":\"en-US\",\"@id\":\"https:\\\/\\\/ilcorpoelospirito.archetipoagency.it\\\/en\\\/prodotto\\\/deodorante-ambientale-vaniglia-e-mandarino-350-g-monastero-di-valserena\\\/#primaryimage\",\"url\":\"https:\\\/\\\/ilcorpoelospirito.archetipoagency.it\\\/wp-content\\\/uploads\\\/2025\\\/09\\\/20260430_095855-scaled.jpg\",\"contentUrl\":\"https:\\\/\\\/ilcorpoelospirito.archetipoagency.it\\\/wp-content\\\/uploads\\\/2025\\\/09\\\/20260430_095855-scaled.jpg\",\"width\":2560,\"height\":2560},{\"@type\":\"BreadcrumbList\",\"@id\":\"https:\\\/\\\/ilcorpoelospirito.archetipoagency.it\\\/en\\\/prodotto\\\/deodorante-ambientale-vaniglia-e-mandarino-350-g-monastero-di-valserena\\\/#breadcrumb\",\"itemListElement\":[{\"@type\":\"ListItem\",\"position\":1,\"name\":\"Home\",\"item\":\"https:\\\/\\\/ilcorpoelospirito.archetipoagency.it\\\/\"},{\"@type\":\"ListItem\",\"position\":2,\"name\":\"Shop\",\"item\":\"https:\\\/\\\/ilcorpoelospirito.archetipoagency.it\\\/shop\\\/\"},{\"@type\":\"ListItem\",\"position\":3,\"name\":\"Deodorante Ambientale Vaniglia e Mandarino 350 g – Monastero di Valserena\"}]},{\"@type\":\"WebSite\",\"@id\":\"https:\\\/\\\/ilcorpoelospirito.archetipoagency.it\\\/#website\",\"url\":\"https:\\\/\\\/ilcorpoelospirito.archetipoagency.it\\\/\",\"name\":\"Il Corpo e lo Spirito\",\"description\":\"\",\"publisher\":{\"@id\":\"https:\\\/\\\/ilcorpoelospirito.archetipoagency.it\\\/#organization\"},\"alternateName\":\"Prelibatezze Monastiche e regionali\",\"potentialAction\":[{\"@type\":\"SearchAction\",\"target\":{\"@type\":\"EntryPoint\",\"urlTemplate\":\"https:\\\/\\\/ilcorpoelospirito.archetipoagency.it\\\/?s={search_term_string}\"},\"query-input\":{\"@type\":\"PropertyValueSpecification\",\"valueRequired\":true,\"valueName\":\"search_term_string\"}}],\"inLanguage\":\"en-US\"},{\"@type\":\"Organization\",\"@id\":\"https:\\\/\\\/ilcorpoelospirito.archetipoagency.it\\\/#organization\",\"name\":\"Il Corpo e lo Spirito\",\"alternateName\":\"Prelibatezze Monastiche e regionali\",\"url\":\"https:\\\/\\\/ilcorpoelospirito.archetipoagency.it\\\/\",\"logo\":{\"@type\":\"ImageObject\",\"inLanguage\":\"en-US\",\"@id\":\"https:\\\/\\\/ilcorpoelospirito.archetipoagency.it\\\/#\\\/schema\\\/logo\\\/image\\\/\",\"url\":\"https:\\\/\\\/ilcorpoelospirito.archetipoagency.it\\\/wp-content\\\/uploads\\\/2022\\\/10\\\/logo-marrone.png\",\"contentUrl\":\"https:\\\/\\\/ilcorpoelospirito.archetipoagency.it\\\/wp-content\\\/uploads\\\/2022\\\/10\\\/logo-marrone.png\",\"width\":2192,\"height\":568,\"caption\":\"Il Corpo e lo Spirito\"},\"image\":{\"@id\":\"https:\\\/\\\/ilcorpoelospirito.archetipoagency.it\\\/#\\\/schema\\\/logo\\\/image\\\/\"}}]}<\/script>\n<!-- \/ Yoast SEO plugin. -->","yoast_head_json":{"title":"Deodorante Ambientale Vaniglia e Mandarino 350 g - Monastero di Valserena | Il corpo e lo spirito","robots":{"index":"index","follow":"follow","max-snippet":"max-snippet:-1","max-image-preview":"max-image-preview:large","max-video-preview":"max-video-preview:-1"},"canonical":"https:\/\/ilcorpoelospirito.archetipoagency.it\/en\/prodotto\/deodorante-ambientale-vaniglia-e-mandarino-350-g-monastero-di-valserena\/","og_locale":"en_US","og_type":"article","og_title":"Deodorante Ambientale Vaniglia e Mandarino 350 g - Monastero di Valserena | Il corpo e lo spirito","og_description":"Deodorante Ambientale Vaniglia e Mandarino 350 g - Monastero di Valserena           \u00c9 un accordo di note vanigliate e fruttate. La vaniglia sprigiona un aroma caldo e dolce, mentre il mandarino aggiunge una nota fresca e vivace. Insieme questi ingredienti creano un profumo accogliente che riempie l\u2019ambiente.  Note di testa:\u00a0Limone, Mandarino, Arancia  Note di cuore: Pepe rosa, Fiori di Vaniglia, Pesca  Note di fondo: Vaniglia, Accordo di zucchero  \u00c9 un accordo di note vanigliate e fruttate. La vaniglia sprigiona un aroma caldo e dolce, mentre il mandarino aggiunge una nota fresca e vivace. Insieme questi ingredienti creano un profumo accogliente che riempie l\u2019ambiente.","og_url":"https:\/\/ilcorpoelospirito.archetipoagency.it\/en\/prodotto\/deodorante-ambientale-vaniglia-e-mandarino-350-g-monastero-di-valserena\/","og_site_name":"Il corpo e lo spirito","article_modified_time":"2026-05-05T14:51:37+00:00","og_image":[{"width":2560,"height":2560,"url":"https:\/\/ilcorpoelospirito.archetipoagency.it\/wp-content\/uploads\/2025\/09\/20260430_095855-scaled.jpg","type":"image\/jpeg"}],"twitter_card":"summary_large_image","twitter_misc":{"Est. reading time":"2 minutes"},"schema":{"@context":"https:\/\/schema.org","@graph":[{"@type":"WebPage","@id":"https:\/\/ilcorpoelospirito.archetipoagency.it\/en\/prodotto\/deodorante-ambientale-vaniglia-e-mandarino-350-g-monastero-di-valserena\/","url":"https:\/\/ilcorpoelospirito.archetipoagency.it\/en\/prodotto\/deodorante-ambientale-vaniglia-e-mandarino-350-g-monastero-di-valserena\/","name":"Deodorante Ambientale Vaniglia e Mandarino 350 g - Monastero di Valserena | Il corpo e lo spirito","isPartOf":{"@id":"https:\/\/ilcorpoelospirito.archetipoagency.it\/#website"},"primaryImageOfPage":{"@id":"https:\/\/ilcorpoelospirito.archetipoagency.it\/en\/prodotto\/deodorante-ambientale-vaniglia-e-mandarino-350-g-monastero-di-valserena\/#primaryimage"},"image":{"@id":"https:\/\/ilcorpoelospirito.archetipoagency.it\/en\/prodotto\/deodorante-ambientale-vaniglia-e-mandarino-350-g-monastero-di-valserena\/#primaryimage"},"thumbnailUrl":"https:\/\/ilcorpoelospirito.archetipoagency.it\/wp-content\/uploads\/2025\/09\/20260430_095855-scaled.jpg","datePublished":"2026-05-05T14:47:43+00:00","dateModified":"2026-05-05T14:51:37+00:00","breadcrumb":{"@id":"https:\/\/ilcorpoelospirito.archetipoagency.it\/en\/prodotto\/deodorante-ambientale-vaniglia-e-mandarino-350-g-monastero-di-valserena\/#breadcrumb"},"inLanguage":"en-US","potentialAction":[{"@type":"ReadAction","target":["https:\/\/ilcorpoelospirito.archetipoagency.it\/en\/prodotto\/deodorante-ambientale-vaniglia-e-mandarino-350-g-monastero-di-valserena\/"]}]},{"@type":"ImageObject","inLanguage":"en-US","@id":"https:\/\/ilcorpoelospirito.archetipoagency.it\/en\/prodotto\/deodorante-ambientale-vaniglia-e-mandarino-350-g-monastero-di-valserena\/#primaryimage","url":"https:\/\/ilcorpoelospirito.archetipoagency.it\/wp-content\/uploads\/2025\/09\/20260430_095855-scaled.jpg","contentUrl":"https:\/\/ilcorpoelospirito.archetipoagency.it\/wp-content\/uploads\/2025\/09\/20260430_095855-scaled.jpg","width":2560,"height":2560},{"@type":"BreadcrumbList","@id":"https:\/\/ilcorpoelospirito.archetipoagency.it\/en\/prodotto\/deodorante-ambientale-vaniglia-e-mandarino-350-g-monastero-di-valserena\/#breadcrumb","itemListElement":[{"@type":"ListItem","position":1,"name":"Home","item":"https:\/\/ilcorpoelospirito.archetipoagency.it\/"},{"@type":"ListItem","position":2,"name":"Shop","item":"https:\/\/ilcorpoelospirito.archetipoagency.it\/shop\/"},{"@type":"ListItem","position":3,"name":"Deodorante Ambientale Vaniglia e Mandarino 350 g – Monastero di Valserena"}]},{"@type":"WebSite","@id":"https:\/\/ilcorpoelospirito.archetipoagency.it\/#website","url":"https:\/\/ilcorpoelospirito.archetipoagency.it\/","name":"Il corpo e lo spirito","description":"","publisher":{"@id":"https:\/\/ilcorpoelospirito.archetipoagency.it\/#organization"},"alternateName":"Prelibatezze Monastiche e regionali","potentialAction":[{"@type":"SearchAction","target":{"@type":"EntryPoint","urlTemplate":"https:\/\/ilcorpoelospirito.archetipoagency.it\/?s={search_term_string}"},"query-input":{"@type":"PropertyValueSpecification","valueRequired":true,"valueName":"search_term_string"}}],"inLanguage":"en-US"},{"@type":"Organization","@id":"https:\/\/ilcorpoelospirito.archetipoagency.it\/#organization","name":"Il corpo e lo spirito","alternateName":"Prelibatezze Monastiche e regionali","url":"https:\/\/ilcorpoelospirito.archetipoagency.it\/","logo":{"@type":"ImageObject","inLanguage":"en-US","@id":"https:\/\/ilcorpoelospirito.archetipoagency.it\/#\/schema\/logo\/image\/","url":"https:\/\/ilcorpoelospirito.archetipoagency.it\/wp-content\/uploads\/2022\/10\/logo-marrone.png","contentUrl":"https:\/\/ilcorpoelospirito.archetipoagency.it\/wp-content\/uploads\/2022\/10\/logo-marrone.png","width":2192,"height":568,"caption":"Il Corpo e lo Spirito"},"image":{"@id":"https:\/\/ilcorpoelospirito.archetipoagency.it\/#\/schema\/logo\/image\/"}}]}},"_links":{"self":[{"href":"https:\/\/ilcorpoelospirito.archetipoagency.it\/en\/wp-json\/wp\/v2\/product\/7817","targetHints":{"allow":["GET"]}}],"collection":[{"href":"https:\/\/ilcorpoelospirito.archetipoagency.it\/en\/wp-json\/wp\/v2\/product"}],"about":[{"href":"https:\/\/ilcorpoelospirito.archetipoagency.it\/en\/wp-json\/wp\/v2\/types\/product"}],"replies":[{"embeddable":true,"href":"https:\/\/ilcorpoelospirito.archetipoagency.it\/en\/wp-json\/wp\/v2\/comments?post=7817"}],"wp:featuredmedia":[{"embeddable":true,"href":"https:\/\/ilcorpoelospirito.archetipoagency.it\/en\/wp-json\/wp\/v2\/media\/7767"}],"wp:attachment":[{"href":"https:\/\/ilcorpoelospirito.archetipoagency.it\/en\/wp-json\/wp\/v2\/media?parent=7817"}],"wp:term":[{"taxonomy":"product_brand","embeddable":true,"href":"https:\/\/ilcorpoelospirito.archetipoagency.it\/en\/wp-json\/wp\/v2\/product_brand?post=7817"},{"taxonomy":"product_cat","embeddable":true,"href":"https:\/\/ilcorpoelospirito.archetipoagency.it\/en\/wp-json\/wp\/v2\/product_cat?post=7817"},{"taxonomy":"product_tag","embeddable":true,"href":"https:\/\/ilcorpoelospirito.archetipoagency.it\/en\/wp-json\/wp\/v2\/product_tag?post=7817"}],"curies":[{"name":"wp","href":"https:\/\/api.w.org\/{rel}","templated":true}]}}